{"id":605,"date":"2019-12-26T21:58:06","date_gmt":"2019-12-26T21:58:06","guid":{"rendered":"http:\/\/www.movilh.cl\/trans\/?page_id=605"},"modified":"2019-12-26T22:02:43","modified_gmt":"2019-12-26T22:02:43","slug":"noticias","status":"publish","type":"page","link":"https:\/\/www.movilh.cl\/trans\/noticias\/","title":{"rendered":"Noticias"},"content":{"rendered":"\n<p>Aqu\u00ed podr\u00e1s encontrar las \u00faltimas noticias relacionadas a los derechos de las personas trans en Chile:<\/p>\n\n\n\n<ul><li><strong><a href=\"https:\/\/www.movilh.cl\/nino-trans-se-gradua-de-octavo-basico-con-pleno-respeto-a-su-identidad-de-genero\/\">Ni\u00f1o trans se grad\u00faa de octavo b\u00e1sico con pleno respeto a su identidad de g\u00e9nero<\/a><\/strong><\/li><li><strong><a href=\"https:\/\/www.movilh.cl\/brutal-ataque-en-puerto-montt-desfiguran-rostro-de-mujer-trans\/\">Brutal ataque en Puerto Montt: desfiguran rostro de mujer trans<\/a><\/strong><\/li><li><strong><a href=\"https:\/\/www.movilh.cl\/personas-trans-ya-pueden-pedir-hora-en-el-registro-civil-para-el-cambio-de-su-nombre-y-sexo-legal\/\">Personas trans ya pueden pedir hora en el Registro Civil para el cambio de su nombre y sexo legal.<\/a><\/strong><\/li><li><strong><a href=\"https:\/\/www.movilh.cl\/solicitan-a-facebook-implementar-medidas-para-respetar-sexo-y-nombre-social-de-personas-trans\/\">Solicitan a Facebook implementar medidas para respetar sexo y nombre social de personas trans<\/a><\/strong><\/li><li><strong><a href=\"https:\/\/www.movilh.cl\/gendarmeria-permitira-que-personas-trans-cumplan-condenas-en-carceles-acordes-a-su-genero\/\">Gendarmer\u00eda permitir\u00e1 que personas trans cumplan condenas en c\u00e1rceles acordes a su g\u00e9nero<\/a><\/strong><\/li><li><strong><a rel=\"noreferrer noopener\" href=\"https:\/\/www.movilh.cl\/hito-corte-suprema-acoge-recurso-contra-gendarmeria-por-discriminar-a-una-funcionaria-trans\/\" target=\"_blank\">Corte Suprema aplica por primera vez la ley de Identidad de G\u00e9nero: acoge recurso contra Gendarmer\u00eda por discriminar a una funcionaria trans<\/a><\/strong><\/li><li><strong><a href=\"https:\/\/www.movilh.cl\/capacitan-a-escuelas-universidades-gendarmes-policias-y-municipios-en-tematicas-lgbti\/\">Capacitan a escuelas, universidades, gendarmes, polic\u00edas y municipios en tem\u00e1ticas LGBTI<\/a><\/strong><\/li><li><strong><a href=\"https:\/\/www.movilh.cl\/historico-circular-termina-con-toda-forma-de-discriminacion-a-las-personas-trans-en-las-isapres\/\">Hist\u00f3rico: circular termina con toda forma de discriminaci\u00f3n a las personas trans en las isapres<\/a><\/strong><\/li><li><strong><a href=\"https:\/\/www.movilh.cl\/concejal-de-quillota-trata-de-animales-a-personas-trans-y-el-concejo-municipal-se-suma-con-risas-a-la-ofensa\/\">Concejal de Quillota trata de animales a personas trans y el concejo municipal se suma con risas a la ofensa<\/a><\/strong><\/li><li><strong><a href=\"https:\/\/www.movilh.cl\/grave-superintendencia-de-salud-confirma-que-al-menos-5-isapres-discriminan-a-las-personas-trans\/\">Grave: Superintendencia de Salud confirma que al menos 5 isapres discriminan a las personas trans<\/a><\/strong><\/li><li><strong><a href=\"https:\/\/www.movilh.cl\/lamentan-vacios-que-deja-la-jubilacion-del-reconocido-urologo-guillermo-mac-millan\/\">Lamentan vac\u00edos que deja la jubilaci\u00f3n del reconocido ur\u00f3logo Guillermo Mac Millan<\/a><\/strong><\/li><li><strong><a href=\"https:\/\/www.movilh.cl\/asesinan-a-joven-trans-de-15-anos-en-coyhaique\/\">Asesinan en Coyhaique a joven trans de 15 a\u00f1os<\/a><\/strong><\/li><li><strong><a href=\"https:\/\/www.movilh.cl\/presidente-de-la-camara-de-diputados-se-disculpa-por-sus-dichos-sobre-parejas-homosexuales-y-personas-trans\/\">Presidente de la C\u00e1mara de Diputados se disculpa por sus dichos sobre parejas homosexuales y personas trans<\/a><\/strong><\/li><li><strong><a href=\"https:\/\/www.movilh.cl\/personal-de-tiendas-paris-impide-a-mujer-trans-usar-probador-de-mujeres\/\">Personal de Tiendas Par\u00eds impide a mujer trans usar probador de mujeres<\/a><\/strong><\/li><li><strong><a href=\"https:\/\/www.movilh.cl\/corte-admite-a-tramite-recurso-contra-bice-vida-por-negar-seguro-a-joven-con-vih\/\">Corte admite a tr\u00e1mite recurso contra Bice Vida por negar seguro a joven con VIH<\/a><\/strong><\/li><li><strong><a href=\"https:\/\/www.movilh.cl\/presentan-recurso-contra-clinica-de-la-uc-por-negarse-a-practicar-examenes-a-personas-trans-que-cambiaron-su-nombre-y-sexo-legal\/\">Presentan recurso contra Cl\u00ednica de la UC por negarse a practicar ex\u00e1menes a personas trans que cambiaron su nombre y sexo legal<\/a><\/strong><\/li><li><strong><a href=\"https:\/\/www.movilh.cl\/colmena-insiste-con-que-la-transexualidad-es-una-enfermedad-pre-existente-y-alega-sentirse-abusada\/\">Colmena insiste con que la transexualidad es una \u201cenfermedad preexistente\u201d y alega sentirse \u201cabusada\u201d<\/a><\/strong><\/li><li><strong><a href=\"https:\/\/www.movilh.cl\/ministro-manalich-regulara-prestaciones-de-fonasa-para-cambio-corporal-de-personas-trans\/\">Ministro Ma\u00f1alich regular\u00e1 prestaciones de Fonasa para cambio corporal de personas trans<\/a><\/strong><\/li><li><strong><a href=\"https:\/\/www.movilh.cl\/confirman-otros-cinco-casos-de-transfobia-en-isapre-colmena-y-ministro-manalich-aclara-que-la-transexualidad-no-es-una-enfermedad\/\">Confirman otros cinco casos de transfobia en Isapre Colmena y ministro Ma\u00f1alich aclara que la transexualidad no es una enfermedad<\/a><\/strong><\/li><li><strong><a href=\"https:\/\/www.movilh.cl\/historico-corte-ordena-a-isapre-colmena-que-deje-de-considerar-a-la-transexualidad-como-una-enfermedad\/\">Hito: Corte ordena a Isapre Colmena que deje de considerar a la transexualidad como una enfermedad<\/a><\/strong><\/li><li><strong><a href=\"https:\/\/www.movilh.cl\/grave-hospital-sotero-del-rio-exige-a-personas-trans-que-informen-su-antigua-identidad-para-procesar-sus-examenes\/\">Grave: Hospital S\u00f3tero del R\u00edo exige a personas trans que informen su antigua identidad para procesar sus ex\u00e1menes<\/a><\/strong><\/li><li><strong><a href=\"https:\/\/www.movilh.cl\/subsecretaria-de-la-ninez-y-movilh-dialogan-sobre-programa-de-acompanamiento-a-ninas-ninos-y-adolescentes-trans\/\">Subsecretar\u00eda de la Ni\u00f1ez y Movilh dialogan sobre Programa de Acompa\u00f1amiento a Ni\u00f1as, Ni\u00f1os y Adolescentes Trans<\/a><\/strong><\/li><li><strong><a href=\"https:\/\/www.movilh.cl\/dan-a-conocer-los-dos-reglamentos-sobre-la-ley-de-identidad-de-genero\/\">Dan a conocer los dos reglamentos sobre la Ley de Identidad de G\u00e9nero<\/a><\/strong><\/li><li><strong><a href=\"https:\/\/www.movilh.cl\/atacan-con-un-machete-a-mujer-trans-le-cortan-el-rostro-cabeza-y-oreja\/\">Atacan con un machete a mujer trans: le cortan el rostro, cabeza y oreja<\/a><\/strong><\/li><li><strong><a href=\"https:\/\/www.movilh.cl\/con-18-dias-de-atraso-el-gobierno-envia-a-la-contraloria-reglamentos-sobre-la-ley-de-identidad-de-genero\/\">Con 18 d\u00edas de atraso el Gobierno env\u00eda a la Contralor\u00eda reglamentos sobre la Ley de Identidad de G\u00e9nero<\/a><\/strong><\/li><li><strong><a href=\"https:\/\/www.movilh.cl\/con-minuto-de-silencio-en-la-camara-velaton-y-marcha-recuerdan-al-estudiante-jose-matias\/\">Con minuto de silencio en la C\u00e1mara, velat\u00f3n y marcha recuerdan al estudiante Jos\u00e9 Mat\u00edas<\/a><\/strong><\/li><li><strong><a href=\"https:\/\/www.movilh.cl\/estudiantes-denuncian-a-director-del-liceo-augusto-dhalmar-por-transfobia\/\">Estudiantes denuncian a director del Liceo Augusto\u00a0D\u2019Halmar por transfobia<\/a><\/strong><\/li><li><strong><a href=\"https:\/\/www.movilh.cl\/carta-de-suicidio-de-joven-trans-liceo-de-mierda-me-colapso\/\">Carta de suicidio de joven trans: \u00abliceo de mierda, me colaps\u00f3\u00bb<\/a><\/strong><\/li><li><strong><a href=\"https:\/\/www.movilh.cl\/miserable-seremi-de-educacion-dice-que-leyes-y-normas-sobre-estudiantes-trans-se-pueden-vulnerar-si-familias-lo-autorizan\/\">Seremi de Educaci\u00f3n dice que leyes y normas sobre estudiantes trans se pueden vulnerar si familias lo autorizan<\/a><\/strong><\/li><li><strong><a href=\"https:\/\/www.movilh.cl\/exigen-intervencion-de-ministra-de-educacion-por-suicidio-de-estudiante-del-liceo-sagrado-corazon-de-copiapo\/\">Exigen intervenci\u00f3n de Ministra de Educaci\u00f3n por fallecimiento de estudiante del Liceo Sagrado Coraz\u00f3n de Copiap\u00f3<\/a><\/strong><\/li><li><strong><a href=\"https:\/\/www.movilh.cl\/demandan-a-isapre-colmena-por-calificar-a-la-transexualidad-como-una-enfermedad-riesgosa\/\">Demandan a Isapre Colmena por clasificar a la transexualidad como una \u00abenfermedad riesgosa\u00bbpara sus intereses<\/a><\/strong><\/li><li><strong><a href=\"https:\/\/www.movilh.cl\/transfobia-trabajadora-trans-demanda-a-gendameria-por-no-respetar-su-nombre-y-sexo-social\/\">\u00a0Transfobia: trabajadora trans demanda a Gendamer\u00eda por no respetar su nombre y sexo social<\/a><\/strong><\/li><li><strong><a href=\"https:\/\/www.movilh.cl\/hito-emilia-schneider-se-convierte-en-la-primera-mujer-trans-en-asumir-presidencia-de-la-fech\/\">Hito: Emilia Schneider se convierte en la primera mujer trans en asumir presidencia de la FECH<\/a><\/strong><\/li><li><strong><a href=\"https:\/\/www.movilh.cl\/san-antonio-mujer-trans-pierde-un-ojo-en-brutal-ataque\/\">San Antonio: mujer trans pierde un ojo en brutal ataque<\/a><\/strong><\/li><li><strong><a href=\"https:\/\/www.movilh.cl\/movilh-valparaiso-pide-intervencion-del-gobierno-tras-asesinato-de-mujer-trans-en-cerro-polanco\/\">Movilh-Valpara\u00edso pide intervenci\u00f3n del Gobierno tras asesinato de mujer trans en Cerro Polanco<\/a><\/strong><\/li><li><strong><a href=\"https:\/\/www.movilh.cl\/homenajean-a-43-victimas-fatales-de-la-homofobia-y-transfobia\/\">Homenajean a 43 v\u00edctimas fatales de la homofobia y transfobia<\/a><\/strong><\/li><li><strong><a href=\"https:\/\/www.movilh.cl\/un-44-aumentan-los-casos-y-denuncias-por-homofobia-y-transfobia-en-el-ano-mas-fructifero-para-los-derechos-trans\/\">Un 44% aumentan los casos y denuncias por homofobia y transfobia en el a\u00f1o m\u00e1s fruct\u00edfero para los derechos trans<\/a><\/strong><\/li><li><strong><a href=\"https:\/\/www.movilh.cl\/federacion-atletica-de-chile-apoya-inscripcion-de-deportistas-trans-y-sera-capacitada-en-tematicas-lgbti\/\">Federaci\u00f3n Atl\u00e9tica de Chile apoya inscripci\u00f3n de deportistas trans y ser\u00e1 capacitada en tem\u00e1ticas LGBTI<\/a><\/strong><\/li><li><strong><a href=\"https:\/\/www.movilh.cl\/joven-trans-de-18-anos-es-golpeado-y-marcado-con-la-esvastica-en-su-cuerpo\/\">Joven trans de 18 a\u00f1os es golpeado y marcado con la esv\u00e1stica en su cuerpo<\/a><\/strong><\/li><li><strong><a href=\"https:\/\/www.movilh.cl\/contraloria-general-de-la-republica-insta-a-municipio-de-valdivia-a-modificar-bases-de-concurso-acusado-de-transfobico-por-el-movilh\/\">Contralor\u00eda General de la Rep\u00fablica insta a Municipio de Valdivia a modificar bases de concurso acusado de transf\u00f3bico<\/a><\/strong><\/li><li><strong><a href=\"https:\/\/www.movilh.cl\/piden-a-federacion-atletica-de-chile-que-garantice-la-no-discriminacion-a-deportistas-trans\/\">Piden a Federaci\u00f3n Atl\u00e9tica de Chile que garantice la no discriminaci\u00f3n a deportistas trans<\/a><\/strong><\/li><li><strong><a href=\"http:\/\/www.movilh.cl\/lanzan-protocolo-para-ayudar-a-personas-trans-en-situacion-de-calle\/\">Lanzan protocolo para ayudar a personas trans en situaci\u00f3n de calle<\/a><\/strong><\/li><li><strong><a href=\"http:\/\/www.movilh.cl\/ex-interna-trans-demanda-al-estado-por-torturas-y-transfobia-en-penales-de-cuatro-regiones-de-chile\/\">Ex interna trans demanda al Estado por torturas y transfobia en penales de cuatro regiones de Chile<\/a><\/strong><\/li><li><strong><a href=\"http:\/\/www.movilh.cl\/comienza-la-elaboracion-del-reglamento-para-acompanar-a-ninos-ninas-y-adolescentes-trans\/\">Comienza la elaboraci\u00f3n del reglamento para acompa\u00f1ar a\u00a0 ni\u00f1os, ni\u00f1as y adolescentes trans<\/a><\/strong><\/li><li><strong><a href=\"http:\/\/www.movilh.cl\/consejo-para-la-transparencia-busca-privacidad-de-trans-en-reglamento-de-la-ley-de-identidad-de-genero\/\">Consejo para la Transparencia busca privacidad de trans en Reglamento de la Ley de Identidad de G\u00e9nero<\/a><\/strong><\/li><li><strong><a rel=\"noreferrer noopener\" href=\"http:\/\/www.movilh.cl\/piden-a-municipio-de-valdivia-modificar-las-bases-del-concurso-reina-de-los-rios-por-ser-ilegales-y-transfobicas\/\" target=\"_blank\">Piden a municipio de Valdivia modificar las bases del concurso \u201cReina de los R\u00edos\u201d por ser ilegales y transf\u00f3bicas<\/a><\/strong><\/li><li><strong><a rel=\"noreferrer noopener\" href=\"http:\/\/www.movilh.cl\/historico-presidente-pinera-promulga-la-ley-de-identidad-de-genero\/\" target=\"_blank\">Hist\u00f3rico: presidente Pi\u00f1era promulga la Ley de Identidad de G\u00e9nero<\/a><\/strong><\/li><li><strong><a rel=\"noreferrer noopener\" href=\"http:\/\/www.movilh.cl\/alberto-plaza-los-ninos-trans-son-anormales-y-la-transexualidad-es-una-alteracion\/\" target=\"_blank\">Alberto Plaza: los ni\u00f1os trans son anormales y la transexualidad es una alteraci\u00f3n<\/a><\/strong><\/li><li><strong><a rel=\"noreferrer noopener\" href=\"http:\/\/www.movilh.cl\/illapel-corona-a-mujer-trans-como-su-reina\/\" target=\"_blank\">Illapel corona a mujer trans como su reina<\/a><\/strong><\/li><li><strong><a rel=\"noreferrer noopener\" href=\"http:\/\/www.movilh.cl\/condenan-por-transfobia-al-bar-el-tunel-de-bellas-artes\/\" target=\"_blank\">Condenan por transfobia al bar El T\u00fanel del Barrio Bellas Artes<\/a><\/strong><\/li><li><strong><a rel=\"noreferrer noopener\" href=\"http:\/\/www.movilh.cl\/presidente-de-rn-no-comparto-para-nada-los-dichos-de-concejala-de-coronel-contra-daniela-vega\/\" target=\"_blank\">Presidente de RN: \u201cno comparto para nada\u201d los dichos de concejala de Coronel contra Daniela Vega<\/a><\/strong><\/li><li><strong><a rel=\"noreferrer noopener\" href=\"http:\/\/www.movilh.cl\/concejala-ataca-a-daniela-vega-y-diputada-pide-censurar-tematicas-lgbti-de-las-escuales\/\" target=\"_blank\">Concejala ataca a Daniela Vega y diputada pide censurar tem\u00e1ticas LGBTI de las escuelas<\/a><\/strong><\/li><li><strong><a rel=\"noreferrer noopener\" href=\"http:\/\/www.movilh.cl\/servicio-medico-legal-prepara-protocolo-sobre-derechos-de-personas-trans\/\" target=\"_blank\">Servicio M\u00e9dico Legal prepara protocolo sobre derechos de personas trans<\/a><\/strong><\/li><li><strong><a rel=\"noreferrer noopener\" href=\"http:\/\/www.movilh.cl\/tribunal-constitucional-da-luz-verde-a-la-ley-de-identidad-de-genero\/\" target=\"_blank\">Tribunal Constitucional da luz verde a la Ley de Identidad de G\u00e9nero<\/a><\/strong><\/li><li><strong><a rel=\"noreferrer noopener\" href=\"http:\/\/www.movilh.cl\/tras-una-denuncia-del-movilh-la-comision-de-etica-de-la-camara-sanciona-a-diputado-romero-por-denigrar-a-daniela-vega\/\" target=\"_blank\">Tras una denuncia del Movilh, la Comisi\u00f3n de Etica de la C\u00e1mara sanciona a diputado Romero por denigrar a Daniela Vega<\/a><\/strong><\/li><li><strong><a rel=\"noreferrer noopener\" href=\"http:\/\/www.movilh.cl\/acogen-recurso-contra-centro-de-salud-vida-integra-por-transfobia\/\" target=\"_blank\">Acogen recurso contra Centro de Salud Vida Integra por transfobia<\/a><\/strong><\/li><li><strong><a rel=\"noreferrer noopener\" href=\"http:\/\/www.movilh.cl\/derechos-de-personas-trans-se-toma-el-ii-encuentro-de-actores-claves-sobre-educacion-en-diversidad\/\" target=\"_blank\">Derechos de personas trans se toman el II Encuentro de Actores Clave sobre Educaci\u00f3n en Diversidad<\/a><\/strong><\/li><li><strong><a rel=\"noreferrer noopener\" href=\"http:\/\/www.movilh.cl\/valoran-proyecto-para-incluir-a-menores-de-14-anos-en-ley-de-identidad-de-genero\/\" target=\"_blank\">Valoran proyecto para incluir a menores de 14 a\u00f1os en Ley de Identidad de G\u00e9nero<\/a><\/strong><\/li><li><strong><a rel=\"noreferrer noopener\" href=\"http:\/\/www.movilh.cl\/comision-interamericana-de-ddhh-aclara-al-gobierno-que-cumplimiento-de-acuerdo-con-el-movilh-pasa-por-impulsar-el-matrimonio-igualitario\/\" target=\"_blank\">Comisi\u00f3n Interamericana de DDHH aclara al Gobierno que debe impulsar el matrimonio igualitario para cumplir con sus compromisos internacionales<\/a><\/strong><\/li><li><strong><a rel=\"noreferrer noopener\" href=\"http:\/\/www.movilh.cl\/fracasa-la-transfobia-diputados-no-alcanzan-firmas-para-impugnar-ley-de-identidad-de-genero-en-el-tc\/\" target=\"_blank\">Fracasa la transfobia: diputados no alcanzan las firmas necesarias para impugnar Ley de Identidad de G\u00e9nero en el TC<\/a><\/strong><\/li><li><strong><a rel=\"noreferrer noopener\" href=\"http:\/\/www.movilh.cl\/comision-interamericana-de-ddhh-cita-al-gobierno-por-el-matrimonio-igualitario\/\" target=\"_blank\">Comisi\u00f3n Interamericana de DDHH cita al Gobierno por el matrimonio igualitario y ley de g\u00e9nero<\/a><\/strong><\/li><li><strong><a rel=\"noreferrer noopener\" href=\"http:\/\/www.movilh.cl\/defensora-de-la-ninez-apoya-adopcion-homoparental-y-la-plena-igualdad-de-derechos-para-ninos-as-lgbti\/\" target=\"_blank\">Defensora de la Ni\u00f1ez apoya adopci\u00f3n homoparental y la plena igualdad de derechos para ni\u00f1os\/as LGBTI<\/a><\/strong><\/li><li><strong><a rel=\"noreferrer noopener\" href=\"http:\/\/www.movilh.cl\/historico-camara-de-diputado-aprueba-el-proyecto-de-identidad-de-genero-y-lo-transforma-en-ley\/\" target=\"_blank\">Hist\u00f3rico: C\u00e1mara de Diputados aprueba el proyecto de identidad de g\u00e9nero y lo transforma en ley<\/a><\/strong><\/li><li><strong><a rel=\"noreferrer noopener\" href=\"http:\/\/www.movilh.cl\/corte-suprema-apoya-que-menores-de-14-anos-sean-incorporados-a-la-ley-de-identidad-de-genero\/\" target=\"_blank\">Corte Suprema apoya que menores de 14 a\u00f1os sean incorporados a la Ley de Identidad de G\u00e9nero<\/a><\/strong><\/li><li><strong><a rel=\"noreferrer noopener\" href=\"http:\/\/www.movilh.cl\/denuncian-ante-la-onu-y-la-cidh-la-exclusion-de-los-menores-de-14-anos-de-la-ley-de-identidad-de-genero\/\" target=\"_blank\">Denuncian a Chile ante la ONU y la CIDH por excluir a los menores de 14 a\u00f1os de la Ley de Identidad de G\u00e9nero<\/a><\/strong><\/li><li><strong><a rel=\"noreferrer noopener\" href=\"http:\/\/www.movilh.cl\/presentan-recurso-de-proteccion-contra-centro-de-salud-vida-integrar-por-discriminar-a-persona-trans\/\" target=\"_blank\">Presentan recurso de protecci\u00f3n contra Centro de Salud Vida Integra por discriminar a persona trans<\/a><\/strong><\/li><li><strong><a rel=\"noreferrer noopener\" href=\"http:\/\/www.movilh.cl\/agridulce-senado-aprueba-la-ley-de-identidad-de-genero-pero-excluye-a-menores-de-14-anos\/\" target=\"_blank\">Agridulce: Senado aprueba la ley de identidad de g\u00e9nero, pero excluye a menores de 14 a\u00f1os<\/a><\/strong><\/li><li><strong><a rel=\"noreferrer noopener\" href=\"http:\/\/www.movilh.cl\/vocerias-trans-y-lesbicas-asumen-la-representacion-de-movilh-biobio\/\" target=\"_blank\">Vocer\u00edas trans y l\u00e9sbicas asumen la representaci\u00f3n de Movilh-Biob\u00edo<\/a><\/strong><\/li><li><strong><a rel=\"noreferrer noopener\" href=\"http:\/\/www.movilh.cl\/por-primera-vez-un-adolescente-demanda-el-cambio-de-su-nombre-y-sexo-sin-autorizacion-legal-de-su-familia\/\" target=\"_blank\">Por primera vez un adolescente demanda el cambio de su nombre y sexo sin autorizaci\u00f3n legal de su familia<\/a><\/strong><\/li><li><strong><a href=\"http:\/\/www.movilh.cl\/comision-mixta-despacha-la-ley-de-identidad-de-genero-aprobando-el-cambio-de-nombre-y-sexo-legal-para-ninos-ninas-y-adolescentes\/\">Comisi\u00f3n Mixta despacha la Ley de Identidad de G\u00e9nero aprobando el cambio de nombre y sexo legal para ni\u00f1os, ni\u00f1as y adolescentes<\/a><\/strong><\/li><li><strong><a rel=\"noreferrer noopener\" href=\"http:\/\/www.movilh.cl\/denuncian-a-gendarmeria-ante-la-comision-interamericana-de-ddhh-por-torturas-a-internos-lgbti\/\" target=\"_blank\">Denuncian a Gendarmer\u00eda ante la Comisi\u00f3n Interamericana de DDHH por torturas a internos LGBTI<\/a><\/strong><\/li><li><strong><a rel=\"noreferrer noopener\" href=\"http:\/\/www.movilh.cl\/homofobia-diputados-evangelicos-piden-al-mineduc-que-deje-de-imponer-las-aberraciones-del-movilh-en-los-colegios\/\" target=\"_blank\">Homofobia: diputados evang\u00e9licos piden al Mineduc que deje \u201cde imponer las aberraciones del Movilh\u201d en los colegios<\/a><\/strong><\/li><li><strong><a rel=\"noreferrer noopener\" href=\"http:\/\/www.movilh.cl\/mayoria-de-la-poblacion-trans-se-infligio-algun-tipo-de-dano-antes-de-los-15-anos-producto-de-la-discriminacion\/\" target=\"_blank\">Mayor\u00eda de la poblaci\u00f3n trans se infligi\u00f3 alg\u00fan tipo de da\u00f1o antes de los 15 a\u00f1os producto de la discriminaci\u00f3n<\/a><\/strong><\/li><li><strong><a rel=\"noreferrer noopener\" href=\"http:\/\/www.movilh.cl\/gobierno-elimina-sitios-web-estatales-sobre-el-matrimonio-igualitario-y-la-ley-de-identidad-de-genero-que-chile-comprometio-ante-la-cidh\/\" target=\"_blank\">Gobierno elimina sitios web sobre el matrimonio igualitario y la ley de identidad de g\u00e9nero que el Estado de Chile comprometi\u00f3 ante la CIDH<\/a><\/strong><\/li><li><strong><a rel=\"noreferrer noopener\" href=\"http:\/\/www.movilh.cl\/presidente-de-la-suprema-afirma-que-opiniones-consultiva-de-corte-interamericana-de-ddhh-son-vinculantes\/\" target=\"_blank\">Presidente de la Suprema afirma que opiniones consultivas de la Corte Interamericana de DDHH son vinculantes<\/a><\/strong><\/li><li><strong><a rel=\"noreferrer noopener\" href=\"http:\/\/www.movilh.cl\/juzgado-acoge-medida-cautelar-a-favor-de-internos-lgbti-torturados-por-gendarmes\/\" target=\"_blank\">Juzgado acoge medida cautelar a favor de internos LGBTI torturados por gendarmes<\/a><\/strong><\/li><li><strong><a rel=\"noreferrer noopener\" href=\"http:\/\/www.movilh.cl\/regresivo-exigiran-a-personas-casadas-disolver-su-matrimonio-para-cambiar-su-nombre-y-sexo-legal\/\" target=\"_blank\">Regresivo: exigir\u00e1n a personas casadas disolver su matrimonio para poder cambiar su nombre y sexo legal<\/a><\/strong><\/li><li><strong><a rel=\"noreferrer noopener\" href=\"http:\/\/www.movilh.cl\/movimiento-lgbti-llama-a-dar-con-el-paradero-de-joven-yeral-matamala\/\" target=\"_blank\">Movimiento LGBTI llama a dar con el paradero de joven Yeral Matamala<\/a><\/strong><\/li><li><strong><a rel=\"noreferrer noopener\" href=\"http:\/\/www.movilh.cl\/diputados-evangelicos-en-picada-contra-manuales-educativos-elaborados-por-el-mineduc-y-el-movilh\/\" target=\"_blank\">Diputados evang\u00e9licos en picada contra manuales educativos elaborados por el Mineduc y el Movilh<\/a><\/strong><\/li><li><strong><a rel=\"noreferrer noopener\" href=\"http:\/\/www.movilh.cl\/una-interna-tras-y-5-gays-son-torturados-por-gendarmes-en-la-serena\/\" target=\"_blank\">Una interna trans y 5 gays son torturados por gendarmes en La Serena<\/a><\/strong><\/li><li><strong><a rel=\"noreferrer noopener\" href=\"http:\/\/www.movilh.cl\/denuncian-a-la-onu-incremento-d-ela-violencia-contra-la-poblacion-lgbti-en-chile-desigualdad-legal-y-desproteccion-de-defensores-de-ddhh\/\" target=\"_blank\">Denuncian a la ONU incremento de la violencia contra la poblaci\u00f3n LGBTI en Chile, desigualdad legal y desprotecci\u00f3n de defensores de DDHH<\/a><\/strong><\/li><li><strong><a rel=\"noreferrer noopener\" href=\"http:\/\/www.movilh.cl\/chile-mas-del-65-apoya-el-matrimonio-igualitario-y-el-derecho-a-la-identidad-de-genero-mientras-el-respaldo-a-la-adopcion-homoparental-supera-el-50\/\" target=\"_blank\">Chile: m\u00e1s del 65% apoya el matrimonio igualitario y el derecho a la identidad de g\u00e9nero, mientras el respaldo a la adopci\u00f3n homoparental supera el 50%<\/a><\/strong><\/li><li><strong><a rel=\"noreferrer noopener\" href=\"http:\/\/www.movilh.cl\/comision-aprueba-que-adolescentes-mayores-de-14-anos-pueden-cambiar-su-nombre-y-sexo-legal-sin-autorizacion-de-la-familia\/\" target=\"_blank\">Comisi\u00f3n aprueba que adolescentes mayores de 14 a\u00f1os pueden cambiar su nombre y sexo legal sin autorizaci\u00f3n de la familia<\/a><\/strong><\/li><li><strong><a rel=\"noreferrer noopener\" href=\"http:\/\/www.movilh.cl\/diputados-schilling-e-ibanez-comprometen-sus-votos-con-la-plena-igualdad-legal-de-las-personas-lgbti\/\" target=\"_blank\">Diputados Schilling e Ib\u00e1\u00f1ez comprometen sus votos con la plena igualdad legal de las personas LGBTI<\/a><\/strong><\/li><li><strong><a rel=\"noreferrer noopener\" href=\"http:\/\/www.movilh.cl\/hito-comision-mixta-incluye-a-ninos-y-ninas-en-la-ley-de-identidad-de-genero\/\" target=\"_blank\">Hito: Comisi\u00f3n Mixta incluye a ni\u00f1os y ni\u00f1as en la Ley de Identidad de G\u00e9nero<\/a><\/strong><\/li><li><strong><a rel=\"noreferrer noopener\" href=\"http:\/\/www.movilh.cl\/historico-la-oms-deja-de-considerar-a-la-transexualidad-como-una-enfermedad-mental\/\" target=\"_blank\">Hist\u00f3rico: la OMS deja de considerar a la transexualidad como una enfermedad mental<\/a><\/strong><\/li><li><strong><a rel=\"noreferrer noopener\" href=\"http:\/\/www.movilh.cl\/violenta-y-ordinaria-publicacion-contra-daniela-vega\/\" target=\"_blank\">Violenta y ordinaria publicaci\u00f3n contra Daniela Vega<\/a><\/strong><\/li><li><strong><a rel=\"noreferrer noopener\" href=\"http:\/\/www.movilh.cl\/demandan-a-duoc-uc-con-la-ley-zamudio-por-no-respetar-nombre-y-sexo-legal-de-una-estudiante-trans\/\" target=\"_blank\">Demandan a Duoc UC con la Ley Zamudio por no respetar nombre y sexo de una estudiante trans<\/a><\/strong><\/li><li><strong><a rel=\"noreferrer noopener\" href=\"http:\/\/www.movilh.cl\/comision-mixta-aprueba-que-mayores-de-18-anos-puedan-cambiar-su-nombre-y-sexo-legal-hasta-dos-veces\/\" target=\"_blank\">Comisi\u00f3n Mixta aprueba que mayores de 18 a\u00f1os puedan cambiar su nombre y sexo legal hasta dos veces<\/a><\/strong><\/li><li><strong><a rel=\"noreferrer noopener\" href=\"http:\/\/www.movilh.cl\/fallece-patricio-bustos-el-medico-que-garantizo-una-atencion-digna-a-las-personas-trans-en-el-servicio-medico-legal\/\" target=\"_blank\">Fallece Patricio Bustos, el doctor que garantiz\u00f3 una atenci\u00f3n digna a las personas trans en el Servicio M\u00e9dico Legal<\/a><\/strong><\/li><li><strong><a rel=\"noreferrer noopener\" href=\"http:\/\/www.movilh.cl\/15-diputados-piden-sancion-ejemplar-y-disuasiva-contra-parlamentario-por-denigrar-identidad-de-daniela-vega\/\" target=\"_blank\">15 diputados piden sanci\u00f3n \u201cejemplar y disuasiva\u201d contra parlamentario por denigrar identidad de Daniela Vega<\/a><\/strong><\/li><li><strong><a rel=\"noreferrer noopener\" href=\"http:\/\/www.movilh.cl\/jueza-y-madre-de-nina-trans-pide-incluir-a-menores-de-14-anos-en-ley-de-identidad-de-genero\/\" target=\"_blank\">Jueza y madre de ni\u00f1a trans pide incluir a menores de 14 a\u00f1os en Ley de Identidad de G\u00e9nero<\/a><\/strong><\/li><li><strong><a rel=\"noreferrer noopener\" href=\"http:\/\/www.movilh.cl\/derechos-de-personas-trans-hacen-historia-en-la-corte-suprema-y-en-el-sistema-de-educacion-superior\/\" target=\"_blank\">Derechos de personas trans hacen historia en la Corte Suprema y en el sistema de educaci\u00f3n superior<\/a><\/strong><\/li><li><strong><a rel=\"noreferrer noopener\" href=\"http:\/\/www.movilh.cl\/piden-a-comision-de-etica-sanciones-contra-diputado-por-dichos-misoginos-contra-actriz-daniela-vega\/\" target=\"_blank\">Piden a Comisi\u00f3n de \u00c9tica sanciones contra diputado por dichos mis\u00f3ginos contra actriz Daniela Vega<\/a><\/strong><\/li><li><strong><a rel=\"noreferrer noopener\" href=\"http:\/\/www.movilh.cl\/jueza-y-madre-de-nina-trans-pide-a-las-autoridades-incluir-a-menores-de-14-anos-en-ley-de-identidad-de-genero\/\" target=\"_blank\">Jueza y madre de ni\u00f1a trans pide a las autoridades incluir a menores de 14 a\u00f1os en Ley de Identidad de G\u00e9nero<\/a><\/strong><\/li><li><strong><a rel=\"noreferrer noopener\" href=\"http:\/\/www.movilh.cl\/senadora-ordenes-se-reune-con-movilh-aysen-y-apoya-que-ninos-y-ninas-trans-puedan-cambiar-su-sexo-legal\/\" target=\"_blank\">Senadora \u00d3rdenes se re\u00fane con Movilh-Ays\u00e9n y apoya que ni\u00f1os y ni\u00f1as trans puedan cambiar su sexo legal<\/a><\/strong><\/li><li><strong><a rel=\"noreferrer noopener\" href=\"http:\/\/www.movilh.cl\/senadora-munoz-e-incorporacion-de-ninos-as-trans-en-la-ley-de-identidad-de-genero-vamos-a-dar-la-pelea-hasta-el-final-aqui-nadie-se-ha-rendido\/\" target=\"_blank\">Senadora Mu\u00f1oz e incorporaci\u00f3n de ni\u00f1os\/as trans en la Ley de Identidad de G\u00e9nero: \u201cVamos a dar la pelea hasta el final, aqu\u00ed nadie se ha rendido\u201d<\/a><\/strong><\/li><li><strong><a rel=\"noreferrer noopener\" href=\"http:\/\/www.movilh.cl\/matrimonio-igualitario-y-adopcion-homoparental-registran-la-adhesion-ciudadana-mas-alta-de-su-historia\/\" target=\"_blank\">Matrimonio igualitario y adopci\u00f3n homoparental registran la adhesi\u00f3n ciudadana m\u00e1s alta de su historia<\/a><\/strong><\/li><li><strong><a rel=\"noreferrer noopener\" href=\"http:\/\/www.movilh.cl\/tribunal-de-concepcion-cambia-el-sexo-legal-a-dos-estudiantes-porque-la-identidad-de-genero-es-un-derecho-constitucional\/\" target=\"_blank\">Concepci\u00f3n: tribunal cambia el sexo legal a dos estudiantes porque la identidad de g\u00e9nero es un derecho constitucional<\/a><\/strong><\/li><li><strong><a href=\"http:\/\/www.movilh.cl\/denuncian-ante-la-ani-campana-neonazi-contra-la-actriz-daniela-vega\/\">Denuncian ante la ANI campa\u00f1a neonazi contra la actriz Daniela Vega<\/a><\/strong><\/li><li><strong><a href=\"http:\/\/www.movilh.cl\/proponen-al-miniserio-de-defensa-plan-para-garantizar-derechos-de-uniformados-as-trans\/\">Proponen al Miniserio de Defensa plan para garantizar derechos de uniformados\/as trans<\/a><\/strong><\/li><li><strong><a href=\"http:\/\/www.movilh.cl\/ministro-de-educacion-garantiza-permanencia-de-circular-sobre-los-derechos-de-ninos-trans-y-de-los-textos-escolares-pro-lgbri\/\">Ministro de Educaci\u00f3n garantiza permanencia de circular sobre los derechos de ni\u00f1os trans y de los textos escolares pro-Lgbti<\/a><\/strong><\/li><li><strong><a href=\"http:\/\/www.movilh.cl\/directora-nacional-de-gendarmeria-ordenara-se-acaten-fallos-favorables-a-internas-trans\/\">Directora Nacional de Gendarmer\u00eda ordenar\u00e1 que se acaten los fallos favorables a internas trans<\/a><\/strong><\/li><li><strong><a href=\"http:\/\/www.movilh.cl\/ley-de-identidad-de-genero-exigen-que-ninos-y-ninas-puedan-cambiar-su-nombre-y-sexo-legal\/\">Ley de identidad de g\u00e9nero: exigen que ni\u00f1os y ni\u00f1as puedan cambiar su nombre y sexo legal<\/a><\/strong><\/li><li><strong><a href=\"http:\/\/www.movilh.cl\/estudiante-trans-denuncio-abusos-hace-un-ano-y-la-superintendencia-de-educacion-aun-no-sanciona-a-responsables\/\">Estudiante trans denunci\u00f3 abusos hace un a\u00f1o y la Superintendencia de Educaci\u00f3n a\u00fan no sanciona a responsables<\/a><\/strong><\/li><li><strong><a href=\"http:\/\/www.movilh.cl\/parlamentarios-guillier-ordenes-y-saldivar-se-cuadran-con-le-plena-y-total-igualdad-de-derechos-para-personas-lgbti\/\">Parlamentarios Guillier, \u00d3rdenes y Sald\u00edvar se cuadran con le plena y total igualdad de derechos para personas LGBTI<\/a><\/strong><\/li><li><strong><a href=\"http:\/\/www.movilh.cl\/gobierno-y-ley-de-identidad-de-genero-los-menores-de-14-anos-no-podran-requerir-el-cambio-registral\/\">Gobierno y ley de identidad de g\u00e9nero: \u201cLos menores de 14 a\u00f1os no podr\u00e1n requerir el cambio registral\u201d<\/a><\/strong><\/li><li><strong><a href=\"http:\/\/www.movilh.cl\/presidente-pinera-declaraciones-de-ezzati-contra-poblacion-trans-son-desafortunadas-y-poca-apropiadas\/\">Presidente Pi\u00f1era: declaraciones de Ezzati contra poblaci\u00f3n trans son \u201cdesafortunadas y poca apropiadas\u201d<\/a><\/strong><\/li><li><strong><a href=\"http:\/\/www.movilh.cl\/horror-cardenal-ezzati-compara-a-personas-trans-con-animales\/\">Horror: Cardenal Ezzati compara a personas trans con animales<\/a><\/strong><\/li><li><strong><a href=\"http:\/\/www.movilh.cl\/partido-regionalista-independiente-y-movilh-dialogan-sobre-humanos-de-las-personas-lgbti\/\">Partido Regionalista Independiente y Movilh dialogan sobre humanos de las personas LGBTI<\/a><\/strong><\/li><li><strong><a href=\"http:\/\/www.movilh.cl\/17-parlamentarios-de-rn-se-movilizan-contra-los-derechos-de-ninos-ninas-y-adolescentes-trans\/\">17 parlamentarios de RN se movilizan contra los derechos de ni\u00f1os, ni\u00f1as y adolescentes trans<\/a><\/strong><\/li><li><strong><a href=\"http:\/\/www.movilh.cl\/senadora-adriana-munoz-asume-presidencia-de-comision-mixta-que-tramitara-la-ley-de-identidad-de-genero\/\">Senadora Adriana Mu\u00f1oz asume presidencia de Comisi\u00f3n Mixta que tramitar\u00e1 la Ley de Identidad de G\u00e9nero<\/a><\/strong><\/li><li><strong><a href=\"http:\/\/www.movilh.cl\/presidenta-de-la-camara-impulsara-acuerdo-pro-lgbti-firmado-por-chile-ante-la-cidh-y-dara-votacion-inmediata-a-ley-de-identidad-de-genero\/\">Presidenta de la C\u00e1mara impulsar\u00e1 acuerdo pro LGBTI firmado por Chile ante la CIDH y dar\u00e1 votaci\u00f3n inmediata a ley de identidad de g\u00e9nero<\/a><\/strong><\/li><li><strong><a rel=\"noreferrer noopener\" href=\"http:\/\/www.movilh.cl\/movilh-gestiona-ante-el-ministro-de-salud-que-fonasa-regule-prestaciones-para-personas-trans\/\" target=\"_blank\">Movilh gestiona ante el Ministro de Salud que Fonasa regule prestaciones para personas trans<\/a><\/strong><\/li><li><strong><a href=\"http:\/\/www.movilh.cl\/movilh-se-reune-con-parlamentarios-de-rd-para-incorporar-a-todos-los-ninos-y-ninas-en-la-ley-de-identidad-de-genero\/\">Movilh dialoga con parlamentarios de RD sobre los derechos de los ni\u00f1os y ni\u00f1as en la ley de identidad de g\u00e9nero<\/a><\/strong><\/li><li><strong><a href=\"http:\/\/www.movilh.cl\/gobierno-inicia-dialogo-sobre-el-acuerdo-por-los-derechos-lgbti-que-chile-firmo-ante-la-cidh\/\">Gobierno inicia di\u00e1logo sobre el Acuerdo por los Derechos LGBTI que Chile firm\u00f3 ante la CIDH<\/a><\/strong><\/li><li><strong><a href=\"http:\/\/www.movilh.cl\/contraloria-acuerdo-firmado-por-el-estado-y-el-movilh-para-avance-de-matrimonio-igualitario-y-ley-de-identidad-de-genero-es-legal-y-vinculante\/\">Contralor\u00eda: acuerdo firmado por el Estado y el Movilh para avance de matrimonio igualitario y ley de identidad de g\u00e9nero es legal y vinculante<\/a><\/strong><\/li><li><strong><a href=\"http:\/\/www.movilh.cl\/van-rysselberhe-los-hombres-que-gustan-de-otros-hombres-tienen-un-conflicto-y-la-transexualidad-es-un-problema-psiquiatrico\/\">Van Rysselberghe: \u201clos hombres que gustan de otros hombres tienen un conflicto y la transexualidad es un problema psiqui\u00e1trico\u201d<\/a><\/strong><\/li><li><strong><a href=\"http:\/\/www.movilh.cl\/gobierno-otorga-urgencia-simple-a-la-ley-de-identidad-de-genero\/\">Gobierno otorga \u201curgencia simple\u201d a la Ley de Identidad de G\u00e9nero<\/a><\/strong><\/li><li><strong><a href=\"http:\/\/www.movilh.cl\/comite-de-la-onu-pide-a-chile-ley-de-identidad-de-genero-matrimonio-igualitario-y-adopcion-homoparental\/\">Comit\u00e9 de la ONU pide a Chile que apruebe la Ley de Identidad de G\u00e9nero, el matrimonio igualitario y la adopci\u00f3n homoparental<\/a><\/strong><\/li><li><strong><a href=\"http:\/\/www.movilh.cl\/cadem-mayoria-aprueba-que-adultos-cambien-su-nombre-y-sexo-legal-y-se-casen-con-personas-de-su-mismo-sexo\/\">Cadem: mayor\u00eda aprueba que personas adultas puedan cambiar su nombre y sexo legal<\/a><\/strong><\/li><li><strong><a href=\"http:\/\/www.movilh.cl\/mas-de-900-mujeres-lesbianas-bi-y-trans-han-denunciado-abusos-y-discriminacion-en-chile\/\">M\u00e1s de 900 mujeres lesbianas, bi y trans han denunciado abusos y discriminaci\u00f3n en Chile<\/a><\/strong><\/li><li><strong><a href=\"http:\/\/www.movilh.cl\/el-senado-despacha-a-comision-mixta-el-proyecto-de-ley-de-identidad-de-genero\/\">El Senado despacha a Comisi\u00f3n Mixta el Proyecto de Ley de Identidad de G\u00e9nero<\/a><\/strong><\/li><li><strong><a href=\"http:\/\/www.movilh.cl\/una-mujer-fantastica-y-daniela-vega-hacen-historia-para-chile-y-para-los-derechos-de-las-personas-trans\/\">\u201cUna Mujer Fant\u00e1stica\u201d y Daniela Vega hacen historia para Chile y para los derechos de las personas trans<\/a><\/strong><\/li><li><strong><a href=\"http:\/\/www.movilh.cl\/voceras-de-gobierno-entrante-y-saliente-dialogan-sobre-derechos-de-la-diversidad-sexual-y-de-genero\/\">La actual y la futura vocera de Gobierno dialogan sobre derechos de la diversidad sexual y de g\u00e9nero<\/a><\/strong><\/li><li><strong><a href=\"http:\/\/www.movilh.cl\/tres-escuelas-de-antuco-son-las-primeras-de-zonas-rurales-en-respetar-la-identidad-de-genero-de-estudiantes-trans\/\">Tres escuelas de Antuco son las primeras de zonas rurales en promover derechos de estudiantes trans<\/a><\/strong><\/li><li><strong><a href=\"http:\/\/www.movilh.cl\/declaran-a-la-59-version-del-festival-de-vina-del-mar-como-la-mas-lgbti-friendly-de-su-historia\/\">Declaran al 59 Festival de Vi\u00f1a del Mar como el m\u00e1s \u201cLGBTI Friendly\u201d de su historia<\/a><\/strong><\/li><li><strong><a href=\"http:\/\/www.movilh.cl\/colegio-concepcion-de-chillan-permitira-a-estudiantes-trans-usar-uniforme-acorde-a-su-identidad-de-genero\/\">Colegio Concepci\u00f3n de Chill\u00e1n permitir\u00e1 a estudiantes trans usar uniforme acorde a su identidad de g\u00e9nero<\/a><\/strong><\/li><li><strong><a href=\"http:\/\/www.movilh.cl\/denuncian-en-naciones-unidas-los-abusos-del-estado-de-chile-contra-mujeres-y-trans-y-lesbianas\/\">Denuncian en Naciones Unidas los abusos del Estado de Chile contra mujeres trans y lesbianas<\/a><\/strong><\/li><li><strong><a href=\"http:\/\/www.movilh.cl\/gala-del-festival-de-vina-del-mar-daniela-vega-y-nomi-ruiz-imponen-sus-talentos-hacen-historia-para-los-derechos-trans\/\">Gala del Festival de Vi\u00f1a del Mar: Daniela Vega y Nomi Ruiz imponen sus talentos y hacen historia para los derechos trans<\/a><\/strong><\/li><li><strong><a href=\"http:\/\/www.movilh.cl\/dia-del-amor-exigen-matrimonio-igualitario-en-chile-y-lanzan-circular-por-los-derechos-trans\/\">D\u00eda del Amor: exigen matrimonio igualitario y lanzan circular por los derechos trans<\/a><\/strong><\/li><li><strong><a href=\"http:\/\/www.movilh.cl\/gobierno-compromete-nuevas-gestiones-por-el-matrimonio-igualitario-y-la-ley-de-identidad-de-genero-antes-del-11-de-marzo\/\">Gobierno compromete nuevas gestiones por el matrimonio igualitario y la ley de identidad de g\u00e9nero antes del 11 de marzo<\/a><\/strong><\/li><li><strong><a href=\"http:\/\/www.movilh.cl\/exigen-al-indh-protocolo-contra-la-homofobia-y-la-transfobia\/\">Exigen al INDH protocolo contra la homofobia y la transfobia<\/a><\/strong><\/li><li><strong><a href=\"http:\/\/www.movilh.cl\/chile-entre-los-paises-que-mas-exigen-y-apoyan-la-plena-igualdad-de-derechos-para-las-personas-trans\/\">Chile entre los pa\u00edses que m\u00e1s exigen y apoyan la plena igualdad de derechos para las personas trans<\/a><\/strong><\/li><li><strong><a href=\"http:\/\/www.movilh.cl\/hospital-sotero-del-rio-lanza-programa-sobre-identidad-de-genero\/\">Hospital S\u00f3tero del R\u00edo lanza programa sobre identidad de g\u00e9nero<\/a><\/strong><\/li><li><strong><a href=\"http:\/\/www.movilh.cl\/presentan-recurso-contra-gendarmeria-por-nuevos-abusos-contra-internos-lgbti\/\">Presentan recurso contra Gendarmer\u00eda por nuevos abusos contra internos LGBTI<\/a><\/strong><\/li><li><strong><a href=\"http:\/\/www.movilh.cl\/camara-de-diputados-aprueba-por-amplia-mayoria-la-ley-de-identidad-de-genero\/\">C\u00e1mara de Diputados aprueba por amplia mayor\u00eda la Ley de Identidad de G\u00e9nero<\/a><\/strong><\/li><li><strong><a href=\"http:\/\/www.movilh.cl\/con-respaldo-parlamentario-transversal-lanzan-campana-por-la-ley-de-identidad-de-genero\/\">Con respaldo parlamentario transversal lanzan campa\u00f1a por la Ley de Identidad de G\u00e9nero<\/a><\/strong><\/li><li><strong><a href=\"http:\/\/www.movilh.cl\/informan-en-sala-de-la-camara-de-diputados-sobre-el-proyecto-de-ley-de-identidad-de-genero\/\">Informan en Sala de la C\u00e1mara de Diputados sobre el Proyecto de Ley de Identidad de G\u00e9nero<\/a><\/strong><\/li><li><strong><a href=\"http:\/\/www.movilh.cl\/con-claro-liderazgo-de-ministra-narvaez-la-comision-de-ddhh-de-la-camara-despacha-la-ley-de-identidad-de-genero\/\">Con claro liderazgo de la ministra Narv\u00e1ez la Comisi\u00f3n de DDHH de la C\u00e1mara despacha la Ley de Identidad de G\u00e9nero<\/a><\/strong><\/li><li><strong><a href=\"http:\/\/www.movilh.cl\/comision-de-ddhh-de-la-camara-incorpora-a-ninos-y-ninas-trans-en-la-ley-de-identidad-de-genero\/\">Comisi\u00f3n de DDHH de la C\u00e1mara incorpora a ni\u00f1os y ni\u00f1as trans en la Ley de Identidad de G\u00e9nero.<\/a><\/strong><\/li><li><strong><a rel=\"noreferrer noopener\" href=\"http:\/\/www.movilh.cl\/asesinan-a-mujer-transexual-en-el-centro-de-santiago\/\" target=\"_blank\">Brutal montaje homof\u00f3bico y abuso de poder de diputado Bellolio y de pasantes de Fundaci\u00f3n Jaime Guzm\u00e1n.<\/a><\/strong><\/li><li><strong><a href=\"http:\/\/www.movilh.cl\/comision-de-ddhh-de-camara-aprueba-la-proteccion-de-la-expresion-de-genero-y-la-despatologizacion-de-la-transexualidad\/\">Comisi\u00f3n de DDHH de C\u00e1mara aprueba la protecci\u00f3n de la expresi\u00f3n de g\u00e9nero y la despatologizaci\u00f3n de la transexualidad<\/a><\/strong><\/li><li><strong><a rel=\"noreferrer noopener\" href=\"http:\/\/www.movilh.cl\/asesinan-a-mujer-transexual-en-el-centro-de-santiago\/\" target=\"_blank\">Hist\u00f3rico: Corte Interamericana de DDHH insta a los Estados a aprobar el matrimonio igualitario y la Ley de Identidad de G\u00e9nero<\/a><\/strong><\/li><li><strong><a href=\"http:\/\/www.movilh.cl\/internos-as-denuncian-nuevas-golpizas-homofobicas-y-transfobicas-en-carcel-del-biobio\/\">Internos sufren nuevas golpizas homof\u00f3bicas y transf\u00f3bicas en C\u00e1rcel del Biob\u00edo<\/a><\/strong><\/li><li><strong><a href=\"http:\/\/www.movilh.cl\/obispo-de-punta-arenas-rechaza-la-ley-de-identidad-de-genero-con-antecedentes-falsos\/\">Obispo de Magallanes rechaza la Ley de Identidad de G\u00e9nero con antecedentes falsos<\/a><\/strong><\/li><li><strong><a href=\"http:\/\/www.movilh.cl\/acusan-berrinche-transfobico-contra-evopoli-por-apoyar-la-ley-de-identidad-de-genero\/\">Acusan \u201cberrinche transf\u00f3bico\u201d contra Ev\u00f3poli por apoyar la Ley de Identidad de G\u00e9nero<\/a><\/strong><\/li><li><strong><a href=\"http:\/\/www.movilh.cl\/vocera-del-bus-del-odio-incurrio-en-la-ilegalidad-transfobia-y-violencia-intrafamiliar-contra-su-hija\/\">Vocera del Bus del Odio incurri\u00f3 en la ilegalidad: transfobia y violencia intrafamiliar contra su hija<\/a><\/strong><\/li><li><strong><a href=\"http:\/\/www.movilh.cl\/comision-de-ddhh-de-la-camara-aprueba-en-general-la-ley-de-identidad-de-genero\/\">Comisi\u00f3n de DDHH de la C\u00e1mara aprueba en general la Ley de Identidad de G\u00e9nero<\/a><\/strong><\/li><li><strong><a href=\"http:\/\/www.movilh.cl\/gobierno-otorga-discusion-inmediata-a-la-ley-de-identidad-de-genero\/\">Gobierno otorga discusi\u00f3n inmediata a la Ley de Identidad de G\u00e9nero<\/a><\/strong><\/li><li><strong><a href=\"http:\/\/www.movilh.cl\/solicitan-que-debate-parlamentario-sobre-la-ley-de-identidad-genero-sea-publico\/\">Solicitan que debate parlamentario sobre la Ley de Identidad G\u00e9nero sea p\u00fablico<\/a><\/strong><\/li><li><strong><a href=\"http:\/\/www.movilh.cl\/corte-suprema-aplica-ley-zamudio-a-la-alcaldesa-de-lampa-por-transfobia\/\">Corte Suprema sanciona con Ley Zamudio a la alcaldesa de Lampa por transfobia<\/a><\/strong><\/li><li><strong><a href=\"http:\/\/www.movilh.cl\/servicio-medico-legal-perfeccionara-atencion-a-personas-trans-que-solicitan-cambio-de-nombre-y-sexo-legal\/\">Servicio M\u00e9dico Legal perfeccionar\u00e1 atenci\u00f3n a personas trans que solicitan cambio de nombre y sexo<\/a><\/strong><\/li><li><strong><a href=\"http:\/\/www.movilh.cl\/gobierno-da-suma-urgencia-a-ley-de-identidad-de-genero-incorpora-a-ninos-y-libera-de-requisitos-a-mayores-de-18-anos\/\">Gobierno da suma urgencia a Ley de Identidad de G\u00e9nero, incorpora a ni\u00f1os y libera de requisitos a mayores para el cambio de sexo<\/a><\/strong><\/li><li><strong><a rel=\"noreferrer noopener\" href=\"https:\/\/www.cooperativa.cl\/noticias\/sociedad\/minorias-sexuales\/identidad-de-genero-gobierno-puso-suma-urgencia-e-incluyo-a-los-ninos\/2017-12-13\/170421.html\" target=\"_blank\">Otorgan \u201curgencia simple\u201d a Ley de Identidad de G\u00e9nero<\/a><\/strong><\/li><li><strong><a href=\"http:\/\/www.movilh.cl\/acusan-inexcusable-retraso-en-la-tramitacion-de-la-ley-de-identidad-de-genero\/\">Acusan \u201cinexcusable retraso\u201d en la tramitaci\u00f3n de la Ley de Identidad de G\u00e9nero<\/a><\/strong><\/li><li><strong><a href=\"http:\/\/www.movilh.cl\/gobierno-anuncia-indicaciones-para-incorporar-a-ninos-y-ninas-en-la-ley-de-identidad-d-genero\/\">Gobierno anuncia indicaciones para incorporar a ni\u00f1os y ni\u00f1as en la Ley de Identidad de G\u00e9nero<\/a><\/strong><\/li><li><strong><a href=\"http:\/\/www.movilh.cl\/bachelet-llama-a-defender-derechos-de-personas-trans-y-bancada-el-pc-pide-urgencia-a-la-ley-de-identidad-de-genero\/\">Bachelet llama a defender derechos de personas trans y Bancada el PC pide urgencia a la ley de identidad de g\u00e9nero<\/a><\/strong><\/li><li><strong><a href=\"http:\/\/www.movilh.cl\/carla-gonzalez-aranda-si-sus-hijos-les-dicen-que-se-sienten-de-una-forma-no-los-juzguen-apoyenlos\/\">Carla Gonz\u00e1lez Aranda: \u201csi sus hijos les dicen que se sienten de una forma, no los juzguen. Ap\u00f3yenlos\u201d<\/a><\/strong><\/li><li><strong><a href=\"http:\/\/www.movilh.cl\/hija-de-lider-del-bus-de-la-libertad-presentara-demanda-para-cambiar-su-nombre-y-sexo-legal\/\">Hija de l\u00edder del \u201cBus de la Libertad\u201d presentar\u00e1 demanda para cambiar su nombre y sexo legal<\/a><\/strong><\/li><li><strong><a href=\"http:\/\/www.movilh.cl\/mas-de-100-mil-personas-exigieron-ley-de-identidad-de-genero-y-matrimonio-igualitario\/\">M\u00e1s de 100 mil personas exigieron ley de identidad de g\u00e9nero y matrimonio igualitario<\/a><\/strong><\/li><li><strong><a href=\"http:\/\/www.movilh.cl\/comision-de-ddhh-recibe-a-abogada-canadiense-experta-en-leyes-de-identidad-de-genero\/\">Comisi\u00f3n de DDHH recibe a abogada canadiense experta en leyes de identidad de g\u00e9nero<\/a><a href=\"http:\/\/www.movilh.cl\/abren-proceso-sancionatorio-contra-colegio-espanol-de-coquimbo-tras-discriminacion-a-estudiante-trans\/\"><br>Abren proceso sancionatorio contra colegio Espa\u00f1ol de Coquimbo por discriminaci\u00f3n a estudiante trans<\/a><\/strong><\/li><li><strong><a href=\"http:\/\/www.movilh.cl\/movilh-insiste-en-camara-de-diputados-proyecto-de-ley-de-identidad-de-genero-es-deficiente\/\">Movilh insiste en C\u00e1mara de Diputados: \u201cProyecto de Ley de Identidad de G\u00e9nero es deficiente\u201d<\/a><\/strong><\/li><li><strong><a href=\"http:\/\/www.movilh.cl\/denuncian-en-camara-de-diputados-que-los-estudios-usados-para-excluir-a-ninos-trans-de-la-ley-de-identidad-no-eran-cientificos\/\">Con falsos estudios cient\u00edficos el Senado excluy\u00f3 a ni\u00f1os y ni\u00f1as trans del Proyecto de Ley de Identidad de G\u00e9nero<\/a><\/strong><\/li><li><strong><a href=\"http:\/\/www.movilh.cl\/una-mujer-fantastica-representara-a-chile-en-los-oscar-y-goya\/\">\u201cUna Mujer Fant\u00e1stica\u201d representar\u00e1 a Chile en los Oscar y Goya<\/a><\/strong><\/li><li><strong><a href=\"http:\/\/www.movilh.cl\/condenan-a-11-anos-a-taxista-que-asesino-a-mujer-transexual-en-santiago-centro\/\">Condenan a 11 a\u00f1os de c\u00e1rcel a taxista que asesin\u00f3 a mujer transexual en Santiago Centro<\/a><a href=\"http:\/\/www.movilh.cl\/arranca-tramitacion-de-la-ley-de-identidad-de-genero-en-la-camara-de-diputados\/\"><br>Arranca tramitaci\u00f3n de la Ley de Identidad de G\u00e9nero en la C\u00e1mara de Diputados<\/a><\/strong><\/li><li><strong><a href=\"http:\/\/www.movilh.cl\/biobio-funcionarios-de-gendarmeria-son-capacitados-en-derechos-de-la-diversidad-sexual-y-de-genero\/\">Biob\u00edo: funcionarios de Gendarmer\u00eda son capacitados en derechos de la diversidad sexual y de g\u00e9nero<\/a><\/strong><\/li><li><strong><a href=\"http:\/\/www.movilh.cl\/antofagasta-direccion-regional-de-gendarmeria-y-movilh-dialogan-sobre-derechos-de-personas-lgbti-en-las-carceles\/\">Antofagasta: Direcci\u00f3n regional de Gendarmer\u00eda y Movilh dialogan sobre derechos de personas LGBTI en las c\u00e1rceles<\/a><\/strong><\/li><li><strong><a href=\"http:\/\/www.movilh.cl\/informe-de-derechos-humano-de-la-universidad-de-chile-resalta-realidad-de-personas-trans\/\">Informe de Derechos Humanos de la Universidad de Chile resalta realidad de las personas trans<\/a><\/strong><\/li><li><strong><a href=\"http:\/\/www.movilh.cl\/masiva-peticion-de-cambio-de-nombre-y-sexo-legal-en-concepcion\/\">Masiva petici\u00f3n de cambio de nombre y sexo legal en Concepci\u00f3n<\/a><\/strong><\/li><li><strong><a href=\"http:\/\/www.movilh.cl\/colegio-salesianos-impide-a-estudiantes-vestirse-de-mujer\/\">Colegio Salesianos impide a estudiantes \u201cdisfrazarse de mujer\u201d y alumnos sufren bullying homof\u00f3bico<\/a><\/strong><\/li><li><strong><a href=\"http:\/\/www.movilh.cl\/sensibilizan-sobre-los-derechos-de-las-personas-lgbti-en-arica-e-iquique\/\">Sensibilizan sobre los derechos de las personas LGBTI en Arica e Iquique<\/a><\/strong><\/li><li><strong><a href=\"http:\/\/www.movilh.cl\/coquimbo-movilh-promueve-medidas-contra-la-transfobia-en-colegios-y-carceles\/\">Coquimbo: promueven medidas contra la transfobia en colegios y c\u00e1rceles<\/a><\/strong><\/li><li><strong><a href=\"http:\/\/www.movilh.cl\/corte-acoge-recurso-de-amparo-tras-nuevos-abusos-a-internas-trans-en-carcel-de-la-serena\/\">Corte acoge recurso de amparo tras nuevos abusos a internas trans en c\u00e1rcel de La Serena<\/a><\/strong><\/li><li><strong><a href=\"http:\/\/www.movilh.cl\/triunfa-la-infancia-transsobreseen-querella-contra-juez-que-autorizo-cambio-de-nombre-y-sexo-legal-de-una-nina\/\">Triunfa la infancia trans: sobreseen querella contra juez que autoriz\u00f3 cambio de nombre y sexo legal de una ni\u00f1a<\/a><\/strong><\/li><li><strong><a rel=\"noreferrer noopener\" href=\"http:\/\/www.movilh.cl\/dia-del-orgullo-mas-de-100-mil-personas-marchan-por-el-interes-superior-del-nino-en-cuatro-ciudades-de-chile\/\" target=\"_blank\">D\u00eda del Orgullo: m\u00e1s de 100 mil personas marchan por el Inter\u00e9s Superior del Ni\u00f1o en cuatro ciudades de Chile<\/a><\/strong><\/li><li><strong><a rel=\"noreferrer noopener\" href=\"http:\/\/www.movilh.cl\/evangelicos-buscan-que-la-contraloria-declare-ilegal-una-circular-que-llaman-a-respetar-a-los-estudiantes-trans\/\" target=\"_blank\">Evang\u00e9licos buscan que la Contralor\u00eda declare ilegal la circular que llama a respetar a los estudiantes trans<\/a><\/strong><\/li><li><strong><a rel=\"noreferrer noopener\" href=\"http:\/\/www.movilh.cl\/tras-cuatro-anos-el-senado-despacha-una-ley-de-identidad-de-genero-que-excluye-a-ninos-y-casados-y-patologiza-a-mayores-de-18-anos\/\" target=\"_blank\">El Senado despacha una Ley de Identidad de G\u00e9nero que excluye a ni\u00f1os y casados y patologiza a mayores de 18 a\u00f1os<\/a><\/strong><\/li><li><strong><a rel=\"noreferrer noopener\" href=\"http:\/\/www.movilh.cl\/agridulce-senado-aprueba-cambio-de-sexo-legal-en-el-registro-civil-pero-exige-certificados-medicos\/\" target=\"_blank\">Agridulce: Senado aprueba cambio de sexo legal en el Registro Civil, pero exige certificados m\u00e9diicos<\/a><\/strong><\/li><li><strong><a rel=\"noreferrer noopener\" href=\"http:\/\/www.elmostrador.cl\/noticias\/pais\/2017\/05\/10\/comision-dd-hh-del-senado-despacha-ley-de-identidad-de-genero-sin-respaldo-del-movilh\/\" target=\"_blank\">Convocan a Primera Marcha por el Inter\u00e9s Superior del Ni\u00f1o y la de la Ni\u00f1a<\/a><\/strong><\/li><li><strong><a href=\"http:\/\/www.movilh.cl\/grave-interna-transexual-denuncia-que-gendarmeria-no-cumple-fallos-de-la-corte-suprema-sobre-identidad-de-genero\/\">Grave: interna transexual denuncia que Gendarmer\u00eda no cumple fallos de la Corte Suprema sobre identidad de G\u00e9nero<\/a><\/strong><\/li><li><strong><a href=\"http:\/\/www.movilh.cl\/por-segunda-vez-en-menos-de-tres-meses-corte-suprema-sanciona-a-gendarmeria-por-abusos-contra-personas-trans\/\">Por segunda vez en menos de tres meses la Corte Suprema sanciona a Gendarmer\u00eda por abusos contra personas trans<\/a><\/strong><\/li><li><strong><a rel=\"noreferrer noopener\" href=\"http:\/\/www.movilh.cl\/personas-transexuales-podran-someterse-a-cirugias-de-readecuacion-corporal-en-los-lagos\/\" target=\"_blank\">Personas transexuales podr\u00e1n someterse a cirug\u00edas de readecuaci\u00f3n corporal en Los Lagos<\/a><\/strong><\/li><li><strong><a rel=\"noreferrer noopener\" href=\"http:\/\/www.elciudadano.cl\/chile\/anuncian-cuarta-region-donde-personas-trans-podran-someterse-a-cirugias-de-readecuacion-corporal\/05\/26\/\" target=\"_blank\">Solidarizan con transexuales de Calama tras incidente con alcalde que se neg\u00f3 a izar la bandera de la diversidad<\/a><\/strong><\/li><li><strong><a href=\"http:\/\/www.movilh.cl\/transfobia-demandan-a-juez-por-permitir-cambio-de-nombre-y-sexo-legal-de-nina-de-5-anos\/\">Transfobia: demandan a juez por autorizar cambio de nombre y sexo legal de ni\u00f1a de 5 a\u00f1os<\/a><\/strong><\/li><li><strong><a rel=\"noreferrer noopener\" href=\"http:\/\/www.elepicentro.cl\/2017\/05\/09\/santiago-demandan-a-juez-que-autorizo-cambio-de-nombre-y-sexo-a-nina-de-5-anos\/\" target=\"_blank\">Concepci\u00f3n: jueza ordena cambio de nombre y sexo legal de joven trans<\/a><\/strong><\/li><li><strong><a href=\"http:\/\/www.movilh.cl\/comision-de-ddhh-del-senado-despacha-ley-que-impide-a-ninos-y-casados-cambiar-su-nombre-y-sexo-legal\/\">Comisi\u00f3n de DDHH del Senado despacha ley que impide a ni\u00f1os y casados cambiar su nombre y sexo legal<\/a><\/strong><\/li><li><strong><a rel=\"noreferrer noopener\" href=\"http:\/\/www.elmostrador.cl\/noticias\/pais\/2017\/05\/10\/comision-dd-hh-del-senado-despacha-ley-de-identidad-de-genero-sin-respaldo-del-movilh\/\" target=\"_blank\">C\u00e1mara de Diputados aprueba incorporar a ni\u00f1os y ni\u00f1as LGBTI en proyecto de ley sobre derechos de la infancia<\/a><\/strong><\/li><li><strong><a href=\"http:\/\/www.movilh.cl\/circular-de-la-superintendencia-de-educacion-orienta-a-los-colegios-para-respetar-los-derechos-de-estudiantes-trans\/\">Superintendencia de Educaci\u00f3n orienta a los colegios para respetar y proteger los derechos de estudiantes trans<\/a><\/strong><\/li><li><strong><a href=\"http:\/\/www.movilh.cl\/segegob-cancilleria-y-movilh-crean-comision-de-seguimiento-para-el-matrimonio-igualitario-y-otras-leyes-contra-la-homotransfobia\/\">Segegob, Canciller\u00eda y Movilh crean Comisi\u00f3n de Seguimiento para el matrimonio igualitario y otras leyes contra la homo\/transfobia<\/a><\/strong><\/li><li><strong><a href=\"http:\/\/www.movilh.cl\/comision-de-ddhh-del-senado-posterga-una-vez-mas-la-votacion-de-la-ley-de-identidad-de-genero\/\">Comisi\u00f3n de DDHH del Senado posterga una vez m\u00e1s la votaci\u00f3n de la Ley de Identidad de G\u00e9nero<\/a><\/strong><\/li><li><strong><a href=\"http:\/\/www.movilh.cl\/recuerdan-a-37-victimas-fatales-de-la-homofobia-y-la-transfobia\/\">Recuerdan a 37 v\u00edctimas fatales de la homofobia y la transfobia<\/a><\/strong><\/li><li><strong><a href=\"http:\/\/www.movilh.cl\/comision-de-ddhh-del-senado-rechaza-que-ninos-ninas-y-jovenes-trans-cambien-su-nombre-y-sexo-legal\/\">Comisi\u00f3n de DDHH del Senado rechaza que ni\u00f1os, ni\u00f1as y j\u00f3venes trans cambien su nombre y sexo legal<\/a><\/strong><\/li><li><strong><a href=\"http:\/\/www.movilh.cl\/un-28-aumentaron-las-denuncias-y-casos-por-homofobia-y-transfobia-en-chile\/\">Un 28% aumentaron las denuncias y casos por homofobia y transfobia en Chile<\/a><\/strong><\/li><li><strong><a href=\"http:\/\/www.movilh.cl\/historico-fallo-de-corte-suprema-personas-trans-deben-ser-revisadas-por-personal-de-su-mismo-genero-en-las-carceles\/\">Hist\u00f3rico fallo de Corte Suprema: personas trans deben ser revisadas por personal de su mismo g\u00e9nero en las c\u00e1rceles<\/a><\/strong><\/li><li><strong><a href=\"http:\/\/www.movilh.cl\/alcalde-castro-lamenta-discriminacion-contra-joven-trans\/\">Alcalde Castro lamenta discriminaci\u00f3n contra joven trans<\/a><\/strong><\/li><li><strong><a href=\"http:\/\/www.movilh.cl\/insolito-municipalidad-de-renca-niega-licencia-de-conducir-a-joven-por-ser-trans\/\">Ins\u00f3lito: Municipalidad de Renca niega licencia de conducir a joven por ser trans<\/a><\/strong><\/li><li><strong><a href=\"http:\/\/www.movilh.cl\/director-nacional-de-gendarmeria-encomienda-a-regiones-garantizar-derechos-de-internos-lgbti-en-las-carceles\/\">Director nacional de Gendarmer\u00eda encomienda a regiones garantizar derechos de internos LGBTI en las c\u00e1rceles<\/a><\/strong><\/li><li><strong><a href=\"http:\/\/www.movilh.cl\/mas-de-700-mujeres-han-denunciado-en-chile-abusos-por-su-orientacion-sexual-o-identidad-de-genero\/\">M\u00e1s de 700 mujeres han denunciado en Chile abusos por su orientaci\u00f3n sexual o identidad de g\u00e9nero<\/a>\u00a0<\/strong><\/li><li><strong><a href=\"http:\/\/www.movilh.cl\/mujer-tran-denuncia-a-trabajadora-de-preunic-por-discriminacion\/\">Mujer trans denuncia a trabajadora de PreUnic por discriminaci\u00f3n<\/a><\/strong><\/li><li><strong><a href=\"http:\/\/www.movilh.cl\/anuncian-medidas-para-prevenir-y-erradicar-abusos-contra-personas-lgbti-en-las-carceles\/\">Anuncian medidas para prevenir y erradicar abusos contra personas LGBTI en las c\u00e1rceles<\/a><\/strong><\/li><li><strong><a href=\"http:\/\/www.movilh.cl\/pareja-de-mujeres-gendarmes-acusan-homofobia-en-la-institucion\/\">Pareja de mujeres gendarmes acusan homofobia en la instituci\u00f3n<\/a><\/strong><\/li><li><strong><a href=\"http:\/\/www.movilh.cl\/internos-gays-y-trans-denuncian-con-un-video-torturas-en-carcel-de-antofagasta\/\">Internos gays y trans denuncian con un video torturas en C\u00e1rcel de Antofagasta<\/a><\/strong><\/li><li><strong><a rel=\"noreferrer noopener\" href=\"http:\/\/www.eldinamo.cl\/nacional\/2017\/02\/23\/video-movilh-denuncia-tortura-a-internos-gays-y-mujeres-trans-en-carcel-de-antofagasta-con-dramatica-grabacion\/?platform=hootsuite\" target=\"_blank\">Gendarmer\u00eda se niega a acatar fallo que obliga a respetar los derechos de las personas trans en c\u00e1rceles<\/a><\/strong><\/li><li><strong><a href=\"http:\/\/www.movilh.cl\/indh-visita-a-internos-gays-y-trans-por-abusos-en-carceles-de-antofagasta-y-la-serena\/\">INDH visita a internos gays y trans por abusos en c\u00e1rceles de Antofagasta y La Serena<\/a><\/strong><\/li><li><strong><a rel=\"noreferrer noopener\" href=\"http:\/\/www.movilh.cl\/denuncian-abusos-homofobicos-y-transfobicos-en-carcel-de-antofagasta\/\" target=\"_blank\">Denuncian torturas homof\u00f3bicas y transf\u00f3bicas en c\u00e1rcel de Antofagasta<\/a><\/strong><\/li><li><strong><a rel=\"noreferrer noopener\" href=\"http:\/\/www.elmostrador.cl\/noticias\/pais\/2017\/02\/02\/denuncian-torturas-contra-internos-gays-y-transexuales-en-carcel-de-antofagasta\/\" target=\"_blank\">Grupos neonazis y evang\u00e9licos se unen contra los derechos de las personas trans<\/a><\/strong><\/li><li><strong><a rel=\"noreferrer noopener\" href=\"http:\/\/www.movilh.cl\/impresentable-suspenden-votacion-de-la-ley-de-identidad-de-genero-por-falta-de-quorum\/\" target=\"_blank\">Impresentable: suspenden votaci\u00f3n de la ley de identidad de g\u00e9nero por falta de qu\u00f3rum<\/a><\/strong><\/li><li><strong><a href=\"http:\/\/www.movilh.cl\/gobierno-afirma-que-aun-no-define-si-la-ley-de-identidad-de-genero-y-el-matrimonio-igualitario-seran-prioritarios-en-2017\/\">Gobierno: a\u00fan no est\u00e1 definido si ley de identidad de g\u00e9nero y matrimonio igualitario ser\u00e1n prioridad en 2017<\/a><\/strong><\/li><li><strong><a href=\"http:\/\/www.movilh.cl\/minsal-asegura-que-resolvio-problema-de-escasez-de-hormonas-para-personas-trans\/\">Minsal asegura que resolvi\u00f3 problema de escasez de hormonas para personas trans<\/a><\/strong><\/li><li><strong><a href=\"http:\/\/www.movilh.cl\/extienden-plazo-para-presentar-indicaciones-a-la-ley-de-identidad-de-genero\/\">Extienden plazo para presentar indicaciones a la Ley de Identidad de G\u00e9nero<\/a><\/strong><\/li><li><strong><a href=\"http:\/\/www.movilh.cl\/senador-guillier-aborda-con-el-movilh-el-caso-calvo-y-compromete-total-respaldo-a-ley-de-identidad-de-genero\/\">Senador Guillier aborda con el Movilh el Caso Calvo y compromete total respaldo a Ley de Identidad de G\u00e9nero<\/a><\/strong><\/li><li><strong><a href=\"http:\/\/www.movilh.cl\/fallo-ordena-a-gendarmeria-respetar-identidad-de-genero-tras-nuevos-abusos-a-personas-trans-en-iquique\/\">Fallo ordena a Gendarmer\u00eda respetar identidad de g\u00e9nero tras nuevos abusos a personas trans en Iquique<\/a>\u00a0<\/strong><\/li><li><strong><a href=\"http:\/\/www.movilh.cl\/gobierno-resaltara-ley-de-identidd-de-genero-en-cita-con-nueva-mayoria-y-realizara-en-enero-acto-por-matrimonio-igualiario\/\">Gobierno resaltar\u00e1 Ley de Identidad de G\u00e9nero en cita con Nueva Mayor\u00eda y realizar\u00e1 en enero acto por matrimonio igualitario<\/a><\/strong><\/li><li><strong><a href=\"http:\/\/www.movilh.cl\/subsecretaria-del-interior-y-movilh-se-coordinan-contra-las-agresiones-homo-transfobicas\/\">Subsecretar\u00eda del Interior y Movilh se coordinan contra las agresiones homo-transf\u00f3bicas<\/a><\/strong><\/li><li><strong><a href=\"http:\/\/www.movilh.cl\/con-multidunario-gay-parade-exigen-matrimonio-igualitario-y-ley-de-identidad-de-genero\/\">Con multitudinario Gay Parade exigen matrimonio igualitario y ley de identidad de g\u00e9nero<\/a><\/strong><\/li><li><strong><a href=\"http:\/\/www.movilh.cl\/corte-suprema-reconoce-identidad-de-genero-de-nina-de-5-anos-y-falla-contra-la-clinica-alemana\/\">Corte Suprema reconoce identidad de g\u00e9nero de ni\u00f1a trans de 6 a\u00f1os y falla contra la Cl\u00ednica Alemana<\/a><\/strong><\/li><li><strong><a href=\"http:\/\/www.movilh.cl\/moreira-califica-de-aberrante-a-la-ley-de-identidad-de-genero-y-allamand-la-compara-con-comida-chatarra\/\">Ley de Identidad de G\u00e9nero: Moreira la califica de \u201caberrante\u201d y Allamand la compara con \u201ccomida chatarra\u201d<\/a><\/strong><\/li><li><strong><a href=\"http:\/\/www.movilh.cl\/hombre-trans-solicita-cambio-de-nombre-y-sexo-legal-en-concepcion\/\">Hombre trans solicita cambio de nombre y sexo legal en Concepci\u00f3n<\/a><\/strong><\/li><li><strong><a href=\"http:\/\/www.movilh.cl\/denuncian-actos-ilegales-y-transfobicos-en-el-hospital-traumatologico-de-concepcion\/\">Denuncian actos ilegales y transf\u00f3bicos en el Hospital Traumatol\u00f3gico de Concepci\u00f3n<\/a><\/strong><\/li><li><strong><a href=\"http:\/\/www.movilh.cl\/comision-de-ddhh-anuncia-por-segunda-vez-que-despacho-la-ley-de-identidad-de-genero\/\">Comisi\u00f3n de DDHH del Senado anuncia por segunda vez el despacho de la Ley de Identidad de G\u00e9nero<\/a><\/strong><\/li><li><strong><a href=\"http:\/\/www.movilh.cl\/comision-de-ddhh-del-senado-despacha-la-ley-de-identidad-de-genero\/\">Comisi\u00f3n de DDHH del Senado despacha la Ley de Identidad de G\u00e9nero<\/a><\/strong><\/li><li><strong><a rel=\"noreferrer noopener\" href=\"http:\/\/www.movilh.cl\/comision-de-la-camara-aprueba-que-ninas-y-ninos-trans-tengan-derecho-a-desarrollar-su-identidad-de-genero\/\" target=\"_blank\">Comisi\u00f3n de la C\u00e1mara aprueba que ni\u00f1as y ni\u00f1os trans tengan derecho a desarrollar su identidad de g\u00e9nero<\/a><\/strong><\/li><li><strong><a rel=\"noreferrer noopener\" href=\"http:\/\/www.movilh.cl\/caapcitan-a-carabineros-en-identidad-de-genero-y-derechos-de-personas-trans\/\" target=\"_blank\">Capacitan a carabineros en identidad de g\u00e9nero y derechos de personas trans<\/a><\/strong><\/li><li><strong><a href=\"http:\/\/www.movilh.cl\/comision-del-senado-aprueba-que-personas-trans-cambien-su-nombre-y-sexo-legal-en-el-registro-civil\/\">Comisi\u00f3n del Senado aprueba que personas trans cambien su nombre y sexo legal en el Registro Civil<\/a><\/strong><\/li><li><strong><a href=\"http:\/\/www.movilh.cl\/presentan-proyecto-de-ley-para-garantizar-derechos-de-ninas-y-ninos-trans-desde-la-educacion-parvularia\/\">Presentan proyecto de ley para garantizar derechos de ni\u00f1as y ni\u00f1os trans desde la educaci\u00f3n parvularia<\/a><\/strong><\/li><li><strong><a href=\"http:\/\/www.movilh.cl\/atacan-a-mujer-transexuale-en-talca\/\">Atacan a mujer transexual en Talca<\/a><\/strong><\/li><li><strong><a href=\"http:\/\/www.movilh.cl\/con-multitudinaria-marcha-del-orgullo-exigen-ley-de-identidad-de-genero-y-matrimonio-igualitario\/\">Con multitudinaria Marcha del Orgullo exigen ley de identidad de g\u00e9nero y matrimonio igualitario<\/a><\/strong><\/li><li><strong><a href=\"http:\/\/www.movilh.cl\/indicaciones-del-gobierno-a-ley-de-identidad-de-genero-permiten-que-ninos-y-ninas-cambien-nombre-y-sexo-legal\/\">Indicaciones del Gobierno permiten que ni\u00f1os y ni\u00f1as trans cambien su nombre y sexo legal<\/a><\/strong><\/li><li><strong><a rel=\"noreferrer noopener\" href=\"http:\/\/www.movilh.cl\/senado-destraba-tramitacion-de-la-ley-de-identodad-de-genero\/\" target=\"_blank\">Senado destraba tramitaci\u00f3n de la Ley de Identidad de G\u00e9nero<\/a><\/strong><\/li><li><strong><a rel=\"noreferrer noopener\" href=\"http:\/\/www.movilh.cl\/denuncian-falta-de-hormonas-en-sistema-publico-para-la-readecuacion-corporal-de-personas-trans\/\" target=\"_blank\">Denuncian falta de hormonas en sistema p\u00fablico para la readecuaci\u00f3n corporal de personas trans<\/a><\/strong><\/li><li><strong><a rel=\"noreferrer noopener\" href=\"http:\/\/www.movilh.cl\/asesinan-a-mujer-transexual-en-el-centro-de-santiago\/\" target=\"_blank\">Asesinan a mujer transexual en el centro de Santiago<\/a><\/strong><\/li><li><strong><a rel=\"noreferrer noopener\" href=\"http:\/\/www.movilh.cl\/hospital-san-juan-de-dios-abre-sumario-contra-medico-por-discriminar-a-persona-transsexual\/\" target=\"_blank\">Hospital San Juan de Dios abre sumario contra m\u00e9dico por discriminar a persona transexual<\/a><\/strong><\/li><li><strong><a rel=\"noreferrer noopener\" href=\"http:\/\/www.movilh.cl\/rinden-homenaje-a-las-34-victimas-fatales-de-la-homofobia-y-la-transfobia\/\" target=\"_blank\">Rinden homenaje a las 34 v\u00edctimas fatales de la homofobia y la transfobia<\/a><\/strong><\/li><li><strong><a rel=\"noreferrer noopener\" href=\"http:\/\/www.movilh.cl\/unas-50-mujeres-han-reportado-abusos-en-razon-de-su-orientacion-sexual-e-identidad-de-genero\/\" target=\"_blank\">Unas 570 mujeres han denunciado abusos en raz\u00f3n de su orientaci\u00f3n sexual e identidad de g\u00e9nero<\/a><\/strong><\/li><li><strong><a rel=\"noreferrer noopener\" href=\"http:\/\/www.movilh.cl\/iquique-centro-de-salud-niega-atencion-a-hombre-transexual\/\" target=\"_blank\">Iquique: Centro de Salud niega atenci\u00f3n a hombre transexual<\/a><\/strong><\/li><li><strong><a rel=\"noreferrer noopener\" href=\"http:\/\/www.movilh.cl\/personas-trans-presentan-recurso-de-proteccion-contra-el-registro-civil-por-negarse-a-cambiar-nombre-y-sexo-legal\/\" target=\"_blank\">Personas trans presentan recurso de protecci\u00f3n contra el Registro Civil por negarse a cambiar nombre y sexo legal<\/a><\/strong><\/li><li><strong><a rel=\"noreferrer noopener\" href=\"http:\/\/www.movilh.cl\/transexuales-solicitan-por-primera-vez-directamente-al-registro-civil-el-cambio-de-nombre-y-sexo-legal\/\" target=\"_blank\">Transexuales solicitan por primera vez directamente al Registro Civil el cambio de nombre y sexo legal<\/a><\/strong><\/li><li><strong><a rel=\"noreferrer noopener\" href=\"http:\/\/www.movilh.cl\/ministerio-de-salud-ordena-detener-cirugias-a-ninos-y-ninas-intersexuales\/\" target=\"_blank\">Ministerio de Salud ordena detener cirug\u00edas a reci\u00e9n nacidos intersexuales<\/a><\/strong><\/li><li><strong><a rel=\"noreferrer noopener\" href=\"http:\/\/www.movilh.cl\/insolito-comision-de-ddhh-del-senado-exige-al-movilh-que-deje-de-criticar-a-van-rysselberghe\/\" target=\"_blank\">Ins\u00f3lito: Comisi\u00f3n de DDHH del Senado exige al Movilh que deje de criticar a Van Rysselberghe<\/a><\/strong><\/li><li><strong><a rel=\"noreferrer noopener\" href=\"http:\/\/www.movilh.cl\/gobierno-apoya-que-cambio-y-nombre-de-sexo-legal-se-realice-en-el-registro-civil\/\" target=\"_blank\">Gobierno apoya que cambio de nombre y sexo legal de personas trans se realice en el Registro Civil<\/a><\/strong><\/li><li><strong><a rel=\"noreferrer noopener\" href=\"http:\/\/www.movilh.cl\/lamentan-ofensas-contra-funcionarias-municipaldes-por-su-identidad-de-genero-y-apariencia-fisica\/\" target=\"_blank\">Lamentan ofensas contra funcionarias municipales por su identidad de g\u00e9nero y apariencia f\u00edsica<\/a><\/strong><\/li><li><strong><a rel=\"noreferrer noopener\" href=\"http:\/\/www.movilh.cl\/lanzan-chile-trans-la-campana-por-los-derechos-de-las-personas-transexuales-y-por-la-ley-de-identidad-de-genero\/\" target=\"_blank\">Lanzan \u201cChile Trans\u201d, la campa\u00f1a por los derechos de las personas transexuales y por la Ley de Identidad de G\u00e9nero<\/a><\/strong><\/li><li><strong><a rel=\"noreferrer noopener\" href=\"http:\/\/www.movilh.cl\/el-senado-rechaza-proyecto-de-la-udi-para-reformar-la-ley-zamudio\/\" target=\"_blank\">Corte Suprema respalda que cambio de nombre y sexo legal de mayores de edad se tramite en el Registro Civil<\/a><\/strong><\/li><li><strong><a rel=\"noreferrer noopener\" href=\"http:\/\/www.movilh.cl\/senador-moreira-la-ley-de-identidad-de-genero-destruye-a-la-sociedad-y-los-movimientos-gays-son-histericos-y-totalitarios\/\" target=\"_blank\">Iv\u00e1n Moreira: La Ley de Identidad de G\u00e9nero destruye a la sociedad y \u201clos movimientos gays son totalitarios\u201d<\/a><\/strong><\/li><li><strong><a rel=\"noreferrer noopener\" href=\"http:\/\/www.movilh.cl\/despachan-ley-de-identidad-de-genero-y-gobierno-anuncua-proyecto-de-ley-de-matrimonio-igualitario\/\" target=\"_blank\">Despachan ley de Identidad de G\u00e9nero y Gobierno anuncia Proyecto de Ley de Matrimonio Igualitario<\/a><\/strong><\/li><li><strong><a rel=\"noreferrer noopener\" href=\"http:\/\/www.movilh.cl\/asesinan-a-joven-transexual-en-antofagasta\/\" target=\"_blank\">Asesinan a joven transexual en Antofagasta<\/a><\/strong><\/li><li><strong><a rel=\"noreferrer noopener\" href=\"http:\/\/www.movilh.cl\/comision-del-senado-aprueba-que-personas-trans-cambien-su-nombre-y-sexo-social-sin-certificados-medicos\/\" target=\"_blank\">Comisi\u00f3n del Senado aprueba que personas trans cambien su nombre y sexo legal sin certificados m\u00e9dicos<\/a><\/strong><\/li><li><strong><a rel=\"noreferrer noopener\" href=\"http:\/\/www.movilh.cl\/ministerio-de-justicia-estudia-mecanismos-para-que-nombre-y-sexo-social-de-personas-trans-sea-respetado-durante-ceremonias-de-union-civil\/\" target=\"_blank\">Justicia estudia mecanismos para que nombre de personas trans sea respetado durante ceremonias de uni\u00f3n civil<\/a><\/strong><\/li><li><strong><a rel=\"noreferrer noopener\" href=\"http:\/\/www.movilh.cl\/senador-matta-dc-boicotea-ley-de-identidad-de-genero-porque-el-gobierno-le-dio-suma-urgencia\/\" target=\"_blank\">Senador Matta (DC) boicotea la Ley de Identidad de G\u00e9nero porque el gobierno le dio suma urgencia<\/a><\/strong><\/li><li><strong><a rel=\"noreferrer noopener\" href=\"http:\/\/www.movilh.cl\/presidenta-bachelet-da-suma-urgencia-a-ley-de-identidad-de-genero\/\" target=\"_blank\">Presidenta Bachelet da suma urgencia a Ley de Identidad de G\u00e9nero<\/a><\/strong><\/li><li><strong><a rel=\"noreferrer noopener\" href=\"http:\/\/www.movilh.cl\/union-civil-piden-que-personas-trans-sean-tratadas-por-su-nombre-y-sexo-social-durante-las-ceremonias\/\" target=\"_blank\">Uni\u00f3n civil: piden que personas trans sean tratadas por su sexo y nombre social durante las ceremonias<\/a><\/strong><\/li><li><strong><a rel=\"noreferrer noopener\" href=\"http:\/\/www.movilh.cl\/fascismo-van-rysselberhe-propone-que-un-registro-secreto-mantega-identidad-legal-de-nacimiento-de-personas-transexuales\/\" target=\"_blank\">Fascismo: Van Rysselberghe propone que un registro secreto mantenga identidad legal de nacimiento de personas transexuales<\/a><\/strong><\/li><li><strong><a rel=\"noreferrer noopener\" href=\"http:\/\/www.movilh.cl\/comision-del-senado-aprueba-que-ninos-y-ninas-puedan-cambiar-su-nombre-y-sexo-legal\/\" target=\"_blank\">Comisi\u00f3n de DDHH del Senado aprueba que ni\u00f1as y ni\u00f1os puedan cambiar su nombre y sexo legal<\/a><\/strong><\/li><li><strong><a rel=\"noreferrer noopener\" href=\"http:\/\/www.movilh.cl\/superitendencia-de-educacion-sanciona-a-colegio-pumahue-de-chicureo-por-discriminar-a-nina-transexual\/\" target=\"_blank\">Superintendencia de Educaci\u00f3n sanciona a colegio Pumahue de Chicureo por discriminar a ni\u00f1a transexual<\/a><\/strong><\/li><li><strong><a rel=\"noreferrer noopener\" href=\"http:\/\/www.movilh.cl\/colegio-pumahue-de-chicureo-discrimina-a-nina-transexual-de-cinco-anos\/\" target=\"_blank\">Colegio Pumahue de Chicureo discrimina a ni\u00f1a transexual de cinco a\u00f1os<\/a><\/strong><\/li><li><strong><a rel=\"noreferrer noopener\" href=\"http:\/\/www.movilh.cl\/senadora-van-rysselberghe-insiste-en-negar-derechos-a-ninas-y-ninos-transexuales\/\" target=\"_blank\">Senadora Van Rysselberghe insiste en negar derechos a ni\u00f1as y ni\u00f1os transexuales<\/a><\/strong><\/li><li><strong><a rel=\"noreferrer noopener\" href=\"http:\/\/www.movilh.cl\/mujeres-transexuales-son-atacadas-en-cartagena-y-valparaiso\/\" target=\"_blank\">Mujeres transexuales son atacadas en Cartagena y Valpara\u00edso<\/a><\/strong><\/li><li><strong><a rel=\"noreferrer noopener\" href=\"http:\/\/www.movilh.cl\/comision-del-senado-retrasa-debate-sobre-ley-de-identidad-de-genero\/\" target=\"_blank\">Comisi\u00f3n del Senado retrasa debate sobre Ley de Identidad de G\u00e9nero<\/a><\/strong><\/li><li><strong><a rel=\"noreferrer noopener\" href=\"http:\/\/www.movilh.cl\/indicaciones-del-gobierno-a-ley-de-identidad-de-genero-permiten-que-ninos-cambien-su-nombre-y-sexo-legal\/\" target=\"_blank\">Indicaciones del Gobierno a Ley de Identidad de G\u00e9nero permiten que ni\u00f1os cambien su nombre y sexo legal<\/a><\/strong><\/li><li><strong><a rel=\"noreferrer noopener\" href=\"http:\/\/www.movilh.cl\/chilevision-emite-instructivo-interno-para-abordaje-de-la-transexualidad\/\" target=\"_blank\">Chilevisi\u00f3n emite instructivo interno para abordaje de la transexualidad<\/a><\/strong><\/li><li><strong><a rel=\"noreferrer noopener\" href=\"http:\/\/www.movilh.cl\/dia-del-orgullo-mas-de-60-mil-personas-marchan-por-la-igualdad-en-santiago-y-regiones\/\" target=\"_blank\">D\u00eda del Orgullo: M\u00e1s de 60 mil personas marchan por la igualdad en Santiago y regiones<\/a><\/strong><\/li><li><strong><a rel=\"noreferrer noopener\" href=\"http:\/\/www.movilh.cl\/gobierno-presentara-indicaciones-para-que-cambio-nombre-y-sexo-legal-sea-un-tramite-administrativo\/\" target=\"_blank\">Gobierno presentar\u00e1 indicaciones para que cambio de nombre y sexo legal sea un tr\u00e1mite \u00e1gil y simple<\/a><\/strong><\/li><li><strong><a rel=\"noreferrer noopener\" href=\"http:\/\/www.movilh.cl\/senado-inicia-tramitacion-para-reformar-la-ley-zamudio-y-fija-plazos-para-ley-de-identidad-de-genero\/\" target=\"_blank\">Senado inicia tramitaci\u00f3n para reformar la Ley Zamudio y fija plazos para Ley de Identidad de G\u00e9nero<\/a><\/strong><\/li><li><strong><a rel=\"noreferrer noopener\" href=\"http:\/\/www.movilh.cl\/alto-comisionado-para-ddhh-de-la-onu-llama-a-derogar-leyes-homofobas-y-a-reconocer-derechos-de-pesonas-trans-y-de-familias-diversas\/\" target=\"_blank\">Informe de la ONU llama a derogar leyes hom\u00f3fobas y a reconocer derechos de personas trans y de familias diversas<\/a><\/strong><\/li><li><strong><a rel=\"noreferrer noopener\" href=\"http:\/\/www.movilh.cl\/mas-de-50-mil-personas-marchan-por-ley-de-identidad-de-genero\/\" target=\"_blank\">M\u00e1s de 50 mil personas marchan por la Ley de Identidad de G\u00e9nero<\/a><\/strong><\/li><li><strong><a rel=\"noreferrer noopener\" href=\"http:\/\/www.movilh.cl\/joven-transexual-sufre-violento-ataque-en-temuco\/\" target=\"_blank\">Joven transexual sufre violento ataque en Temuco<\/a><\/strong><\/li><li><strong><a rel=\"noreferrer noopener\" href=\"http:\/\/www.movilh.cl\/presidente-del-senado-dispuesto-a-apoyar-que-cambio-de-nombre-y-sexo-legal-se-realice-en-registro-civil\/\" target=\"_blank\">Presidente del Senado dispuesto a apoyar que cambio de nombre y sexo legal sea tr\u00e1mite administrativo<\/a><\/strong><\/li><li><strong><a rel=\"noreferrer noopener\" href=\"http:\/\/www.movilh.cl\/fueza-trans-de-reune-con-el-gobierno-para-el-avance-de-la-ley-de-identidad-de-genero\/\" target=\"_blank\">Fuerza Trans se re\u00fane con el Gobierno para el avance de la Ley de Identidad de G\u00e9nero<\/a><\/strong><\/li><li><strong><a rel=\"noreferrer noopener\" href=\"http:\/\/www.movilh.cl\/naomi-campbel-el-primer-largometrajo-chileno-sobre-transexualidad-recorrera-el-pais\/\" target=\"_blank\">Naom\u00ed Campbel: el primer largometraje chileno sobre transexualidad recorre el pa\u00eds<\/a><\/strong><\/li><li><strong><a rel=\"noreferrer noopener\" href=\"http:\/\/www.movilh.cl\/piden-al-senado-que-aclare-designacion-de-van-rysselberghe-y-al-gobierno-que-no-envie-proyectos-a-comision-de-ddhh\/\" target=\"_blank\">Piden al Senado que aclare designaci\u00f3n de Van Rysselberghe y al Gobierno que no env\u00ede proyectos a Comisi\u00f3n de DDHH<\/a><\/strong><\/li><li><strong><a rel=\"noreferrer noopener\" href=\"http:\/\/www.movilh.cl\/general-director-de-carabineros-instruira-a-policias-para-enfrentar-denuncias-por-homofobia-y-transfobia\/\" target=\"_blank\">General Director de Carabineros instruir\u00e1 a polic\u00edas para enfrentar casos de homofobia y transfobia<\/a><\/strong><\/li><li><strong><a rel=\"noreferrer noopener\" href=\"http:\/\/www.movilh.cl\/dos-transexuales-han-sido-asesinadas-y-otras-10-atacadas-en-el-ultimo-mes-en-chile\/\" target=\"_blank\">Dos transexuales han sido asesinadas y otras 10 atacadas en el \u00faltimo mes en Chile<\/a><\/strong><\/li><li><strong><a rel=\"noreferrer noopener\" href=\"http:\/\/www.movilh.cl\/asesinan-a-joven-transexual-tras-lanzarle-acido-en-la-cara\/\" target=\"_blank\">Asesinan a joven transexual tras lanzarle \u00e1cido en la cara<\/a><\/strong><\/li><li><strong><a rel=\"noreferrer noopener\" href=\"http:\/\/www.movilh.cl\/mujer-transexual-demanda-a-cadenas-de-gimnasios-energy-por-discriminacion\/\" target=\"_blank\">Mujer transexual demanda a cadena de gimnasios Energy por discriminaci\u00f3n<\/a><\/strong><\/li><li><strong><a rel=\"noreferrer noopener\" href=\"http:\/\/www.movilh.cl\/sistema-de-naciones-unidas-organiza-en-chile-encuentro-sobre-realidad-trans-y-ley-de-identidad-de-genero\/\" target=\"_blank\">Sistema de Naciones Unidas organiza en Chile encuentro sobre realidad trans y Ley de Identidad de G\u00e9nero<\/a><\/strong><\/li><li><strong><a rel=\"noreferrer noopener\" href=\"http:\/\/www.movilh.cl\/avanza-la-igualdad-onu-aprueba-la-segunda-resolucion-pro-diversidad-sexual-de-su-historia\/\" target=\"_blank\">Avanza la igualdad: ONU aprueba la segunda resoluci\u00f3n pro-diversidad sexual de su historia<\/a><\/strong><\/li><li><strong><a rel=\"noreferrer noopener\" href=\"http:\/\/www.movilh.cl\/advierten-sobre-vulnerabilidad-de-poblacion-transexual-tras-fallecimiento-de-joven-en-antofagasta\/\" target=\"_blank\">Advierten sobre vulnerabilidad de personas transexuales tras fallecimiento de joven en Antofagasta<\/a><\/strong><\/li><li><strong><a rel=\"noreferrer noopener\" href=\"http:\/\/www.movilh.cl\/movilh-propone-a-la-onu-estrategias-para-la-igualdad-de-mujeres-lesbianas-bisexuales-y-transexuales\/\" target=\"_blank\">Movilh propone a la ONU medidas para la igualdad de mujeres lesbianas, bisexuales y transexuales<\/a><\/strong><\/li><li><strong><a rel=\"noreferrer noopener\" href=\"http:\/\/www.movilh.cl\/area-trans-del-movilh-exige-que-ley-de-identidad-genero-permita-cambio-de-nombre-y-sexo-legal-en-el-registro-civil\/\" target=\"_blank\">Transexuales exigen que Ley de Identidad G\u00e9nero permita cambio de nombre y sexo legal con tr\u00e1mite administrativo<\/a><\/strong><\/li><li><strong><a rel=\"noreferrer noopener\" href=\"http:\/\/www.movilh.cl\/senador-rossi-cabo-de-la-fach-que-ataco-a-joven-transexual-es-un-peligro-para-la-sociedad\/\" target=\"_blank\">Senador Rossi: \u201cCabo de la Fach que atac\u00f3 a joven transexual es un peligro para la sociedad\u201d<\/a><\/strong><\/li><li><strong><a rel=\"noreferrer noopener\" href=\"http:\/\/www.movilh.cl\/atacan-por-segunda-vez-a-una-persona-transexual-en-chile\/\" target=\"_blank\">Poblaci\u00f3n transexual padece segundo ataque en Chile en menos de un mes<\/a><\/strong><\/li><li><strong><a rel=\"noreferrer noopener\" href=\"http:\/\/www.movilh.cl\/asesinan-a-transexual-de-22-anos-y-familia-sospecha-que-fue-un-crimen-de-odio\/\" target=\"_blank\">Asesinan a mujer transexual de 22 a\u00f1os y familia sospecha que fue un crimen de odio<\/a><\/strong><\/li><li><strong><a rel=\"noreferrer noopener\" href=\"http:\/\/www.movilh.cl\/ministerio-de-salud-regulara-en-fonasa-la-readecuacion-corporal-de-personas-transexuales\/\" target=\"_blank\">Ministerio de Salud regular\u00e1 financiamiento de Fonasa para la readecuaci\u00f3n corporal de personas transexuales<\/a><\/strong><\/li><li><strong><a rel=\"noreferrer noopener\" href=\"http:\/\/www.movilh.cl\/gendarmeria-y-movilh-firman-convenio-para-erradicar-la-homofobia-y-la-transfobia-de-las-carceles\/\" target=\"_blank\">Gendarmer\u00eda y Movilh firman convenio para erradicar la homofobia y la transfobia de las c\u00e1rceles<\/a><\/strong><\/li><li><strong><a rel=\"noreferrer noopener\" href=\"http:\/\/www.movilh.cl\/exponen-las-deudas-de-chile-con-la-diversidad-sexual-en-consejo-de-derechos-humanos-de-la-onu\/\" target=\"_blank\">Exponen las deudas de Chile con la diversidad sexual en Consejo de Derechos Humanos de la ONU<\/a><\/strong><\/li><li><strong><a rel=\"noreferrer noopener\" href=\"http:\/\/www.movilh.cl\/transexuales-presentan-siete-demandas-en-tribunales-por-cambio-de-nombre-y-sexo-legal\/\" target=\"_blank\">Transexuales presentan siete demandas en tribunales por cambio de nombre y sexo legal<\/a><\/strong><\/li><li><strong><a rel=\"noreferrer noopener\" href=\"http:\/\/www.movilh.cl\/ministra-del-sernam-respalda-crear-casa-de-acogida-para-mujeres-lesbianas-bisexuales-y-transexuales-que-sufren-violencia\/\" target=\"_blank\">Ministra del Sernam respalda que Casas de Acogida ayuden a mujeres lesbianas y transexuales que sufren violencia<\/a><\/strong><\/li><li><strong><a rel=\"noreferrer noopener\" href=\"http:\/\/www.movilh.cl\/naciones-unidas-llama-a-chile-a-implementar-medidas-contra-la-discriminacion-tras-ataque-al-movilh\/\" target=\"_blank\">Naciones Unidas llama a Chile a implementar medidas contra la homofobia y la transfobia tras ataque al Movilh<\/a><\/strong><\/li><li><strong><a rel=\"noreferrer noopener\" href=\"http:\/\/www.movilh.cl\/red-de-grupos-transexuales-exigen-que-cambio-de-nombre-y-sexo-legal-deje-ser-judicial\/\" target=\"_blank\">Red de Grupos Transexuales exigen que cambio de nombre y sexo legal sea un tr\u00e1mite adminitrativo<\/a><\/strong><\/li><li><strong><a rel=\"noreferrer noopener\" href=\"http:\/\/www.movilh.cl\/senadora-van-rysselberghe-el-matrimonio-no-es-un-derecho-humano-y-las-personas-transexuales-son-una-situacion-super-rara\/\" target=\"_blank\">Van Rysselberghe: El matrimonio \u201cno es un derecho humano\u201d y las personas transexuales son \u201cuna situaci\u00f3n s\u00faper rara\u201d<\/a><\/strong><\/li><li><strong><a rel=\"noreferrer noopener\" href=\"http:\/\/www.movilh.cl\/432-mujeres-lesbianas-bisexuales-y-transexual-han-denunciado-discriminacion-en-chile\/\" target=\"_blank\">432 mujeres lesbianas, bisexuales y transexuales han denunciado discriminaci\u00f3n en Chile<\/a><\/strong><\/li><li><strong><a rel=\"noreferrer noopener\" href=\"http:\/\/www.movilh.cl\/senado-aprueba-idea-de-legislar-la-ley-de-identidad-de-genero\/\" target=\"_blank\">Senado aprueba idea de legislar la ley de identidad de g\u00e9nero<\/a><\/strong><\/li><li><strong><a rel=\"noreferrer noopener\" href=\"http:\/\/www.movilh.cl\/transexual-y-su-pareja-recurren-a-ley-zamudio-por-grave-discriminacion-de-vecinos\/\" target=\"_blank\">Transexual y su pareja recurren a Ley Zamudio por grave discriminaci\u00f3n de vecinos<\/a><\/strong><\/li><li><strong><a rel=\"noreferrer noopener\" href=\"http:\/\/www.movilh.cl\/historico-estado-chileno-financia-procesos-de-readecuacion-corporal-de-personas-transexuales\/\" target=\"_blank\">Hist\u00f3rico: Estado chileno financia procesos de readecuaci\u00f3n corporal de personas transexuales<\/a><\/strong><\/li><li><strong><a rel=\"noreferrer noopener\" href=\"http:\/\/www.movilh.cl\/historico-estado-pagara-cirugias-de-readecuacion-corporal-de-personas-transexuales\/\" target=\"_blank\">Hist\u00f3rico: Estado pagar\u00e1 cirug\u00edas de readecuaci\u00f3n corporal de personas transexuales<\/a><\/strong><\/li><li><strong><a rel=\"noreferrer noopener\" href=\"http:\/\/www.movilh.cl\/atencion-en-salud-para-transexuales-ya-es-politica-de-estado-en-chile\/\" target=\"_blank\">Atenci\u00f3n en Salud para transexuales ya es pol\u00edtica de Estado en Chile<\/a><\/strong><\/li><li><strong><a rel=\"noreferrer noopener\" href=\"http:\/\/www.movilh.cl\/lanzan-inedito-plan-de-atencion-en-salud-gratuito-para-transexuales-en-chile\/\" target=\"_blank\">Lanzan in\u00e9dito plan de atenci\u00f3n en salud gratuito para transexuales en Chile<\/a><\/strong><\/li><li><strong><a rel=\"noreferrer noopener\" href=\"http:\/\/www.movilh.cl\/decretan-internacion-preventiva-para-autor-de-violenta-agresion-contra-joven-transexual\/\" target=\"_blank\">Decretan internaci\u00f3n provisoria para autor de violenta agresi\u00f3n a joven transexual<\/a><\/strong><\/li><li><strong><a rel=\"noreferrer noopener\" href=\"http:\/\/www.movilh.cl\/denuncian-ante-comision-de-derechos-humanos-del-senado-homofobia-y-transfobia-policial\/\" target=\"_blank\">Denuncian ante Comisi\u00f3n de Derechos Humanos del Senado homofobia y transfobia policial<\/a><\/strong><\/li><li><strong><a rel=\"noreferrer noopener\" href=\"http:\/\/www.movilh.cl\/joven-transexual-pierde-un-ojo-tras-brutal-ataque-en-razon-de-su-identidad-de-genero\/\" target=\"_blank\">Joven transexual pierde un ojo tras brutal ataque por su identidad de g\u00e9nero<\/a><\/strong><\/li><\/ul>\n","protected":false},"excerpt":{"rendered":"<p>Aqu\u00ed podr\u00e1s encontrar las \u00faltimas noticias relacionadas a los derechos de las personas trans en Chile: Ni\u00f1o trans se grad\u00faa de octavo b\u00e1sico con pleno respeto a su identidad de g\u00e9nero Brutal ataque en Puerto Montt: desfiguran rostro de mujer trans Personas trans ya pueden pedir hora en el Registro Civil para el cambio de&hellip;<\/p>\n","protected":false},"author":1,"featured_media":580,"parent":0,"menu_order":0,"comment_status":"closed","ping_status":"closed","template":"","meta":[],"_links":{"self":[{"href":"https:\/\/www.movilh.cl\/trans\/wp-json\/wp\/v2\/pages\/605"}],"collection":[{"href":"https:\/\/www.movilh.cl\/trans\/wp-json\/wp\/v2\/pages"}],"about":[{"href":"https:\/\/www.movilh.cl\/trans\/wp-json\/wp\/v2\/types\/page"}],"author":[{"embeddable":true,"href":"https:\/\/www.movilh.cl\/trans\/wp-json\/wp\/v2\/users\/1"}],"replies":[{"embeddable":true,"href":"https:\/\/www.movilh.cl\/trans\/wp-json\/wp\/v2\/comments?post=605"}],"version-history":[{"count":3,"href":"https:\/\/www.movilh.cl\/trans\/wp-json\/wp\/v2\/pages\/605\/revisions"}],"predecessor-version":[{"id":608,"href":"https:\/\/www.movilh.cl\/trans\/wp-json\/wp\/v2\/pages\/605\/revisions\/608"}],"wp:featuredmedia":[{"embeddable":true,"href":"https:\/\/www.movilh.cl\/trans\/wp-json\/wp\/v2\/media\/580"}],"wp:attachment":[{"href":"https:\/\/www.movilh.cl\/trans\/wp-json\/wp\/v2\/media?parent=605"}],"curies":[{"name":"wp","href":"https:\/\/api.w.org\/{rel}","templated":true}]}}