{"id":14,"date":"2023-07-06T13:55:41","date_gmt":"2023-07-06T16:55:41","guid":{"rendered":"https:\/\/www.movilh.cl\/educa\/?page_id=14"},"modified":"2025-09-02T09:53:46","modified_gmt":"2025-09-02T12:53:46","slug":"quienes-somos","status":"publish","type":"page","link":"https:\/\/www.movilh.cl\/educa\/quienes-somos\/","title":{"rendered":"Qui\u00e9nes somos"},"content":{"rendered":"\t\t<div data-elementor-type=\"wp-page\" data-elementor-id=\"14\" class=\"elementor elementor-14\">\n\t\t\t\t\t\t\t\t\t<section class=\"elementor-section elementor-top-section elementor-element elementor-element-3edae30 elementor-section-boxed elementor-section-height-default elementor-section-height-default\" data-id=\"3edae30\" data-element_type=\"section\">\n\t\t\t\t\t\t<div class=\"elementor-container elementor-column-gap-default\">\n\t\t\t\t\t<div class=\"elementor-column elementor-col-100 elementor-top-column elementor-element elementor-element-ee96ed6\" data-id=\"ee96ed6\" data-element_type=\"column\">\n\t\t\t<div class=\"elementor-widget-wrap elementor-element-populated\">\n\t\t\t\t\t\t\t\t<div class=\"elementor-element elementor-element-d0b5e38 elementor-arrows-position-inside elementor-pagination-position-outside elementor-widget elementor-widget-image-carousel\" data-id=\"d0b5e38\" data-element_type=\"widget\" data-settings=\"{&quot;slides_to_show&quot;:&quot;1&quot;,&quot;pause_on_hover&quot;:&quot;no&quot;,&quot;speed&quot;:400,&quot;navigation&quot;:&quot;both&quot;,&quot;autoplay&quot;:&quot;yes&quot;,&quot;pause_on_interaction&quot;:&quot;yes&quot;,&quot;autoplay_speed&quot;:5000,&quot;infinite&quot;:&quot;yes&quot;,&quot;effect&quot;:&quot;slide&quot;}\" data-widget_type=\"image-carousel.default\">\n\t\t\t\t<div class=\"elementor-widget-container\">\n\t\t\t<style>\/*! elementor - v3.18.0 - 20-12-2023 *\/\n.elementor-widget-image-carousel .swiper,.elementor-widget-image-carousel .swiper-container{position:static}.elementor-widget-image-carousel .swiper-container .swiper-slide figure,.elementor-widget-image-carousel .swiper .swiper-slide figure{line-height:inherit}.elementor-widget-image-carousel .swiper-slide{text-align:center}.elementor-image-carousel-wrapper:not(.swiper-container-initialized):not(.swiper-initialized) .swiper-slide{max-width:calc(100% \/ var(--e-image-carousel-slides-to-show, 3))}<\/style>\t\t<div class=\"elementor-image-carousel-wrapper swiper\" dir=\"ltr\">\n\t\t\t<div class=\"elementor-image-carousel swiper-wrapper swiper-image-stretch\" aria-live=\"off\">\n\t\t\t\t\t\t\t\t<div class=\"swiper-slide\" role=\"group\" aria-roledescription=\"slide\" aria-label=\"1 de 11\"><figure class=\"swiper-slide-inner\"><img decoding=\"async\" class=\"swiper-slide-image\" src=\"https:\/\/www.movilh.cl\/educa\/wp-content\/uploads\/2023\/07\/capacitacion-SUVPREVDELITO.jpeg\" alt=\"Subsecretar\u00eda de Prevenci\u00f3n del Delito\" \/><\/figure><\/div><div class=\"swiper-slide\" role=\"group\" aria-roledescription=\"slide\" aria-label=\"2 de 11\"><figure class=\"swiper-slide-inner\"><img decoding=\"async\" class=\"swiper-slide-image\" src=\"https:\/\/www.movilh.cl\/educa\/wp-content\/uploads\/2023\/07\/capacitacion-escuelas.jpeg\" alt=\"capacitacion-escuelas\" \/><\/figure><\/div><div class=\"swiper-slide\" role=\"group\" aria-roledescription=\"slide\" aria-label=\"3 de 11\"><figure class=\"swiper-slide-inner\"><img decoding=\"async\" class=\"swiper-slide-image\" src=\"https:\/\/www.movilh.cl\/educa\/wp-content\/uploads\/2023\/07\/capacitacion-carabineros.jpg\" alt=\"capacitacion-carabineros\" \/><\/figure><\/div><div class=\"swiper-slide\" role=\"group\" aria-roledescription=\"slide\" aria-label=\"4 de 11\"><figure class=\"swiper-slide-inner\"><img decoding=\"async\" class=\"swiper-slide-image\" src=\"https:\/\/www.movilh.cl\/educa\/wp-content\/uploads\/2023\/07\/capacitacion-directivos.jpeg\" alt=\"capacitacion-directivos\" \/><\/figure><\/div><div class=\"swiper-slide\" role=\"group\" aria-roledescription=\"slide\" aria-label=\"5 de 11\"><figure class=\"swiper-slide-inner\"><img decoding=\"async\" class=\"swiper-slide-image\" src=\"https:\/\/www.movilh.cl\/educa\/wp-content\/uploads\/2023\/07\/capacitacion-direccion-trabajo.jpeg\" alt=\"capacitacion-direccion-trabajo\" \/><\/figure><\/div><div class=\"swiper-slide\" role=\"group\" aria-roledescription=\"slide\" aria-label=\"6 de 11\"><figure class=\"swiper-slide-inner\"><img decoding=\"async\" class=\"swiper-slide-image\" src=\"https:\/\/www.movilh.cl\/educa\/wp-content\/uploads\/2023\/07\/Capacitacion-UNAB.jpeg\" alt=\"Capacitacion-UNAB\" \/><\/figure><\/div><div class=\"swiper-slide\" role=\"group\" aria-roledescription=\"slide\" aria-label=\"7 de 11\"><figure class=\"swiper-slide-inner\"><img decoding=\"async\" class=\"swiper-slide-image\" src=\"https:\/\/www.movilh.cl\/educa\/wp-content\/uploads\/2023\/07\/Capacitacion-Biblioteca-del-Senado.jpeg\" alt=\"Capacitacion-Biblioteca-del-Senado\" \/><\/figure><\/div><div class=\"swiper-slide\" role=\"group\" aria-roledescription=\"slide\" aria-label=\"8 de 11\"><figure class=\"swiper-slide-inner\"><img decoding=\"async\" class=\"swiper-slide-image\" src=\"https:\/\/www.movilh.cl\/educa\/wp-content\/uploads\/2023\/07\/Capacitacion-Escuela.jpeg\" alt=\"Capacitacion-Escuela\" \/><\/figure><\/div><div class=\"swiper-slide\" role=\"group\" aria-roledescription=\"slide\" aria-label=\"9 de 11\"><figure class=\"swiper-slide-inner\"><img decoding=\"async\" class=\"swiper-slide-image\" src=\"https:\/\/www.movilh.cl\/educa\/wp-content\/uploads\/2023\/07\/Capacitacion-Posta-Central.jpeg\" alt=\"Capacitacion-Posta-Central\" \/><\/figure><\/div><div class=\"swiper-slide\" role=\"group\" aria-roledescription=\"slide\" aria-label=\"10 de 11\"><figure class=\"swiper-slide-inner\"><img decoding=\"async\" class=\"swiper-slide-image\" src=\"https:\/\/www.movilh.cl\/educa\/wp-content\/uploads\/2023\/07\/Capacitacion-Escuyela-Publicidad-UDP.jpeg\" alt=\"Capacitacion-Escuyela-Publicidad-UDP\" \/><\/figure><\/div><div class=\"swiper-slide\" role=\"group\" aria-roledescription=\"slide\" aria-label=\"11 de 11\"><figure class=\"swiper-slide-inner\"><img decoding=\"async\" class=\"swiper-slide-image\" src=\"https:\/\/www.movilh.cl\/educa\/wp-content\/uploads\/2023\/07\/Capacitacion-Municipalidad-SanBernardo.jpeg\" alt=\"Capacitacion-Municipalidad-SanBernardo\" \/><\/figure><\/div>\t\t\t<\/div>\n\t\t\t\t\t\t\t\t\t\t\t\t<div class=\"elementor-swiper-button elementor-swiper-button-prev\" role=\"button\" tabindex=\"0\">\n\t\t\t\t\t\t<i aria-hidden=\"true\" class=\"eicon-chevron-left\"><\/i>\t\t\t\t\t<\/div>\n\t\t\t\t\t<div class=\"elementor-swiper-button elementor-swiper-button-next\" role=\"button\" tabindex=\"0\">\n\t\t\t\t\t\t<i aria-hidden=\"true\" class=\"eicon-chevron-right\"><\/i>\t\t\t\t\t<\/div>\n\t\t\t\t\n\t\t\t\t\t\t\t\t\t<div class=\"swiper-pagination\"><\/div>\n\t\t\t\t\t\t\t\t\t<\/div>\n\t\t\t\t<\/div>\n\t\t\t\t<\/div>\n\t\t\t\t\t<\/div>\n\t\t<\/div>\n\t\t\t\t\t\t\t<\/div>\n\t\t<\/section>\n\t\t\t\t<section class=\"elementor-section elementor-top-section elementor-element elementor-element-7087737 elementor-section-boxed elementor-section-height-default elementor-section-height-default\" data-id=\"7087737\" data-element_type=\"section\">\n\t\t\t\t\t\t<div class=\"elementor-container elementor-column-gap-default\">\n\t\t\t\t\t<div class=\"elementor-column elementor-col-50 elementor-top-column elementor-element elementor-element-1762723\" data-id=\"1762723\" data-element_type=\"column\">\n\t\t\t<div class=\"elementor-widget-wrap elementor-element-populated\">\n\t\t\t\t\t\t\t\t<div class=\"elementor-element elementor-element-f8f30c8 elementor-widget elementor-widget-image\" data-id=\"f8f30c8\" data-element_type=\"widget\" data-widget_type=\"image.default\">\n\t\t\t\t<div class=\"elementor-widget-container\">\n\t\t\t<style>\/*! elementor - v3.18.0 - 20-12-2023 *\/\n.elementor-widget-image{text-align:center}.elementor-widget-image a{display:inline-block}.elementor-widget-image a img[src$=\".svg\"]{width:48px}.elementor-widget-image img{vertical-align:middle;display:inline-block}<\/style>\t\t\t\t\t\t\t\t\t\t\t\t<img fetchpriority=\"high\" decoding=\"async\" width=\"1024\" height=\"680\" src=\"https:\/\/www.movilh.cl\/educa\/wp-content\/uploads\/2023\/07\/gendarmeria.jpg\" class=\"attachment-large size-large wp-image-66\" alt=\"\" srcset=\"https:\/\/www.movilh.cl\/educa\/wp-content\/uploads\/2023\/07\/gendarmeria.jpg 1024w, https:\/\/www.movilh.cl\/educa\/wp-content\/uploads\/2023\/07\/gendarmeria-300x199.jpg 300w, https:\/\/www.movilh.cl\/educa\/wp-content\/uploads\/2023\/07\/gendarmeria-768x510.jpg 768w\" sizes=\"(max-width: 1024px) 100vw, 1024px\" \/>\t\t\t\t\t\t\t\t\t\t\t\t\t\t\t<\/div>\n\t\t\t\t<\/div>\n\t\t\t\t\t<\/div>\n\t\t<\/div>\n\t\t\t\t<div class=\"elementor-column elementor-col-50 elementor-top-column elementor-element elementor-element-2b68ba5\" data-id=\"2b68ba5\" data-element_type=\"column\">\n\t\t\t<div class=\"elementor-widget-wrap elementor-element-populated\">\n\t\t\t\t\t\t\t\t<div class=\"elementor-element elementor-element-4190142 elementor-widget__width-initial elementor-widget elementor-widget-text-editor\" data-id=\"4190142\" data-element_type=\"widget\" data-widget_type=\"text-editor.default\">\n\t\t\t\t<div class=\"elementor-widget-container\">\n\t\t\t<style>\/*! elementor - v3.18.0 - 20-12-2023 *\/\n.elementor-widget-text-editor.elementor-drop-cap-view-stacked .elementor-drop-cap{background-color:#69727d;color:#fff}.elementor-widget-text-editor.elementor-drop-cap-view-framed .elementor-drop-cap{color:#69727d;border:3px solid;background-color:transparent}.elementor-widget-text-editor:not(.elementor-drop-cap-view-default) .elementor-drop-cap{margin-top:8px}.elementor-widget-text-editor:not(.elementor-drop-cap-view-default) .elementor-drop-cap-letter{width:1em;height:1em}.elementor-widget-text-editor .elementor-drop-cap{float:left;text-align:center;line-height:1;font-size:50px}.elementor-widget-text-editor .elementor-drop-cap-letter{display:inline-block}<\/style>\t\t\t\t<p><span style=\"color: #000000;\"><strong>Movilh-Educa<\/strong><\/span> es un \u00e1rea del Movimiento de Integraci\u00f3n y Liberaci\u00f3n Homosexual (Movilh) que capacita en diversidad sexual y de g\u00e9nero, no discriminaci\u00f3n y derechos humanos a instituciones p\u00fablicas y privadas y que produce investigaciones y materiales educativos.<\/p><p><span style=\"color: #000000;\"><strong>Movilh-Educa<\/strong><\/span> se compone de profesionales y t\u00e9cnicos de distintas disciplinas, cuyo dominador com\u00fan es la experticia de a\u00f1os en capacitaciones sobre diversidad sexual y de g\u00e9nero, no discriminaci\u00f3n y derechos humanos<\/p><p><span style=\"color: #000000;\"><strong>Nuestras charlas, talleres, cursos y ponencias iniciaron en 1991<\/strong><\/span>, siendo pioneros en la materia.<\/p><p>Hemos orientando a la fecha a unas <span style=\"color: #000000;\"><strong>200 mil personas<\/strong> y a <strong>450 instituciones privadas y p\u00fablicas<\/strong><\/span> de todas las regiones del pa\u00eds, lo que nos convierte en la organizaci\u00f3n con m\u00e1s trayectoria, experticia y conocimiento en capacitaciones sobre diversidad sexual y de g\u00e9nero de Chile.<\/p><p>Jardines infantiles, escuelas, liceos, institutos, universidades, ministerios, servicios p\u00fablicos, municipalidades, polic\u00edas el Poder Legislativo, la Fiscal\u00eda, la Defensor\u00eda Penal P\u00fablica, hospitales, cl\u00ednicas, fundaciones, corporaciones, sindicatos y empresas han recibido nuestras charlas o cursos que han capacitado a miles de trabajadores\/as p\u00fablicos y privados, estudiantes, docentes, y directivos.<\/p><p>Nuestras charlas a establecimientos educacionales p\u00fablicos \u00a0y a entidades sin fines de lucro son de bajo costo. En tanto, los cobros a instituciones con fines de lucro, nos permiten seguir brindando charlas o cursos a bajo costo a otras entidades.<\/p>\t\t\t\t\t\t<\/div>\n\t\t\t\t<\/div>\n\t\t\t\t\t<\/div>\n\t\t<\/div>\n\t\t\t\t\t\t\t<\/div>\n\t\t<\/section>\n\t\t\t\t\t\t\t<\/div>\n\t\t","protected":false},"excerpt":{"rendered":"<p>Movilh-Educa es un \u00e1rea del Movimiento de Integraci\u00f3n y Liberaci\u00f3n Homosexual (Movilh) que capacita en diversidad sexual y de g\u00e9nero, no discriminaci\u00f3n y derechos humanos a instituciones p\u00fablicas y privadas y que produce investigaciones y materiales educativos. Movilh-Educa se compone de profesionales y t\u00e9cnicos de distintas disciplinas, cuyo dominador com\u00fan es la experticia de a\u00f1os [&hellip;]<\/p>\n","protected":false},"author":1,"featured_media":71,"parent":0,"menu_order":0,"comment_status":"closed","ping_status":"closed","template":"","meta":{"footnotes":""},"class_list":["post-14","page","type-page","status-publish","has-post-thumbnail","hentry"],"yoast_head":"<!-- This site is optimized with the Yoast SEO plugin v23.1 - https:\/\/yoast.com\/wordpress\/plugins\/seo\/ -->\n<title>Qui\u00e9nes somos - Movilh Educa<\/title>\n<meta name=\"robots\" content=\"index, follow, max-snippet:-1, max-image-preview:large, max-video-preview:-1\" \/>\n<link rel=\"canonical\" href=\"https:\/\/www.movilh.cl\/educa\/quienes-somos\/\" \/>\n<meta property=\"og:locale\" content=\"es_ES\" \/>\n<meta property=\"og:type\" content=\"article\" \/>\n<meta property=\"og:title\" content=\"Qui\u00e9nes somos - Movilh Educa\" \/>\n<meta property=\"og:description\" content=\"Movilh-Educa es un \u00e1rea del Movimiento de Integraci\u00f3n y Liberaci\u00f3n Homosexual (Movilh) que capacita en diversidad sexual y de g\u00e9nero, no discriminaci\u00f3n y derechos humanos a instituciones p\u00fablicas y privadas y que produce investigaciones y materiales educativos. Movilh-Educa se compone de profesionales y t\u00e9cnicos de distintas disciplinas, cuyo dominador com\u00fan es la experticia de a\u00f1os [&hellip;]\" \/>\n<meta property=\"og:url\" content=\"https:\/\/www.movilh.cl\/educa\/quienes-somos\/\" \/>\n<meta property=\"og:site_name\" content=\"Movilh Educa\" \/>\n<meta property=\"article:modified_time\" content=\"2025-09-02T12:53:46+00:00\" \/>\n<meta property=\"og:image\" content=\"https:\/\/www.movilh.cl\/educa\/wp-content\/uploads\/2023\/07\/capacitacion-carabineros.jpg\" \/>\n\t<meta property=\"og:image:width\" content=\"1024\" \/>\n\t<meta property=\"og:image:height\" content=\"300\" \/>\n\t<meta property=\"og:image:type\" content=\"image\/jpeg\" \/>\n<meta name=\"twitter:card\" content=\"summary_large_image\" \/>\n<meta name=\"twitter:label1\" content=\"Tiempo estimado de lectura\" \/>\n\t<meta name=\"twitter:data1\" content=\"4 minutos\" \/>\n<script type=\"application\/ld+json\" class=\"yoast-schema-graph\">{\"@context\":\"https:\/\/schema.org\",\"@graph\":[{\"@type\":\"WebPage\",\"@id\":\"https:\/\/www.movilh.cl\/educa\/quienes-somos\/\",\"url\":\"https:\/\/www.movilh.cl\/educa\/quienes-somos\/\",\"name\":\"Qui\u00e9nes somos - Movilh Educa\",\"isPartOf\":{\"@id\":\"https:\/\/www.movilh.cl\/educa\/#website\"},\"primaryImageOfPage\":{\"@id\":\"https:\/\/www.movilh.cl\/educa\/quienes-somos\/#primaryimage\"},\"image\":{\"@id\":\"https:\/\/www.movilh.cl\/educa\/quienes-somos\/#primaryimage\"},\"thumbnailUrl\":\"https:\/\/www.movilh.cl\/educa\/wp-content\/uploads\/2023\/07\/capacitacion-carabineros.jpg\",\"datePublished\":\"2023-07-06T16:55:41+00:00\",\"dateModified\":\"2025-09-02T12:53:46+00:00\",\"breadcrumb\":{\"@id\":\"https:\/\/www.movilh.cl\/educa\/quienes-somos\/#breadcrumb\"},\"inLanguage\":\"es-CL\",\"potentialAction\":[{\"@type\":\"ReadAction\",\"target\":[\"https:\/\/www.movilh.cl\/educa\/quienes-somos\/\"]}]},{\"@type\":\"ImageObject\",\"inLanguage\":\"es-CL\",\"@id\":\"https:\/\/www.movilh.cl\/educa\/quienes-somos\/#primaryimage\",\"url\":\"https:\/\/www.movilh.cl\/educa\/wp-content\/uploads\/2023\/07\/capacitacion-carabineros.jpg\",\"contentUrl\":\"https:\/\/www.movilh.cl\/educa\/wp-content\/uploads\/2023\/07\/capacitacion-carabineros.jpg\",\"width\":1024,\"height\":300},{\"@type\":\"BreadcrumbList\",\"@id\":\"https:\/\/www.movilh.cl\/educa\/quienes-somos\/#breadcrumb\",\"itemListElement\":[{\"@type\":\"ListItem\",\"position\":1,\"name\":\"Portada\",\"item\":\"https:\/\/www.movilh.cl\/educa\/\"},{\"@type\":\"ListItem\",\"position\":2,\"name\":\"Qui\u00e9nes somos\"}]},{\"@type\":\"WebSite\",\"@id\":\"https:\/\/www.movilh.cl\/educa\/#website\",\"url\":\"https:\/\/www.movilh.cl\/educa\/\",\"name\":\"Movilh Educa\",\"description\":\"Centro especializado de capacitaci\u00f3n en diversidad sexual y del g\u00e9nero en Chile\",\"alternateName\":\"Centro especializado de capacitaci\u00f3n en diversidad sexual y del g\u00e9nero en Chile\",\"potentialAction\":[{\"@type\":\"SearchAction\",\"target\":{\"@type\":\"EntryPoint\",\"urlTemplate\":\"https:\/\/www.movilh.cl\/educa\/?s={search_term_string}\"},\"query-input\":\"required name=search_term_string\"}],\"inLanguage\":\"es-CL\"}]}<\/script>\n<!-- \/ Yoast SEO plugin. -->","yoast_head_json":{"title":"Qui\u00e9nes somos - Movilh Educa","robots":{"index":"index","follow":"follow","max-snippet":"max-snippet:-1","max-image-preview":"max-image-preview:large","max-video-preview":"max-video-preview:-1"},"canonical":"https:\/\/www.movilh.cl\/educa\/quienes-somos\/","og_locale":"es_ES","og_type":"article","og_title":"Qui\u00e9nes somos - Movilh Educa","og_description":"Movilh-Educa es un \u00e1rea del Movimiento de Integraci\u00f3n y Liberaci\u00f3n Homosexual (Movilh) que capacita en diversidad sexual y de g\u00e9nero, no discriminaci\u00f3n y derechos humanos a instituciones p\u00fablicas y privadas y que produce investigaciones y materiales educativos. Movilh-Educa se compone de profesionales y t\u00e9cnicos de distintas disciplinas, cuyo dominador com\u00fan es la experticia de a\u00f1os [&hellip;]","og_url":"https:\/\/www.movilh.cl\/educa\/quienes-somos\/","og_site_name":"Movilh Educa","article_modified_time":"2025-09-02T12:53:46+00:00","og_image":[{"width":1024,"height":300,"url":"https:\/\/www.movilh.cl\/educa\/wp-content\/uploads\/2023\/07\/capacitacion-carabineros.jpg","type":"image\/jpeg"}],"twitter_card":"summary_large_image","twitter_misc":{"Tiempo estimado de lectura":"4 minutos"},"schema":{"@context":"https:\/\/schema.org","@graph":[{"@type":"WebPage","@id":"https:\/\/www.movilh.cl\/educa\/quienes-somos\/","url":"https:\/\/www.movilh.cl\/educa\/quienes-somos\/","name":"Qui\u00e9nes somos - Movilh Educa","isPartOf":{"@id":"https:\/\/www.movilh.cl\/educa\/#website"},"primaryImageOfPage":{"@id":"https:\/\/www.movilh.cl\/educa\/quienes-somos\/#primaryimage"},"image":{"@id":"https:\/\/www.movilh.cl\/educa\/quienes-somos\/#primaryimage"},"thumbnailUrl":"https:\/\/www.movilh.cl\/educa\/wp-content\/uploads\/2023\/07\/capacitacion-carabineros.jpg","datePublished":"2023-07-06T16:55:41+00:00","dateModified":"2025-09-02T12:53:46+00:00","breadcrumb":{"@id":"https:\/\/www.movilh.cl\/educa\/quienes-somos\/#breadcrumb"},"inLanguage":"es-CL","potentialAction":[{"@type":"ReadAction","target":["https:\/\/www.movilh.cl\/educa\/quienes-somos\/"]}]},{"@type":"ImageObject","inLanguage":"es-CL","@id":"https:\/\/www.movilh.cl\/educa\/quienes-somos\/#primaryimage","url":"https:\/\/www.movilh.cl\/educa\/wp-content\/uploads\/2023\/07\/capacitacion-carabineros.jpg","contentUrl":"https:\/\/www.movilh.cl\/educa\/wp-content\/uploads\/2023\/07\/capacitacion-carabineros.jpg","width":1024,"height":300},{"@type":"BreadcrumbList","@id":"https:\/\/www.movilh.cl\/educa\/quienes-somos\/#breadcrumb","itemListElement":[{"@type":"ListItem","position":1,"name":"Portada","item":"https:\/\/www.movilh.cl\/educa\/"},{"@type":"ListItem","position":2,"name":"Qui\u00e9nes somos"}]},{"@type":"WebSite","@id":"https:\/\/www.movilh.cl\/educa\/#website","url":"https:\/\/www.movilh.cl\/educa\/","name":"Movilh Educa","description":"Centro especializado de capacitaci\u00f3n en diversidad sexual y del g\u00e9nero en Chile","alternateName":"Centro especializado de capacitaci\u00f3n en diversidad sexual y del g\u00e9nero en Chile","potentialAction":[{"@type":"SearchAction","target":{"@type":"EntryPoint","urlTemplate":"https:\/\/www.movilh.cl\/educa\/?s={search_term_string}"},"query-input":"required name=search_term_string"}],"inLanguage":"es-CL"}]}},"_links":{"self":[{"href":"https:\/\/www.movilh.cl\/educa\/wp-json\/wp\/v2\/pages\/14","targetHints":{"allow":["GET"]}}],"collection":[{"href":"https:\/\/www.movilh.cl\/educa\/wp-json\/wp\/v2\/pages"}],"about":[{"href":"https:\/\/www.movilh.cl\/educa\/wp-json\/wp\/v2\/types\/page"}],"author":[{"embeddable":true,"href":"https:\/\/www.movilh.cl\/educa\/wp-json\/wp\/v2\/users\/1"}],"replies":[{"embeddable":true,"href":"https:\/\/www.movilh.cl\/educa\/wp-json\/wp\/v2\/comments?post=14"}],"version-history":[{"count":56,"href":"https:\/\/www.movilh.cl\/educa\/wp-json\/wp\/v2\/pages\/14\/revisions"}],"predecessor-version":[{"id":428,"href":"https:\/\/www.movilh.cl\/educa\/wp-json\/wp\/v2\/pages\/14\/revisions\/428"}],"wp:featuredmedia":[{"embeddable":true,"href":"https:\/\/www.movilh.cl\/educa\/wp-json\/wp\/v2\/media\/71"}],"wp:attachment":[{"href":"https:\/\/www.movilh.cl\/educa\/wp-json\/wp\/v2\/media?parent=14"}],"curies":[{"name":"wp","href":"https:\/\/api.w.org\/{rel}","templated":true}]}}