{"id":1740,"date":"2024-08-16T13:28:53","date_gmt":"2024-08-16T13:28:53","guid":{"rendered":"http:\/\/www.movilh.cl\/cine\/?page_id=1740"},"modified":"2024-08-20T21:30:16","modified_gmt":"2024-08-20T21:30:16","slug":"cartelera-2023","status":"publish","type":"page","link":"https:\/\/www.movilh.cl\/cine\/cartelera-2023\/","title":{"rendered":"Cartelera 2023"},"content":{"rendered":"<h1 style=\"font-weight: 400;\"><strong>Largometrajes:<\/strong><\/h1>\n<p>[separator]<a name=\"lamemoria\"><\/a><\/p>\n<ul>\n<li>\n<h2><strong>&#8211; La memoria escondida <\/strong><\/h2>\n<\/li>\n<\/ul>\n<p><a href=\"http:\/\/www.movilh.cl\/cine\/wp-content\/uploads\/2023\/09\/La-memoria-escondida-cartel.jpeg\"><img loading=\"lazy\" decoding=\"async\" class=\"alignleft wp-image-1710 \" src=\"http:\/\/www.movilh.cl\/cine\/wp-content\/uploads\/2023\/09\/La-memoria-escondida-cartel.jpeg\" alt=\"\" width=\"298\" height=\"422\" srcset=\"https:\/\/www.movilh.cl\/cine\/wp-content\/uploads\/2023\/09\/La-memoria-escondida-cartel.jpeg 848w, https:\/\/www.movilh.cl\/cine\/wp-content\/uploads\/2023\/09\/La-memoria-escondida-cartel-141x200.jpeg 141w, https:\/\/www.movilh.cl\/cine\/wp-content\/uploads\/2023\/09\/La-memoria-escondida-cartel-233x330.jpeg 233w, https:\/\/www.movilh.cl\/cine\/wp-content\/uploads\/2023\/09\/La-memoria-escondida-cartel-768x1087.jpeg 768w, https:\/\/www.movilh.cl\/cine\/wp-content\/uploads\/2023\/09\/La-memoria-escondida-cartel-620x877.jpeg 620w\" sizes=\"(max-width: 298px) 100vw, 298px\" \/><\/a><\/p>\n<p style=\"font-weight: 400;\"><strong>A\u00f1o:<\/strong>\u00a02022<br \/>\n<strong>Pa\u00eds:<\/strong>\u00a0Espa\u00f1a<br \/>\n<strong>Direcci\u00f3n:<\/strong>\u00a0 Jos\u00e9 Luis Pecharrom\u00e1n<br \/>\n<strong>Duraci\u00f3n:<\/strong>\u00a091\u2032<br \/>\n<strong>Categor\u00eda:<\/strong>\u00a0Documental<br \/>\n<strong>Sinopsis:<\/strong>\u00a0Habla, a trav\u00e9s de conversaciones en primera persona, sobre la situaci\u00f3n y la experiencia vital de cuatro miembros del colectivo LGTBIQ+, ya mayores, en el final del franquismo y la transici\u00f3n espa\u00f1ola. El documental tiene un fuerte componente autoral; no pretende a\u00f1adir datos ni cifras ni revelar hechos concretos de la historia de Espa\u00f1a, sino centrarse en vivencias emocionales.<\/p>\n<p><iframe loading=\"lazy\" title=\"YouTube video player\" src=\"https:\/\/www.youtube.com\/embed\/GdLfGdCvncU?si=RK5eyZ9EBuGuF0OG\" width=\"560\" height=\"315\" frameborder=\"0\" allowfullscreen=\"allowfullscreen\"><\/iframe><\/p>\n<p>[separator]<a name=\"outofuganda\"><\/a><\/p>\n<ul>\n<li>\n<h2><strong>&#8211; Out of Uganda<\/strong><\/h2>\n<\/li>\n<\/ul>\n<p><a href=\"http:\/\/www.movilh.cl\/cine\/wp-content\/uploads\/2023\/09\/OUT_OF_UGANDA_OUTPLAY_POSTER.jpg\"><img loading=\"lazy\" decoding=\"async\" class=\"alignleft wp-image-1689\" src=\"http:\/\/www.movilh.cl\/cine\/wp-content\/uploads\/2023\/09\/OUT_OF_UGANDA_OUTPLAY_POSTER.jpg\" alt=\"\" width=\"298\" height=\"397\" srcset=\"https:\/\/www.movilh.cl\/cine\/wp-content\/uploads\/2023\/09\/OUT_OF_UGANDA_OUTPLAY_POSTER.jpg 1270w, https:\/\/www.movilh.cl\/cine\/wp-content\/uploads\/2023\/09\/OUT_OF_UGANDA_OUTPLAY_POSTER-150x200.jpg 150w, https:\/\/www.movilh.cl\/cine\/wp-content\/uploads\/2023\/09\/OUT_OF_UGANDA_OUTPLAY_POSTER-248x330.jpg 248w, https:\/\/www.movilh.cl\/cine\/wp-content\/uploads\/2023\/09\/OUT_OF_UGANDA_OUTPLAY_POSTER-768x1024.jpg 768w, https:\/\/www.movilh.cl\/cine\/wp-content\/uploads\/2023\/09\/OUT_OF_UGANDA_OUTPLAY_POSTER-1152x1536.jpg 1152w, https:\/\/www.movilh.cl\/cine\/wp-content\/uploads\/2023\/09\/OUT_OF_UGANDA_OUTPLAY_POSTER-620x827.jpg 620w\" sizes=\"(max-width: 298px) 100vw, 298px\" \/><\/a><\/p>\n<p><strong>A\u00f1o:<\/strong> 2022<br \/>\n<strong>Pa\u00eds:<\/strong> Suiza<br \/>\n<strong>Direcci\u00f3n:<\/strong> Rolando Colla and Josef Burri<br \/>\n<strong>Duraci\u00f3n:<\/strong> 65\u2032<br \/>\n<strong>Categor\u00eda:<\/strong> Documental<br \/>\n<strong>Sinopsis:<\/strong> Philip, Lynn, Hussein y Shammy, j\u00f3venes ugandeses LGBT, luchan por sobrevivir. Permanecer en su pa\u00eds, donde prevalecen la opresi\u00f3n y la discriminaci\u00f3n religiosa, poniendo en peligro sus vidas. Entonces, su \u00faltima esperanza es dejarlo todo atr\u00e1s y vivir un largo y doloroso exilio.<\/p>\n<p><iframe loading=\"lazy\" title=\"YouTube video player\" src=\"https:\/\/www.youtube.com\/embed\/XHNxqnJSfjU?si=GAJ97QF3Hc8czvy1\" width=\"560\" height=\"315\" frameborder=\"0\" allowfullscreen=\"allowfullscreen\"><\/iframe><\/p>\n<p>[separator]<a name=\"proyectofantasma\"><\/a><\/p>\n<ul>\n<li>\n<h2>Proyecto fantasma<\/h2>\n<\/li>\n<\/ul>\n<p><a href=\"http:\/\/www.movilh.cl\/cine\/wp-content\/uploads\/2023\/09\/Proyecto_fantasma-868909030-large.jpg\"><img loading=\"lazy\" decoding=\"async\" class=\"alignleft wp-image-1693\" src=\"http:\/\/www.movilh.cl\/cine\/wp-content\/uploads\/2023\/09\/Proyecto_fantasma-868909030-large.jpg\" alt=\"\" width=\"300\" height=\"432\" srcset=\"https:\/\/www.movilh.cl\/cine\/wp-content\/uploads\/2023\/09\/Proyecto_fantasma-868909030-large.jpg 800w, https:\/\/www.movilh.cl\/cine\/wp-content\/uploads\/2023\/09\/Proyecto_fantasma-868909030-large-139x200.jpg 139w, https:\/\/www.movilh.cl\/cine\/wp-content\/uploads\/2023\/09\/Proyecto_fantasma-868909030-large-229x330.jpg 229w, https:\/\/www.movilh.cl\/cine\/wp-content\/uploads\/2023\/09\/Proyecto_fantasma-868909030-large-768x1105.jpg 768w, https:\/\/www.movilh.cl\/cine\/wp-content\/uploads\/2023\/09\/Proyecto_fantasma-868909030-large-620x892.jpg 620w\" sizes=\"(max-width: 300px) 100vw, 300px\" \/><\/a><\/p>\n<p><strong>A\u00f1o:<\/strong> 2022<br \/>\n<strong>Pa\u00eds:<\/strong> Chile<br \/>\n<strong>Direcci\u00f3n:<\/strong> Roberto Doveris<br \/>\n<strong>Duraci\u00f3n:<\/strong> 85\u2032<br \/>\n<strong>Categor\u00eda:<\/strong> Largometraje ficci\u00f3n<br \/>\n<strong>Sinopsis:<\/strong> Pablo (30) es un joven que sue\u00f1a con actuar en pel\u00edculas de cine, pero para sobrevivir trabaja como paciente simulado y en extra\u00f1as sesiones de terapias alternativas. Su vida viene cuesta abajo, acaba de terminar una relaci\u00f3n y su compa\u00f1ero de casa desaparece, dej\u00e1ndole deudas y un sin fin de problemas\u2026 entre ellos, un fantasma. Este ser\u00e1 el comienzo de su traves\u00eda por el barrio de \u00d1u\u00f1oa, conociendo a sus vecinos, haciendo nuevos amigos y descubriendo que el camino para cumplir su sue\u00f1o ser\u00e1 m\u00e1s enredado y complicado de lo que parece.<\/p>\n<p><iframe loading=\"lazy\" title=\"YouTube video player\" src=\"https:\/\/www.youtube.com\/embed\/R7QBysJcLKQ?si=loaTeWTzly_sl0Dh\" width=\"560\" height=\"315\" frameborder=\"0\" allowfullscreen=\"allowfullscreen\"><\/iframe><\/p>\n<p>[separator]<a name=\"lamigademiamiga\"><\/a><\/p>\n<ul>\n<li>\n<h2>La amiga de mi amiga<\/h2>\n<\/li>\n<\/ul>\n<p><a href=\"http:\/\/www.movilh.cl\/cine\/wp-content\/uploads\/2023\/09\/La_amiga_de_mi_amiga-920354878-large.jpg\"><img loading=\"lazy\" decoding=\"async\" class=\"alignleft wp-image-1687\" src=\"http:\/\/www.movilh.cl\/cine\/wp-content\/uploads\/2023\/09\/La_amiga_de_mi_amiga-920354878-large.jpg\" alt=\"\" width=\"302\" height=\"423\" srcset=\"https:\/\/www.movilh.cl\/cine\/wp-content\/uploads\/2023\/09\/La_amiga_de_mi_amiga-920354878-large.jpg 857w, https:\/\/www.movilh.cl\/cine\/wp-content\/uploads\/2023\/09\/La_amiga_de_mi_amiga-920354878-large-143x200.jpg 143w, https:\/\/www.movilh.cl\/cine\/wp-content\/uploads\/2023\/09\/La_amiga_de_mi_amiga-920354878-large-236x330.jpg 236w, https:\/\/www.movilh.cl\/cine\/wp-content\/uploads\/2023\/09\/La_amiga_de_mi_amiga-920354878-large-768x1075.jpg 768w, https:\/\/www.movilh.cl\/cine\/wp-content\/uploads\/2023\/09\/La_amiga_de_mi_amiga-920354878-large-620x868.jpg 620w\" sizes=\"(max-width: 302px) 100vw, 302px\" \/><\/a><\/p>\n<p><strong>A\u00f1o:<\/strong> 2022<br \/>\n<strong>Pa\u00eds:<\/strong> Espa\u00f1a<br \/>\n<strong>Direcci\u00f3n:<\/strong> Zaida Carmona<br \/>\n<strong>Duraci\u00f3n:<\/strong> 89\u2032<br \/>\n<strong>Categor\u00eda:<\/strong> Largometraje ficci\u00f3n<br \/>\n<strong>Sinopsis:<\/strong> Tienen treinta a\u00f1os pero viven como cuando ten\u00edan veinte, aunque ya no tienen edad para convertirse en j\u00f3venes promesas. Est\u00e1n enamoradas del amor pero, en su b\u00fasqueda, se destrozan una a otras, errando de exnovia en exnovia, de relaci\u00f3n en relaci\u00f3n. Con el pop y la autoficci\u00f3n como tel\u00f3n de fondo y la aparici\u00f3n de una conocida cantante que nunca sabemos si es del todo real, \u00abLa amiga de mi amiga\u00bb es un juego que se inicia cuando Zaida, despu\u00e9s de una ruptura, vuelve a la ciudad.<\/p>\n<p><iframe loading=\"lazy\" title=\"YouTube video player\" src=\"https:\/\/www.youtube.com\/embed\/RgVCz5jP8H4?si=OxQnXeLmB0YYiEK9\" width=\"560\" height=\"315\" frameborder=\"0\" allowfullscreen=\"allowfullscreen\"><\/iframe><\/p>\n<p>[separator]<\/p>\n<h1 style=\"font-weight: 400;\"><strong>Cortometrajes:<\/strong><\/h1>\n<p>[separator]<a name=\"circulossobreagua\"><\/a><\/p>\n<ul>\n<li>\n<h2>CIRCULOS SOBRE AGUA BAJO NUBES DE ALGOD\u00d3N<\/h2>\n<\/li>\n<\/ul>\n<p><a href=\"http:\/\/www.movilh.cl\/cine\/wp-content\/uploads\/2023\/09\/Cairculos_sobre_agua_bajo_nubes_de_algodaon_C-728764907-large.jpg\"><img loading=\"lazy\" decoding=\"async\" class=\"alignleft wp-image-1702\" src=\"http:\/\/www.movilh.cl\/cine\/wp-content\/uploads\/2023\/09\/Cairculos_sobre_agua_bajo_nubes_de_algodaon_C-728764907-large.jpg\" alt=\"\" width=\"302\" height=\"447\" srcset=\"https:\/\/www.movilh.cl\/cine\/wp-content\/uploads\/2023\/09\/Cairculos_sobre_agua_bajo_nubes_de_algodaon_C-728764907-large.jpg 800w, https:\/\/www.movilh.cl\/cine\/wp-content\/uploads\/2023\/09\/Cairculos_sobre_agua_bajo_nubes_de_algodaon_C-728764907-large-135x200.jpg 135w, https:\/\/www.movilh.cl\/cine\/wp-content\/uploads\/2023\/09\/Cairculos_sobre_agua_bajo_nubes_de_algodaon_C-728764907-large-223x330.jpg 223w, https:\/\/www.movilh.cl\/cine\/wp-content\/uploads\/2023\/09\/Cairculos_sobre_agua_bajo_nubes_de_algodaon_C-728764907-large-768x1137.jpg 768w, https:\/\/www.movilh.cl\/cine\/wp-content\/uploads\/2023\/09\/Cairculos_sobre_agua_bajo_nubes_de_algodaon_C-728764907-large-620x918.jpg 620w\" sizes=\"(max-width: 302px) 100vw, 302px\" \/><\/a><\/p>\n<p><strong>A\u00f1o:<\/strong> 2022<br \/>\n<strong>Pa\u00eds:<\/strong> Espa\u00f1a<br \/>\n<strong>Direcci\u00f3n:<\/strong> Roberto F.Canuto, XuXiaoxi<br \/>\n<strong>Duraci\u00f3n:<\/strong> 24\u2032<br \/>\n<strong>Categor\u00eda:<\/strong> Cortometraje ficci\u00f3n<br \/>\n<strong>Reparto:<\/strong> Pelayo Carizo, Sen\u00e9n Valera , Alejandro Barrena, \u00darsula Villalta , David Soto Giganto, Lucia Llamedo, \u00d3scar Torrecillas, Sam Mcnamara Ferreiro,) Abdou Karim Thian, Mia Onungue, Eduardo Cabrero<br \/>\n<strong>Sinopsis:<\/strong> En un futuro dist\u00f3pico, influido por pandemias y gobiernos reaccionarios, varios j\u00f3venes huyen tras saquear un lote de vacunas. Mientras unos buscan venderlas en el mercado negro, otros traman su reparto entre la poblaci\u00f3n marginada. Pronto surgen tensiones y discriminaciones por orientaci\u00f3n sexual o de etnia que recuerdan tiempos pasados.<\/p>\n<p><iframe loading=\"lazy\" title=\"YouTube video player\" src=\"https:\/\/www.youtube.com\/embed\/twO6pqrN-wU?si=-hXXyLtYt_5iFJUL\" width=\"560\" height=\"315\" frameborder=\"0\" allowfullscreen=\"allowfullscreen\"><\/iframe><\/p>\n<p>[separator]<a name=\"irrits\"><\/a><\/p>\n<ul>\n<li>\n<h2>IRRITS<\/h2>\n<\/li>\n<\/ul>\n<p><a href=\"http:\/\/www.movilh.cl\/cine\/wp-content\/uploads\/2023\/09\/Irrits_Deseo_C-426729691-large.jpg\"><img loading=\"lazy\" decoding=\"async\" class=\"alignleft wp-image-1700\" src=\"http:\/\/www.movilh.cl\/cine\/wp-content\/uploads\/2023\/09\/Irrits_Deseo_C-426729691-large.jpg\" alt=\"\" width=\"295\" height=\"421\" srcset=\"https:\/\/www.movilh.cl\/cine\/wp-content\/uploads\/2023\/09\/Irrits_Deseo_C-426729691-large.jpg 841w, https:\/\/www.movilh.cl\/cine\/wp-content\/uploads\/2023\/09\/Irrits_Deseo_C-426729691-large-140x200.jpg 140w, https:\/\/www.movilh.cl\/cine\/wp-content\/uploads\/2023\/09\/Irrits_Deseo_C-426729691-large-231x330.jpg 231w, https:\/\/www.movilh.cl\/cine\/wp-content\/uploads\/2023\/09\/Irrits_Deseo_C-426729691-large-768x1096.jpg 768w, https:\/\/www.movilh.cl\/cine\/wp-content\/uploads\/2023\/09\/Irrits_Deseo_C-426729691-large-620x885.jpg 620w\" sizes=\"(max-width: 295px) 100vw, 295px\" \/><\/a><\/p>\n<p><strong>A\u00f1o:<\/strong> 2022<br \/>\n<strong>Pa\u00eds:<\/strong> Espa\u00f1a<br \/>\n<strong>Direcci\u00f3n:<\/strong> Maider Oleaga<br \/>\n<strong>Duraci\u00f3n:<\/strong> 15\u2032<br \/>\n<strong>Categor\u00eda:<\/strong> Cortometraje ficci\u00f3n &#8211; Drama<br \/>\n<strong>Reparto:<\/strong> Izaro Nieto, \u00c1ngela Echaniz Oyarzabal, Xabier Elizalde<br \/>\n<strong>Sinopsis:<\/strong> Izaro y Clara, dos chicas adolescentes de 17 a\u00f1os, trabajan como monitoras de las colonias infantiles. Un d\u00eda de calor, Clara besa apasionadamente a su amiga. Izaro, impregnada de deseo, est\u00e1 desorientada intentando gestionar lo que le ha pasado y dispuesta a seguir hasta donde Clara quiera llevarle.<\/p>\n<p><iframe loading=\"lazy\" title=\"YouTube video player\" src=\"https:\/\/www.youtube.com\/embed\/q5A5rPjUjXM?si=qhiKSGAiYeHWzIg4\" width=\"560\" height=\"315\" frameborder=\"0\" allowfullscreen=\"allowfullscreen\"><\/iframe><\/p>\n<p>[separator]<a name=\"arenas\"><\/a><\/p>\n<ul>\n<li>\n<h2>ARNASA<\/h2>\n<\/li>\n<\/ul>\n<p><a href=\"http:\/\/www.movilh.cl\/cine\/wp-content\/uploads\/2023\/09\/Arnasa_C-615922382-large.jpg\"><img loading=\"lazy\" decoding=\"async\" class=\"alignleft wp-image-1695\" src=\"http:\/\/www.movilh.cl\/cine\/wp-content\/uploads\/2023\/09\/Arnasa_C-615922382-large.jpg\" alt=\"\" width=\"301\" height=\"439\" srcset=\"https:\/\/www.movilh.cl\/cine\/wp-content\/uploads\/2023\/09\/Arnasa_C-615922382-large.jpg 823w, https:\/\/www.movilh.cl\/cine\/wp-content\/uploads\/2023\/09\/Arnasa_C-615922382-large-137x200.jpg 137w, https:\/\/www.movilh.cl\/cine\/wp-content\/uploads\/2023\/09\/Arnasa_C-615922382-large-226x330.jpg 226w, https:\/\/www.movilh.cl\/cine\/wp-content\/uploads\/2023\/09\/Arnasa_C-615922382-large-768x1120.jpg 768w, https:\/\/www.movilh.cl\/cine\/wp-content\/uploads\/2023\/09\/Arnasa_C-615922382-large-620x904.jpg 620w\" sizes=\"(max-width: 301px) 100vw, 301px\" \/><\/a><\/p>\n<p><strong>A\u00f1o:<\/strong> 2022<br \/>\n<strong>Pa\u00eds:<\/strong> Espa\u00f1a<br \/>\n<strong>Direcci\u00f3n:<\/strong> Ra\u00fal Barreras<br \/>\n<strong>Duraci\u00f3n:<\/strong> 15\u2032<br \/>\n<strong>Categor\u00eda:<\/strong> Cortometraje ficci\u00f3n &#8211; Drama<br \/>\n<strong>Reparto:<\/strong> Eneko Sagardoy, Zorion Egileor<br \/>\n<strong>Sinopsis:<\/strong> Sentado en un cerro, Inaxio lamenta la muerte de su mujer a trav\u00e9s de un verso. Su nieto Ekaitz parece haber sido invocado por su canto y regresa al caser\u00edo para cuidar de su abuelo. Los dos con visiones distintas del entorno, se unir\u00e1n frente a las complicaciones del futuro en com\u00fan.<\/p>\n<p><iframe loading=\"lazy\" title=\"YouTube video player\" src=\"https:\/\/www.youtube.com\/embed\/7goLv6_7HhU?si=IgsTZGrfeMV-hps1\" width=\"560\" height=\"315\" frameborder=\"0\" allowfullscreen=\"allowfullscreen\"><\/iframe><\/p>\n<p>[separator]<a name=\"cementoyacero\"><\/a><\/p>\n<ul>\n<li>\n<h2>CEMENTO Y ACERO<\/h2>\n<\/li>\n<\/ul>\n<p><a href=\"http:\/\/www.movilh.cl\/cine\/wp-content\/uploads\/2023\/09\/CementoAcero_Poster.jpg.webp\"><img loading=\"lazy\" decoding=\"async\" class=\"alignleft wp-image-1708\" src=\"http:\/\/www.movilh.cl\/cine\/wp-content\/uploads\/2023\/09\/CementoAcero_Poster.jpg.webp\" alt=\"\" width=\"300\" height=\"445\" srcset=\"https:\/\/www.movilh.cl\/cine\/wp-content\/uploads\/2023\/09\/CementoAcero_Poster.jpg.webp 700w, https:\/\/www.movilh.cl\/cine\/wp-content\/uploads\/2023\/09\/CementoAcero_Poster.jpg-135x200.webp 135w, https:\/\/www.movilh.cl\/cine\/wp-content\/uploads\/2023\/09\/CementoAcero_Poster.jpg-222x330.webp 222w, https:\/\/www.movilh.cl\/cine\/wp-content\/uploads\/2023\/09\/CementoAcero_Poster.jpg-620x921.webp 620w\" sizes=\"(max-width: 300px) 100vw, 300px\" \/><\/a><\/p>\n<p>A\u00f1o: 2022<br \/>\nPa\u00eds: Espa\u00f1a<br \/>\nDirecci\u00f3n: Oriol Villar<br \/>\nDuraci\u00f3n: 17\u2032<br \/>\nCategor\u00eda: Cortometraje ficci\u00f3n &#8211; Drama<br \/>\nReparto: Luis Tosar, Daniel Guzm\u00e1n<br \/>\nSinopsis: V\u00edctor y Nacho son amigos y mafiosos. Han sido torturados y encadenados a un bloque de cemento. Mientras Nacho hace lo imposible por salvarse, V\u00edctor intenta averiguar por qu\u00e9 su jefe les ha traicionado. Reflexionan sobre su vida, sobre su pasado, y entonces Nacho decide hacer una confesi\u00f3n que cambiar\u00e1 sus vidas, si es que consiguen salvarse.<\/p>\n<p><iframe loading=\"lazy\" title=\"YouTube video player\" src=\"https:\/\/www.youtube.com\/embed\/GykpMdUupc0?si=Z4eXQmVhoc8yyl7S\" width=\"560\" height=\"315\" frameborder=\"0\" allowfullscreen=\"allowfullscreen\"><\/iframe><\/p>\n<p>[separator]<a name=\"perpetuafelicidad\"><\/a><\/p>\n<ul>\n<li>\n<h2>PERPETUA FELICIDAD<\/h2>\n<\/li>\n<\/ul>\n<p><a href=\"http:\/\/www.movilh.cl\/cine\/wp-content\/uploads\/2023\/09\/POSTER-PERPETUA-FELICIDAD-WEB-OK.jpg.webp\"><img loading=\"lazy\" decoding=\"async\" class=\"alignleft wp-image-1704\" src=\"http:\/\/www.movilh.cl\/cine\/wp-content\/uploads\/2023\/09\/POSTER-PERPETUA-FELICIDAD-WEB-OK.jpg.webp\" alt=\"\" width=\"300\" height=\"424\" srcset=\"https:\/\/www.movilh.cl\/cine\/wp-content\/uploads\/2023\/09\/POSTER-PERPETUA-FELICIDAD-WEB-OK.jpg.webp 1060w, https:\/\/www.movilh.cl\/cine\/wp-content\/uploads\/2023\/09\/POSTER-PERPETUA-FELICIDAD-WEB-OK.jpg-141x200.webp 141w, https:\/\/www.movilh.cl\/cine\/wp-content\/uploads\/2023\/09\/POSTER-PERPETUA-FELICIDAD-WEB-OK.jpg-233x330.webp 233w, https:\/\/www.movilh.cl\/cine\/wp-content\/uploads\/2023\/09\/POSTER-PERPETUA-FELICIDAD-WEB-OK.jpg-768x1087.webp 768w, https:\/\/www.movilh.cl\/cine\/wp-content\/uploads\/2023\/09\/POSTER-PERPETUA-FELICIDAD-WEB-OK.jpg-620x877.webp 620w\" sizes=\"(max-width: 300px) 100vw, 300px\" \/><\/a><\/p>\n<p><strong>A\u00f1o:<\/strong> 2022<br \/>\n<strong>Pa\u00eds:<\/strong> Espa\u00f1a<br \/>\n<strong>Direcci\u00f3n:<\/strong> Isa Luengo y Sofia Esteve<br \/>\n<strong>Duraci\u00f3n:<\/strong> 22\u2032<br \/>\n<strong>Categor\u00eda:<\/strong> Cortometraje ficci\u00f3n &#8211; Drama<br \/>\n<strong>Reparto:<\/strong> Garazi Urkola, Willy Garc\u00eda, Yara Almeida, Paula Mir\u00e1<br \/>\n<strong>Sinopsis:<\/strong> Alma tiene quince a\u00f1os, canta en el coro del pueblo y est\u00e1 empezando a conectar con su sexualidad. Su padre Kike, director de la coral, ha perdido la voz a causa de una laringectom\u00eda. A medida que se aproxima el concierto que preparan juntos para las fiestas de verano, las tensiones entre padre e hija van en aumento.<\/p>\n<p><iframe loading=\"lazy\" title=\"YouTube video player\" src=\"https:\/\/www.youtube.com\/embed\/Ncs-uET0M0g?si=05k5c4L3-zeRvAt7\" width=\"560\" height=\"315\" frameborder=\"0\" allowfullscreen=\"allowfullscreen\"><\/iframe><\/p>\n<p>[separator]<a name=\"plastictouch\"><\/a><\/p>\n<ul>\n<li>\n<h2>PLASTIC TOUCH<\/h2>\n<\/li>\n<\/ul>\n<p><a href=\"http:\/\/www.movilh.cl\/cine\/wp-content\/uploads\/2023\/09\/Plastic_Touch_C-781735040-large.jpg\"><img loading=\"lazy\" decoding=\"async\" class=\"alignleft wp-image-1715\" src=\"http:\/\/www.movilh.cl\/cine\/wp-content\/uploads\/2023\/09\/Plastic_Touch_C-781735040-large.jpg\" alt=\"\" width=\"296\" height=\"444\" srcset=\"https:\/\/www.movilh.cl\/cine\/wp-content\/uploads\/2023\/09\/Plastic_Touch_C-781735040-large.jpg 600w, https:\/\/www.movilh.cl\/cine\/wp-content\/uploads\/2023\/09\/Plastic_Touch_C-781735040-large-133x200.jpg 133w, https:\/\/www.movilh.cl\/cine\/wp-content\/uploads\/2023\/09\/Plastic_Touch_C-781735040-large-220x330.jpg 220w\" sizes=\"(max-width: 296px) 100vw, 296px\" \/><\/a><\/p>\n<p><strong>A\u00f1o:<\/strong> 2022<br \/>\n<strong>Pa\u00eds:<\/strong> Espa\u00f1a<br \/>\n<strong>Direcci\u00f3n:<\/strong> Aitana Ahrens<br \/>\n<strong>Duraci\u00f3n:<\/strong> 12\u2032<br \/>\n<strong>Categor\u00eda:<\/strong> Cortometraje ficci\u00f3n &#8211; Drama<br \/>\n<strong>Reparto:<\/strong> Alexandra Pino, Cinta Ram\u00edrez<br \/>\n<strong>Sinopsis:<\/strong> Lucy, una mu\u00f1eca hiperrealista, despierta por primera vez en la habitaci\u00f3n de un prost\u00edbulo de mu\u00f1ecas. All\u00ed convive con Mina, otra mu\u00f1eca. Est\u00e1n atrapadas entre cuatro paredes de terciopelo. Pero cuando nadie las ve, cobran vida y dedican sus ratos libres a ver la televisi\u00f3n.<br \/>\nEsa peque\u00f1a pantalla es su ventana al mundo real.<\/p>\n<p><iframe loading=\"lazy\" title=\"YouTube video player\" src=\"https:\/\/www.youtube.com\/embed\/Pd8YiII9mIM?si=gVTbzNtMmIwdv8HZ\" width=\"560\" height=\"315\" frameborder=\"0\" allowfullscreen=\"allowfullscreen\"><\/iframe><\/p>\n<p>[separator]<a name=\"desviaciontipica\"><\/a><\/p>\n<ul>\n<li>\n<h2>DESVIACI\u00d3N TIPICA<\/h2>\n<\/li>\n<\/ul>\n<p><a href=\"http:\/\/www.movilh.cl\/cine\/wp-content\/uploads\/2023\/09\/DesviacionTipica1-poster.jpeg\"><img loading=\"lazy\" decoding=\"async\" class=\"alignleft wp-image-1709\" src=\"http:\/\/www.movilh.cl\/cine\/wp-content\/uploads\/2023\/09\/DesviacionTipica1-poster.jpeg\" alt=\"\" width=\"297\" height=\"424\" srcset=\"https:\/\/www.movilh.cl\/cine\/wp-content\/uploads\/2023\/09\/DesviacionTipica1-poster.jpeg 840w, https:\/\/www.movilh.cl\/cine\/wp-content\/uploads\/2023\/09\/DesviacionTipica1-poster-140x200.jpeg 140w, https:\/\/www.movilh.cl\/cine\/wp-content\/uploads\/2023\/09\/DesviacionTipica1-poster-231x330.jpeg 231w, https:\/\/www.movilh.cl\/cine\/wp-content\/uploads\/2023\/09\/DesviacionTipica1-poster-768x1097.jpeg 768w, https:\/\/www.movilh.cl\/cine\/wp-content\/uploads\/2023\/09\/DesviacionTipica1-poster-620x886.jpeg 620w\" sizes=\"(max-width: 297px) 100vw, 297px\" \/><\/a><\/p>\n<p><strong>A\u00f1o:<\/strong> 2022<br \/>\n<strong>Pa\u00eds:<\/strong> Espa\u00f1a<br \/>\n<strong>Direcci\u00f3n:<\/strong> Paco Ruiz<br \/>\n<strong>Duraci\u00f3n:<\/strong> 10\u2032<br \/>\n<strong>Categor\u00eda:<\/strong> Cortometraje ficci\u00f3n &#8211; Drama<br \/>\n<strong>Reparto:<\/strong> Kenai White , Luis Bermejo, Laura Bl\u00e1zquez, Alexandra Pino<br \/>\n<strong>Sinopsis:<\/strong> River acude a su primera cita en la \u00abUnidad de Trastornos de la Identidad de G\u00e9nero\u00bb. All\u00ed, el psiquiatra somete a River al cuestionario que decidir\u00e1 si puede o no acceder a la atenci\u00f3n que necesita. River sabe perfectamente lo que debe contestar, pero un peque\u00f1o detalle lo pondr\u00e1 todo en peligro.<\/p>\n<p>&nbsp;<\/p>\n<p>&nbsp;<\/p>\n<p>&nbsp;<\/p>\n<p>&nbsp;<\/p>\n<p>&nbsp;<\/p>\n<p>&nbsp;<\/p>\n<p>[separator]<a name=\"ASHURBANIPAL\"><\/a><\/p>\n<ul>\n<li>\n<h2>ASHURBANIPAL (HISTORIA DE UN ENCUENTRO)<\/h2>\n<\/li>\n<\/ul>\n<p><a href=\"http:\/\/www.movilh.cl\/cine\/wp-content\/uploads\/2023\/09\/\u2022-ASHURBANIPAL-HISTORIA-DE-UN-ENCUENTRO-.jpeg\"><img loading=\"lazy\" decoding=\"async\" class=\"alignleft wp-image-1697\" src=\"http:\/\/www.movilh.cl\/cine\/wp-content\/uploads\/2023\/09\/\u2022-ASHURBANIPAL-HISTORIA-DE-UN-ENCUENTRO-.jpeg\" alt=\"\" width=\"300\" height=\"424\" srcset=\"https:\/\/www.movilh.cl\/cine\/wp-content\/uploads\/2023\/09\/\u2022-ASHURBANIPAL-HISTORIA-DE-UN-ENCUENTRO-.jpeg 1000w, https:\/\/www.movilh.cl\/cine\/wp-content\/uploads\/2023\/09\/\u2022-ASHURBANIPAL-HISTORIA-DE-UN-ENCUENTRO--141x200.jpeg 141w, https:\/\/www.movilh.cl\/cine\/wp-content\/uploads\/2023\/09\/\u2022-ASHURBANIPAL-HISTORIA-DE-UN-ENCUENTRO--233x330.jpeg 233w, https:\/\/www.movilh.cl\/cine\/wp-content\/uploads\/2023\/09\/\u2022-ASHURBANIPAL-HISTORIA-DE-UN-ENCUENTRO--768x1086.jpeg 768w, https:\/\/www.movilh.cl\/cine\/wp-content\/uploads\/2023\/09\/\u2022-ASHURBANIPAL-HISTORIA-DE-UN-ENCUENTRO--620x877.jpeg 620w\" sizes=\"(max-width: 300px) 100vw, 300px\" \/><\/a><\/p>\n<p><strong>A\u00f1o:<\/strong> 2022<br \/>\n<strong>Pa\u00eds:<\/strong> Espa\u00f1a<br \/>\n<strong>Direcci\u00f3n:<\/strong> Francisco Fr\u00edas Fern\u00e1ndez, Juan Mart\u00edn G\u00f3mez<br \/>\n<strong>Duraci\u00f3n:<\/strong> 9\u2032<br \/>\n<strong>Categor\u00eda:<\/strong> Cortometraje ficci\u00f3n &#8211; Drama<br \/>\n<strong>Reparto:<\/strong> Francisco Fr\u00edas Fern\u00e1ndez, Juan Mart\u00edn G\u00f3mez<br \/>\n<strong>Sinopsis:<\/strong> Fran encuentra a Ashour, un refugiado Iran\u00ed de 34 a\u00f1os en una app de citas. Junto a su amigo Juan deciden realizar un documental de Ashour tras encontrar un pasaporte olvidado que despierta el inter\u00e9s de los dos amigos y les lleva a descubrir la intensa odiosea que Ashour se vio obligado a vivir por ser homosexual.<\/p>\n<p>&nbsp;<\/p>\n<p>&nbsp;<\/p>\n<p>&nbsp;<\/p>\n<p>&nbsp;<\/p>\n<p>&nbsp;<\/p>\n<p>&nbsp;<\/p>\n<p>[separator]<a name=\"cova\"><\/a><\/p>\n<ul>\n<li>\n<h2>COVA<\/h2>\n<\/li>\n<\/ul>\n<p><a href=\"http:\/\/www.movilh.cl\/cine\/wp-content\/uploads\/2023\/09\/cova_cartel_orig.webp\"><img loading=\"lazy\" decoding=\"async\" class=\"alignleft wp-image-1716\" src=\"http:\/\/www.movilh.cl\/cine\/wp-content\/uploads\/2023\/09\/cova_cartel_orig.webp\" alt=\"\" width=\"302\" height=\"427\" srcset=\"https:\/\/www.movilh.cl\/cine\/wp-content\/uploads\/2023\/09\/cova_cartel_orig.webp 595w, https:\/\/www.movilh.cl\/cine\/wp-content\/uploads\/2023\/09\/cova_cartel_orig-141x200.webp 141w, https:\/\/www.movilh.cl\/cine\/wp-content\/uploads\/2023\/09\/cova_cartel_orig-233x330.webp 233w\" sizes=\"(max-width: 302px) 100vw, 302px\" \/><\/a><\/p>\n<p><strong>A\u00f1o:<\/strong> 2021<br \/>\n<strong>Pa\u00eds:<\/strong> Espa\u00f1a<br \/>\n<strong>Direcci\u00f3n:<\/strong> Diego Serra<br \/>\n<strong>Duraci\u00f3n:<\/strong> 21\u2032<br \/>\n<strong>Categor\u00eda:<\/strong> Cortometraje ficci\u00f3n &#8211; Drama<br \/>\n<strong>Reparto:<\/strong> Ernest Fornas, Adri\u00e0 Salazar, Ona Vives, Chap Rodr\u00edguez, Rafaela Rivas, Maria<br \/>\n<strong>Sinopsis:<\/strong> Santi, un joven de 17 a\u00f1os, juega al f\u00fatbol con sus colegas en la entrada del pueblo. Mientras, Marco, su amigo de la infancia, vuelve tras dos a\u00f1os de ausencia. El regreso de Marco desequilibra a Santi, que por fin hab\u00eda logrado olvidarlo. Bajo la conservadora mirada de todo el pueblo, deber\u00e1 luchar contra sus sentimientos a la vez que se plantea por primera vez su identidad.<\/p>\n<p>&nbsp;<\/p>\n<p>&nbsp;<\/p>\n<p>&nbsp;<\/p>\n<p>&nbsp;<\/p>\n<p>&nbsp;<\/p>\n<p>[separator]<a name=\"zoeyrenee\"><\/a><\/p>\n<ul>\n<li>\n<h2>ZOE Y REN\u00c9E<\/h2>\n<\/li>\n<\/ul>\n<p><a href=\"http:\/\/www.movilh.cl\/cine\/wp-content\/uploads\/2023\/09\/Zoe_Renaee_C-823496970-POSTER.jpeg\"><img loading=\"lazy\" decoding=\"async\" class=\"alignleft wp-image-1706\" src=\"http:\/\/www.movilh.cl\/cine\/wp-content\/uploads\/2023\/09\/Zoe_Renaee_C-823496970-POSTER.jpeg\" alt=\"\" width=\"300\" height=\"425\" srcset=\"https:\/\/www.movilh.cl\/cine\/wp-content\/uploads\/2023\/09\/Zoe_Renaee_C-823496970-POSTER.jpeg 848w, https:\/\/www.movilh.cl\/cine\/wp-content\/uploads\/2023\/09\/Zoe_Renaee_C-823496970-POSTER-141x200.jpeg 141w, https:\/\/www.movilh.cl\/cine\/wp-content\/uploads\/2023\/09\/Zoe_Renaee_C-823496970-POSTER-233x330.jpeg 233w, https:\/\/www.movilh.cl\/cine\/wp-content\/uploads\/2023\/09\/Zoe_Renaee_C-823496970-POSTER-768x1087.jpeg 768w, https:\/\/www.movilh.cl\/cine\/wp-content\/uploads\/2023\/09\/Zoe_Renaee_C-823496970-POSTER-620x877.jpeg 620w\" sizes=\"(max-width: 300px) 100vw, 300px\" \/><\/a><\/p>\n<p><strong>A\u00f1o:<\/strong> 2022<br \/>\n<strong>Pa\u00eds:<\/strong> Espa\u00f1a<br \/>\n<strong>Direcci\u00f3n:<\/strong> Ivan Ladeiras<br \/>\n<strong>Duraci\u00f3n:<\/strong> 19\u2032<br \/>\n<strong>Categor\u00eda:<\/strong> Cortometraje ficci\u00f3n &#8211; Drama<br \/>\n<strong>Reparto:<\/strong> Bea Canteli (Zoe), Xana del Mar (Ren\u00e9e)<br \/>\n<strong>Sinopsis:<\/strong> Ren\u00e9e es una amante de la pintura. Tras perder la visi\u00f3n, debe lidiar contra los hechos para no perderse a s\u00ed misma. Zoe, su pareja, la ayudar\u00e1 a enfrentarse a sus miedos para superar el duelo.<\/p>\n<p><iframe loading=\"lazy\" title=\"YouTube video player\" src=\"https:\/\/www.youtube.com\/embed\/5Ahu16olvbo?si=S8_aCBOG5vnhhicf\" width=\"560\" height=\"315\" frameborder=\"0\" allowfullscreen=\"allowfullscreen\"><\/iframe><\/p>\n<p>[separator]<\/p>\n","protected":false},"excerpt":{"rendered":"<p>Largometrajes: [separator] &ndash; La memoria escondida A&ntilde;o:&nbsp;2022Pa&iacute;s:&nbsp;Espa&ntilde;aDirecci&oacute;n:&nbsp; Jos&eacute; Luis Pecharrom&aacute;nDuraci&oacute;n:&nbsp;91&prime;Categor&iacute;a:&nbsp;DocumentalSinopsis:&nbsp;Habla, a trav&eacute;s de conversaciones en primera persona, sobre la situaci&oacute;n y la experiencia vital de cuatro miembros del colectivo LGTBIQ+, ya mayores, en el final del franquismo y la transici&oacute;n espa&ntilde;ola. El documental tiene un fuerte componente autoral; no pretende a&ntilde;adir datos ni cifras ni &hellip; <\/p>\n<p class=\"link-more\"><a href=\"https:\/\/www.movilh.cl\/cine\/cartelera-2023\/\" class=\"more-link\">Leer m\u00e1s<span class=\"screen-reader-text\"> \u00abCartelera 2023\u00bb<\/span><\/a><\/p>\n","protected":false},"author":1,"featured_media":0,"parent":0,"menu_order":0,"comment_status":"closed","ping_status":"closed","template":"","meta":{"footnotes":""},"class_list":["post-1740","page","type-page","status-publish","hentry"],"_links":{"self":[{"href":"https:\/\/www.movilh.cl\/cine\/wp-json\/wp\/v2\/pages\/1740"}],"collection":[{"href":"https:\/\/www.movilh.cl\/cine\/wp-json\/wp\/v2\/pages"}],"about":[{"href":"https:\/\/www.movilh.cl\/cine\/wp-json\/wp\/v2\/types\/page"}],"author":[{"embeddable":true,"href":"https:\/\/www.movilh.cl\/cine\/wp-json\/wp\/v2\/users\/1"}],"replies":[{"embeddable":true,"href":"https:\/\/www.movilh.cl\/cine\/wp-json\/wp\/v2\/comments?post=1740"}],"version-history":[{"count":2,"href":"https:\/\/www.movilh.cl\/cine\/wp-json\/wp\/v2\/pages\/1740\/revisions"}],"predecessor-version":[{"id":1879,"href":"https:\/\/www.movilh.cl\/cine\/wp-json\/wp\/v2\/pages\/1740\/revisions\/1879"}],"wp:attachment":[{"href":"https:\/\/www.movilh.cl\/cine\/wp-json\/wp\/v2\/media?parent=1740"}],"curies":[{"name":"wp","href":"https:\/\/api.w.org\/{rel}","templated":true}]}}