{"id":140,"date":"2013-08-10T18:41:09","date_gmt":"2013-08-10T18:41:09","guid":{"rendered":"http:\/\/www.movilh.cl\/cine\/?page_id=140"},"modified":"2024-08-20T21:30:15","modified_gmt":"2024-08-20T21:30:15","slug":"cartelera-2016-2","status":"publish","type":"page","link":"https:\/\/www.movilh.cl\/cine\/cartelera-2016-2\/","title":{"rendered":"Cartelera 2016"},"content":{"rendered":"<p><strong>[separator]<\/strong><\/p>\n<h1>Cartelera<\/h1>\n<p>&nbsp;<\/p>\n<table>\n<tbody>\n<tr>\n<td width=\"155\">\n<h6><span style=\"color: #c0c0c0;\"><a href=\"#diasdeinvierno\"><span style=\"color: #c0c0c0;\">12 D\u00edas de Invierno<\/span><\/a><\/span><\/h6>\n<\/td>\n<td width=\"212\">\n<h6><span style=\"color: #c0c0c0;\"><a href=\"#azul\"><span style=\"color: #c0c0c0;\">Azul y no tan Rosa<\/span><\/a><\/span><\/h6>\n<\/td>\n<td width=\"155\">\n<h6><span style=\"color: #c0c0c0;\"><a href=\"#camaleon\"><span style=\"color: #c0c0c0;\">Camale\u00f3n<\/span><\/a><\/span><\/h6>\n<\/td>\n<\/tr>\n<tr>\n<td>\n<h6><span style=\"color: #c0c0c0;\"><a href=\"#dechicaenchica\"><span style=\"color: #c0c0c0;\">De Chica en Chica<\/span><\/a><\/span><\/h6>\n<\/td>\n<td>\n<h6><span style=\"color: #c0c0c0;\"><a href=\"#eichlihiyotlevad\"><span style=\"color: #c0c0c0;\">Eich Lihiyot Levad<\/span><\/a><\/span><\/h6>\n<\/td>\n<td width=\"155\">\n<h6><span style=\"color: #c0c0c0;\"><a href=\"#eldestellodelaluna\"><span style=\"color: #c0c0c0;\">El Destello de la Luna<\/span><\/a><\/span><\/h6>\n<\/td>\n<\/tr>\n<tr>\n<td>\n<h6><span style=\"color: #c0c0c0;\"><a href=\"#elhombrenuevo\"><span style=\"color: #c0c0c0;\">El Hombre Nuevo<\/span><\/a><\/span><\/h6>\n<\/td>\n<td>\n<h6><span style=\"color: #c0c0c0;\"><a href=\"#elitaliano\"><span style=\"color: #c0c0c0;\">El Italiano<\/span><\/a><\/span><\/h6>\n<\/td>\n<td>\n<h6><span style=\"color: #c0c0c0;\"><a href=\"#elvirusdelmiedo\"><span style=\"color: #c0c0c0;\">El Virus del Miedo<\/span><\/a><\/span><\/h6>\n<\/td>\n<\/tr>\n<tr>\n<td>\n<h6><span style=\"color: #c0c0c0;\"><a href=\"#fuguo\"><span style=\"color: #c0c0c0;\">FU GUO<\/span><\/a><\/span><\/h6>\n<\/td>\n<td>\n<h6><span style=\"color: #c0c0c0;\"><a href=\"#lapiscina\"><span style=\"color: #c0c0c0;\">La Piscina<\/span><\/a><\/span><\/h6>\n<\/td>\n<td>\n<h6><span style=\"color: #c0c0c0;\"><a href=\"#kremlin\"><span style=\"color: #c0c0c0;\">La Primavera Rosa \u2013 Kremlin<\/span><\/a><\/span><\/h6>\n<\/td>\n<\/tr>\n<tr>\n<td>\n<h6><span style=\"color: #c0c0c0;\"><a href=\"#mexico\"><span style=\"color: #c0c0c0;\">La Primavera Rosa \u2013 M\u00e9xico<\/span><\/a><\/span><\/h6>\n<\/td>\n<td>\n<h6><span style=\"color: #c0c0c0;\"><a href=\"#tunez\"><span style=\"color: #c0c0c0;\">La Primavera Rosa \u2013 T\u00fanez<\/span><\/a><\/span><\/h6>\n<\/td>\n<td>\n<h6><span style=\"color: #c0c0c0;\"><a href=\"#lesoldatvierge\"><span style=\"color: #c0c0c0;\">Le Soldat Vierg<\/span><\/a><\/span><\/h6>\n<\/td>\n<\/tr>\n<tr>\n<td>\n<h6><span style=\"color: #c0c0c0;\"><a href=\"#lightrapping\"><span style=\"color: #c0c0c0;\">Lightrapping<\/span><\/a><\/span><\/h6>\n<\/td>\n<td>\n<h6><span style=\"color: #c0c0c0;\"><a href=\"#losamoresinconclusos\"><span style=\"color: #c0c0c0;\">Los Amores Inconclusos<\/span><\/a><\/span><\/h6>\n<\/td>\n<td>\n<h6><span style=\"color: #c0c0c0;\"><a href=\"#mascaras\"><span style=\"color: #c0c0c0;\">M\u00e1scaras<\/span><\/a><\/span><\/h6>\n<\/td>\n<\/tr>\n<tr>\n<td>\n<h6><span style=\"color: #c0c0c0;\"><a href=\"#maximo\"><span style=\"color: #c0c0c0;\">M\u00e1ximo<\/span><\/a><\/span><\/h6>\n<\/td>\n<td>\n<h6><span style=\"color: #c0c0c0;\"><a href=\"#minombrenoesali\"><span style=\"color: #c0c0c0;\">Mi nombre no es Al\u00ed<\/span><\/a><\/span><\/h6>\n<\/td>\n<td>\n<h6><span style=\"color: #c0c0c0;\"><a href=\"#noesnada\"><span style=\"color: #c0c0c0;\">No es Nada<\/span><\/a><\/span><\/h6>\n<\/td>\n<\/tr>\n<tr>\n<td>\n<h6><span style=\"color: #c0c0c0;\"><a href=\"#outlawedvineyards\"><span style=\"color: #c0c0c0;\">Outlawed Vineyards<\/span><\/a><\/span><\/h6>\n<\/td>\n<td>\n<h6><span style=\"color: #c0c0c0;\"><a href=\"#pandevida\"><span style=\"color: #c0c0c0;\">Pan de Vida<\/span><\/a><\/span><\/h6>\n<\/td>\n<td>\n<h6><span style=\"color: #c0c0c0;\"><a href=\"#piubuiodimezzanotte\"><span style=\"color: #c0c0c0;\">Pi\u00f9 buio di mezzanotte<\/span><\/a><\/span><\/h6>\n<\/td>\n<\/tr>\n<tr>\n<td>\n<h6><span style=\"color: #c0c0c0;\"><a href=\"#profugos\"><span style=\"color: #c0c0c0;\">Pr\u00f3fugos<\/span><\/a><\/span><\/h6>\n<\/td>\n<td>\n<h6><span style=\"color: #c0c0c0;\"><a href=\"#respire\"><span style=\"color: #c0c0c0;\">Respire<\/span><\/a><\/span><\/h6>\n<\/td>\n<td>\n<h6><span style=\"color: #c0c0c0;\"><a href=\"#solitarios\"><span style=\"color: #c0c0c0;\">Solitarios<\/span><\/a><\/span><\/h6>\n<\/td>\n<\/tr>\n<tr>\n<td>\n<h6><span style=\"color: #c0c0c0;\"><a href=\"#traslapiel\"><span style=\"color: #c0c0c0;\">Tras la Piel<\/span><\/a><\/span><\/h6>\n<\/td>\n<td>\n<h6><span style=\"color: #c0c0c0;\"><a href=\"#VERFEHLUNG\"><span style=\"color: #c0c0c0;\">VERFEHLUNG<\/span><\/a><\/span><\/h6>\n<\/td>\n<td>\n<h6><span style=\"color: #c0c0c0;\"><a href=\"#victoriarosanaymaite\"><span style=\"color: #c0c0c0;\">Victoria, Rosana y Maite<\/span><\/a><\/span><\/h6>\n<\/td>\n<\/tr>\n<tr>\n<td>\n<h6><span style=\"color: #c0c0c0;\"><a href=\"#whileyou\"><span style=\"color: #c0c0c0;\">While You Weren&#8217;t Looking<\/span><\/a><\/span><\/h6>\n<\/td>\n<td>\n<h6><span style=\"color: #c0c0c0;\"><a href=\"#xenia\"><span style=\"color: #c0c0c0;\">Xenia<\/span><\/a><\/span><\/h6>\n<\/td>\n<td>\n<h6><span style=\"color: #c0c0c0;\"><a href=\"#twomothers\"><span style=\"color: #c0c0c0;\">\u00a0<\/span><\/a><\/span><\/h6>\n<\/td>\n<\/tr>\n<\/tbody>\n<\/table>\n<p>______________________________________________________________________________________________<\/p>\n<h4><b><a name=\"diasdeinvierno\"><\/a>12 d\u00edas de invierno<\/b><\/h4>\n<h6>Cortometraje |\u00a02016 \/ 17 min \/ Espa\u00f1a \/ Gay<\/h6>\n<p><a href=\"http:\/\/www.movilh.cl\/cine\/wp-content\/uploads\/2016\/09\/118433_01.jpg\"><img loading=\"lazy\" decoding=\"async\" class=\"size-large wp-image-895 alignleft\" alt=\"118433_01\" src=\"http:\/\/www.movilh.cl\/cine\/wp-content\/uploads\/2016\/09\/118433_01-231x330.jpg\" width=\"231\" height=\"330\" srcset=\"https:\/\/www.movilh.cl\/cine\/wp-content\/uploads\/2016\/09\/118433_01-231x330.jpg 231w, https:\/\/www.movilh.cl\/cine\/wp-content\/uploads\/2016\/09\/118433_01-140x200.jpg 140w, https:\/\/www.movilh.cl\/cine\/wp-content\/uploads\/2016\/09\/118433_01.jpg 525w\" sizes=\"(max-width: 231px) 100vw, 231px\" \/><\/a><\/p>\n<p><strong>Director:\u00a0<\/strong>Dami\u00e1n Rodriguez Ferrer<\/p>\n<p><strong>Int\u00e9rpretes:\u00a0<\/strong>Gerardo Vergara, Nacho Arias, Javier Bermejo, Ines Diago, Daniel O&#8217;donnell, Oscar Suarez Becerra, Felipe Martinez Santos, Juan Morandeira, CrIstina Garcia Caballero, Noel Canales.<\/p>\n<p><strong>Sinopsis:<\/strong>\u00a0Carlos es un acomodado profesional que vive felizmente casado, es padre de dos hijos. Durante unas vacaciones de invierno de la familia, conoce a Jorge, un apuesto chico de la edad de su hijo mayor con el que vive una historia de amor con un tr\u00e1gico final para ambos<\/p>\n<p>&nbsp;<\/p>\n<p>&nbsp;<\/p>\n<p>&nbsp;<\/p>\n<p>&nbsp;<\/p>\n<p>&nbsp;<\/p>\n<p>&nbsp;<\/p>\n<p>&nbsp;<\/p>\n<p><a name=\"azul\"><\/a>______________________________________________________________________________________________<\/p>\n<h4><strong><\/strong><b>Azul y no tan Rosa<\/b><\/h4>\n<h6>Ficci\u00f3n |\u00a02012 \/ 120 min \/ Venezuela \/ Gay<\/h6>\n<p style=\"text-align: left;\"><a href=\"http:\/\/www.movilh.cl\/cine\/wp-content\/uploads\/2016\/09\/azul-y-no-tan-rosa.jpg\"><img loading=\"lazy\" decoding=\"async\" class=\"size-large wp-image-831 alignnone\" alt=\"azul-y-no-tan-rosa\" src=\"http:\/\/www.movilh.cl\/cine\/wp-content\/uploads\/2016\/09\/azul-y-no-tan-rosa-493x330.jpg\" width=\"493\" height=\"330\" srcset=\"https:\/\/www.movilh.cl\/cine\/wp-content\/uploads\/2016\/09\/azul-y-no-tan-rosa-493x330.jpg 493w, https:\/\/www.movilh.cl\/cine\/wp-content\/uploads\/2016\/09\/azul-y-no-tan-rosa-299x200.jpg 299w, https:\/\/www.movilh.cl\/cine\/wp-content\/uploads\/2016\/09\/azul-y-no-tan-rosa-620x414.jpg 620w, https:\/\/www.movilh.cl\/cine\/wp-content\/uploads\/2016\/09\/azul-y-no-tan-rosa.jpg 800w\" sizes=\"(max-width: 493px) 100vw, 493px\" \/><\/a><\/p>\n<p style=\"text-align: left;\"><strong>Director: \u00a0<\/strong>Miguel Ferrari<\/p>\n<p style=\"text-align: left;\"><strong>Int\u00e9rpretes:\u00a0<\/strong>Guillermo Garc\u00eda, Ignacio Montes, Hilda Abrahamz, Carolina Torres, Elba Escobar, Juan Jes\u00fas Valverde, Beatriz Vald\u00e9s, Aroldo Betancourt, Daniela Alvarado, Alexander Da Silva, S\u00f3crates Serrano, Arlette Torres, Juan Carlos Lares.<\/p>\n<p style=\"text-align: left;\"><strong>Sinopsis:<\/strong>\u00a0\u00abDiego es un chico como cualquier otro. Tiene una familia com\u00fan y corriente y sus amigos no tienen nada de especial. Pero hay algo que lo hace diferente. Tiene un hijo&#8230; heterosexual. Un padre, un hijo. Ambos tendr\u00e1n que arreglar sus diferencias. Azul y no tan Rosa. Todo depende de c\u00f3mo se mire.\u00bb<\/p>\n<p><iframe loading=\"lazy\" src=\"https:\/\/www.youtube.com\/embed\/64bOdjs8VTM?rel=0\" height=\"278\" width=\"495\" allowfullscreen=\"\" frameborder=\"0\"><\/iframe><\/p>\n<p style=\"text-align: left;\"><a name=\"camaleon\"><\/a>______________________________________________________________________________________________<\/p>\n<h4><strong>Camale\u00f3n<\/strong><\/h4>\n<h6>Ficci\u00f3n |\u00a02016 \/ 82 min \/ Chile \/ Mixta<\/h6>\n<p style=\"text-align: left;\"><a href=\"http:\/\/www.movilh.cl\/cine\/wp-content\/uploads\/2016\/09\/camaleon.jpg\"><img loading=\"lazy\" decoding=\"async\" class=\" wp-image-833 alignnone\" alt=\"camaleon\" src=\"http:\/\/www.movilh.cl\/cine\/wp-content\/uploads\/2016\/09\/camaleon-586x330.jpg\" width=\"527\" height=\"297\" srcset=\"https:\/\/www.movilh.cl\/cine\/wp-content\/uploads\/2016\/09\/camaleon-586x330.jpg 586w, https:\/\/www.movilh.cl\/cine\/wp-content\/uploads\/2016\/09\/camaleon-355x200.jpg 355w, https:\/\/www.movilh.cl\/cine\/wp-content\/uploads\/2016\/09\/camaleon-620x348.jpg 620w, https:\/\/www.movilh.cl\/cine\/wp-content\/uploads\/2016\/09\/camaleon.jpg 1920w\" sizes=\"(max-width: 527px) 100vw, 527px\" \/><\/a><\/p>\n<p style=\"text-align: left;\"><strong>Director:\u00a0<\/strong>Jorge Riquelme Serrano<\/p>\n<p style=\"text-align: left;\"><strong>Int\u00e9rpretes:\u00a0<\/strong>Gast\u00f3n Salgado, Paula Z\u00fa\u00f1iga, Paulina Urrutia y Alejandro Goic.<\/p>\n<p style=\"text-align: left;\"><strong>Sinopsis:\u00a0<\/strong>En una acomodada casa en la playa, Paula y Paulina pasan su \u00faltimo d\u00eda juntas antes de que una de ellas viaje al extranjero, pero su tranquila jornada ser\u00e1 interrumpida por la inesperada llegada de Gast\u00f3n, un invitado de la despedida de la noche anterior que tiene ganas de beber y hablar un poco m\u00e1s. Paulatinamente, el espectador presenciar\u00e1 una transformaci\u00f3n que devela lo m\u00e1s oscuro y rec\u00f3ndito de la mente humana.<\/p>\n<p><iframe loading=\"lazy\" src=\"https:\/\/player.vimeo.com\/video\/112880671\" height=\"278\" width=\"495\" allowfullscreen=\"\" frameborder=\"0\"><\/iframe><\/p>\n<p style=\"text-align: left;\"><a name=\"dechicaenchica\"><\/a>_________________________________________________________________________________________<\/p>\n<h4><strong><\/strong><span style=\"color: #333333;\"><b>De Chica en Chica\u00a0<\/b><\/span><\/h4>\n<h6>Ficci\u00f3n\u00a0|\u00a02015 \/ 88 min \/ Espa\u00f1a \/ L\u00e9sbico<\/h6>\n<p style=\"text-align: left;\"><a href=\"http:\/\/www.movilh.cl\/cine\/wp-content\/uploads\/2016\/09\/dechicaenchica_celiafreijeiro.jpg\"><img loading=\"lazy\" decoding=\"async\" class=\"size-large wp-image-837 alignnone\" alt=\"dechicaenchica_celiafreijeiro\" src=\"http:\/\/www.movilh.cl\/cine\/wp-content\/uploads\/2016\/09\/dechicaenchica_celiafreijeiro-495x330.jpg\" width=\"495\" height=\"330\" srcset=\"https:\/\/www.movilh.cl\/cine\/wp-content\/uploads\/2016\/09\/dechicaenchica_celiafreijeiro-495x330.jpg 495w, https:\/\/www.movilh.cl\/cine\/wp-content\/uploads\/2016\/09\/dechicaenchica_celiafreijeiro-300x200.jpg 300w, https:\/\/www.movilh.cl\/cine\/wp-content\/uploads\/2016\/09\/dechicaenchica_celiafreijeiro-620x412.jpg 620w, https:\/\/www.movilh.cl\/cine\/wp-content\/uploads\/2016\/09\/dechicaenchica_celiafreijeiro.jpg 2000w\" sizes=\"(max-width: 495px) 100vw, 495px\" \/><\/a><\/p>\n<p style=\"text-align: left;\"><strong>Directora:\u00a0<\/strong>Sonia Sebasti\u00e1n.<\/p>\n<p style=\"text-align: left;\"><strong>Int\u00e9rpretes:<\/strong>\u00a0 Celia Freijeiro, Cristina Pons, Sandra Collantes, Mar\u00eda Botto, Mar\u00eda Ballesteros, Marina San Jos\u00e9, Adri\u00e1n Lastra, Ismael Mart\u00ednez, Jaime Olias, Eulalia Ram\u00f3n, Estefan\u00eda de los Santos, Sabrina Praga, Paulina G\u00e1lvez, Jane Badler, Mar Ayala.<\/p>\n<p style=\"text-align: left;\"><strong>Sinopsis:<\/strong>\u00a0Pel\u00edcula basada en la serie online \u201cChica busca chica\u201d (2008). A In\u00e9s (Celia Freijeiro) la vida le sonr\u00ede en Miami hasta que su novia Becky descubre que la ha estado enga\u00f1ando con Kirsten (Jane Badler), una editora americana que es miembro de la Asociaci\u00f3n Nacional del Rifle (NRA). Ha llegado, pues, la hora de regresar a casa y de volver a ver a Lola (Sandra Collantes), la heterosexual de la que est\u00e1 enamorada. Se presenta por sorpresa en su casa y all\u00ed se encuentra a Ver\u00f3nica (Cristina Pons), a la que abandon\u00f3 embarazada el d\u00eda en que iban a casarse. Tambi\u00e9n est\u00e1 presente Sof\u00eda, la editora de novela er\u00f3tica a la que estaf\u00f3, y Javier, el ex de Lola, con el que In\u00e9s siempre compiti\u00f3. Y Fran, el amigo gay con mentalidad de hetero y su novia Linda, una transexual espectacular\u2026<\/p>\n<p><iframe loading=\"lazy\" src=\"https:\/\/www.youtube.com\/embed\/fTtCdf4hlgA?rel=0\" height=\"278\" width=\"495\" allowfullscreen=\"\" frameborder=\"0\"><\/iframe><\/p>\n<p><a name=\"eichlihiyotlevad\"><\/a>_________________________________________________________________________________________<\/p>\n<h4><b>Eich Lihiyot Levad<\/b><\/h4>\n<h6>Ficci\u00f3n\u00a0|\u00a02015 \/ 22 min \/ Israel \/ L\u00e9sbica<\/h6>\n<p><a href=\"http:\/\/www.movilh.cl\/cine\/wp-content\/uploads\/2016\/09\/how-to-be-alone.jpg\"><img loading=\"lazy\" decoding=\"async\" class=\"size-medium wp-image-842 alignnone\" alt=\"how-to-be-alone\" src=\"http:\/\/www.movilh.cl\/cine\/wp-content\/uploads\/2016\/09\/how-to-be-alone-477x200.jpg\" width=\"477\" height=\"200\" srcset=\"https:\/\/www.movilh.cl\/cine\/wp-content\/uploads\/2016\/09\/how-to-be-alone-477x200.jpg 477w, https:\/\/www.movilh.cl\/cine\/wp-content\/uploads\/2016\/09\/how-to-be-alone-787x330.jpg 787w, https:\/\/www.movilh.cl\/cine\/wp-content\/uploads\/2016\/09\/how-to-be-alone-620x259.jpg 620w, https:\/\/www.movilh.cl\/cine\/wp-content\/uploads\/2016\/09\/how-to-be-alone.jpg 900w\" sizes=\"(max-width: 477px) 100vw, 477px\" \/><\/a><\/p>\n<p><strong>Directora:\u00a0<\/strong>Erez \u00a0Eisenstein.<\/p>\n<p><strong>Int\u00e9rpretes:<\/strong>\u00a0 Nili Tserruya, Ofri Fuchs, Lia Friedman, Or Ilan-Cohen, Rami Baruch.<\/p>\n<p><strong>Sinopsis:<\/strong>\u00a0\u00abEsc\u00fachame: hay vida sin amor. No esperes, no sue\u00f1es y s\u00f3lo entonces, tal vez, quiza, usted tambi\u00e9n aprender\u00e1 a estar solo.\u00bb<\/p>\n<p><iframe loading=\"lazy\" src=\"https:\/\/www.youtube.com\/embed\/0VLFQlCAQc0?rel=0\" height=\"278\" width=\"495\" allowfullscreen=\"\" frameborder=\"0\"><\/iframe><\/p>\n<p style=\"text-align: left;\">\u00a0<a name=\"eldestellodelaluna\"><\/a>_________________________________________________________________________________________<\/p>\n<h4><strong><\/strong><b>El destello de la luna<\/b><\/h4>\n<h6>Ficci\u00f3n\u00a0|\u00a02016 \/ 08 min \/ Chile\/ Mixta<\/h6>\n<p><a href=\"http:\/\/www.movilh.cl\/cine\/wp-content\/uploads\/2016\/09\/destello-de-la-luna.jpg\"><img loading=\"lazy\" decoding=\"async\" class=\" wp-image-840 alignnone\" alt=\"destello-de-la-luna\" src=\"http:\/\/www.movilh.cl\/cine\/wp-content\/uploads\/2016\/09\/destello-de-la-luna-588x330.jpg\" width=\"470\" height=\"264\" srcset=\"https:\/\/www.movilh.cl\/cine\/wp-content\/uploads\/2016\/09\/destello-de-la-luna-588x330.jpg 588w, https:\/\/www.movilh.cl\/cine\/wp-content\/uploads\/2016\/09\/destello-de-la-luna-356x200.jpg 356w, https:\/\/www.movilh.cl\/cine\/wp-content\/uploads\/2016\/09\/destello-de-la-luna-620x347.jpg 620w, https:\/\/www.movilh.cl\/cine\/wp-content\/uploads\/2016\/09\/destello-de-la-luna.jpg 1024w\" sizes=\"(max-width: 470px) 100vw, 470px\" \/><\/a><\/p>\n<p><strong>Director:\u00a0<\/strong>Gustavo Letelier.<\/p>\n<p><strong>Int\u00e9rpretes:<\/strong>\u00a0 Ricardo Herrera, Pablo Sotomayor, Maximiliano Meneses, Patricio Mu\u00f1oz, Paula Leoncini, Nicolas Najle, Paola Pulgar<\/p>\n<p><strong>Sinopsis:<\/strong>\u00a0RENATO e IV\u00c1N son dos actores de mediana edad, viviendo una relaci\u00f3n gay que se ha\u00a0vuelto mon\u00f3tona y poco estimulante a trav\u00e9s de los a\u00f1os. Sus precarias vidas est\u00e1n siempre al\u00a0l\u00edmite porque tratan de seguir haciendo teatro de calidad en Chile, un pa\u00eds al que le interesa\u00a0cada vez menos el arte y la cultura.<\/p>\n<p>Pero esa agobiante rutina diaria cambia de pronto cuando An\u00edbal \u2013 un cineasta joven e\u00a0idealista que no es gay \u2013 los convoca para protagonizar una pel\u00edcula basada en la obra de\u00a0teatro que retrata la vida de Lola y Ana. Personajes cuyos sue\u00f1os deambulan entre un mundo\u00a0de t\u00edteres y fantas\u00edas de un pasado de gloria que nunca existi\u00f3.<\/p>\n<p>Sin embargo, Renato e Iv\u00e1n son tambi\u00e9n parte de una sociedad que segrega y discrimina. Esto\u00a0los obliga a sobreponerse a sus propios prejuicios para interpretar personajes tan fuertes,\u00a0irreverentes y complejos. As\u00ed, a medida que Renato e Iv\u00e1n enfrentan sus propios demonios y\u00a0sanan sus antiguas heridas, descubren una nueva oportunidad para derrotar sus miedos,\u00a0redimirse como actores talentosos y encontrar nuevo significado a sus vidas personales.<\/p>\n<p>Y An\u00edbal no solo logra una gran pel\u00edcula, sino que descubre en Renato un talento notable para\u00a0escribir y realizar sus pr\u00f3ximas pel\u00edculas.<\/p>\n<p><iframe loading=\"lazy\" src=\"https:\/\/www.youtube.com\/embed\/aLX5e1hc13g?rel=0\" height=\"278\" width=\"495\" allowfullscreen=\"\" frameborder=\"0\"><\/iframe><\/p>\n<p><a name=\"elhombrenuevo\"><\/a>_________________________________________________________________________________________<\/p>\n<h4><strong><\/strong><span style=\"color: #000000;\"><b>El Hombre Nuevo<\/b><\/span><\/h4>\n<h6>Documental |\u00a02015 \/ 79 min \/ Uruguay \/ Trans<\/h6>\n<p><a href=\"http:\/\/www.movilh.cl\/cine\/wp-content\/uploads\/2016\/09\/El_hombre_nuevo-462558456-large.jpg\"><img loading=\"lazy\" decoding=\"async\" class=\"alignleft size-medium wp-image-844\" alt=\"El_hombre_nuevo-462558456-large\" src=\"http:\/\/www.movilh.cl\/cine\/wp-content\/uploads\/2016\/09\/El_hombre_nuevo-462558456-large-150x200.jpg\" width=\"150\" height=\"200\" srcset=\"https:\/\/www.movilh.cl\/cine\/wp-content\/uploads\/2016\/09\/El_hombre_nuevo-462558456-large-150x200.jpg 150w, https:\/\/www.movilh.cl\/cine\/wp-content\/uploads\/2016\/09\/El_hombre_nuevo-462558456-large-248x330.jpg 248w, https:\/\/www.movilh.cl\/cine\/wp-content\/uploads\/2016\/09\/El_hombre_nuevo-462558456-large-620x824.jpg 620w, https:\/\/www.movilh.cl\/cine\/wp-content\/uploads\/2016\/09\/El_hombre_nuevo-462558456-large.jpg 902w\" sizes=\"(max-width: 150px) 100vw, 150px\" \/><\/a><\/p>\n<p><strong>Director:\u00a0<\/strong>Aldo Garay.<\/p>\n<p><strong>Protagonista:\u00a0<\/strong> Stephania Mirza Curbelo<\/p>\n<p><strong>Sinopsis:<\/strong>\u00a0Estefan\u00eda tiene 42 a\u00f1os, es una travesti que de ni\u00f1o vivi\u00f3 la revoluci\u00f3n sandinista, de adolescente, en Uruguay, fue un joven modelo, comprometido y revolucionario y que hoy, 26 a\u00f1os despu\u00e9s, luego de superar su adicci\u00f3n a las drogas y salir de la prostituci\u00f3n, se gana la vida cuidando coches en el centro de Montevideo. Veremos su expuesta cotidianidad, su trabajo en la calle. Las humildes habitaciones donde vive, donde el \u00fanico decorado es un enorme afiche de Daniel Ortega. Compartiremos su necesidad de recomponer su v\u00ednculo con la familia que dej\u00f3 en Nicaragua y de volver a su pa\u00eds natal. Su deseo de ser aceptada como la mujer que es ahora. Estefan\u00eda y el realizador se conocen desde hace 20 a\u00f1os. Se cuenta con registros en diferentes etapas en la vida de Estefan\u00eda.<\/p>\n<p><iframe loading=\"lazy\" src=\"https:\/\/www.youtube.com\/embed\/mGjBZ7v_glc?rel=0\" height=\"278\" width=\"495\" allowfullscreen=\"\" frameborder=\"0\"><\/iframe><\/p>\n<p><a name=\"elitaliano\"><\/a>_________________________________________________________________________________________<\/p>\n<h4><strong><b>El Italiano<\/b><\/strong><\/h4>\n<h6>Cortometraje |\u00a02015 \/ 3 min \/ Espa\u00f1a\/ Gay<\/h6>\n<p><a href=\"http:\/\/www.movilh.cl\/cine\/wp-content\/uploads\/2016\/09\/10-frame2_El-Italiano-2.jpg\"><img loading=\"lazy\" decoding=\"async\" class=\"alignleft size-medium wp-image-847\" alt=\"10-frame2_El Italiano-2\" src=\"http:\/\/www.movilh.cl\/cine\/wp-content\/uploads\/2016\/09\/10-frame2_El-Italiano-2-355x200.jpg\" width=\"355\" height=\"200\" srcset=\"https:\/\/www.movilh.cl\/cine\/wp-content\/uploads\/2016\/09\/10-frame2_El-Italiano-2-355x200.jpg 355w, https:\/\/www.movilh.cl\/cine\/wp-content\/uploads\/2016\/09\/10-frame2_El-Italiano-2-586x330.jpg 586w, https:\/\/www.movilh.cl\/cine\/wp-content\/uploads\/2016\/09\/10-frame2_El-Italiano-2-620x348.jpg 620w, https:\/\/www.movilh.cl\/cine\/wp-content\/uploads\/2016\/09\/10-frame2_El-Italiano-2.jpg 1920w\" sizes=\"(max-width: 355px) 100vw, 355px\" \/><\/a><\/p>\n<p><strong>Director:<\/strong>\u00a0Cenzo\u00a0A. De Haro.<\/p>\n<p><strong>Int\u00e9rpretes:\u00a0<\/strong>Joan Carles\u00a0Suau.<\/p>\n<p><strong>Sinopsis:<\/strong>\u00a0\u00bfQui\u00e9n no se ha enamorado de un imposible?.<\/p>\n<p>&nbsp;<\/p>\n<p>&nbsp;<\/p>\n<p><a name=\"elvirusdelmiedo\"><\/a>_________________________________________________________________________________________<\/p>\n<h4><strong><\/strong><b><span style=\"color: #000000;\">El Virus del Miedo<\/span>\u00a0<\/b><\/h4>\n<h6>Ficci\u00f3n |\u00a02015 \/ 75 min \/ Espa\u00f1a \/ Gay<\/h6>\n<p><a href=\"http:\/\/www.movilh.cl\/cine\/wp-content\/uploads\/2016\/09\/el-virus-del-miedo.jpg\"><img loading=\"lazy\" decoding=\"async\" class=\" wp-image-849 alignnone\" alt=\"el-virus-del-miedo\" src=\"http:\/\/www.movilh.cl\/cine\/wp-content\/uploads\/2016\/09\/el-virus-del-miedo-586x330.jpg\" width=\"469\" height=\"264\" srcset=\"https:\/\/www.movilh.cl\/cine\/wp-content\/uploads\/2016\/09\/el-virus-del-miedo-586x330.jpg 586w, https:\/\/www.movilh.cl\/cine\/wp-content\/uploads\/2016\/09\/el-virus-del-miedo-355x200.jpg 355w, https:\/\/www.movilh.cl\/cine\/wp-content\/uploads\/2016\/09\/el-virus-del-miedo-620x348.jpg 620w, https:\/\/www.movilh.cl\/cine\/wp-content\/uploads\/2016\/09\/el-virus-del-miedo.jpg 1024w\" sizes=\"(max-width: 469px) 100vw, 469px\" \/><\/a><\/p>\n<p><strong>Director:<\/strong>\u00a0Ventura Pons.<\/p>\n<p><strong>Int\u00e9rpretes:\u00a0<\/strong>Roser Batalla, Rub\u00e8n de Eguia, Albert Ausell\u00e9, Santi Ricart, Diana G\u00f3mez, Xavier Pujolr\u00e0s, Anna Azcona.<\/p>\n<p><strong>Sinopsis:<\/strong>\u00a0El d\u00eda que los caballitos de mar, el grupo infantil de nataci\u00f3n de la piscina municipal, empiezan a nadar sin burbuja, se produce un hecho para saca a flote sospechas, dudas y temores. Anna, la directora del club de nataci\u00f3n, se enfrenta a un dif\u00edcil dilema y pide explicaciones a Jordi, el entrenador, despu\u00e9s que algunos padres se hayan quejado de como el chico ha gestionado la negativa a lanzarse al agua de uno de los ni\u00f1os, que no quiere hacerlo porque est\u00e1 asustado. Jordi asegura que ha actuado con tacto y que no lo ha re\u00f1ido ni asustado. \u00a0El problema, pero, es otro: los padres ven con inquietud y preocupaci\u00f3n que, para tranquilizarlo, lo haya abrazado y le haya dado un beso. El conflicto empieza cuando cada uno da su versi\u00f3n de ese gesto. Las versiones sobre el beso no coinciden. \u00bfSe trata de un gesto de afecto para calmar a un ni\u00f1o asustado o detr\u00e1s se oculta alguna otra cosa? La sospecha alimenta el miedo y esta genera violencia. \u00a0H\u00e8ctor, el otro monitor de la piscina, se desentiende de Jordi y se embarca en una batalla de dudas y temores. No se mete, no se pronuncia. Su silencio es el de la conformidad, el de las mayor\u00edas sumisas. \u00a0\u00bfQueremos vivir en un mundo donde los mecanismos de control y de sospecha se activen para prevenir cualquier riesgo o en un mundo donde un gesto de ternura no se penalice ni se cuestione? El virus del miedo abre interrogantes sobre los miedos contempor\u00e1neos, las relaciones humanas, los prejuicios y la confianza.<\/p>\n<p><iframe loading=\"lazy\" src=\"https:\/\/www.youtube.com\/embed\/MVAsma_NRCo?rel=0\" height=\"278\" width=\"495\" allowfullscreen=\"\" frameborder=\"0\"><\/iframe><\/p>\n<p><a name=\"fuguo\"><\/a>_________________________________________________________________________________________<\/p>\n<h4><strong><\/strong><b>FU GUO (SAND\u00cdA AMARGA)<\/b><\/h4>\n<h6>Cortometraje |\u00a02015 \u00a0\/ 19 min \/ Espa\u00f1a &#8211; China \/ Mixto<\/h6>\n<p><a href=\"http:\/\/www.movilh.cl\/cine\/wp-content\/uploads\/2016\/09\/sandia-amarga.jpg\"><img loading=\"lazy\" decoding=\"async\" class=\" wp-image-856 alignnone\" alt=\"sandia-amarga\" src=\"http:\/\/www.movilh.cl\/cine\/wp-content\/uploads\/2016\/09\/sandia-amarga-595x330.jpg\" width=\"476\" height=\"264\" srcset=\"https:\/\/www.movilh.cl\/cine\/wp-content\/uploads\/2016\/09\/sandia-amarga-595x330.jpg 595w, https:\/\/www.movilh.cl\/cine\/wp-content\/uploads\/2016\/09\/sandia-amarga-360x200.jpg 360w, https:\/\/www.movilh.cl\/cine\/wp-content\/uploads\/2016\/09\/sandia-amarga-620x343.jpg 620w, https:\/\/www.movilh.cl\/cine\/wp-content\/uploads\/2016\/09\/sandia-amarga.jpg 900w\" sizes=\"(max-width: 476px) 100vw, 476px\" \/><\/a><\/p>\n<p><strong>Director:\u00a0<\/strong>Roberto F. Canuto y Xiaoxi<\/p>\n<p><strong>Int\u00e9rpretes:\u00a0<\/strong>Vincent Chen Xi, Celia Yu Yinmeng, Wen Sirui, Xu Xu<\/p>\n<p><strong>Sinopsis:<\/strong>\u00a0Una jornada de pasi\u00f3n, una noche amarga. El joven Xiao Cheng pedir\u00e1 ayuda a su amiga Fiona y la compa\u00f1era de \u00e9sta para resolver un grave problema, el chico con quien ha pasado la tarde ha muerto en su cama por el efecto de una droga. Ha transgredido las leyes. Ninguno sabe qu\u00e9 hacer. Y nada saldr\u00e1 como hab\u00edan planeado.<\/p>\n<p><iframe loading=\"lazy\" src=\"https:\/\/www.youtube.com\/embed\/RQ2oKbXcdPU?rel=0\" height=\"278\" width=\"495\" allowfullscreen=\"\" frameborder=\"0\"><\/iframe><\/p>\n<p><a name=\"lapiscina\"><\/a>_________________________________________________________________________________________<\/p>\n<h4><strong>La Piscina<\/strong><\/h4>\n<h6><b>Cortometraje |\u00a02014 \/ 11 min \/\u00a0Uruguay\u00a0\/ Trans<\/b><\/h6>\n<p><a href=\"http:\/\/www.movilh.cl\/cine\/wp-content\/uploads\/2016\/09\/la-piscina137134_01.jpg\"><img loading=\"lazy\" decoding=\"async\" class=\"size-large wp-image-853 alignnone\" alt=\"la piscina137134_01\" src=\"http:\/\/www.movilh.cl\/cine\/wp-content\/uploads\/2016\/09\/la-piscina137134_01-495x330.jpg\" width=\"495\" height=\"330\" srcset=\"https:\/\/www.movilh.cl\/cine\/wp-content\/uploads\/2016\/09\/la-piscina137134_01-495x330.jpg 495w, https:\/\/www.movilh.cl\/cine\/wp-content\/uploads\/2016\/09\/la-piscina137134_01-300x200.jpg 300w, https:\/\/www.movilh.cl\/cine\/wp-content\/uploads\/2016\/09\/la-piscina137134_01-620x412.jpg 620w, https:\/\/www.movilh.cl\/cine\/wp-content\/uploads\/2016\/09\/la-piscina137134_01.jpg 1500w\" sizes=\"(max-width: 495px) 100vw, 495px\" \/><\/a><\/p>\n<p><strong>Director:<\/strong>\u00a0Mariana Winarz y Roc\u00edo Llamb\u00eda.<\/p>\n<p><strong>Int\u00e9rpretes: <\/strong>\u00a0Mariana Di Matteo Madre &#8211; Mar\u00eda Elena P\u00e9rez<\/p>\n<p><strong>Sinopsis:\u00a0<\/strong>La infancia est\u00e1 llegando a su fin: con 12 a\u00f1os y un cuerpo que est\u00e1 cambiando, Lina empieza a tomar decisiones sobre su identidad que van en contra de lo que su madre quiere para ella.<\/p>\n<p><a name=\"kremlin\"><\/a>_________________________________________________________________________________________<\/p>\n<h4><strong><b>La Primavera Rosa \u2013 Kremlin\u00a0<\/b><\/strong><\/h4>\n<h6><b>Documental |\u00a02015 \/ 20 min \/ Espa\u00f1a \/ Mixto<\/b><\/h6>\n<p><strong>Director:<\/strong>\u00a0Mario de la Torre.<\/p>\n<p><strong>Sinopsis:\u00a0<\/strong>1917: la homosexualidad es discriminalizada en Rusia. 1933: la homosexualidad se convierte en delito de nuevo. 1993: la homosexualidad se vuelve a legalizar. 2013: Vladimir Putin auspicia nuevas medidas legales que discriminan y vejan a la poblaci\u00f3n LGBT.<\/p>\n<p><iframe loading=\"lazy\" src=\"https:\/\/player.vimeo.com\/video\/124403188\" height=\"278\" width=\"495\" allowfullscreen=\"\" frameborder=\"0\"><\/iframe><\/p>\n<p><a name=\"mexico\"><\/a>_________________________________________________________________________________________<\/p>\n<h4><strong><\/strong><strong>La Primavera Rosa \u2013 M\u00e9xico\u00a0<\/strong><\/h4>\n<h6><b>Documental |\u00a02016 \/ 23 min \/ Espa\u00f1a \/ Mixto<\/b><\/h6>\n<p><strong>Director:<\/strong>\u00a0Mario de la Torre.<\/p>\n<p><strong>Sinopsis:\u00a0<\/strong>A pesar de haberse legalizado el matrimonio homosexual, M\u00e9xico ocupa el segundo lugar mundial en la tasa de asesinatos cometidos contra la poblaci\u00f3n LGBT. Aunque activistas han arriesgado sus vidas denunciando este hecho, la impunidad rodea estos cr\u00edmenes de odio.<\/p>\n<p><iframe loading=\"lazy\" src=\"https:\/\/player.vimeo.com\/video\/162087610\" height=\"278\" width=\"495\" allowfullscreen=\"\" frameborder=\"0\"><\/iframe><\/p>\n<p><a name=\"tunez\"><\/a>_________________________________________________________________________________________<\/p>\n<h4><strong>La Primavera Rosa \u2013 T\u00fanez<\/strong><\/h4>\n<h6><b>Documental |\u00a02014 \/ 17 min \/ Espa\u00f1a \/ Mixto<\/b><\/h6>\n<p><strong>Director:<\/strong>\u00a0Mario de la Torre.<\/p>\n<p><strong>Sinopsis:\u00a0<\/strong>Diciembre 2010: Un joven tunecino se prende fuego. Estalla la revoluci\u00f3n. 2011: Las revueltas se extienden contra el poder tir\u00e1nico. La primavera \u00e1rabe. 2012: Los partidos islamistas toman el poder y los gays, lesbianas, bisexuales y transexuales ven sus libertades a\u00fan m\u00e1s mermadas. 2013: \u00bfUna nueva revoluci\u00f3n? La primavera rosa.<\/p>\n<p><iframe loading=\"lazy\" src=\"https:\/\/www.youtube.com\/embed\/SzG6VzivKIQ?rel=0\" height=\"278\" width=\"495\" allowfullscreen=\"\" frameborder=\"0\"><\/iframe><\/p>\n<p><a name=\"lesoldatvierge\"><\/a>_________________________________________________________________________________________<\/p>\n<h4><span style=\"color: #000000;\"><b>Le Soldat Vierge<\/b><\/span><\/h4>\n<h6>Cortometraje |\u00a02016 \/ 38 min \/ Francia \/ Gay<\/h6>\n<p><a href=\"http:\/\/www.movilh.cl\/cine\/wp-content\/uploads\/2016\/09\/el-soldado-virgen-130371_01.jpg\"><img loading=\"lazy\" decoding=\"async\" class=\"size-large wp-image-861 alignnone\" alt=\"el soldado virgen 130371_01\" src=\"http:\/\/www.movilh.cl\/cine\/wp-content\/uploads\/2016\/09\/el-soldado-virgen-130371_01-438x330.jpg\" width=\"438\" height=\"330\" srcset=\"https:\/\/www.movilh.cl\/cine\/wp-content\/uploads\/2016\/09\/el-soldado-virgen-130371_01-438x330.jpg 438w, https:\/\/www.movilh.cl\/cine\/wp-content\/uploads\/2016\/09\/el-soldado-virgen-130371_01-265x200.jpg 265w, https:\/\/www.movilh.cl\/cine\/wp-content\/uploads\/2016\/09\/el-soldado-virgen-130371_01-620x466.jpg 620w, https:\/\/www.movilh.cl\/cine\/wp-content\/uploads\/2016\/09\/el-soldado-virgen-130371_01.jpg 900w\" sizes=\"(max-width: 438px) 100vw, 438px\" \/><\/a><\/p>\n<p><strong>Director:<\/strong>\u00a0Erwan Le Duc.<\/p>\n<p><strong>Int\u00e9rpretes:\u00a0<\/strong>\u00a0Christophe Monteen, Nicolas Chupin, Maud Wyler, Atmen Kalif, Yan Tassin, Thomas Morris, Alexandre Steiger.<\/p>\n<p><strong>Sinopsis:\u00a0<\/strong>Dos soldados, Daniel y Jerome, huyen de una guerra que no vemos y de la que no sabemos nada. Jerome est\u00e1 gravemente herido, va a morir, lo dice, \u00e9l lo sabe, tiene miedo. A continuaci\u00f3n, J\u00e9rome confiesa a Daniel su \u00faltima voluntad: \u00e9l no quiere morir virgen, quiere morir amado &#8230;<\/p>\n<p><iframe loading=\"lazy\" src=\"https:\/\/player.vimeo.com\/video\/164266259\" height=\"278\" width=\"495\" allowfullscreen=\"\" frameborder=\"0\"><\/iframe><\/p>\n<p><a name=\"lightrapping\"><\/a>_________________________________________________________________________________________<\/p>\n<h4><strong><\/strong><b>Lightrapping<\/b><\/h4>\n<h6>Cortometraje |\u00a02016 \/ 22 min \/ Brasil \/ Gay<\/h6>\n<p><a href=\"http:\/\/www.movilh.cl\/cine\/wp-content\/uploads\/2016\/09\/Lightrapping137708_01.jpg\"><img loading=\"lazy\" decoding=\"async\" class=\" wp-image-859 alignnone\" alt=\"Lightrapping137708_01\" src=\"http:\/\/www.movilh.cl\/cine\/wp-content\/uploads\/2016\/09\/Lightrapping137708_01-627x330.jpg\" width=\"434\" height=\"228\" srcset=\"https:\/\/www.movilh.cl\/cine\/wp-content\/uploads\/2016\/09\/Lightrapping137708_01-627x330.jpg 627w, https:\/\/www.movilh.cl\/cine\/wp-content\/uploads\/2016\/09\/Lightrapping137708_01-380x200.jpg 380w, https:\/\/www.movilh.cl\/cine\/wp-content\/uploads\/2016\/09\/Lightrapping137708_01-620x325.jpg 620w, https:\/\/www.movilh.cl\/cine\/wp-content\/uploads\/2016\/09\/Lightrapping137708_01.jpg 900w\" sizes=\"(max-width: 434px) 100vw, 434px\" \/><\/a><\/p>\n<p><strong>Director:<\/strong>\u00a0Mario Miranda P\u00e9rez.<\/p>\n<p><strong>Int\u00e9rpretes:\u00a0<\/strong> Pedro Le\u00e3o, Julio Machado<\/p>\n<p><strong>Sinopsis:\u00a0<\/strong>Gustavo es un fot\u00f3grafo que registra los cuerpos de hombres desnudos en espacios p\u00fablicos de Sao Paulo. Una noche, el joven Pedro lo acompa\u00f1a, curioso y indeciso sobre participar en el proyecto. La ciudad ser\u00e1 testigo de la jornada.<\/p>\n<p><a name=\"losamoresinconclusos\"><\/a>_________________________________________________________________________________________<\/p>\n<h4><strong><b>Los Amores Inconclusos<\/b><\/strong><\/h4>\n<h6>Ficci\u00f3n |\u00a02015 \/ 117 min \/ Espa\u00f1a \/ Mixto<\/h6>\n<p><a href=\"http:\/\/www.movilh.cl\/cine\/wp-content\/uploads\/2016\/09\/los-amores-inconclusos.jpg\"><img loading=\"lazy\" decoding=\"async\" class=\"alignnone  wp-image-863\" alt=\"los-amores-inconclusos\" src=\"http:\/\/www.movilh.cl\/cine\/wp-content\/uploads\/2016\/09\/los-amores-inconclusos-586x330.jpg\" width=\"469\" height=\"264\" srcset=\"https:\/\/www.movilh.cl\/cine\/wp-content\/uploads\/2016\/09\/los-amores-inconclusos-586x330.jpg 586w, https:\/\/www.movilh.cl\/cine\/wp-content\/uploads\/2016\/09\/los-amores-inconclusos-355x200.jpg 355w, https:\/\/www.movilh.cl\/cine\/wp-content\/uploads\/2016\/09\/los-amores-inconclusos-620x348.jpg 620w, https:\/\/www.movilh.cl\/cine\/wp-content\/uploads\/2016\/09\/los-amores-inconclusos.jpg 1920w\" sizes=\"(max-width: 469px) 100vw, 469px\" \/><\/a><\/p>\n<p><strong>Director:\u00a0<\/strong>Frank Toro<\/p>\n<p><strong>Int\u00e9rpretes:\u00a0<\/strong>\u00a0Xavi Duch, Roger Berruezo, Laya Mart\u00ed, MontPlans, Adolfo \u00c1lvarez, Rosa Cadafalch, Judit Saula, \u00d3scar Contreras, Emilio Contreras, Emilio Jos\u00e9 Moya, Maribel Corral.<\/p>\n<p><strong>Sinopsis:\u00a0<\/strong>Tres amigos comparten piso en el centro de Barcelona. Dani, parapl\u00e9jico desde los diecisiete a\u00f1os, vive encerrado en un armario de doble cerradura, amargado y sumergido en sus recuerdos de adolescencia. Ver\u00f3nica, que sufri\u00f3 un ictus y tiene movilidad reducida, oculta a Soledad, su madre, que es lesbiana y que mantiene una relaci\u00f3n estable desde hace dos a\u00f1os. Adolfo, dragqueen ciego, se propone iniciar una nueva vida en pareja. Pero sus vidas cambian con la aparici\u00f3n de Eduardo, el \u00fanico amigo de Dani antes de sufrir el \u201caccidente\u201d.<\/p>\n<p><iframe loading=\"lazy\" src=\"https:\/\/player.vimeo.com\/video\/82499530\" height=\"278\" width=\"495\" allowfullscreen=\"\" frameborder=\"0\"><\/iframe><\/p>\n<p><a name=\"mascaras\"><\/a>_________________________________________________________________________________________<\/p>\n<h4><strong><b>M\u00e1scaras<\/b><\/strong><\/h4>\n<h6>Cortometraje \u00a0|\u00a02015 \/ 13 min \/ B\u00e9lgica \/ Gay<\/h6>\n<p><a href=\"http:\/\/www.movilh.cl\/cine\/wp-content\/uploads\/2016\/09\/mascaras-121049_01.jpg\"><img loading=\"lazy\" decoding=\"async\" class=\"alignnone size-large wp-image-865\" alt=\"mascaras 121049_01\" src=\"http:\/\/www.movilh.cl\/cine\/wp-content\/uploads\/2016\/09\/mascaras-121049_01-733x330.jpg\" width=\"620\" height=\"279\" srcset=\"https:\/\/www.movilh.cl\/cine\/wp-content\/uploads\/2016\/09\/mascaras-121049_01-733x330.jpg 733w, https:\/\/www.movilh.cl\/cine\/wp-content\/uploads\/2016\/09\/mascaras-121049_01-444x200.jpg 444w, https:\/\/www.movilh.cl\/cine\/wp-content\/uploads\/2016\/09\/mascaras-121049_01-620x279.jpg 620w, https:\/\/www.movilh.cl\/cine\/wp-content\/uploads\/2016\/09\/mascaras-121049_01.jpg 900w\" sizes=\"(max-width: 620px) 100vw, 620px\" \/><\/a><\/p>\n<p><strong>Director:<\/strong>\u00a0David San Juan.<\/p>\n<p><strong>Int\u00e9rpretes:<\/strong>\u00a0 Nicolas Louis, \u00a0AntojO.<\/p>\n<p><strong>Sinopsis:<\/strong>\u00a0Dos amigos vuelven a casa despu\u00e9s de una fiesta de disfraces. Bajo las m\u00e1scaras y el maquillaje, se esconde un sentimiento y el miedo a dejarse ver tal y como son.<\/p>\n<p><a name=\"maximo\"><\/a>_________________________________________________________________________________________<\/p>\n<h4><strong><\/strong><b>M\u00e1ximo<\/b><\/h4>\n<h6>Cortometraje documental |\u00a02016 \/ 7 min \/ Chile \/ Trans<\/h6>\n<p><a href=\"http:\/\/www.movilh.cl\/cine\/wp-content\/uploads\/2016\/09\/Poster_M\u00e1ximo-2.jpg\"><img loading=\"lazy\" decoding=\"async\" class=\"size-large wp-image-867 alignleft\" alt=\"Poster_M\u00e1ximo-2\" src=\"http:\/\/www.movilh.cl\/cine\/wp-content\/uploads\/2016\/09\/Poster_M\u00e1ximo-2-247x330.jpg\" width=\"247\" height=\"330\" srcset=\"https:\/\/www.movilh.cl\/cine\/wp-content\/uploads\/2016\/09\/Poster_M\u00e1ximo-2-247x330.jpg 247w, https:\/\/www.movilh.cl\/cine\/wp-content\/uploads\/2016\/09\/Poster_M\u00e1ximo-2-150x200.jpg 150w, https:\/\/www.movilh.cl\/cine\/wp-content\/uploads\/2016\/09\/Poster_M\u00e1ximo-2-620x826.jpg 620w, https:\/\/www.movilh.cl\/cine\/wp-content\/uploads\/2016\/09\/Poster_M\u00e1ximo-2.jpg 1772w\" sizes=\"(max-width: 247px) 100vw, 247px\" \/><\/a><\/p>\n<p><strong>Director:<\/strong>\u00a0Sebasti\u00e1n Castillo.<\/p>\n<p><strong>Sinopsis:<\/strong>\u00a0M\u00e1ximo en busca de oportunidades llega a Chile como muchos otros de sus compatriotas. Distintos caminos toma al tratar de integrarse a nuestra sociedad, pero quien es verdaderamente hace que el retorno a Argentina este cada vez mas presente.<\/p>\n<p><a name=\"minombrenoesali\"><\/a>_________________________________________________________________________________________<\/p>\n<h4><strong><b>Mi nombre no es Al\u00ed\u00a0<\/b><\/strong><\/h4>\n<h6>Documental |\u00a02011 \/ 92 min \/ Alemania \/ Mixta<\/h6>\n<p style=\"text-align: left;\"><a href=\"http:\/\/www.movilh.cl\/cine\/wp-content\/uploads\/2016\/09\/ALI_IM_PARADIES_4_1.jpg\"><img loading=\"lazy\" decoding=\"async\" class=\"alignnone  wp-image-869\" alt=\"ALI_IM_PARADIES_4_1\" src=\"http:\/\/www.movilh.cl\/cine\/wp-content\/uploads\/2016\/09\/ALI_IM_PARADIES_4_1-587x330.jpg\" width=\"470\" height=\"264\" srcset=\"https:\/\/www.movilh.cl\/cine\/wp-content\/uploads\/2016\/09\/ALI_IM_PARADIES_4_1-587x330.jpg 587w, https:\/\/www.movilh.cl\/cine\/wp-content\/uploads\/2016\/09\/ALI_IM_PARADIES_4_1-355x200.jpg 355w, https:\/\/www.movilh.cl\/cine\/wp-content\/uploads\/2016\/09\/ALI_IM_PARADIES_4_1-620x348.jpg 620w, https:\/\/www.movilh.cl\/cine\/wp-content\/uploads\/2016\/09\/ALI_IM_PARADIES_4_1.jpg 1151w\" sizes=\"(max-width: 470px) 100vw, 470px\" \/><\/a><\/p>\n<p><strong>Director:<\/strong>\u00a0Viola Shafik<\/p>\n<p><strong>Int\u00e9rpretes:\u00a0<\/strong> Micheline Boussaingault, Boti Garcia Rodrigo, Jocelyne Pasqualini y Empar Pineda<\/p>\n<p><strong>Sinopsis:<\/strong>\u00a0El 15 de mayo de 1976 muri\u00f3 El Hedi Ben Salem M&#8217;barek Mohammed Mustafa en una prisi\u00f3n de Nimes. \u00c9l era, a principios de los a\u00f1os 70, el compa\u00f1ero sentimental de Rainer Werner Fassbinder y fue el actor principal en su pel\u00edcula ANGST ESSEN SEELE AUF (EL MIEDO DEVORA EL ALMA). Circulan numerosos rumores sobre la vida y la muerte del marroqu\u00ed de nacimiento que conoci\u00f3 a Fassbinder en Par\u00eds. La directora de cine Viola Shafik, que creci\u00f3 en Alemania y Egipto, comienza a buscar pistas. Interroga a antiguos compa\u00f1eros de trabajo de Fassbinder en Alemania y a miembros de la familia de Salem en Francia y en el Norte de \u00c1frica. En el proceso, se encuentra con el complicado destino de los dos hijos de Salem, a los que Fassbinder trajo en su d\u00eda a Alemania. El resultado de la investigaci\u00f3n de Viola Shafik es una pel\u00edcula documental muy reveladora, en parte gracias a sus propias contradicciones, entre otras, acerca del abismo entre los ideales y la realidad de la vida de Fassbinder y su entorno.<\/p>\n<p><a name=\"noesnada\"><\/a>_________________________________________________________________________________________<\/p>\n<h4 id=\"main-title\"><strong><b>No es Nada<\/b><\/strong><\/h4>\n<h6>Cortometraje |\u00a02015 \/ 12 min \/ Espa\u00f1a \/ Gay<\/h6>\n<p><a href=\"http:\/\/www.movilh.cl\/cine\/wp-content\/uploads\/2016\/09\/Aitor-Madrid-restaurante-copia.jpg\"><img loading=\"lazy\" decoding=\"async\" class=\"alignnone size-medium wp-image-871\" alt=\"Aitor Madrid restaurante copia\" src=\"http:\/\/www.movilh.cl\/cine\/wp-content\/uploads\/2016\/09\/Aitor-Madrid-restaurante-copia-478x200.jpg\" width=\"478\" height=\"200\" srcset=\"https:\/\/www.movilh.cl\/cine\/wp-content\/uploads\/2016\/09\/Aitor-Madrid-restaurante-copia-478x200.jpg 478w, https:\/\/www.movilh.cl\/cine\/wp-content\/uploads\/2016\/09\/Aitor-Madrid-restaurante-copia-789x330.jpg 789w, https:\/\/www.movilh.cl\/cine\/wp-content\/uploads\/2016\/09\/Aitor-Madrid-restaurante-copia-620x259.jpg 620w, https:\/\/www.movilh.cl\/cine\/wp-content\/uploads\/2016\/09\/Aitor-Madrid-restaurante-copia.jpg 1918w\" sizes=\"(max-width: 478px) 100vw, 478px\" \/><\/a><\/p>\n<p><strong>Director:<\/strong>\u00a0Jos\u00e9 Antonio Cort\u00e9s Amunarriz<\/p>\n<p><strong>Sinopsis:\u00a0<\/strong>Una madre descubre que su hijo es acosado en el instituto e intenta hablar con \u00e9l\u00a0sobre c\u00f3mo afrontarlo. Casualmente el destino provoca un encuentro inesperado.<\/p>\n<p><a name=\"outlawedvineyards\"><\/a>_________________________________________________________________________________________<\/p>\n<h4><strong><b>Outlawed Vineyards<\/b><\/strong><\/h4>\n<h6>Cortometraje |\u00a02016 \/ 19 min \/ EE.UU. \/ Bisexual<\/h6>\n<p><a href=\"http:\/\/www.movilh.cl\/cine\/wp-content\/uploads\/2016\/09\/outlawed_vineyards_-_picture_4.jpg\"><img loading=\"lazy\" decoding=\"async\" class=\"alignnone  wp-image-872\" alt=\"outlawed_vineyards_-_picture_4\" src=\"http:\/\/www.movilh.cl\/cine\/wp-content\/uploads\/2016\/09\/outlawed_vineyards_-_picture_4-586x330.jpg\" width=\"469\" height=\"264\" srcset=\"https:\/\/www.movilh.cl\/cine\/wp-content\/uploads\/2016\/09\/outlawed_vineyards_-_picture_4-586x330.jpg 586w, https:\/\/www.movilh.cl\/cine\/wp-content\/uploads\/2016\/09\/outlawed_vineyards_-_picture_4-355x200.jpg 355w, https:\/\/www.movilh.cl\/cine\/wp-content\/uploads\/2016\/09\/outlawed_vineyards_-_picture_4-620x348.jpg 620w, https:\/\/www.movilh.cl\/cine\/wp-content\/uploads\/2016\/09\/outlawed_vineyards_-_picture_4.jpg 1366w\" sizes=\"(max-width: 469px) 100vw, 469px\" \/><\/a><\/p>\n<p><strong>Director:\u00a0<\/strong>Joaqu\u00edn Fernand.<\/p>\n<p><strong>Int\u00e9rpretes:<\/strong>\u00a0 Al Bowen, Shannon Walton, Jared Egusa, Marcus Coronel, Jessica Abrams.<\/p>\n<p><strong>Sinopsis:<\/strong>\u00a0La estrecha relaci\u00f3n que mantiene un profesor con una alumna lo conducir\u00e1 a un descubrimiento no esperado donde no s\u00f3lo aprender\u00e1 m\u00e1s sobre los dem\u00e1s sino tambi\u00e9n sobre s\u00ed mismo.<\/p>\n<p><iframe loading=\"lazy\" src=\"https:\/\/www.youtube.com\/embed\/lV3BCkkJKY4?rel=0\" height=\"278\" width=\"495\" allowfullscreen=\"\" frameborder=\"0\"><\/iframe><\/p>\n<p><a name=\"pandevida\"><\/a>_________________________________________________________________________________________<\/p>\n<h4><strong><b>Pan de Vida\u00a0<\/b><\/strong><\/h4>\n<h6>Corto documental |\u00a02015 \/ 7 min \/ Espa\u00f1a \u00a0\/\u00a0Mixto<\/h6>\n<p><a href=\"http:\/\/www.movilh.cl\/cine\/wp-content\/uploads\/2016\/09\/Pan-de-vida-109331_01.jpg\"><img loading=\"lazy\" decoding=\"async\" class=\"alignnone  wp-image-874\" alt=\"Pan de vida 109331_01\" src=\"http:\/\/www.movilh.cl\/cine\/wp-content\/uploads\/2016\/09\/Pan-de-vida-109331_01-586x330.jpg\" width=\"410\" height=\"231\" srcset=\"https:\/\/www.movilh.cl\/cine\/wp-content\/uploads\/2016\/09\/Pan-de-vida-109331_01-586x330.jpg 586w, https:\/\/www.movilh.cl\/cine\/wp-content\/uploads\/2016\/09\/Pan-de-vida-109331_01-355x200.jpg 355w, https:\/\/www.movilh.cl\/cine\/wp-content\/uploads\/2016\/09\/Pan-de-vida-109331_01-620x348.jpg 620w, https:\/\/www.movilh.cl\/cine\/wp-content\/uploads\/2016\/09\/Pan-de-vida-109331_01.jpg 900w\" sizes=\"(max-width: 410px) 100vw, 410px\" \/><\/a><\/p>\n<p><strong>Director:<\/strong>\u00a0Sergio Garc\u00eda Locatelli.<\/p>\n<p><strong>Sinopsis:<\/strong>\u00a0Alejandro busca la felicidad y no concibe el amor sin religi\u00f3n. Desde que decidi\u00f3 dejar el lastre de la culpa, vive a plenitud su identidad.<\/p>\n<p><a name=\"piubuiodimezzanotte\"><\/a>_________________________________________________________________________________________<\/p>\n<h4><strong><\/strong><b>Pi\u00f9 buio di mezzanotte<\/b><\/h4>\n<h6>Ficci\u00f3n |\u00a02014 \/ 96 min \/ Italia \/ Trans<\/h6>\n<p><a href=\"http:\/\/www.movilh.cl\/cine\/wp-content\/uploads\/2016\/09\/piu-buio-di-mezzanotte-davide-capone-e-micaela-ramazzoti-in-una-scena-del-film-373340_jpg_1400x0_q85.jpg\"><img loading=\"lazy\" decoding=\"async\" class=\"alignnone size-large wp-image-876\" alt=\"piu-buio-di-mezzanotte-davide-capone-e-micaela-ramazzoti-in-una-scena-del-film-373340_jpg_1400x0_q85\" src=\"http:\/\/www.movilh.cl\/cine\/wp-content\/uploads\/2016\/09\/piu-buio-di-mezzanotte-davide-capone-e-micaela-ramazzoti-in-una-scena-del-film-373340_jpg_1400x0_q85-550x330.jpg\" width=\"550\" height=\"330\" srcset=\"https:\/\/www.movilh.cl\/cine\/wp-content\/uploads\/2016\/09\/piu-buio-di-mezzanotte-davide-capone-e-micaela-ramazzoti-in-una-scena-del-film-373340_jpg_1400x0_q85-550x330.jpg 550w, https:\/\/www.movilh.cl\/cine\/wp-content\/uploads\/2016\/09\/piu-buio-di-mezzanotte-davide-capone-e-micaela-ramazzoti-in-una-scena-del-film-373340_jpg_1400x0_q85-300x180.jpg 300w, https:\/\/www.movilh.cl\/cine\/wp-content\/uploads\/2016\/09\/piu-buio-di-mezzanotte-davide-capone-e-micaela-ramazzoti-in-una-scena-del-film-373340_jpg_1400x0_q85-333x200.jpg 333w, https:\/\/www.movilh.cl\/cine\/wp-content\/uploads\/2016\/09\/piu-buio-di-mezzanotte-davide-capone-e-micaela-ramazzoti-in-una-scena-del-film-373340_jpg_1400x0_q85-620x371.jpg 620w, https:\/\/www.movilh.cl\/cine\/wp-content\/uploads\/2016\/09\/piu-buio-di-mezzanotte-davide-capone-e-micaela-ramazzoti-in-una-scena-del-film-373340_jpg_1400x0_q85.jpg 1400w\" sizes=\"(max-width: 550px) 100vw, 550px\" \/><\/a><\/p>\n<p><strong>Director:<\/strong>\u00a0Sebastiano Riso.<\/p>\n<p><strong>Int\u00e9rpretes:<\/strong>\u00a0Davide Capone, Giovanni Gulizia, Vincenzo Amato, Micaela Ramazzotti, Giovanni Mannino, Pippo Delbono, Sebastian Gimelli Morosini, Davide Cordova, Lucia Sardo Laurier.<\/p>\n<p><strong>Sinopsis:<\/strong>\u00a0Davide es distinto a los dem\u00e1s adolescentes ya que, por alg\u00fan motivo, parece una chica. A los catorce a\u00f1os se fuga de casa y su intuici\u00f3n le lleva a elegir Villa Bellini, un parque en Catania, como refugio. El parque es un mundo en s\u00ed mismo, un mundo de marginados, a los que el resto de la ciudad parece ignorar. Pero un d\u00eda el pasado se pone al d\u00eda y Davide tiene que enfrentarse a la decisi\u00f3n m\u00e1s dif\u00edcil, esta vez en solitario.<\/p>\n<p><iframe loading=\"lazy\" src=\"https:\/\/www.youtube.com\/embed\/yylMJSsffJU?rel=0\" height=\"278\" width=\"495\" allowfullscreen=\"\" frameborder=\"0\"><\/iframe><\/p>\n<p><a name=\"portraitofaserialmonogamist\"><\/a>_________________________________________________________________________________________<\/p>\n<h4><strong><b>Portrait of a Serial Monogamist<\/b><\/strong><\/h4>\n<h6>Ficci\u00f3n |\u00a02015 \/ 84 min \/ Canad\u00e1 \/ L\u00e9sbico<\/h6>\n<p><a href=\"http:\/\/www.movilh.cl\/cine\/wp-content\/uploads\/2016\/09\/portraitofaserialmonogamist_01.jpg\"><img loading=\"lazy\" decoding=\"async\" class=\"alignnone  wp-image-879\" alt=\"portraitofaserialmonogamist_01\" src=\"http:\/\/www.movilh.cl\/cine\/wp-content\/uploads\/2016\/09\/portraitofaserialmonogamist_01-586x330.jpg\" width=\"469\" height=\"264\" srcset=\"https:\/\/www.movilh.cl\/cine\/wp-content\/uploads\/2016\/09\/portraitofaserialmonogamist_01-586x330.jpg 586w, https:\/\/www.movilh.cl\/cine\/wp-content\/uploads\/2016\/09\/portraitofaserialmonogamist_01-355x200.jpg 355w, https:\/\/www.movilh.cl\/cine\/wp-content\/uploads\/2016\/09\/portraitofaserialmonogamist_01-620x348.jpg 620w, https:\/\/www.movilh.cl\/cine\/wp-content\/uploads\/2016\/09\/portraitofaserialmonogamist_01.jpg 1800w\" sizes=\"(max-width: 469px) 100vw, 469px\" \/><\/a><\/p>\n<p><strong>Director:\u00a0<\/strong>John Mitchell,\u00a0Christina Zeidler.<\/p>\n<p><strong>Int\u00e9rpretes:\u00a0<\/strong>Raoul Bhaneja, Grace Lynn Kung, Robin Duke, Masa Lizdek, Gavin Crawford, Mackenzie Munro, David Gale, Howard Jerome, Scott Anderson, David Tompa, Ian Blackwood, Carolyn Taylor.<\/p>\n<p><strong>Sinopsis:\u00a0<\/strong>Una lesbiana de cuarenta y tantos deja a su novia de toda la vida para perseguir a una mujer m\u00e1s joven, pero lo que consigue es que gran cantidad de recuerdos de su pasado vuelvan a su memoria, y que se de cuenta de que tal vez ha dejado al amor de su vida.<\/p>\n<p><iframe loading=\"lazy\" src=\"https:\/\/www.youtube.com\/embed\/YcgJ7uqT1yY?rel=0\" height=\"278\" width=\"495\" allowfullscreen=\"\" frameborder=\"0\"><\/iframe><\/p>\n<p><a name=\"profugos\"><\/a>_________________________________________________________________________________________<\/p>\n<h4><strong><b>Pr\u00f3fugos<\/b><\/strong><\/h4>\n<h6>Cortometraje |\u00a02015 \/ 15 min \/ Chile \/ Gay<\/h6>\n<p><a href=\"http:\/\/www.movilh.cl\/cine\/wp-content\/uploads\/2016\/09\/profugos.jpg\"><img loading=\"lazy\" decoding=\"async\" class=\"alignnone size-large wp-image-881\" alt=\"profugos\" src=\"http:\/\/www.movilh.cl\/cine\/wp-content\/uploads\/2016\/09\/profugos-480x330.jpg\" width=\"480\" height=\"330\" srcset=\"https:\/\/www.movilh.cl\/cine\/wp-content\/uploads\/2016\/09\/profugos-480x330.jpg 480w, https:\/\/www.movilh.cl\/cine\/wp-content\/uploads\/2016\/09\/profugos-291x200.jpg 291w, https:\/\/www.movilh.cl\/cine\/wp-content\/uploads\/2016\/09\/profugos.jpg 600w\" sizes=\"(max-width: 480px) 100vw, 480px\" \/><\/a><\/p>\n<p><strong>Director:<\/strong>\u00a0Estefan\u00eda P\u00e9rez Espinoza<\/p>\n<p><strong>Int\u00e9rpretes:\u00a0<\/strong>Esteban Carvajal Parada, Nicol\u00e1s Galleguismos Nu\u00f1ez,\u00a0Valentina Curia Sedaca.<\/p>\n<p><strong><\/strong><strong>Sinopsis:\u00a0<\/strong>\u00a0Una relaci\u00f3n desgastada, un encuentro furtivo y un final inesperado es lo que espera a los personajes luego de que tengan su \u00faltima cita.<\/p>\n<p><a name=\"respire\"><\/a>_________________________________________________________________________________________<\/p>\n<h4><strong><b>Respire<\/b><\/strong><\/h4>\n<h6>Ficci\u00f3n |\u00a02014 \/ 91 min \/ Francia \/ L\u00e9sbico<\/h6>\n<p><a href=\"http:\/\/www.movilh.cl\/cine\/wp-content\/uploads\/2016\/09\/Respira-356905583-large.jpg\"><img loading=\"lazy\" decoding=\"async\" class=\"alignnone  wp-image-882\" alt=\"Respira-356905583-large\" src=\"http:\/\/www.movilh.cl\/cine\/wp-content\/uploads\/2016\/09\/Respira-356905583-large-660x330.jpg\" width=\"496\" height=\"248\" srcset=\"https:\/\/www.movilh.cl\/cine\/wp-content\/uploads\/2016\/09\/Respira-356905583-large-660x330.jpg 660w, https:\/\/www.movilh.cl\/cine\/wp-content\/uploads\/2016\/09\/Respira-356905583-large-400x200.jpg 400w, https:\/\/www.movilh.cl\/cine\/wp-content\/uploads\/2016\/09\/Respira-356905583-large-620x310.jpg 620w, https:\/\/www.movilh.cl\/cine\/wp-content\/uploads\/2016\/09\/Respira-356905583-large.jpg 1920w\" sizes=\"(max-width: 496px) 100vw, 496px\" \/><\/a><\/p>\n<p><strong>Director:<\/strong>\u00a0M\u00e9lanie Laurent.<\/p>\n<p><strong>Int\u00e9rpretes:<\/strong>\u00a0\u00a0Jos\u00e9phine Japy, Lou de La\u00e2ge, Isabelle Carr\u00e9, Claire Keim, Radivoje Bukvic, Roxane Duran, Thomas Soliv\u00e9res, Camille Claris, Louka Meliava, Louise Grinberg, Fanny Sidney, Anne Marivin.<\/p>\n<p><strong><\/strong><strong>Sinopsis:\u00a0<\/strong>Charlie tiene 17 a\u00f1os. Est\u00e1 en la edad de dedicar su vida a salir con sus amigos: emociones, convicciones y pasiones. Sarah es la chica nueva. Hermosa, valiente, con historia y mucha personalidad. Una estrella desde el principio. Nada pod\u00eda anticipar que sus caminos se cruzar\u00edan, pero as\u00ed ocurre.<\/p>\n<p><iframe loading=\"lazy\" src=\"https:\/\/www.youtube.com\/embed\/0yig56uDAiM?rel=0\" height=\"278\" width=\"495\" allowfullscreen=\"\" frameborder=\"0\"><\/iframe><\/p>\n<p><a name=\"solitarios\"><\/a>_________________________________________________________________________________________<\/p>\n<h4><strong><b>Solitarios<\/b><\/strong><\/h4>\n<h6>Cortometraje |\u00a02015 \/ 9 min \/ Espa\u00f1a \/ Mixto<\/h6>\n<p><a href=\"http:\/\/www.movilh.cl\/cine\/wp-content\/uploads\/2016\/09\/solitarios.jpg\"><img loading=\"lazy\" decoding=\"async\" class=\"alignnone  wp-image-884\" alt=\"solitarios\" src=\"http:\/\/www.movilh.cl\/cine\/wp-content\/uploads\/2016\/09\/solitarios.jpg\" width=\"515\" height=\"216\" srcset=\"https:\/\/www.movilh.cl\/cine\/wp-content\/uploads\/2016\/09\/solitarios.jpg 736w, https:\/\/www.movilh.cl\/cine\/wp-content\/uploads\/2016\/09\/solitarios-476x200.jpg 476w, https:\/\/www.movilh.cl\/cine\/wp-content\/uploads\/2016\/09\/solitarios-620x260.jpg 620w\" sizes=\"(max-width: 515px) 100vw, 515px\" \/><\/a><\/p>\n<p style=\"text-align: left;\"><strong>Director:<\/strong>\u00a0Rub\u00e9n Montero Mart\u00ednez.<\/p>\n<p style=\"text-align: left;\"><strong>Int\u00e9rpretes:<\/strong>\u00a0\u00a0Pep Ambr\u00f3s, Marta Aran, Llu\u00efsa Valldaura, \u00a0Oliver Albert, \u00a0Javier Beltr\u00e1n, \u00a0Sergio Alfonso.<\/p>\n<p style=\"text-align: left;\"><strong><\/strong><strong>Sinopsis:\u00a0<\/strong>Oscar ha so\u00f1ado que su novia le dejaba en el mismo bar d\u00f3nde est\u00e1n ahora. En ese momento, Ana ha dejado a Tom\u00e1s tras a\u00f1os de relaci\u00f3n. Al mismo tiempo, Javier le propone a Sergio, su mejor amigo, viajar juntos a Par\u00eds. Tres historias en un bar.<\/p>\n<p><iframe loading=\"lazy\" src=\"https:\/\/player.vimeo.com\/video\/91500661\" height=\"278\" width=\"495\" allowfullscreen=\"\" frameborder=\"0\"><\/iframe><\/p>\n<p><a name=\"traslapiel\"><\/a>_________________________________________________________________________________________<\/p>\n<h4><strong><b>Tras la Piel<\/b><\/strong><\/h4>\n<h6>Cortometraje |\u00a02016 \/ 18 min \/ Espa\u00f1a \/ Trans<\/h6>\n<p><a href=\"http:\/\/www.movilh.cl\/cine\/wp-content\/uploads\/2016\/09\/tras-la-piel.jpg\"><img loading=\"lazy\" decoding=\"async\" class=\"alignnone size-full wp-image-885\" alt=\"tras-la-piel\" src=\"http:\/\/www.movilh.cl\/cine\/wp-content\/uploads\/2016\/09\/tras-la-piel.jpg\" width=\"495\" height=\"254\" srcset=\"https:\/\/www.movilh.cl\/cine\/wp-content\/uploads\/2016\/09\/tras-la-piel.jpg 495w, https:\/\/www.movilh.cl\/cine\/wp-content\/uploads\/2016\/09\/tras-la-piel-389x200.jpg 389w\" sizes=\"(max-width: 495px) 100vw, 495px\" \/><\/a><\/p>\n<p><strong>Director:<\/strong>\u00a0Antonio Ufarte.<\/p>\n<p><strong>Int\u00e9rpretes:<\/strong>\u00a0 Roc\u00edo Alzueta,\u00a0Joan Verd\u00fa,\u00a0Encarna Hernando,\u00a0Adri\u00e1n Aires,\u00a0Margarita Hern\u00e1ndez.<\/p>\n<p><strong><\/strong><strong>Sinopsis:\u00a0<\/strong>Tras muchos a\u00f1os fuera de casa, Duna vuelve a su pueblo natal para\u00a0reencontrarse con su padre enfermo. A su llegada se enfrentar\u00e1 con el rechazo y la incomprensi\u00f3n de \u00e9ste por su transexualidad.\u00a0\u00bfConseguir\u00e1 reconciliarse con su pasado y la aceptaci\u00f3n de su padre?.<\/p>\n<p><iframe loading=\"lazy\" src=\"https:\/\/www.youtube.com\/embed\/6LIkMw-_LJc?rel=0\" height=\"278\" width=\"495\" allowfullscreen=\"\" frameborder=\"0\"><\/iframe><\/p>\n<p style=\"text-align: left;\"><a name=\"VERFEHLUNG\"><\/a>_________________________________________________________________________________________<\/p>\n<h4><strong>VERFEHLUNG<\/strong><\/h4>\n<h6>Ficci\u00f3n |\u00a02014 \/ 92 min \/ Alemania \/ Gay<\/h6>\n<p><a href=\"http:\/\/www.movilh.cl\/cine\/wp-content\/uploads\/2016\/09\/The-Culpable.jpg\"><img loading=\"lazy\" decoding=\"async\" class=\"alignnone  wp-image-889\" alt=\"The-Culpable\" src=\"http:\/\/www.movilh.cl\/cine\/wp-content\/uploads\/2016\/09\/The-Culpable-586x330.jpg\" width=\"474\" height=\"267\" srcset=\"https:\/\/www.movilh.cl\/cine\/wp-content\/uploads\/2016\/09\/The-Culpable-586x330.jpg 586w, https:\/\/www.movilh.cl\/cine\/wp-content\/uploads\/2016\/09\/The-Culpable-355x200.jpg 355w, https:\/\/www.movilh.cl\/cine\/wp-content\/uploads\/2016\/09\/The-Culpable-620x348.jpg 620w, https:\/\/www.movilh.cl\/cine\/wp-content\/uploads\/2016\/09\/The-Culpable.jpg 1280w\" sizes=\"(max-width: 474px) 100vw, 474px\" \/><\/a><\/p>\n<p><strong>Director:\u00a0<\/strong>Gerd Schneider.<\/p>\n<p><strong>Int\u00e9rpretes:<\/strong>\u00a0 Sebastian Blomberg, Kai Schumann, Jan Messutat, Sandra Borgmann, Valerie Koch, Hartmut Becker, Anna Maria Bergold, Oskar B\u00f6kelmann, Anne D\u00fce.<\/p>\n<p><strong>Sinopsis:<\/strong>\u00a0Jakob, Dominik y Oliver son tres amigos unidos no solamente por partidos de f\u00fatbol o visitas ocasionales al bar. Los tres practican la misma profesi\u00f3n: son sacerdotes que a\u00fan se encuentran al comienzo de sus carreras. Jakob trabaja como asesor espiritual en la c\u00e1rcel, Dominik presta sus servicios en una parroquia, y Oliver espera hacer carrera dentro de la jerarqu\u00eda eclesi\u00e1stica. Pero, de pronto, Dominik es arrestado: se sospecha que ha abusado sexualmente de menores de edad. Jakob duda de la veracidad de las acusaciones hasta que Dominik se ve obligado a confesar su culpa. Oliver, el m\u00e1s oportunista, intenta encubrir el esc\u00e1ndalo &#8211; sin contar con la reacci\u00f3n de Jakob.<\/p>\n<p><iframe loading=\"lazy\" src=\"https:\/\/player.vimeo.com\/video\/121584773\" height=\"207\" width=\"495\" allowfullscreen=\"\" frameborder=\"0\"><\/iframe><\/p>\n<p><a name=\"victoriarosanaymaite\"><\/a>_________________________________________________________________________________________<\/p>\n<h4><strong><b>Victoria, Rosana y Maite<\/b><\/strong><\/h4>\n<h6>Ficci\u00f3n |\u00a02016 \/ 26 min \/ Chile \/ L\u00e9sbica<\/h6>\n<p><a href=\"http:\/\/www.movilh.cl\/cine\/wp-content\/uploads\/2016\/09\/1.jpg\"><img loading=\"lazy\" decoding=\"async\" class=\"alignnone  wp-image-891\" alt=\"1\" src=\"http:\/\/www.movilh.cl\/cine\/wp-content\/uploads\/2016\/09\/1-588x330.jpg\" width=\"470\" height=\"264\" srcset=\"https:\/\/www.movilh.cl\/cine\/wp-content\/uploads\/2016\/09\/1-588x330.jpg 588w, https:\/\/www.movilh.cl\/cine\/wp-content\/uploads\/2016\/09\/1-356x200.jpg 356w, https:\/\/www.movilh.cl\/cine\/wp-content\/uploads\/2016\/09\/1-620x347.jpg 620w\" sizes=\"(max-width: 470px) 100vw, 470px\" \/><\/a><\/p>\n<p><strong>Directores:<\/strong>\u00a0Pamela Hurtado,\u00a0I\u00f1aki Vel\u00e1squez.<\/p>\n<p><strong>Int\u00e9rpretes:<\/strong>\u00a0 Katty Kowaleczko, Mar\u00eda Olga Matte, Paula Ortega, Alejandro Goic, Silvana Ghivarello, Yamira Molina , Daniel Matamala.<\/p>\n<p><strong>Sinopsis:<\/strong>\u00a0Luego que un colegio discrimina a su hija, Victoria (45) y Rosana (42) entran en una crisis de pareja debido a sus visiones opuestas frente a la justicia y la privacidad. Victoria tendr\u00e1 que enfrentarse al miedo por asumir su homosexualidad, y al posible quiebre de su familia.<\/p>\n<p><iframe loading=\"lazy\" src=\"https:\/\/player.vimeo.com\/video\/157920894\" height=\"278\" width=\"495\" allowfullscreen=\"\" frameborder=\"0\"><\/iframe><\/p>\n<p><a name=\"whileyou\"><\/a>_________________________________________________________________________________________<\/p>\n<h4><strong><b>While You Weren&#8217;t Looking\u00a0<\/b><\/strong><\/h4>\n<h6>Ficci\u00f3n |\u00a02015 \/ 75 min \/ Sud\u00e1frica \/ Mixta<\/h6>\n<p><a href=\"http:\/\/www.movilh.cl\/cine\/wp-content\/uploads\/2016\/09\/while-you-werent-looking.jpg\"><img loading=\"lazy\" decoding=\"async\" class=\"alignnone size-large wp-image-892\" alt=\"while-you-werent-looking\" src=\"http:\/\/www.movilh.cl\/cine\/wp-content\/uploads\/2016\/09\/while-you-werent-looking-495x330.jpg\" width=\"495\" height=\"330\" srcset=\"https:\/\/www.movilh.cl\/cine\/wp-content\/uploads\/2016\/09\/while-you-werent-looking-495x330.jpg 495w, https:\/\/www.movilh.cl\/cine\/wp-content\/uploads\/2016\/09\/while-you-werent-looking-300x200.jpg 300w, https:\/\/www.movilh.cl\/cine\/wp-content\/uploads\/2016\/09\/while-you-werent-looking-620x412.jpg 620w, https:\/\/www.movilh.cl\/cine\/wp-content\/uploads\/2016\/09\/while-you-werent-looking.jpg 1024w\" sizes=\"(max-width: 495px) 100vw, 495px\" \/><\/a><\/p>\n<p><strong>Director:\u00a0<\/strong>Catherine Stewart.<\/p>\n<p><strong>Int\u00e9rpretes:<\/strong> Fezile Mpela, Lionel Newton, Sandi Schultz, Camilla Lily Waldman, Petronalle Schumann.<\/p>\n<p><b>Sinopsis:<\/b>\u00a0Los cambios pol\u00edticos que se dan en la actualidad en la Sud\u00e1frica del post-apartheid, adem\u00e1s de los cambios en el modo de vida de sus habitantes\u00a0 conforman el trasfondo de una exitosa mujer negra que enga\u00f1a a su mujer blanca, adem\u00e1s de su hija que tiene una relaci\u00f3n con una mujer perteneciente al pueblo Khayalitsha, que no se identifica con g\u00e9nero alguno.<\/p>\n<p><iframe loading=\"lazy\" src=\"https:\/\/www.youtube.com\/embed\/z3v_E75-T2M?rel=0\" height=\"278\" width=\"495\" allowfullscreen=\"\" frameborder=\"0\"><\/iframe><\/p>\n<p><a name=\"xenia\"><\/a>_________________________________________________________________________________________<\/p>\n<h4><strong><b>Xenia<\/b><\/strong><\/h4>\n<h6>Ficci\u00f3n |\u00a02014 \/ 134 min \/ Grecia \/ Gay<\/h6>\n<p><a href=\"http:\/\/www.movilh.cl\/cine\/wp-content\/uploads\/2016\/09\/xenia.jpg\"><img loading=\"lazy\" decoding=\"async\" class=\"alignnone size-large wp-image-893\" alt=\"xenia\" src=\"http:\/\/www.movilh.cl\/cine\/wp-content\/uploads\/2016\/09\/xenia-494x330.jpg\" width=\"494\" height=\"330\" srcset=\"https:\/\/www.movilh.cl\/cine\/wp-content\/uploads\/2016\/09\/xenia-494x330.jpg 494w, https:\/\/www.movilh.cl\/cine\/wp-content\/uploads\/2016\/09\/xenia-300x200.jpg 300w, https:\/\/www.movilh.cl\/cine\/wp-content\/uploads\/2016\/09\/xenia-620x413.jpg 620w\" sizes=\"(max-width: 494px) 100vw, 494px\" \/><\/a><\/p>\n<p><strong>Direcci\u00f3n:\u00a0<\/strong>Panos H. Koutras.<\/p>\n<p><strong>Interpretaci\u00f3n<\/strong><strong>:\u00a0<\/strong>Kostas Nikouli, Nikos Gelia, Yannis Stankoglou, Marissa Triandafyllidou, Patty Pravo, Romanna Lobats<\/p>\n<p><strong>Sinopsis:\u00a0<\/strong>Dos hermanos que no se han visto en muchos a\u00f1os se reencuentran y comienzan a buscar a su padre griego, que les abandon\u00f3. Recorrer\u00e1n un pa\u00eds en crisis; econ\u00f3mica, de identidad, de derechos.<\/p>\n<p><iframe loading=\"lazy\" src=\"https:\/\/www.youtube.com\/embed\/qaZ3mOod9hk?rel=0\" height=\"278\" width=\"495\" allowfullscreen=\"\" frameborder=\"0\"><\/iframe><\/p>\n<p><a name=\"rompereldia\"><\/a><\/p>\n<p>[separator]<\/p>\n","protected":false},"excerpt":{"rendered":"<p>[separator] Cartelera &nbsp; 12 D&iacute;as de Invierno Azul y no tan Rosa Camale&oacute;n De Chica en Chica Eich Lihiyot Levad El Destello de la Luna El Hombre Nuevo El Italiano El Virus del Miedo FU GUO La Piscina La Primavera Rosa &ndash; Kremlin La Primavera Rosa &ndash; M&eacute;xico La Primavera Rosa &ndash; T&uacute;nez Le Soldat &hellip; <\/p>\n<p class=\"link-more\"><a href=\"https:\/\/www.movilh.cl\/cine\/cartelera-2016-2\/\" class=\"more-link\">Leer m\u00e1s<span class=\"screen-reader-text\"> \u00abCartelera 2016\u00bb<\/span><\/a><\/p>\n","protected":false},"author":2,"featured_media":0,"parent":0,"menu_order":0,"comment_status":"closed","ping_status":"open","template":"","meta":{"footnotes":""},"class_list":["post-140","page","type-page","status-publish","hentry"],"_links":{"self":[{"href":"https:\/\/www.movilh.cl\/cine\/wp-json\/wp\/v2\/pages\/140"}],"collection":[{"href":"https:\/\/www.movilh.cl\/cine\/wp-json\/wp\/v2\/pages"}],"about":[{"href":"https:\/\/www.movilh.cl\/cine\/wp-json\/wp\/v2\/types\/page"}],"author":[{"embeddable":true,"href":"https:\/\/www.movilh.cl\/cine\/wp-json\/wp\/v2\/users\/2"}],"replies":[{"embeddable":true,"href":"https:\/\/www.movilh.cl\/cine\/wp-json\/wp\/v2\/comments?post=140"}],"version-history":[{"count":155,"href":"https:\/\/www.movilh.cl\/cine\/wp-json\/wp\/v2\/pages\/140\/revisions"}],"predecessor-version":[{"id":970,"href":"https:\/\/www.movilh.cl\/cine\/wp-json\/wp\/v2\/pages\/140\/revisions\/970"}],"wp:attachment":[{"href":"https:\/\/www.movilh.cl\/cine\/wp-json\/wp\/v2\/media?parent=140"}],"curies":[{"name":"wp","href":"https:\/\/api.w.org\/{rel}","templated":true}]}}