{"id":1202,"date":"2018-07-09T20:32:39","date_gmt":"2018-07-09T20:32:39","guid":{"rendered":"http:\/\/www.movilh.cl\/cine\/?page_id=1202"},"modified":"2024-08-20T21:30:15","modified_gmt":"2024-08-20T21:30:15","slug":"cartelera-2017-2","status":"publish","type":"page","link":"https:\/\/www.movilh.cl\/cine\/cartelera-2017-2\/","title":{"rendered":"Cartelera 2017"},"content":{"rendered":"<p>&nbsp;<\/p>\n<p><strong>[separator]<\/strong><\/p>\n<h1>Cartelera<\/h1>\n<p>&nbsp;<\/p>\n<table>\n<tbody>\n<tr>\n<td width=\"155\">\n<h6><span style=\"color: #ffffff;\"><a href=\"#Adela\"><span style=\"color: #ffffff;\">Adela<\/span><\/a><\/span><\/h6>\n<\/td>\n<td width=\"212\">\n<h6><span style=\"color: #ffffff;\"><a href=\"#Casa\"><span style=\"color: #ffffff;\">Casa Roshell<\/span><\/a><\/span><\/h6>\n<\/td>\n<td width=\"155\">\n<h6><span style=\"color: #ffffff;\"><a href=\"#Desde\"><span style=\"color: #ffffff;\">Desde All\u00e1<\/span><\/a><\/span><\/h6>\n<\/td>\n<\/tr>\n<tr>\n<td>\n<h6><span style=\"color: #ffffff;\"><a href=\"#Casamiento\"><span style=\"color: #ffffff;\">El casamiento<\/span><\/a><\/span><\/h6>\n<\/td>\n<td>\n<h6><span style=\"color: #ffffff;\"><a href=\"#Transito\"><span style=\"color: #ffffff;\">En tr\u00e1nsito<\/span><\/a><\/span><\/h6>\n<\/td>\n<td width=\"155\">\n<h6><span style=\"color: #ffffff;\"><a href=\"#Amigo\"><span style=\"color: #ffffff;\">El amigo<\/span><\/a><\/span><\/h6>\n<\/td>\n<\/tr>\n<tr>\n<td>\n<h6><span style=\"color: #ffffff;\"><a href=\"#Ana\"><span style=\"color: #ffffff;\">El sue\u00f1o de Ana<\/span><\/a><\/span><\/h6>\n<\/td>\n<td>\n<h6><span style=\"color: #ffffff;\"><a href=\"#Diablo\"><span style=\"color: #ffffff;\">El diablo es magn\u00edfico<\/span><\/a><\/span><\/h6>\n<\/td>\n<td>\n<h6><span style=\"color: #ffffff;\"><a href=\"#Gayby\"><span style=\"color: #ffffff;\">Gayby Baby<\/span><\/a><\/span><\/h6>\n<\/td>\n<\/tr>\n<tr>\n<td>\n<h6><span style=\"color: #ffffff;\"><a href=\"#Hattie\"><span style=\"color: #ffffff;\">Hattie Goes Cruising<\/span><\/a><\/span><\/h6>\n<\/td>\n<td>\n<h6><span style=\"color: #ffffff;\"><a href=\"#Kater\"><span style=\"color: #ffffff;\">Kater (Tomcat)<\/span><\/a><\/span><\/h6>\n<\/td>\n<td>\n<h6><span style=\"color: #ffffff;\"><a href=\"#Lena\"><span style=\"color: #ffffff;\">Lena<\/span><\/a><br \/>\n<\/span><\/h6>\n<\/td>\n<\/tr>\n<tr>\n<td>\n<h6><span style=\"color: #ffffff;\"><a href=\"#Belle\"><span style=\"color: #ffffff;\">La Belle Saison<\/span><\/a><\/span><\/h6>\n<\/td>\n<td>\n<h6><span style=\"color: #ffffff;\"><a href=\"#Objetos\"><span style=\"color: #ffffff;\">Los objetos amorosos<\/span><\/a><\/span><\/h6>\n<\/td>\n<td>\n<h6><span style=\"color: #ffffff;\"><a href=\"#Duda\"><span style=\"color: #ffffff;\">La duda<\/span><\/a><\/span><\/h6>\n<\/td>\n<\/tr>\n<tr>\n<td>\n<h6><span style=\"color: #ffffff;\"><a href=\"#Lenny\"><span style=\"color: #ffffff;\">Lenny<\/span><\/a><\/span><\/h6>\n<\/td>\n<td>\n<h6><span style=\"color: #ffffff;\"><a href=\"#Mad\"><span style=\"color: #ffffff;\">M\u00e4dchenseele<\/span><\/a><\/span><\/h6>\n<\/td>\n<td>\n<h6><span style=\"color: #ffffff;\"><a href=\"#Mai\"><span style=\"color: #ffffff;\">Mai<\/span><\/a><\/span><\/h6>\n<\/td>\n<\/tr>\n<tr>\n<td>\n<h6><span style=\"color: #ffffff;\"><a href=\"#Bien\"><span style=\"color: #ffffff;\"><b>Ni\u00f1o bien<\/b><\/span><\/a><\/span><\/h6>\n<\/td>\n<td>\n<h6><span style=\"color: #ffffff;\"><a href=\"#Pria\"><span style=\"color: #ffffff;\">Pria<\/span><\/a><\/span><\/h6>\n<\/td>\n<td>\n<h6><span style=\"color: #ffffff;\"><a href=\"#Paris\"><span style=\"color: #ffffff;\">Paris 05:59 Th\u00e9o &amp; Hugo<\/span><\/a><\/span><\/h6>\n<\/td>\n<\/tr>\n<tr>\n<td>\n<h6><span style=\"color: #ffffff;\"><span style=\"color: #ffffff;\"><a href=\"#Pool\">P<\/a>iscina<\/span><\/span><\/h6>\n<\/td>\n<td>\n<h6><span style=\"color: #ffffff;\"><a href=\"#Karna\"><span style=\"color: #ffffff;\">Pojkarna<\/span><\/a><\/span><\/h6>\n<\/td>\n<td>\n<h6><span style=\"color: #ffffff;\"><a href=\"#Mateo\"><span style=\"color: #ffffff;\">Seg\u00fan Mateo<\/span><\/a><\/span><\/h6>\n<\/td>\n<\/tr>\n<tr>\n<td>\n<h6><span style=\"color: #ffffff;\"><a href=\"#Love\"><span style=\"color: #ffffff;\">Taste of love<\/span><\/a><\/span><\/h6>\n<\/td>\n<td>\n<h6><span style=\"color: #ffffff;\"><a href=\"#Misan\"><span style=\"color: #ffffff;\">The Misandrist<\/span><\/a><\/span><\/h6>\n<\/td>\n<td>\n<h6><span style=\"color: #ffffff;\"><a href=\"#Brain\"><span style=\"color: #ffffff;\">Ulrike&#8217;s Brain<\/span><\/a><\/span><\/h6>\n<\/td>\n<\/tr>\n<tr>\n<td>\n<h6><span style=\"color: #ffffff;\"><a href=\"#Fantastica\"><span style=\"color: #ffffff;\">Una mujer fant\u00e1stica<\/span><\/a><\/span><\/h6>\n<\/td>\n<td>\n<h6><span style=\"color: #ffffff;\"><a href=\"#Versatil\"><span style=\"color: #ffffff;\">Vers\u00e1til<\/span><\/a><\/span><\/h6>\n<\/td>\n<td>\n<h6><span style=\"color: #ffffff;\">\u00a0<a href=\"#Women\"><span style=\"color: #ffffff;\">Women Who Kill<\/span><\/a><\/span><\/h6>\n<\/td>\n<\/tr>\n<\/tbody>\n<\/table>\n<p>____________________________________________________________________________________________<\/p>\n<p><a name=\"Adela\"><\/a><br \/>\nAdela<\/p>\n<h6>Cortometraje |\u00a02017 \/ 14 min \/ Argentina \/ L\u00e9sbica<\/h6>\n<p><a href=\"http:\/\/www.movilh.cl\/cine\/wp-content\/uploads\/2017\/09\/adela-2.jpg\"><img loading=\"lazy\" decoding=\"async\" class=\"alignnone size-medium wp-image-1127\" alt=\"adela-2\" src=\"http:\/\/www.movilh.cl\/cine\/wp-content\/uploads\/2017\/09\/adela-2-373x200.jpg\" width=\"373\" height=\"200\" srcset=\"https:\/\/www.movilh.cl\/cine\/wp-content\/uploads\/2017\/09\/adela-2-373x200.jpg 373w, https:\/\/www.movilh.cl\/cine\/wp-content\/uploads\/2017\/09\/adela-2-616x330.jpg 616w, https:\/\/www.movilh.cl\/cine\/wp-content\/uploads\/2017\/09\/adela-2-620x331.jpg 620w, https:\/\/www.movilh.cl\/cine\/wp-content\/uploads\/2017\/09\/adela-2.jpg 2048w\" sizes=\"(max-width: 373px) 100vw, 373px\" \/><\/a><\/p>\n<p><strong>Direcci\u00f3n: <\/strong>Evangelina Montes<\/p>\n<p><strong>Int\u00e9rpretes: <\/strong>P\u00eda Uribelarrea, \u00a0Silvia Geijo.<\/p>\n<p><strong>Sinopsis:\u00a0<\/strong>Adela, una mujer solitaria de sesenta a\u00f1os, es la tesorera de un club de barrio. Vive pr\u00e1cticamente en el club, pasando sus d\u00edas con su \u00fanica amiga Noem\u00ed.<\/p>\n<p>Llega la navidad y con ella los recuerdos de una adolescencia de juegos y el intento de un nuevo acercamiento entre ambas.<\/p>\n<p><a name=\"azul\"><\/a>______________________________________________________________________________________________<\/p>\n<p><a name=\"abrazame\"><\/a><\/p>\n<h4><b>Abr\u00e1zame como antes<\/b><\/h4>\n<h6>Largometraje |\u00a02016 \/ 63 min \/ Costa Rica \/ Trans<\/h6>\n<p><a href=\"http:\/\/www.movilh.cl\/cine\/wp-content\/uploads\/2017\/09\/abrazame-antes_0.png\"><img loading=\"lazy\" decoding=\"async\" class=\"alignleft  wp-image-1173\" alt=\"abrazame-antes_0\" src=\"http:\/\/www.movilh.cl\/cine\/wp-content\/uploads\/2017\/09\/abrazame-antes_0-578x330.png\" width=\"462\" height=\"264\" srcset=\"https:\/\/www.movilh.cl\/cine\/wp-content\/uploads\/2017\/09\/abrazame-antes_0-578x330.png 578w, https:\/\/www.movilh.cl\/cine\/wp-content\/uploads\/2017\/09\/abrazame-antes_0-350x200.png 350w, https:\/\/www.movilh.cl\/cine\/wp-content\/uploads\/2017\/09\/abrazame-antes_0-620x353.png 620w, https:\/\/www.movilh.cl\/cine\/wp-content\/uploads\/2017\/09\/abrazame-antes_0.png 780w\" sizes=\"(max-width: 462px) 100vw, 462px\" \/><\/a><\/p>\n<p>&nbsp;<\/p>\n<p>&nbsp;<\/p>\n<p>&nbsp;<\/p>\n<p>&nbsp;<\/p>\n<p>&nbsp;<\/p>\n<p>&nbsp;<\/p>\n<p>&nbsp;<\/p>\n<p>&nbsp;<\/p>\n<p>&nbsp;<\/p>\n<p><strong>Direcci\u00f3n:\u00a0<\/strong>Jurgen Ure\u00f1a<\/p>\n<p><strong>Int\u00e9rpretes:\u00a0<\/strong>Jimena Franco,\u00a0\u00a0Natalia Porras,\u00a0\u00a0Camilo Reguera,\u00a0\u00a0Jos\u00e9 Moreira.<\/p>\n<p><strong>Sinopsis:\u00a0<\/strong>Unas chicas transexuales son las protagonistas de esta historia, que permiten sin moralinas asomarnos a una cotidianidad y a una visi\u00f3n de mundo oculta por la mayor\u00eda.<\/p>\n<p><a name=\"azul\"><\/a>______________________________________________________________________________________________<\/p>\n<h4><a name=\"Casa\"><\/a><\/h4>\n<h4><strong>Casa Roshell<\/strong><\/h4>\n<h6>Documental |\u00a02017 \/ 71 min \/ Mexico-Chile \/ Trans<\/h6>\n<p style=\"text-align: left;\"><a href=\"http:\/\/www.movilh.cl\/cine\/wp-content\/uploads\/2017\/09\/2.casa-roshell.jpg\"><img loading=\"lazy\" decoding=\"async\" class=\"alignnone size-large wp-image-999\" alt=\"2.casa roshell\" src=\"http:\/\/www.movilh.cl\/cine\/wp-content\/uploads\/2017\/09\/2.casa-roshell-231x330.jpg\" width=\"231\" height=\"330\" srcset=\"https:\/\/www.movilh.cl\/cine\/wp-content\/uploads\/2017\/09\/2.casa-roshell-231x330.jpg 231w, https:\/\/www.movilh.cl\/cine\/wp-content\/uploads\/2017\/09\/2.casa-roshell-140x200.jpg 140w, https:\/\/www.movilh.cl\/cine\/wp-content\/uploads\/2017\/09\/2.casa-roshell.jpg 500w\" sizes=\"(max-width: 231px) 100vw, 231px\" \/><\/a><\/p>\n<p style=\"text-align: left;\"><strong>Director: \u00a0<\/strong>Camila Jos\u00e9 Donoso<\/p>\n<p style=\"text-align: left;\"><strong>Int\u00e9rpretes:\u00a0<\/strong>Roshell Terranova, \u00a0Liliana Alba, \u00a0Lia Garcia, \u00a0Diego Alberico, Cristian Aravena.<\/p>\n<p style=\"text-align: left;\"><strong>Sinopsis:\u00a0<\/strong>Roshell (51) y Liliana (43) administran juntas Casa Roshell. Como un espacio ut\u00f3pico, este lugar es un escondite para aquellos hombres que viven reprimidos en sus deseos de feminizaci\u00f3n y travestismo. En una noche, un peque\u00f1o sal\u00f3n con un escenario recibe con intimidad a sus invitados, entre perfomances pol\u00edticos y playbacks. La conversaci\u00f3n entra en un tono existencialista cuando se habla de las frustraciones y los sue\u00f1os. De la dualidad de g\u00e9neros y su realidad como hombres biol\u00f3gicos. De sus deseos m\u00e1s innatos y de la constante b\u00fasqueda de la identidad.<\/p>\n<p><iframe loading=\"lazy\" src=\"https:\/\/player.vimeo.com\/video\/207401417?title=0&amp;byline=0&amp;portrait=0\" height=\"315\" width=\"560\" allowfullscreen=\"\" frameborder=\"0\"><\/iframe><br \/>\n______________________________________________________________________________________________<\/p>\n<h4><a name=\"Desde\"><\/a><\/h4>\n<h4><strong>Desde All\u00e1<\/strong><\/h4>\n<h6>Drama |\u00a02015 \/ 89 min \/ Venezuela \/ Gay<\/h6>\n<p style=\"text-align: left;\"><a href=\"http:\/\/www.movilh.cl\/cine\/wp-content\/uploads\/2017\/09\/3.Desde-alla.jpg\"><img loading=\"lazy\" decoding=\"async\" class=\"alignnone size-large wp-image-1001\" alt=\"3.Desde alla\" src=\"http:\/\/www.movilh.cl\/cine\/wp-content\/uploads\/2017\/09\/3.Desde-alla-231x330.jpg\" width=\"231\" height=\"330\" srcset=\"https:\/\/www.movilh.cl\/cine\/wp-content\/uploads\/2017\/09\/3.Desde-alla-231x330.jpg 231w, https:\/\/www.movilh.cl\/cine\/wp-content\/uploads\/2017\/09\/3.Desde-alla-140x200.jpg 140w, https:\/\/www.movilh.cl\/cine\/wp-content\/uploads\/2017\/09\/3.Desde-alla.jpg 448w\" sizes=\"(max-width: 231px) 100vw, 231px\" \/><\/a><\/p>\n<p style=\"text-align: left;\"><strong>Director:\u00a0<\/strong>Lorenzo Vigas<\/p>\n<p style=\"text-align: left;\"><strong>Int\u00e9rpretes:\u00a0<\/strong>Alfredo Castro, \u00a0Luis Silva, \u00a0Jeric\u00f3 Montilla, \u00a0Catherina Cardozo, \u00a0Jorge Luis Bosque, Greymer Acosta, \u00a0Auffer Camacho, \u00a0Iv\u00e1n Pe\u00f1a, \u00a0Joretsis Ibarra, \u00a0Yeimar Peralta, Scarlett Jaimes, \u00a0Ernesto Campos.<\/p>\n<p style=\"text-align: left;\"><strong>Sinopsis:\u00a0<\/strong>En la convulsa Caracas, Armando, de 50 a\u00f1os de edad, due\u00f1o de un laboratorio de pr\u00f3tesis dentales, busca chicos j\u00f3venes en paradas de autob\u00fas y les ofrece dinero para que lo acompa\u00f1en a su casa con el fin de observarlos. Tiene tambi\u00e9n la costumbre de espiar a un hombre de edad avanzada: sabe d\u00f3nde vive, qu\u00e9 lugares frecuenta; entre ellos hay un v\u00ednculo que se remonta al pasado. Un d\u00eda Armando se lleva a casa a un chico, Elder, l\u00edder de una banda de delincuentes juveniles. De este encuentro nacer\u00e1 una relaci\u00f3n que les cambiar\u00e1 para el resto de sus vidas.<\/p>\n<p>&nbsp;<\/p>\n<p><iframe loading=\"lazy\" src=\"https:\/\/www.youtube.com\/embed\/h2oLgOfnlc8?rel=0\" height=\"315\" width=\"560\" allowfullscreen=\"\" frameborder=\"0\"><\/iframe><\/p>\n<p style=\"text-align: left;\"><a name=\"dechicaenchica\"><\/a>_________________________________________________________________________________________<\/p>\n<p style=\"text-align: left;\"><a name=\"Casamiento\"><\/a><\/p>\n<h4><strong><\/strong><b>El casamiento<\/b><\/h4>\n<h6>Ficci\u00f3n\u00a0|\u00a02017 \/ 25 min \/ Espa\u00f1a \/ Gay<\/h6>\n<p style=\"text-align: left;\"><strong>Directora:\u00a0<\/strong>V\u00edctor Quintero, Sergio Rey.<\/p>\n<p style=\"text-align: left;\"><strong>Int\u00e9rpretes:<\/strong>\u00a0\u00a0Rub\u00e9n Bernal, Juan Caballero, Miriam D\u00edaz-Aroca<\/p>\n<p style=\"text-align: left;\"><strong>Sinopsis:<\/strong>\u00a0Hoy es el d\u00eda m\u00e1s importante para la vida de SUSO (Rub\u00e9n Bemol) y RICARD Uuan Caballero): tras varios a\u00f1os de relaci\u00f3n van a darse el s\u00ed quiero. Todos sus familiares est\u00e1n encantados con el enlace. Bueno, no todos: ADELA (Selica Torcal), la abuela de Suso, presente en el informal banquete, no sabe que lo que realmente se est\u00e1 celebrando es la boda de su nieto peque\u00f1o.<\/p>\n<p>&nbsp;<\/p>\n<p><iframe loading=\"lazy\" src=\"https:\/\/player.vimeo.com\/video\/212560391?title=0&amp;byline=0&amp;portrait=0\" height=\"315\" width=\"560\" allowfullscreen=\"\" frameborder=\"0\"><\/iframe><\/p>\n<p><a name=\"eichlihiyotlevad\"><\/a>_________________________________________________________________________________________<\/p>\n<h4><a name=\"Transito\"><\/a><\/h4>\n<h4><b>En tr\u00e1nsito<\/b><\/h4>\n<h6>Ficci\u00f3n\u00a0|\u00a02017 \/ 65 min \/ Chile \/ Trans<\/h6>\n<p><a href=\"http:\/\/www.movilh.cl\/cine\/wp-content\/uploads\/2017\/09\/5.-En-transito.jpg\"><img loading=\"lazy\" decoding=\"async\" class=\"alignnone size-large wp-image-1004\" alt=\"5. En transito\" src=\"http:\/\/www.movilh.cl\/cine\/wp-content\/uploads\/2017\/09\/5.-En-transito-213x330.jpg\" width=\"213\" height=\"330\" srcset=\"https:\/\/www.movilh.cl\/cine\/wp-content\/uploads\/2017\/09\/5.-En-transito-213x330.jpg 213w, https:\/\/www.movilh.cl\/cine\/wp-content\/uploads\/2017\/09\/5.-En-transito-129x200.jpg 129w, https:\/\/www.movilh.cl\/cine\/wp-content\/uploads\/2017\/09\/5.-En-transito-620x957.jpg 620w, https:\/\/www.movilh.cl\/cine\/wp-content\/uploads\/2017\/09\/5.-En-transito.jpg 800w\" sizes=\"(max-width: 213px) 100vw, 213px\" \/><\/a><\/p>\n<p><strong>Directora:\u00a0<\/strong>Constanza Gallardo.<\/p>\n<p><strong>Sinopsis:<\/strong>\u00a0Cuatro personas transexuales deambulan por las calles mientras nos cuentan sus experiencias de vida en un pa\u00eds que no tiene un lugar para ellos. S\u00f3lo piden dignidad, amor y respeto, luchando contra la peor cara de Chile.<\/p>\n<p>&nbsp;<\/p>\n<p style=\"text-align: left;\">\u00a0<a name=\"eldestellodelaluna\"><\/a>_________________________________________________________________________________________<\/p>\n<h4><a name=\"Amigo\"><\/a><\/h4>\n<h4><strong><\/strong><b>El amigo<\/b><\/h4>\n<h6>Cortometraje |\u00a02017 \/ 18 min \/ Per\u00fa\/ Gay<\/h6>\n<p><a href=\"http:\/\/www.movilh.cl\/cine\/wp-content\/uploads\/2017\/09\/29f6a8_d9dea953fda74c1e86d70c04a9a1e4b1mv2_d_5400_7200_s_4_2.jpg\"><img loading=\"lazy\" decoding=\"async\" class=\"size-large wp-image-1129 alignleft\" alt=\"29f6a8_d9dea953fda74c1e86d70c04a9a1e4b1~mv2_d_5400_7200_s_4_2\" src=\"http:\/\/www.movilh.cl\/cine\/wp-content\/uploads\/2017\/09\/29f6a8_d9dea953fda74c1e86d70c04a9a1e4b1mv2_d_5400_7200_s_4_2-247x330.jpg\" width=\"247\" height=\"330\" srcset=\"https:\/\/www.movilh.cl\/cine\/wp-content\/uploads\/2017\/09\/29f6a8_d9dea953fda74c1e86d70c04a9a1e4b1mv2_d_5400_7200_s_4_2-247x330.jpg 247w, https:\/\/www.movilh.cl\/cine\/wp-content\/uploads\/2017\/09\/29f6a8_d9dea953fda74c1e86d70c04a9a1e4b1mv2_d_5400_7200_s_4_2-149x200.jpg 149w, https:\/\/www.movilh.cl\/cine\/wp-content\/uploads\/2017\/09\/29f6a8_d9dea953fda74c1e86d70c04a9a1e4b1mv2_d_5400_7200_s_4_2.jpg 581w\" sizes=\"(max-width: 247px) 100vw, 247px\" \/><\/a><\/p>\n<p><strong>Director:\u00a0<\/strong>Erick Salas Kirchhausen<\/p>\n<p><strong>Int\u00e9rpretes: <\/strong>\u00d3scar Mesa, Sebasti\u00e1n Rubio<\/p>\n<p><strong>Sinopsis:\u00a0<\/strong>Una noche de verano Marcos le confiesa a Esteban que su novia no lo excita como antes. Los amigos siguen compartiendo y bromeando hasta que la cercan\u00eda f\u00edsica y la tensi\u00f3n sexual entre ambos resultan inevitables. Esteban deber\u00e1 decidir si cruzar la delgada l\u00ednea entre la amistad y el amor es un riesgo que vale la pena correr.<\/p>\n<p>&nbsp;<\/p>\n<p><a name=\"elhombrenuevo\"><\/a>_________________________________________________________________________________________<\/p>\n<p><a name=\"Ana\"><\/a><\/p>\n<h4><strong><\/strong><b>El sue\u00f1o de Ana<\/b><\/h4>\n<h6>Cortometraje |\u00a02017 \/ 9 min \/ Chile \/ L\u00e9sbica<\/h6>\n<p><a href=\"http:\/\/www.movilh.cl\/cine\/wp-content\/uploads\/2017\/09\/elsuenodeana.png\"><img loading=\"lazy\" decoding=\"async\" class=\"alignnone size-large wp-image-1130\" alt=\"elsuenodeana\" src=\"http:\/\/www.movilh.cl\/cine\/wp-content\/uploads\/2017\/09\/elsuenodeana-590x330.png\" width=\"590\" height=\"330\" srcset=\"https:\/\/www.movilh.cl\/cine\/wp-content\/uploads\/2017\/09\/elsuenodeana-590x330.png 590w, https:\/\/www.movilh.cl\/cine\/wp-content\/uploads\/2017\/09\/elsuenodeana-357x200.png 357w, https:\/\/www.movilh.cl\/cine\/wp-content\/uploads\/2017\/09\/elsuenodeana-620x346.png 620w, https:\/\/www.movilh.cl\/cine\/wp-content\/uploads\/2017\/09\/elsuenodeana.png 748w\" sizes=\"(max-width: 590px) 100vw, 590px\" \/><\/a><\/p>\n<p><strong>Director:\u00a0<\/strong>Jos\u00e9 Luis Torres Leiva.<strong> \u00a0<\/strong><\/p>\n<p><strong>Protagonista:\u00a0<\/strong>\u00a0Amparo Noguera, Julieta Figueroa.<\/p>\n<p><strong>Sinopsis:<\/strong>\u00a0Ana nos cuenta un sue\u00f1o que ha tenido con su pareja que ha fallecido recientemente.<\/p>\n<p>&nbsp;<\/p>\n<p><iframe loading=\"lazy\" src=\"https:\/\/www.youtube.com\/embed\/JJJc4Z96DlI?rel=0&amp;controls=0&amp;showinfo=0\" height=\"315\" width=\"560\" allowfullscreen=\"\" frameborder=\"0\"><\/iframe><\/p>\n<p><a name=\"elitaliano\"><\/a>_________________________________________________________________________________________<\/p>\n<p><a name=\"Diablo\"><\/a><\/p>\n<h4><span style=\"color: #000000;\"><strong><b>El diablo es magn\u00edfico<\/b><\/strong><\/span><\/h4>\n<h6>Ficc\u00edon |\u00a02016 \/ 69 min \/ Chile\/ Trans<\/h6>\n<p><a href=\"http:\/\/www.movilh.cl\/cine\/wp-content\/uploads\/2017\/09\/8.el-diable-es-magnifico.jpg\"><img loading=\"lazy\" decoding=\"async\" class=\"alignnone size-large wp-image-1003\" alt=\"8.el diable es magnifico\" src=\"http:\/\/www.movilh.cl\/cine\/wp-content\/uploads\/2017\/09\/8.el-diable-es-magnifico-215x330.jpg\" width=\"215\" height=\"330\" srcset=\"https:\/\/www.movilh.cl\/cine\/wp-content\/uploads\/2017\/09\/8.el-diable-es-magnifico-215x330.jpg 215w, https:\/\/www.movilh.cl\/cine\/wp-content\/uploads\/2017\/09\/8.el-diable-es-magnifico-130x200.jpg 130w, https:\/\/www.movilh.cl\/cine\/wp-content\/uploads\/2017\/09\/8.el-diable-es-magnifico.jpg 1340w\" sizes=\"(max-width: 215px) 100vw, 215px\" \/><\/a><\/p>\n<p><strong>Director:<\/strong>\u00a0Nicol\u00e1s Videla.<\/p>\n<p><strong>Int\u00e9rpretes:\u00a0<\/strong>Manu Guevara, Daniel Larrieu, Vikctor Philip, Isabelle Ziental, Vincent Franchey<\/p>\n<p><strong>Sinopsis:<\/strong>\u00a0Manu (33), inmigrante trans chilenx, cansadx de la hostilidad e inestabilidad en Par\u00eds, decide volver a Chile luego de diez a\u00f1os en Francia. En estos \u00faltimos d\u00edas recorrer\u00e1 distintas rutas que hablan de amor y sexo. Daniel (57) le propondr\u00e1 retirarse juntos, casarse y resolver su problema de papeles. Pero cuando Manu cree que su futuro quiz\u00e1s no sea rom\u00e1ntico sino filial, aparecer\u00e1 un viajero que devolver\u00e1 el romanticismo a su vida.<\/p>\n<p>&nbsp;<\/p>\n<p><iframe loading=\"lazy\" src=\"https:\/\/www.youtube.com\/embed\/yWVKjt6bbdY?rel=0&amp;controls=0&amp;showinfo=0\" height=\"315\" width=\"560\" allowfullscreen=\"\" frameborder=\"0\"><\/iframe><\/p>\n<p>_________________________________________________________________________________________<\/p>\n<p><a name=\"Gayby\"><\/a><\/p>\n<h4><\/h4>\n<h4>Gayby Baby<\/h4>\n<h6>Documental |\u00a02016 \/ 85 min \/ Australia \/ Mixta<\/h6>\n<p><a href=\"http:\/\/www.movilh.cl\/cine\/wp-content\/uploads\/2017\/09\/9.gayby-baby.jpg\"><img loading=\"lazy\" decoding=\"async\" class=\"alignnone size-large wp-image-1005\" alt=\"9.gayby baby\" src=\"http:\/\/www.movilh.cl\/cine\/wp-content\/uploads\/2017\/09\/9.gayby-baby-410x330.jpg\" width=\"410\" height=\"330\" srcset=\"https:\/\/www.movilh.cl\/cine\/wp-content\/uploads\/2017\/09\/9.gayby-baby-410x330.jpg 410w, https:\/\/www.movilh.cl\/cine\/wp-content\/uploads\/2017\/09\/9.gayby-baby-248x200.jpg 248w, https:\/\/www.movilh.cl\/cine\/wp-content\/uploads\/2017\/09\/9.gayby-baby-620x498.jpg 620w, https:\/\/www.movilh.cl\/cine\/wp-content\/uploads\/2017\/09\/9.gayby-baby.jpg 700w\" sizes=\"(max-width: 410px) 100vw, 410px\" \/><\/a><\/p>\n<p><strong>Director:<\/strong>\u00a0Maya Newell.<\/p>\n<p><strong>Sinopsis:<\/strong>\u00a0Un documental que sigue las vidas de cuatro ni\u00f1os cuyos padres son homosexuales.<\/p>\n<p>&nbsp;<\/p>\n<p><iframe loading=\"lazy\" src=\"https:\/\/www.youtube.com\/embed\/spO0mKq3vhc?controls=0&amp;showinfo=0\" height=\"315\" width=\"560\" allowfullscreen=\"\" frameborder=\"0\"><\/iframe><\/p>\n<p><a name=\"fuguo\"><\/a>_________________________________________________________________________________________<\/p>\n<p><a name=\"Hattie\"><\/a><\/p>\n<h4><strong><\/strong><b>Hattie Goes Cruising<\/b><\/h4>\n<h6>Cortometraje |\u00a02017 \u00a0\/ 18 min \/ EE.UU. \/ Gay<\/h6>\n<p><a href=\"http:\/\/www.movilh.cl\/cine\/wp-content\/uploads\/2017\/09\/10.hattie-goes-cruising.jpg\"><img loading=\"lazy\" decoding=\"async\" class=\"alignnone size-full wp-image-1006\" alt=\"10.hattie goes cruising\" src=\"http:\/\/www.movilh.cl\/cine\/wp-content\/uploads\/2017\/09\/10.hattie-goes-cruising.jpg\" width=\"600\" height=\"329\" srcset=\"https:\/\/www.movilh.cl\/cine\/wp-content\/uploads\/2017\/09\/10.hattie-goes-cruising.jpg 600w, https:\/\/www.movilh.cl\/cine\/wp-content\/uploads\/2017\/09\/10.hattie-goes-cruising-364x200.jpg 364w\" sizes=\"(max-width: 600px) 100vw, 600px\" \/><\/a><\/p>\n<p><strong>Director:\u00a0<\/strong>Konstantin Bock<\/p>\n<p><strong>Sinopsis:\u00a0<\/strong>En una era de cruising online y aplicaciones sexuales, tener relaciones sexuales en parques y ba\u00f1os p\u00fablicos parece una cosa del pasado.<\/p>\n<p><iframe loading=\"lazy\" src=\"https:\/\/www.youtube.com\/embed\/ebpTCF_Ql2o?rel=0&amp;controls=0&amp;showinfo=0\" height=\"315\" width=\"560\" allowfullscreen=\"\" frameborder=\"0\"><\/iframe><\/p>\n<p>_________________________________________________________________________________________<\/p>\n<p><a name=\"Kater\"><\/a><\/p>\n<h4><strong>Kater (Tomcat)<\/strong><\/h4>\n<h6><b>Drama \u00a0|\u00a02016 \/ 114 min \/ Austria \/ Gay<\/b><\/h6>\n<p><a href=\"http:\/\/www.movilh.cl\/cine\/wp-content\/uploads\/2017\/09\/tomcat1-800450.jpg\"><img loading=\"lazy\" decoding=\"async\" class=\"alignnone size-large wp-image-1131\" alt=\"tomcat1-800450\" src=\"http:\/\/www.movilh.cl\/cine\/wp-content\/uploads\/2017\/09\/tomcat1-800450-586x330.jpg\" width=\"586\" height=\"330\" srcset=\"https:\/\/www.movilh.cl\/cine\/wp-content\/uploads\/2017\/09\/tomcat1-800450-586x330.jpg 586w, https:\/\/www.movilh.cl\/cine\/wp-content\/uploads\/2017\/09\/tomcat1-800450-355x200.jpg 355w, https:\/\/www.movilh.cl\/cine\/wp-content\/uploads\/2017\/09\/tomcat1-800450-620x348.jpg 620w, https:\/\/www.movilh.cl\/cine\/wp-content\/uploads\/2017\/09\/tomcat1-800450.jpg 800w\" sizes=\"(max-width: 586px) 100vw, 586px\" \/><\/a><\/p>\n<p><strong>Director:<\/strong>\u00a0Klaus H\u00e4ndl.<\/p>\n<p><strong>Int\u00e9rpretes:<\/strong>\u00a0Toni, \u00a0Thomas Stipsits, \u00a0Manuel Rubey, \u00a0Lukas Turtur, \u00a0Philipp Hochmair, Gerald Votava, \u00a0Gabriela Heged\u00fcs, \u00a0Magdalena Kronschl\u00e4ger.<\/p>\n<p><strong>Sinopsis:\u00a0<\/strong>Andreas y Stefan llevan una vida feliz con su gato Moses. Un d\u00eda, un repentino estallido de violencia agita su relaci\u00f3n poni\u00e9ndolo todo patas arriba.<\/p>\n<p><iframe loading=\"lazy\" src=\"https:\/\/www.youtube.com\/embed\/TRKCCvx2NlY?rel=0&amp;controls=0&amp;showinfo=0\" height=\"315\" width=\"560\" allowfullscreen=\"\" frameborder=\"0\"><\/iframe><\/p>\n<p><a name=\"kremlin\"><\/a>_________________________________________________________________________________________<\/p>\n<p><a name=\"Lena\"><\/a><\/p>\n<h4><strong><b>Lena<\/b><\/strong><\/h4>\n<h6><b>Documental |\u00a02017 \/ 6 min \/ Alemania \/ L\u00e9sbica\u00a0<\/b><\/h6>\n<p><a href=\"http:\/\/www.movilh.cl\/cine\/wp-content\/uploads\/2017\/09\/197803_01.jpg\"><img loading=\"lazy\" decoding=\"async\" class=\"alignnone size-large wp-image-1120\" alt=\"197803_01\" src=\"http:\/\/www.movilh.cl\/cine\/wp-content\/uploads\/2017\/09\/197803_01-586x330.jpg\" width=\"586\" height=\"330\" srcset=\"https:\/\/www.movilh.cl\/cine\/wp-content\/uploads\/2017\/09\/197803_01-586x330.jpg 586w, https:\/\/www.movilh.cl\/cine\/wp-content\/uploads\/2017\/09\/197803_01-355x200.jpg 355w, https:\/\/www.movilh.cl\/cine\/wp-content\/uploads\/2017\/09\/197803_01-620x348.jpg 620w, https:\/\/www.movilh.cl\/cine\/wp-content\/uploads\/2017\/09\/197803_01.jpg 900w\" sizes=\"(max-width: 586px) 100vw, 586px\" \/><\/a><\/p>\n<p><strong>Director:\u00a0<\/strong>Petr Eremin<\/p>\n<p><strong>Sinopsis:\u00a0<\/strong>Lena deber\u00eda terminar de escribir su ensayo, pero hay otras cosas en su mente. Una pel\u00edcula sobre la identidad sexual.<\/p>\n<p>_________________________________________________________________________________________<\/p>\n<p><a name=\"Belle\"><\/a><\/p>\n<h4><strong><\/strong><strong>La Belle Saison<\/strong><\/h4>\n<h6><b>Documental |\u00a02015 \/ 105 min \/ Francia \/ L\u00e9sbica<\/b><\/h6>\n<p><a href=\"http:\/\/www.movilh.cl\/cine\/wp-content\/uploads\/2017\/09\/13.La-belle-saison.jpg\"><img loading=\"lazy\" decoding=\"async\" class=\"alignnone size-large wp-image-1007\" alt=\"13.La belle saison\" src=\"http:\/\/www.movilh.cl\/cine\/wp-content\/uploads\/2017\/09\/13.La-belle-saison-242x330.jpg\" width=\"242\" height=\"330\" srcset=\"https:\/\/www.movilh.cl\/cine\/wp-content\/uploads\/2017\/09\/13.La-belle-saison-242x330.jpg 242w, https:\/\/www.movilh.cl\/cine\/wp-content\/uploads\/2017\/09\/13.La-belle-saison-147x200.jpg 147w, https:\/\/www.movilh.cl\/cine\/wp-content\/uploads\/2017\/09\/13.La-belle-saison-620x842.jpg 620w, https:\/\/www.movilh.cl\/cine\/wp-content\/uploads\/2017\/09\/13.La-belle-saison.jpg 883w\" sizes=\"(max-width: 242px) 100vw, 242px\" \/><\/a><\/p>\n<p><strong>Director:<\/strong>\u00a0Catherine Corsini.<\/p>\n<p><strong>Int\u00e9rpretes:\u00a0<\/strong>C\u00e9cile de France, \u00a0Iz\u00efa Higelin, \u00a0No\u00e9mie Lvovsky, \u00a0K\u00e9vin Aza\u00efs, \u00a0Laetitia Dosch, Benjamin Bellecour, \u00a0Elo\u00efse Genet, \u00a0Patrice Tepasso.<\/p>\n<p><strong>Sinopsis:<\/strong>\u00a0En Par\u00eds, en 1971. Delphine conoce a Carole. La primera, hija de campesinos, se muda a la capital para alcanzar la independencia econ\u00f3mica y ser due\u00f1a de su propia vida. La segunda tiene novio y vive felizmente los comienzos del movimiento feminista. A Delphine, misteriosa y reservada, le gustan las mujeres. Carole ni se plantea esa posibilidad. De su encuentro surge una historia de amor que desequilibrar\u00e1 sus vidas al tropezar con la realidad.<\/p>\n<p><iframe loading=\"lazy\" src=\"https:\/\/www.youtube.com\/embed\/DwFmVvwpFMg?rel=0&amp;controls=0&amp;showinfo=0\" height=\"315\" width=\"560\" allowfullscreen=\"\" frameborder=\"0\"><\/iframe><br \/>\n_________________________________________________________________________________________<\/p>\n<p><a name=\"Objetos\"><\/a><\/p>\n<h4><strong>Los objetos amorosos<\/strong><\/h4>\n<h4><strong><\/strong><b>Documental |\u00a02016 \/ 115 min \/ Espa\u00f1a \/ L\u00e9sbica<\/b><\/h4>\n<p><a href=\"http:\/\/www.movilh.cl\/cine\/wp-content\/uploads\/2017\/09\/14.los-objetos-amorosos.jpg\"><img loading=\"lazy\" decoding=\"async\" class=\"alignnone size-large wp-image-1008\" alt=\"14.los objetos amorosos\" src=\"http:\/\/www.movilh.cl\/cine\/wp-content\/uploads\/2017\/09\/14.los-objetos-amorosos-217x330.jpg\" width=\"217\" height=\"330\" srcset=\"https:\/\/www.movilh.cl\/cine\/wp-content\/uploads\/2017\/09\/14.los-objetos-amorosos-217x330.jpg 217w, https:\/\/www.movilh.cl\/cine\/wp-content\/uploads\/2017\/09\/14.los-objetos-amorosos-132x200.jpg 132w, https:\/\/www.movilh.cl\/cine\/wp-content\/uploads\/2017\/09\/14.los-objetos-amorosos-620x939.jpg 620w, https:\/\/www.movilh.cl\/cine\/wp-content\/uploads\/2017\/09\/14.los-objetos-amorosos.jpg 1352w\" sizes=\"(max-width: 217px) 100vw, 217px\" \/><\/a><\/p>\n<p><strong>Director:\u00a0<\/strong>Adri\u00e1n Silvestre.<\/p>\n<p><strong>Int\u00e9rpretes:\u00a0<\/strong>Laura Rojas Godoy, \u00a0Nicole Costa, \u00a0Diana Ag\u00e1mez, \u00a0Marco Bomba, \u00a0Paolo Floris, Andrea Iacovacci, \u00a0Marco La Ferla, \u00a0Margot Medina, \u00a0Maddalena Recino, \u00a0Aurora Silva, Miguel \u00c1ngel Tarditti.<\/p>\n<p><strong>Sinopsis:\u00a0<\/strong>Luz emigra a Italia en busca de un futuro mejor, dejando en Colombia a su hijo de dos a\u00f1os con su familia. Sin embargo, su sue\u00f1o europeo se trunca y se convierte en una serie de desgracias. Inesperadamente conoce a Fran, una persona que le rompe todos los esquemas. Ambas deciden vivir con el mundo por delante y Roma a sus pies.<\/p>\n<p>&nbsp;<\/p>\n<p><iframe loading=\"lazy\" src=\"https:\/\/www.youtube.com\/embed\/M9sZLklPdwE?rel=0&amp;controls=0&amp;showinfo=0\" height=\"315\" width=\"560\" allowfullscreen=\"\" frameborder=\"0\"><\/iframe><\/p>\n<p><a name=\"lesoldatvierge\"><\/a>_________________________________________________________________________________________<\/p>\n<p><a name=\"Duda\"><\/a><\/p>\n<h4>La duda<\/h4>\n<h6>Cortometraje |\u00a02017 \/ 9 min \/ Chile \/ Gay<\/h6>\n<p><a href=\"http:\/\/www.movilh.cl\/cine\/wp-content\/uploads\/2017\/09\/15.laduda2017.jpg\"><img loading=\"lazy\" decoding=\"async\" class=\"alignnone size-large wp-image-1009\" alt=\"15.laduda2017\" src=\"http:\/\/www.movilh.cl\/cine\/wp-content\/uploads\/2017\/09\/15.laduda2017-247x330.jpg\" width=\"247\" height=\"330\" srcset=\"https:\/\/www.movilh.cl\/cine\/wp-content\/uploads\/2017\/09\/15.laduda2017-247x330.jpg 247w, https:\/\/www.movilh.cl\/cine\/wp-content\/uploads\/2017\/09\/15.laduda2017-150x200.jpg 150w, https:\/\/www.movilh.cl\/cine\/wp-content\/uploads\/2017\/09\/15.laduda2017.jpg 367w\" sizes=\"(max-width: 247px) 100vw, 247px\" \/><\/a><\/p>\n<p><strong>Director:<\/strong>\u00a0Juan C\u00e1ceres.<\/p>\n<p><strong>Int\u00e9rpretes: <\/strong>\u00a0Steevens Benjamin, Alfredo Castro, Javiera Orellana, Amadis Wilmer.<\/p>\n<p><strong>Sinopsis:\u00a0<\/strong>Junior es un joven haitiano que vive en Chile. Despu\u00e9s de una pelea en su trabajo, Junior es acosado por su jefe. Esto hace que Junior dude de su masculinidad.<\/p>\n<p>&nbsp;<\/p>\n<p><iframe loading=\"lazy\" src=\"https:\/\/player.vimeo.com\/video\/202547425?title=0&amp;byline=0&amp;portrait=0\" height=\"235\" width=\"560\" allowfullscreen=\"\" frameborder=\"0\"><\/iframe><\/p>\n<p><a name=\"lightrapping\"><\/a>_________________________________________________________________________________________<\/p>\n<p><a name=\"Lenny\"><\/a><\/p>\n<h4><\/h4>\n<h4><strong><\/strong><b>Lenny<\/b><\/h4>\n<h6>Cortometraje |\u00a02017 \/ 14 min \/ Francia \/ Trans<\/h6>\n<p><a href=\"http:\/\/www.movilh.cl\/cine\/wp-content\/uploads\/2017\/09\/Captura-de-pantalla-2017-09-23-a-las-15.25.04.png\"><img loading=\"lazy\" decoding=\"async\" class=\"alignnone size-large wp-image-1058\" alt=\"Captura de pantalla 2017-09-23 a la(s) 15.25.04\" src=\"http:\/\/www.movilh.cl\/cine\/wp-content\/uploads\/2017\/09\/Captura-de-pantalla-2017-09-23-a-las-15.25.04-586x330.png\" width=\"586\" height=\"330\" srcset=\"https:\/\/www.movilh.cl\/cine\/wp-content\/uploads\/2017\/09\/Captura-de-pantalla-2017-09-23-a-las-15.25.04-586x330.png 586w, https:\/\/www.movilh.cl\/cine\/wp-content\/uploads\/2017\/09\/Captura-de-pantalla-2017-09-23-a-las-15.25.04-355x200.png 355w, https:\/\/www.movilh.cl\/cine\/wp-content\/uploads\/2017\/09\/Captura-de-pantalla-2017-09-23-a-las-15.25.04-620x348.png 620w, https:\/\/www.movilh.cl\/cine\/wp-content\/uploads\/2017\/09\/Captura-de-pantalla-2017-09-23-a-las-15.25.04.png 964w\" sizes=\"(max-width: 586px) 100vw, 586px\" \/><\/a><\/p>\n<p><strong>Director:\u00a0<\/strong>Camille B\u00e9glin<\/p>\n<p><strong>Int\u00e9rpretes:\u00a0<\/strong>Alexis Mahi (Lenny),\u00a0Fr\u00e9d\u00e9rique Cantrel (Jo),\u00a0Clarisse Lhoni-Botte (Francesca),\u00a0Karme Malaga (Sophie)<\/p>\n<p><strong>Sinopsis:\u00a0<\/strong>Leonard se escapa de su rutina diaria por medio de su secreto travestismo, hasta el d\u00eda en que su esposa vuelve a casa antes de lo que esperaba &#8230;<\/p>\n<p><iframe loading=\"lazy\" src=\"https:\/\/player.vimeo.com\/video\/218627774?color=ffffff&amp;portrait=0\" height=\"315\" width=\"560\" allowfullscreen=\"\" frameborder=\"0\"><\/iframe><\/p>\n<p><a name=\"losamoresinconclusos\"><\/a>_________________________________________________________________________________________<\/p>\n<p><a name=\"Mad\"><\/a><\/p>\n<h4><strong><b>M\u00e4dchenseele<\/b><\/strong><\/h4>\n<h6>Documental |\u00a02017 \/ 37 min \/ Alemania \/ Trans<\/h6>\n<p><a href=\"http:\/\/www.movilh.cl\/cine\/wp-content\/uploads\/2017\/09\/17.-madch.jpg\"><img loading=\"lazy\" decoding=\"async\" class=\"alignnone size-full wp-image-1011\" alt=\"17. madch\" src=\"http:\/\/www.movilh.cl\/cine\/wp-content\/uploads\/2017\/09\/17.-madch.jpg\" width=\"576\" height=\"324\" srcset=\"https:\/\/www.movilh.cl\/cine\/wp-content\/uploads\/2017\/09\/17.-madch.jpg 576w, https:\/\/www.movilh.cl\/cine\/wp-content\/uploads\/2017\/09\/17.-madch-355x200.jpg 355w\" sizes=\"(max-width: 576px) 100vw, 576px\" \/><\/a><\/p>\n<p><strong>Director:\u00a0<\/strong>Anne Scheschonk<\/p>\n<p><strong>Sinopsis:\u00a0<\/strong>Est\u00e1 muy claro para Nori, de 7 a\u00f1os: Ella es una chica, porque ella tiene el coraz\u00f3n de una chica. Pero su cuerpo es el de un ni\u00f1o &#8230;<\/p>\n<p>El documental \u00abChica de Coraz\u00f3n\u00bb retrata a la joven Nori y el conflicto de su madre al permitir a su hija una vida digna de vivir fuera de la norma. Una pel\u00edcula sobre ser una ni\u00f1a.<\/p>\n<p><iframe loading=\"lazy\" src=\"https:\/\/player.vimeo.com\/video\/211978705?title=0&amp;byline=0&amp;portrait=0\" height=\"315\" width=\"560\" allowfullscreen=\"\" frameborder=\"0\"><\/iframe><\/p>\n<p>_________________________________________________________________________________________<\/p>\n<p><a name=\"Mai\"><\/a><\/p>\n<h4><span style=\"color: #000000;\"><strong><b>Mai<\/b><\/strong><\/span><\/h4>\n<h6>Cortometraje \u00a0|\u00a02017 \/ 7 min \/ Espa\u00f1a \/ L\u00e9sbica<\/h6>\n<p><a href=\"http:\/\/www.movilh.cl\/cine\/wp-content\/uploads\/2017\/09\/2260791_3e631653.jpg\"><img loading=\"lazy\" decoding=\"async\" class=\"alignnone size-large wp-image-1134\" alt=\"_2260791_3e631653\" src=\"http:\/\/www.movilh.cl\/cine\/wp-content\/uploads\/2017\/09\/2260791_3e631653-787x330.jpg\" width=\"620\" height=\"259\" srcset=\"https:\/\/www.movilh.cl\/cine\/wp-content\/uploads\/2017\/09\/2260791_3e631653-787x330.jpg 787w, https:\/\/www.movilh.cl\/cine\/wp-content\/uploads\/2017\/09\/2260791_3e631653-477x200.jpg 477w, https:\/\/www.movilh.cl\/cine\/wp-content\/uploads\/2017\/09\/2260791_3e631653-620x259.jpg 620w, https:\/\/www.movilh.cl\/cine\/wp-content\/uploads\/2017\/09\/2260791_3e631653.jpg 990w\" sizes=\"(max-width: 620px) 100vw, 620px\" \/><\/a><\/p>\n<p><strong>Director:<\/strong>\u00a0Marta Gonz\u00e1lez Gallego.<\/p>\n<p><strong>Int\u00e9rpretes:<\/strong>\u00a0\u00a0Aida Flix, Aida Qui, Maria Pijoan.<\/p>\n<p><strong>Sinopsis:<\/strong>\u00a0Carmeta, Mari y Pilar son tres se\u00f1oras que cada d\u00eda pasan la tarde en el banco de la esquina. La llegada de una misteriosa pareja de chicas al pueblo se convierte en el tema principal de conversaci\u00f3n entre las tres amigas.<\/p>\n<p><a name=\"maximo\"><\/a>_________________________________________________________________________________________<\/p>\n<p><a name=\"Bien\"><\/a><\/p>\n<h4><b>Ni\u00f1o bien<\/b><\/h4>\n<h6>Cortometraje |\u00a02013 \/ 10 min \/ Chile \/ Gay<\/h6>\n<p><a href=\"http:\/\/www.movilh.cl\/cine\/wp-content\/uploads\/2017\/09\/ni\u00f1o-bien00001.png\"><img loading=\"lazy\" decoding=\"async\" class=\"alignnone size-large wp-image-1135\" alt=\"ni\u00f1o bien00001\" src=\"http:\/\/www.movilh.cl\/cine\/wp-content\/uploads\/2017\/09\/ni\u00f1o-bien00001-586x330.png\" width=\"586\" height=\"330\" srcset=\"https:\/\/www.movilh.cl\/cine\/wp-content\/uploads\/2017\/09\/ni\u00f1o-bien00001-586x330.png 586w, https:\/\/www.movilh.cl\/cine\/wp-content\/uploads\/2017\/09\/ni\u00f1o-bien00001-355x200.png 355w, https:\/\/www.movilh.cl\/cine\/wp-content\/uploads\/2017\/09\/ni\u00f1o-bien00001-620x348.png 620w, https:\/\/www.movilh.cl\/cine\/wp-content\/uploads\/2017\/09\/ni\u00f1o-bien00001.png 1280w\" sizes=\"(max-width: 586px) 100vw, 586px\" \/><\/a><\/p>\n<p><strong>Director:<\/strong>\u00a0Wincy (Edwin Oyarce).<\/p>\n<p><strong>Sinopsis:<\/strong>\u00a0Marta, lleva a su hijo Jos\u00e9 de 14 a\u00f1os, hasta un peladero en donde los esperan An\u00edbal y Victoria, una pareja aristocr\u00e1tica de apariencia conservadora y religiosa, qui\u00e9nes pretender comprar al adolescente con el fin de educarlo<\/p>\n<p>&nbsp;<\/p>\n<p><iframe loading=\"lazy\" src=\"https:\/\/www.youtube.com\/embed\/nZoLWpkbVHg?rel=0&amp;controls=0&amp;showinfo=0\" height=\"315\" width=\"560\" allowfullscreen=\"\" frameborder=\"0\"><\/iframe><\/p>\n<p><a name=\"minombrenoesali\"><\/a>_________________________________________________________________________________________<\/p>\n<p><a name=\"Pria\"><\/a><\/p>\n<h4><span style=\"color: #000000;\"><strong style=\"font-size: 1em;\"><b>Pria<\/b><\/strong><\/span><\/h4>\n<h6>Cortometraje |\u00a02017 \/ 21 min \/ EE.UU.- Indonesia \/ Gay<\/h6>\n<p><a href=\"http:\/\/www.movilh.cl\/cine\/wp-content\/uploads\/2017\/09\/20.Pria_.jpg\"><img loading=\"lazy\" decoding=\"async\" class=\"alignnone size-large wp-image-1013\" alt=\"20.Pria\" src=\"http:\/\/www.movilh.cl\/cine\/wp-content\/uploads\/2017\/09\/20.Pria_-586x330.jpg\" width=\"586\" height=\"330\" srcset=\"https:\/\/www.movilh.cl\/cine\/wp-content\/uploads\/2017\/09\/20.Pria_-586x330.jpg 586w, https:\/\/www.movilh.cl\/cine\/wp-content\/uploads\/2017\/09\/20.Pria_-355x200.jpg 355w, https:\/\/www.movilh.cl\/cine\/wp-content\/uploads\/2017\/09\/20.Pria_-620x348.jpg 620w, https:\/\/www.movilh.cl\/cine\/wp-content\/uploads\/2017\/09\/20.Pria_.jpg 1280w\" sizes=\"(max-width: 586px) 100vw, 586px\" \/><\/a><\/p>\n<p><strong>Director:<\/strong>\u00a0Yudho Aditya.<\/p>\n<p><strong>Int\u00e9rpretes:<\/strong>\u00a0Chicco Kurniawan, Karlina Inawati, Jacob McCarthy.<\/p>\n<p><strong>Sinopsis:\u00a0<\/strong>Atrapado entre su crianza tradicional en una Indonesia rural y su idealizaci\u00f3n de la libertad occidental, un adolescente lucha con las expectativas de una virilidad inminente.<\/p>\n<p><iframe loading=\"lazy\" src=\"https:\/\/www.youtube.com\/embed\/YojRES1c6Ps?rel=0&amp;controls=0&amp;showinfo=0\" height=\"315\" width=\"560\" allowfullscreen=\"\" frameborder=\"0\"><\/iframe><\/p>\n<p><a name=\"outlawedvineyards\"><\/a>_________________________________________________________________________________________<\/p>\n<p><a name=\"Paris\"><\/a><\/p>\n<h4>Paris 05:59 Th\u00e9o &amp;\u00a0Hugo<\/h4>\n<h6>Drama |\u00a02016 \/ 97 min \/ Francia \/ Gay<\/h6>\n<p><a href=\"http:\/\/www.movilh.cl\/cine\/wp-content\/uploads\/2017\/09\/21.05-59.jpg\"><img loading=\"lazy\" decoding=\"async\" class=\"alignnone size-large wp-image-1014\" alt=\"21.05-59\" src=\"http:\/\/www.movilh.cl\/cine\/wp-content\/uploads\/2017\/09\/21.05-59-247x330.jpg\" width=\"247\" height=\"330\" srcset=\"https:\/\/www.movilh.cl\/cine\/wp-content\/uploads\/2017\/09\/21.05-59-247x330.jpg 247w, https:\/\/www.movilh.cl\/cine\/wp-content\/uploads\/2017\/09\/21.05-59-150x200.jpg 150w, https:\/\/www.movilh.cl\/cine\/wp-content\/uploads\/2017\/09\/21.05-59-620x826.jpg 620w, https:\/\/www.movilh.cl\/cine\/wp-content\/uploads\/2017\/09\/21.05-59.jpg 750w\" sizes=\"(max-width: 247px) 100vw, 247px\" \/><\/a><\/p>\n<p><strong>Director: <\/strong>Olivier Ducastel, \u00a0Jacques Martineau<\/p>\n<p><strong><\/strong><strong>Int\u00e9rpretes:<\/strong>\u00a0\u00a0Geoffrey Cou\u00ebt, \u00a0Fran\u00e7ois Nambot, \u00a0Georges Daaboul, \u00a0Mario Fanfani, \u00a0Elodie Adler, Bastien Gabriel, \u00a0Claire Deschamps, \u00a0Miguel Ferreira, \u00a0Arthur Dumas, \u00a0Jeffry Kaplow, \u00c9ric Dehak, \u00a0Marief Guittier, \u00a0Patrick Joseph.<\/p>\n<p><strong>Sinopsis:\u00a0<\/strong>En un club de sexo, los cuerpos de Theo y Hugo se encuentran y se mezclan en un apasionado abrazo. M\u00e1s all\u00e1 de la furia del deseo y la emoci\u00f3n de ese primer momento, los dos j\u00f3venes, sobrios ya en las calles vac\u00edas de vida del Par\u00eds nocturno, se enfrentan a su amor en ciernes.<\/p>\n<p>&nbsp;<\/p>\n<p><iframe loading=\"lazy\" src=\"https:\/\/www.youtube.com\/embed\/rkSOUbNy43A?rel=0&amp;controls=0&amp;showinfo=0\" height=\"315\" width=\"560\" allowfullscreen=\"\" frameborder=\"0\"><\/iframe><\/p>\n<p><a name=\"pandevida\"><\/a>_________________________________________________________________________________________<\/p>\n<p><a name=\"Pool\"><\/a><\/p>\n<h4><span style=\"color: #000000;\"><strong><b>Pool<\/b><\/strong><\/span><\/h4>\n<h6>Corto documental |\u00a02017 \/ 10 min \/ Espa\u00f1a \u00a0\/ Gay<\/h6>\n<p><a href=\"http:\/\/www.movilh.cl\/cine\/wp-content\/uploads\/2017\/09\/185325_01.jpg\"><img loading=\"lazy\" decoding=\"async\" class=\"alignnone size-large wp-image-1116\" alt=\"185325_01\" src=\"http:\/\/www.movilh.cl\/cine\/wp-content\/uploads\/2017\/09\/185325_01-231x330.jpg\" width=\"231\" height=\"330\" srcset=\"https:\/\/www.movilh.cl\/cine\/wp-content\/uploads\/2017\/09\/185325_01-231x330.jpg 231w, https:\/\/www.movilh.cl\/cine\/wp-content\/uploads\/2017\/09\/185325_01-140x200.jpg 140w, https:\/\/www.movilh.cl\/cine\/wp-content\/uploads\/2017\/09\/185325_01.jpg 525w\" sizes=\"(max-width: 231px) 100vw, 231px\" \/><\/a><\/p>\n<p><strong>Director: <\/strong>Carlos Ruano<\/p>\n<p><strong>Sinopsis:\u00a0<\/strong>Santi y Jota son dos chicos de barrio amigos de toda la vida. Como muchos, ninguno estudia ni trabaja, y su vida suele pasar entre litronas en el parque, discotecas de extrarradio, y comentar cu\u00e1l de sus amigas est\u00e1 m\u00e1s buena. Pero a Jota parece preocuparle algo. Agobiados por el calor de agosto, y decidido como sea a que su amigo suelte la lengua, Santi le convencer\u00e1 de un plan infalible.<\/p>\n<p><a name=\"piubuiodimezzanotte\"><\/a>_________________________________________________________________________________________<\/p>\n<p><a name=\"Karna\"><\/a><\/p>\n<h4><strong><\/strong><b>Pojkarna<\/b><\/h4>\n<h6>Ficci\u00f3n |\u00a02015 \/ 106 min \/ Suecia \/ L\u00e9sbica<\/h6>\n<p><a href=\"http:\/\/www.movilh.cl\/cine\/wp-content\/uploads\/2017\/09\/23.Girls-Lost-Pojkarna-2015-online.jpg\"><img loading=\"lazy\" decoding=\"async\" class=\"alignnone size-large wp-image-1015\" alt=\"23.Girls Lost (Pojkarna) (2015) online\" src=\"http:\/\/www.movilh.cl\/cine\/wp-content\/uploads\/2017\/09\/23.Girls-Lost-Pojkarna-2015-online-253x330.jpg\" width=\"253\" height=\"330\" srcset=\"https:\/\/www.movilh.cl\/cine\/wp-content\/uploads\/2017\/09\/23.Girls-Lost-Pojkarna-2015-online-253x330.jpg 253w, https:\/\/www.movilh.cl\/cine\/wp-content\/uploads\/2017\/09\/23.Girls-Lost-Pojkarna-2015-online-153x200.jpg 153w, https:\/\/www.movilh.cl\/cine\/wp-content\/uploads\/2017\/09\/23.Girls-Lost-Pojkarna-2015-online.jpg 394w\" sizes=\"(max-width: 253px) 100vw, 253px\" \/><\/a><\/p>\n<p><strong>Director:\u00a0<\/strong>Alexandra-Therese Keining.<\/p>\n<p><strong>Int\u00e9rpretes:<\/strong>\u00a0Josefin Neld\u00e9n, \u00a0Simon Settergren, \u00a0Lars V\u00e4ringer, \u00a0Mandus Berg, Alexander Gustavsson, \u00a0Louise Nyvall, \u00a0Olle Wirenhed, \u00a0Emrik \u00d6hlander, \u00a0Tuva Jagell, Wilma Holm\u00e9n, \u00a0Vilgot Ostwald Vesterlund, \u00a0Filip Vester.<\/p>\n<p><strong>Sinopsis:<\/strong>\u00a0La vida de tres amigas que sufren acoso escolar da un vuelco cuando, de forma misteriosa y sobrenatural, se convierten en chicos.<\/p>\n<p>&nbsp;<\/p>\n<p><iframe loading=\"lazy\" src=\"https:\/\/player.vimeo.com\/video\/147738799?color=e6edf0&amp;title=0&amp;byline=0&amp;portrait=0\" height=\"315\" width=\"560\" allowfullscreen=\"\" frameborder=\"0\"><\/iframe><\/p>\n<p><a name=\"portraitofaserialmonogamist\"><\/a>_________________________________________________________________________________________<\/p>\n<p><a name=\"Mateo\"><\/a><\/p>\n<h4><span style=\"color: #000000;\"><strong><b>Seg\u00fan Mateo<\/b><\/strong><\/span><\/h4>\n<h6>Ficci\u00f3n |\u00a02017 \/ 19 min \/ Espa\u00f1a \/ Gay<\/h6>\n<p><a href=\"http:\/\/www.movilh.cl\/cine\/wp-content\/uploads\/2017\/09\/179567_01.jpg\"><img loading=\"lazy\" decoding=\"async\" class=\"alignnone size-large wp-image-1117\" alt=\"179567_01\" src=\"http:\/\/www.movilh.cl\/cine\/wp-content\/uploads\/2017\/09\/179567_01-527x330.jpg\" width=\"527\" height=\"330\" srcset=\"https:\/\/www.movilh.cl\/cine\/wp-content\/uploads\/2017\/09\/179567_01-527x330.jpg 527w, https:\/\/www.movilh.cl\/cine\/wp-content\/uploads\/2017\/09\/179567_01-319x200.jpg 319w, https:\/\/www.movilh.cl\/cine\/wp-content\/uploads\/2017\/09\/179567_01-620x387.jpg 620w, https:\/\/www.movilh.cl\/cine\/wp-content\/uploads\/2017\/09\/179567_01.jpg 900w\" sizes=\"(max-width: 527px) 100vw, 527px\" \/><\/a><\/p>\n<p><strong>Director:\u00a0<\/strong>Osama Chami, Enrique Gimeno.<\/p>\n<p><strong>Int\u00e9rpretes:\u00a0<\/strong>Michael Assie, Manuel Castillo, Enrique Gimeno.<\/p>\n<p><strong>Sinopsis:\u00a0<\/strong>Mateo y su novio, Marc, vuelven a casa de fiesta con Luke, al que acaban de conocer. Tras una discusi\u00f3n, Mateo abandona la casa y se encuentra con Jon, su camello. Mateo le convence para que le lleve de all\u00ed, donde comienza un viaje en el que descubrir\u00e1 que no siente nada si no es a trav\u00e9s del dolor.<\/p>\n<p>&nbsp;<\/p>\n<p><a name=\"profugos\"><\/a>_________________________________________________________________________________________<\/p>\n<p><a name=\"Love\"><\/a><\/p>\n<h4><span style=\"color: #000000;\"><strong><b>Taste of love<\/b><\/strong><\/span><\/h4>\n<h6>Cortometraje |\u00a02017 \/ 4 min \/ Austria \/ Bisexual<\/h6>\n<p><a href=\"http:\/\/www.movilh.cl\/cine\/wp-content\/uploads\/2017\/09\/197816_01.jpg\"><img loading=\"lazy\" decoding=\"async\" class=\"alignnone size-large wp-image-1118\" alt=\"197816_01\" src=\"http:\/\/www.movilh.cl\/cine\/wp-content\/uploads\/2017\/09\/197816_01-629x330.jpg\" width=\"620\" height=\"325\" srcset=\"https:\/\/www.movilh.cl\/cine\/wp-content\/uploads\/2017\/09\/197816_01-629x330.jpg 629w, https:\/\/www.movilh.cl\/cine\/wp-content\/uploads\/2017\/09\/197816_01-381x200.jpg 381w, https:\/\/www.movilh.cl\/cine\/wp-content\/uploads\/2017\/09\/197816_01-620x325.jpg 620w, https:\/\/www.movilh.cl\/cine\/wp-content\/uploads\/2017\/09\/197816_01.jpg 900w\" sizes=\"(max-width: 620px) 100vw, 620px\" \/><\/a><\/p>\n<p><strong>Director: <\/strong>Paul Scheufler<\/p>\n<p><strong><\/strong><strong>Sinopsis:\u00a0<\/strong>\u00ab\u00bfCu\u00e1l es el sabor del amor?\u00bb \u00bfPodr\u00eda ser dulce, amargo, amargo o incluso salado?. Una chica se embarca en un viaje arom\u00e1tico de amor, estimulando sus papilas gustativas hasta el punto de cl\u00edmax, con todos los sentidos, explora las diversas formas que el amor puede asumir.<\/p>\n<p><a name=\"respire\"><\/a>_________________________________________________________________________________________<\/p>\n<p><a name=\"Misan\"><\/a><\/p>\n<p><a name=\"Misa\"><\/a><\/p>\n<h4><strong><b>The Misandrist<\/b><\/strong><\/h4>\n<h6>Ficci\u00f3n |\u00a02014 \/ 91 min \/ Francia \/ L\u00e9sbico<\/h6>\n<p><a href=\"http:\/\/www.movilh.cl\/cine\/wp-content\/uploads\/2017\/09\/26.-misandrist.jpg\"><img loading=\"lazy\" decoding=\"async\" class=\"alignnone size-large wp-image-1016\" alt=\"26. misandrist\" src=\"http:\/\/www.movilh.cl\/cine\/wp-content\/uploads\/2017\/09\/26.-misandrist-219x330.jpg\" width=\"219\" height=\"330\" srcset=\"https:\/\/www.movilh.cl\/cine\/wp-content\/uploads\/2017\/09\/26.-misandrist-219x330.jpg 219w, https:\/\/www.movilh.cl\/cine\/wp-content\/uploads\/2017\/09\/26.-misandrist-133x200.jpg 133w, https:\/\/www.movilh.cl\/cine\/wp-content\/uploads\/2017\/09\/26.-misandrist-620x930.jpg 620w, https:\/\/www.movilh.cl\/cine\/wp-content\/uploads\/2017\/09\/26.-misandrist.jpg 666w\" sizes=\"(max-width: 219px) 100vw, 219px\" \/><\/a><\/p>\n<p><strong>Director:<\/strong>\u00a0<strong>\u00a0<\/strong>Bruce La Bruce<\/p>\n<p><strong>Int\u00e9rpretes:\u00a0<\/strong>Susanne Sach\u00dfe, Viva Ruiz, Kembra Pfahler<\/p>\n<p><strong><\/strong><strong>Sinopsis:\u00a0<\/strong>Una c\u00e9lula terrorista feminista est\u00e1 planeando una revoluci\u00f3n. Pero el estricto orden en el que viven las mujeres en un remoto convento est\u00e1 en peligro por la llegada de un joven que acepta refugio por parte de una de las chicas.<\/p>\n<p>&nbsp;<\/p>\n<p><iframe loading=\"lazy\" src=\"https:\/\/www.youtube.com\/embed\/BXuoTe8ma1s?rel=0&amp;controls=0&amp;showinfo=0\" height=\"315\" width=\"560\" allowfullscreen=\"\" frameborder=\"0\"><\/iframe><\/p>\n<p><a name=\"solitarios\"><\/a>_________________________________________________________________________________________<\/p>\n<p><a name=\"Brain\"><\/a><\/p>\n<h4><strong><b>Ulrike`s brain<\/b><\/strong><\/h4>\n<h6>Ficci\u00f3n \u00a0|\u00a02017 \/ 55 min \/ Alemania \/ Gay<\/h6>\n<p><a href=\"http:\/\/www.movilh.cl\/cine\/wp-content\/uploads\/2017\/09\/27.-ulriks.jpg\"><img loading=\"lazy\" decoding=\"async\" class=\"alignnone size-large wp-image-1017\" alt=\"27. ulriks\" src=\"http:\/\/www.movilh.cl\/cine\/wp-content\/uploads\/2017\/09\/27.-ulriks-222x330.jpg\" width=\"222\" height=\"330\" srcset=\"https:\/\/www.movilh.cl\/cine\/wp-content\/uploads\/2017\/09\/27.-ulriks-222x330.jpg 222w, https:\/\/www.movilh.cl\/cine\/wp-content\/uploads\/2017\/09\/27.-ulriks-135x200.jpg 135w, https:\/\/www.movilh.cl\/cine\/wp-content\/uploads\/2017\/09\/27.-ulriks.jpg 480w\" sizes=\"(max-width: 222px) 100vw, 222px\" \/><\/a><\/p>\n<p style=\"text-align: left;\"><strong>Director:<\/strong>\u00a0Bruce La Bruce.<\/p>\n<p style=\"text-align: left;\"><strong>Int\u00e9rpretes:<\/strong>\u00a0\u00a0Gertrud Stammheim, Susanne Sach\u00dfe, Jonathan B. Johnson.<\/p>\n<p style=\"text-align: left;\"><strong><\/strong><strong>Sinopsis:\u00a0<\/strong>La doctora Julia Pfeiffer tiene el cerebro de la militante de la izquierda radical Ulrike Meinhof metido en una caja. Su rival, el ide\u00f3logo de extrema derecha Detlev Schlesinger, est\u00e1 en posesi\u00f3n de los restos de Michael K\u00fchnen, neonazi gay que muri\u00f3 de SIDA. \u00bfQu\u00e9 pasar\u00e1 cuando estos personajes se encuentren?<\/p>\n<p><iframe loading=\"lazy\" src=\"https:\/\/www.youtube.com\/embed\/WdMqmXIAbsg?rel=0&amp;controls=0&amp;showinfo=0\" height=\"315\" width=\"560\" allowfullscreen=\"\" frameborder=\"0\"><\/iframe><\/p>\n<p><a name=\"traslapiel\"><\/a>_________________________________________________________________________________________<\/p>\n<p><a name=\"Fantastica\"><\/a><\/p>\n<h4><strong><b>Una mujer fant\u00e1stica<\/b><\/strong><\/h4>\n<h6>Drama |\u00a02017 \/ 104 min \/ Chile \/ Trans<\/h6>\n<p><a href=\"http:\/\/www.movilh.cl\/cine\/wp-content\/uploads\/2017\/09\/28.una-mujer-fantastica.jpg\"><img loading=\"lazy\" decoding=\"async\" class=\"alignnone size-large wp-image-1018\" alt=\"28.una mujer fantastica\" src=\"http:\/\/www.movilh.cl\/cine\/wp-content\/uploads\/2017\/09\/28.una-mujer-fantastica-230x330.jpg\" width=\"230\" height=\"330\" srcset=\"https:\/\/www.movilh.cl\/cine\/wp-content\/uploads\/2017\/09\/28.una-mujer-fantastica-230x330.jpg 230w, https:\/\/www.movilh.cl\/cine\/wp-content\/uploads\/2017\/09\/28.una-mujer-fantastica-139x200.jpg 139w, https:\/\/www.movilh.cl\/cine\/wp-content\/uploads\/2017\/09\/28.una-mujer-fantastica-620x886.jpg 620w, https:\/\/www.movilh.cl\/cine\/wp-content\/uploads\/2017\/09\/28.una-mujer-fantastica.jpg 839w\" sizes=\"(max-width: 230px) 100vw, 230px\" \/><\/a><\/p>\n<p><strong>Director:<\/strong>\u00a0Sebasti\u00e1n Lelio.<\/p>\n<p><strong>Int\u00e9rpretes:<\/strong>\u00a0\u00a0Daniela Vega, \u00a0Francisco Reyes, \u00a0Luis Gnecco, \u00a0Aline K\u00fcppenheim, \u00a0Amparo Noguera<\/p>\n<p><strong>Sinopsis:\u00a0<\/strong>Marina (Daniela Vega) una joven camarera aspirante a cantante y Orlando (Francisco Reyes), veinte a\u00f1os mayor, planean un futuro juntos. Tras una noche de fiesta, Marina lo lleva a urgencias, pero \u00e9l muere al llegar al hospital. Ella debe entonces enfrentar las sospechas por su muerte. Su condici\u00f3n de mujer transexual supone para la familia de Orlando una completa aberraci\u00f3n. Ella tendr\u00e1 que luchar para convertirse en lo que es: una mujer fuerte, pasional&#8230; fant\u00e1stica.<\/p>\n<p>&nbsp;<\/p>\n<p><iframe loading=\"lazy\" src=\"https:\/\/www.youtube.com\/embed\/NLRRf6y-7X8?rel=0&amp;controls=0&amp;showinfo=0\" height=\"315\" width=\"560\" allowfullscreen=\"\" frameborder=\"0\"><\/iframe><\/p>\n<p style=\"text-align: left;\"><a name=\"VERFEHLUNG\"><\/a>_________________________________________________________________________________________<\/p>\n<p style=\"text-align: left;\"><a name=\"Versatil\"><\/a><\/p>\n<h4><strong>Vers\u00e1til<\/strong><\/h4>\n<h6>Cortometraje |\u00a02017 \/ 14 min \/ Espa\u00f1a \/ Gay<\/h6>\n<p><a href=\"http:\/\/www.movilh.cl\/cine\/wp-content\/uploads\/2017\/09\/29.vers\u00e1til.jpg\"><img loading=\"lazy\" decoding=\"async\" class=\"alignnone size-large wp-image-1019\" alt=\"29.vers\u00e1til\" src=\"http:\/\/www.movilh.cl\/cine\/wp-content\/uploads\/2017\/09\/29.vers\u00e1til-588x330.jpg\" width=\"588\" height=\"330\" srcset=\"https:\/\/www.movilh.cl\/cine\/wp-content\/uploads\/2017\/09\/29.vers\u00e1til-588x330.jpg 588w, https:\/\/www.movilh.cl\/cine\/wp-content\/uploads\/2017\/09\/29.vers\u00e1til-356x200.jpg 356w, https:\/\/www.movilh.cl\/cine\/wp-content\/uploads\/2017\/09\/29.vers\u00e1til-620x347.jpg 620w, https:\/\/www.movilh.cl\/cine\/wp-content\/uploads\/2017\/09\/29.vers\u00e1til.jpg 1918w\" sizes=\"(max-width: 588px) 100vw, 588px\" \/><\/a><\/p>\n<p><strong>Director: <\/strong>Carlos Ocho<\/p>\n<p><strong>Sinopsis:\u00a0<\/strong>\u00c1lex y Hugo es una pareja joven que lleva poco m\u00e1s de 6 meses juntos. Una noche de viernes, al llegar al piso de \u00c1lex, se pondr\u00e1n encima de la mesa temas pendientes sobre los roles sexuales en la pareja. Lo que parece empezar por una discusi\u00f3n sencilla de pareja, acaba sacando a la luz, temas m\u00e1s importantes sobre las bases necesarias en una relaci\u00f3n para que \u00e9sta funcione.<\/p>\n<p>&nbsp;<\/p>\n<p><iframe loading=\"lazy\" src=\"https:\/\/www.youtube.com\/embed\/AAYadYsB4ME?rel=0&amp;controls=0&amp;showinfo=0\" height=\"315\" width=\"560\" allowfullscreen=\"\" frameborder=\"0\"><\/iframe><\/p>\n<p><a name=\"victoriarosanaymaite\"><\/a>_________________________________________________________________________________________<\/p>\n<p><a name=\"Women\"><\/a><\/p>\n<h4><strong><b>Women Who Kill<\/b><\/strong><\/h4>\n<h6>Drama |\u00a02016 \/ 93 min \/ EE.UU.\/ L\u00e9sbica<\/h6>\n<p><a href=\"http:\/\/www.movilh.cl\/cine\/wp-content\/uploads\/2017\/09\/30.women-who-kill.jpg\"><img loading=\"lazy\" decoding=\"async\" class=\"alignnone size-large wp-image-1020\" alt=\"30.women who kill\" src=\"http:\/\/www.movilh.cl\/cine\/wp-content\/uploads\/2017\/09\/30.women-who-kill-219x330.jpg\" width=\"219\" height=\"330\" srcset=\"https:\/\/www.movilh.cl\/cine\/wp-content\/uploads\/2017\/09\/30.women-who-kill-219x330.jpg 219w, https:\/\/www.movilh.cl\/cine\/wp-content\/uploads\/2017\/09\/30.women-who-kill-133x200.jpg 133w, https:\/\/www.movilh.cl\/cine\/wp-content\/uploads\/2017\/09\/30.women-who-kill-620x930.jpg 620w, https:\/\/www.movilh.cl\/cine\/wp-content\/uploads\/2017\/09\/30.women-who-kill.jpg 666w\" sizes=\"(max-width: 219px) 100vw, 219px\" \/><\/a><\/p>\n<p><strong>Directores:<\/strong>\u00a0Ingrid Jungermann.<\/p>\n<p><strong>Int\u00e9rpretes:<\/strong>\u00a0Annette O&#8217;Toole, \u00a0Sheila Vand, \u00a0Deborah Rush, \u00a0Grace Rex, \u00a0Tami Sagher, \u00a0Ann Carr, Rodrigo Lopresti, \u00a0Ingrid Jungermann, \u00a0Shannon Patricia O&#8217;Neill, \u00a0Francis Benhamou, Jacqueline Antaramian, \u00a0Keisha Zollar, \u00a0Anna Orlova, \u00a0Terence Nance, \u00a0Doug Moe.<\/p>\n<p><strong>Sinopsis:<\/strong>\u00a0Morgan y su ex novia Jean son famosas podcasters locales obsesionadas con asesinas en serie. Pese a la posibilidad de que todav\u00eda sientan algo la una por la otra, la aparici\u00f3n de la misteriosa Simone obsesiona a Morgan, quien, ignorando las advertencias de sus amigos, iniciar\u00e1 una nueva relaci\u00f3n con la desconocida. Sospechas, confusiones y equ\u00edvocos en un original thriller.<\/p>\n<p>&nbsp;<\/p>\n<p><iframe loading=\"lazy\" src=\"https:\/\/www.youtube.com\/embed\/o9Q8-VoB0II?rel=0&amp;controls=0&amp;showinfo=0\" height=\"315\" width=\"560\" allowfullscreen=\"\" frameborder=\"0\"><\/iframe><br \/>\n<a name=\"whileyou\"><\/a><br \/>\n_________________________________________________________________________________________<\/p>\n<h4><strong><b>\u00a0<\/b><\/strong><\/h4>\n","protected":false},"excerpt":{"rendered":"<p>&nbsp; [separator] Cartelera &nbsp; Adela Casa Roshell Desde All&aacute; El casamiento En tr&aacute;nsito El amigo El sue&ntilde;o de Ana El diablo es magn&iacute;fico Gayby Baby Hattie Goes Cruising Kater (Tomcat) Lena La Belle Saison Los objetos amorosos La duda Lenny M&auml;dchenseele Mai Ni&ntilde;o bien Pria Paris 05:59 Th&eacute;o &amp; Hugo Piscina Pojkarna Seg&uacute;n Mateo Taste &hellip; <\/p>\n<p class=\"link-more\"><a href=\"https:\/\/www.movilh.cl\/cine\/cartelera-2017-2\/\" class=\"more-link\">Leer m\u00e1s<span class=\"screen-reader-text\"> \u00abCartelera 2017\u00bb<\/span><\/a><\/p>\n","protected":false},"author":1,"featured_media":0,"parent":0,"menu_order":0,"comment_status":"closed","ping_status":"open","template":"","meta":{"footnotes":""},"class_list":["post-1202","page","type-page","status-publish","hentry"],"_links":{"self":[{"href":"https:\/\/www.movilh.cl\/cine\/wp-json\/wp\/v2\/pages\/1202"}],"collection":[{"href":"https:\/\/www.movilh.cl\/cine\/wp-json\/wp\/v2\/pages"}],"about":[{"href":"https:\/\/www.movilh.cl\/cine\/wp-json\/wp\/v2\/types\/page"}],"author":[{"embeddable":true,"href":"https:\/\/www.movilh.cl\/cine\/wp-json\/wp\/v2\/users\/1"}],"replies":[{"embeddable":true,"href":"https:\/\/www.movilh.cl\/cine\/wp-json\/wp\/v2\/comments?post=1202"}],"version-history":[{"count":1,"href":"https:\/\/www.movilh.cl\/cine\/wp-json\/wp\/v2\/pages\/1202\/revisions"}],"predecessor-version":[{"id":1203,"href":"https:\/\/www.movilh.cl\/cine\/wp-json\/wp\/v2\/pages\/1202\/revisions\/1203"}],"wp:attachment":[{"href":"https:\/\/www.movilh.cl\/cine\/wp-json\/wp\/v2\/media?parent=1202"}],"curies":[{"name":"wp","href":"https:\/\/api.w.org\/{rel}","templated":true}]}}