{"id":960,"date":"2017-09-10T22:27:03","date_gmt":"2017-09-10T22:27:03","guid":{"rendered":"http:\/\/www.movilh.cl\/cine\/?page_id=960"},"modified":"2024-08-20T21:30:15","modified_gmt":"2024-08-20T21:30:15","slug":"cartelera-2018","status":"publish","type":"page","link":"http:\/\/www.movilh.cl\/cine\/cartelera-2018\/","title":{"rendered":"Cartelera 2018"},"content":{"rendered":"<p>[separator]<\/p>\n<p><a name=\"mercy\"><\/a><\/p>\n<p>[separator]<\/p>\n<h2><strong>\u2014 My Days Of Mercy<\/strong><\/h2>\n<p><a href=\"http:\/\/www.movilh.cl\/cine\/wp-content\/uploads\/2018\/09\/My-Days-of-Mercy.jpg\"><img loading=\"lazy\" decoding=\"async\" class=\"alignnone size-large wp-image-1247\" src=\"http:\/\/www.movilh.cl\/cine\/wp-content\/uploads\/2018\/09\/My-Days-of-Mercy-623x330.jpg\" alt=\"My-Days-of-Mercy\" width=\"620\" height=\"328\" srcset=\"http:\/\/www.movilh.cl\/cine\/wp-content\/uploads\/2018\/09\/My-Days-of-Mercy-623x330.jpg 623w, http:\/\/www.movilh.cl\/cine\/wp-content\/uploads\/2018\/09\/My-Days-of-Mercy-377x200.jpg 377w, http:\/\/www.movilh.cl\/cine\/wp-content\/uploads\/2018\/09\/My-Days-of-Mercy-620x328.jpg 620w, http:\/\/www.movilh.cl\/cine\/wp-content\/uploads\/2018\/09\/My-Days-of-Mercy.jpg 1200w\" sizes=\"(max-width: 620px) 100vw, 620px\" \/><\/a><\/p>\n<p><strong><strong>A\u00f1o:<\/strong><\/strong> 2017<br \/>\n<strong><strong>Pa\u00eds:<\/strong><\/strong> Estados Unidos<br \/>\n<strong>Duraci\u00f3n:<\/strong> 103`<br \/>\n<strong>Direcci\u00f3n:<\/strong> Tali Shalom-Ezer<br \/>\n<strong>Reparto:<\/strong> Kate Mara, Ellen Page, Amy Seimetz, Elias Koteas, Beau Knapp, Brian Geraghty, Charlie Shotwell, Tonya Pinkins, Jake Robinson, Jordan Trovillion, Michelle Poole, Anita Farmer Bergman, Charles Poole, Jerry Pope, Jack Norman, William Cross.<br \/>\n<strong>Sinopsis:<\/strong> La hija de un hombre en el corredor de la muerte se enamora de una mujer en el lado opuesto de la causa pol\u00edtica de su familia.<\/p>\n<p><iframe loading=\"lazy\" src=\"https:\/\/www.youtube.com\/embed\/Rr7MQ7IM_88?rel=0\" width=\"560\" height=\"315\" frameborder=\"0\" allowfullscreen=\"allowfullscreen\"><\/iframe><\/p>\n<p>[separator]<a name=\"Nomeolvides\"><\/a><\/p>\n<h2><strong>\u2014 Nomeolvides<\/strong><\/h2>\n<p><a href=\"http:\/\/www.movilh.cl\/cine\/wp-content\/uploads\/2018\/09\/No-me-olvides2.jpg\"><img loading=\"lazy\" decoding=\"async\" class=\"alignnone size-large wp-image-1250\" src=\"http:\/\/www.movilh.cl\/cine\/wp-content\/uploads\/2018\/09\/No-me-olvides2-610x330.jpg\" alt=\"No me olvides2\" width=\"610\" height=\"330\" srcset=\"http:\/\/www.movilh.cl\/cine\/wp-content\/uploads\/2018\/09\/No-me-olvides2-610x330.jpg 610w, http:\/\/www.movilh.cl\/cine\/wp-content\/uploads\/2018\/09\/No-me-olvides2-369x200.jpg 369w, http:\/\/www.movilh.cl\/cine\/wp-content\/uploads\/2018\/09\/No-me-olvides2-620x335.jpg 620w\" sizes=\"(max-width: 610px) 100vw, 610px\" \/><\/a><\/p>\n<p><strong>A\u00f1o:<\/strong> 2018<br \/>\n<strong>Pa\u00eds:<\/strong> Espa\u00f1a<br \/>\n<strong>Duraci\u00f3n:<\/strong> 7`<br \/>\n<strong>Direcci\u00f3n:<\/strong> Ferran Navarro-Beltr\u00e1n<br \/>\n<strong>Reparto:<\/strong> Luisa Gavasa, Gloria Mu\u00f1oz.<br \/>\n<strong>Sinopsis:<\/strong> Irene y Luisa, dos mujeres de 70 a\u00f1os de edad, van a un cementerio para visitar a sus familiares fallecidos. Una serie de coincidencias har\u00e1 que sus caminos se crucen.<\/p>\n<p><iframe loading=\"lazy\" src=\"https:\/\/www.youtube.com\/embed\/8Rs4r7q0sxg?rel=0\" width=\"560\" height=\"315\" frameborder=\"0\" allowfullscreen=\"allowfullscreen\"><\/iframe><\/p>\n<p>[separator]<a name=\"loquenoseve\"><\/a><\/p>\n<h2><strong>\u2014 Lo Que No Se Ve<\/strong><\/h2>\n<p><a href=\"http:\/\/www.movilh.cl\/cine\/wp-content\/uploads\/2018\/09\/20-frame4_Lo-que-no-se-ve.jpg\"><img loading=\"lazy\" decoding=\"async\" class=\"alignnone size-large wp-image-1251\" src=\"http:\/\/www.movilh.cl\/cine\/wp-content\/uploads\/2018\/09\/20-frame4_Lo-que-no-se-ve-774x330.jpg\" alt=\"20-frame4_Lo que no se ve\" width=\"620\" height=\"264\" srcset=\"http:\/\/www.movilh.cl\/cine\/wp-content\/uploads\/2018\/09\/20-frame4_Lo-que-no-se-ve-774x330.jpg 774w, http:\/\/www.movilh.cl\/cine\/wp-content\/uploads\/2018\/09\/20-frame4_Lo-que-no-se-ve-469x200.jpg 469w, http:\/\/www.movilh.cl\/cine\/wp-content\/uploads\/2018\/09\/20-frame4_Lo-que-no-se-ve-620x264.jpg 620w\" sizes=\"(max-width: 620px) 100vw, 620px\" \/><\/a><\/p>\n<p><strong>A\u00f1o:<\/strong> 2017<br \/>\n<strong>Pa\u00eds:<\/strong> Espa\u00f1a<br \/>\n<strong>Duraci\u00f3n:<\/strong> 5`<br \/>\n<strong>Direcci\u00f3n:<\/strong> Lamberto Guerra.<br \/>\n<strong>Reparto:<\/strong> Lorenza Mach\u00edn, Sof\u00eda Privitera, Alba Tonini, Tara Mach\u00edn, Paloma Albaladejo<br \/>\n<strong>Sinopsis:<\/strong> Lorenza va camino de los 80, acaba de quedarse viuda y decide volver a su hogar de juventud. Su hija, Tara, no lo aprueba, pero sus nietas, Sof\u00eda y Alba, deciden acompa\u00f1arla. Juntas, estas mujeres recorren el \u00faltimo tramo de su regreso, un peque\u00f1o viaje de 20 metros y 50 a\u00f1os.<\/p>\n<p>[separator]<a name=\"asra\"><\/a><\/p>\n<h2><strong>\u2014 ASRA<\/strong><\/h2>\n<p><a href=\"http:\/\/www.movilh.cl\/cine\/wp-content\/uploads\/2018\/09\/234307_01.jpg\"><img loading=\"lazy\" decoding=\"async\" class=\"alignnone size-large wp-image-1252\" src=\"http:\/\/www.movilh.cl\/cine\/wp-content\/uploads\/2018\/09\/234307_01-787x330.jpg\" alt=\"234307_01\" width=\"620\" height=\"259\" srcset=\"http:\/\/www.movilh.cl\/cine\/wp-content\/uploads\/2018\/09\/234307_01-787x330.jpg 787w, http:\/\/www.movilh.cl\/cine\/wp-content\/uploads\/2018\/09\/234307_01-477x200.jpg 477w, http:\/\/www.movilh.cl\/cine\/wp-content\/uploads\/2018\/09\/234307_01-620x259.jpg 620w, http:\/\/www.movilh.cl\/cine\/wp-content\/uploads\/2018\/09\/234307_01.jpg 900w\" sizes=\"(max-width: 620px) 100vw, 620px\" \/><\/a><\/p>\n<p><strong>A\u00f1o:<\/strong> 2018<br \/>\n<strong>Pa\u00eds:<\/strong> Brasil<br \/>\n<strong>Duraci\u00f3n:<\/strong> 15`<br \/>\n<strong>Direcci\u00f3n:<\/strong> Caio Cortonesi.<br \/>\n<strong>Reparto:<\/strong> Humberto Pedrancini, D\u00e9bora Aquino, Juliana Drummond, Caio Cortonesi, Pietro Barbosa<br \/>\n<strong>Sinopsis:<\/strong> Un hombre religioso y tradicionalista, derrotado por una enfermedad degenerativa incurable, decide terminar con su propio sufrimiento. \u00c9l conf\u00eda a su hijo Omar, con quien tiene una relaci\u00f3n dif\u00edcil, la tarea de encontrar alguien que termine con su dolor.<\/p>\n<p><iframe loading=\"lazy\" src=\"https:\/\/www.youtube.com\/embed\/GPQL-UlggyM?rel=0\" width=\"560\" height=\"315\" frameborder=\"0\" allowfullscreen=\"allowfullscreen\"><\/iframe><\/p>\n<p>[separator]<a name=\"forthegoodtimes\"><\/a><\/p>\n<h2><strong>\u2014 <a name=\"FortheGoodTimes\"><\/a>For the Good Times<\/strong><\/h2>\n<p><a href=\"http:\/\/www.movilh.cl\/cine\/wp-content\/uploads\/2018\/09\/32-frame3_For-the-Good-Times.jpg\"><img loading=\"lazy\" decoding=\"async\" class=\"alignnone size-large wp-image-1254\" src=\"http:\/\/www.movilh.cl\/cine\/wp-content\/uploads\/2018\/09\/32-frame3_For-the-Good-Times-586x330.jpg\" alt=\"32-frame3_For the Good Times\" width=\"586\" height=\"330\" srcset=\"http:\/\/www.movilh.cl\/cine\/wp-content\/uploads\/2018\/09\/32-frame3_For-the-Good-Times-586x330.jpg 586w, http:\/\/www.movilh.cl\/cine\/wp-content\/uploads\/2018\/09\/32-frame3_For-the-Good-Times-355x200.jpg 355w, http:\/\/www.movilh.cl\/cine\/wp-content\/uploads\/2018\/09\/32-frame3_For-the-Good-Times-620x348.jpg 620w, http:\/\/www.movilh.cl\/cine\/wp-content\/uploads\/2018\/09\/32-frame3_For-the-Good-Times.jpg 1920w\" sizes=\"(max-width: 586px) 100vw, 586px\" \/><\/a><\/p>\n<p><strong>A\u00f1o:<\/strong> 2017<br \/>\n<strong>Pa\u00eds:<\/strong> Espa\u00f1a<br \/>\n<strong>Duraci\u00f3n:<\/strong> 30`<br \/>\n<strong>Direcci\u00f3n:<\/strong> Andr\u00e9s Daniel Sainz<br \/>\n<strong>Reparto:<\/strong> Ram\u00f3n Agirre, Klara Badiola, I\u00f1aki Rikarte, Itziar Itu\u00f1o, Aitor Beltr\u00e1n, Gorka Zufiaurre, Miren Gazta\u00f1aga, I\u00f1igo Gastesi, Imanol Mugika, Aritz Fern\u00e1ndez, Giorgio Bassmatti, Kiko Jauregi.<br \/>\n<strong>Sinopsis:<\/strong> El d\u00eda del cumplea\u00f1os del patriarca de la familia, uno de los hijos decide salir del armario y poner a prueba la tolerancia de los suyos. Pero las sorpresas que este les tiene reservadas no terminan ah\u00ed.<\/p>\n<p><iframe loading=\"lazy\" src=\"https:\/\/player.vimeo.com\/video\/225978763\" width=\"640\" height=\"346\" frameborder=\"0\" allowfullscreen=\"allowfullscreen\"><\/iframe><\/p>\n<p>[separator]<a name=\"amor\"><\/a><\/p>\n<h2><strong>\u2014 A.M.O.R. ( Ante mucho odio Revoluci\u00f3n )<\/strong><\/h2>\n<p><a href=\"http:\/\/www.movilh.cl\/cine\/wp-content\/uploads\/2018\/09\/AMOR-2.jpg\"><img loading=\"lazy\" decoding=\"async\" class=\"alignnone size-large wp-image-1255\" src=\"http:\/\/www.movilh.cl\/cine\/wp-content\/uploads\/2018\/09\/AMOR-2-586x330.jpg\" alt=\"AMOR-2\" width=\"586\" height=\"330\" srcset=\"http:\/\/www.movilh.cl\/cine\/wp-content\/uploads\/2018\/09\/AMOR-2-586x330.jpg 586w, http:\/\/www.movilh.cl\/cine\/wp-content\/uploads\/2018\/09\/AMOR-2-355x200.jpg 355w, http:\/\/www.movilh.cl\/cine\/wp-content\/uploads\/2018\/09\/AMOR-2-620x348.jpg 620w, http:\/\/www.movilh.cl\/cine\/wp-content\/uploads\/2018\/09\/AMOR-2.jpg 1024w\" sizes=\"(max-width: 586px) 100vw, 586px\" \/><\/a><\/p>\n<p><strong>A\u00f1o:<\/strong> 2018<br \/>\n<strong>Pa\u00eds:<\/strong> Argentina<br \/>\n<strong>Duraci\u00f3n:<\/strong> 10`<br \/>\n<strong>Direcci\u00f3n:<\/strong> Florencia C\u00e1rdenas y Juan Manuel Zald\u00faa.<br \/>\n<strong>Sinopsis:<\/strong> Esta es la historia de amor entre la Shirley y la Luciana. Una historia que cuestiona y tensa una idea imperante de c\u00f3mo debe hacerse el amor. Una boda travesti que dej\u00f3 en vilo a todo el barrio popular de La Cumbre en la ciudad de la Plata. Gracias a la ley de identidad de g\u00e9nero y de matrimonio igualitario, fue el primer matrimonio entre dos travestis de Latinoam\u00e9rica.<\/p>\n<p>[separator]<a name=\"insiders\"><\/a><\/p>\n<h2><strong>\u2014 Insiders<\/strong><\/h2>\n<p><a href=\"http:\/\/www.movilh.cl\/cine\/wp-content\/uploads\/2018\/09\/79-frame2_Insiders.jpg\"><img loading=\"lazy\" decoding=\"async\" class=\"alignnone size-large wp-image-1257\" src=\"http:\/\/www.movilh.cl\/cine\/wp-content\/uploads\/2018\/09\/79-frame2_Insiders-591x330.jpg\" alt=\"79-frame2_Insiders\" width=\"591\" height=\"330\" srcset=\"http:\/\/www.movilh.cl\/cine\/wp-content\/uploads\/2018\/09\/79-frame2_Insiders-591x330.jpg 591w, http:\/\/www.movilh.cl\/cine\/wp-content\/uploads\/2018\/09\/79-frame2_Insiders-358x200.jpg 358w, http:\/\/www.movilh.cl\/cine\/wp-content\/uploads\/2018\/09\/79-frame2_Insiders-620x346.jpg 620w, http:\/\/www.movilh.cl\/cine\/wp-content\/uploads\/2018\/09\/79-frame2_Insiders.jpg 1935w\" sizes=\"(max-width: 591px) 100vw, 591px\" \/><\/a><\/p>\n<p><strong>A\u00f1o:<\/strong> 2017<br \/>\n<strong>Pa\u00eds:<\/strong> Chile<br \/>\n<strong>Duraci\u00f3n:<\/strong> 20`<br \/>\n<strong>Direcci\u00f3n:<\/strong> Sebasti\u00e1n Castillo<br \/>\n<strong>Sinopsis:<\/strong> Sebasti\u00e1n, fot\u00f3grafo que aprendi\u00f3 con un libro comprado en un persa y desde sus inicios retrata particularmente a los j\u00f3venes homosexuales de la capital. El morbo es el principal invitado en sus sesiones donde no importa quien o cuantos participen, dejando al sexo y a la c\u00e1mara como un escape de la realidad. El cuerpo es un tab\u00fa para la sociedad encerrado en cuatro paredes y hacerlo publico para ellos no es tema, traspasemos la pantalla y pong\u00e1monos delante del lente.<\/p>\n<p>[separator]<a name=\"Laissez-MoiDanser\"><\/a><\/p>\n<h2><strong>\u2014 Laissez-Moi Danser<\/strong><\/h2>\n<p><a href=\"http:\/\/www.movilh.cl\/cine\/wp-content\/uploads\/2018\/09\/60-frame2_Laissez-moi-danser.jpg\"><img loading=\"lazy\" decoding=\"async\" class=\"alignnone size-large wp-image-1259\" src=\"http:\/\/www.movilh.cl\/cine\/wp-content\/uploads\/2018\/09\/60-frame2_Laissez-moi-danser-787x330.jpg\" alt=\"60-frame2_Laissez-moi danser\" width=\"620\" height=\"259\" srcset=\"http:\/\/www.movilh.cl\/cine\/wp-content\/uploads\/2018\/09\/60-frame2_Laissez-moi-danser-787x330.jpg 787w, http:\/\/www.movilh.cl\/cine\/wp-content\/uploads\/2018\/09\/60-frame2_Laissez-moi-danser-477x200.jpg 477w, http:\/\/www.movilh.cl\/cine\/wp-content\/uploads\/2018\/09\/60-frame2_Laissez-moi-danser-620x259.jpg 620w\" sizes=\"(max-width: 620px) 100vw, 620px\" \/><\/a><\/p>\n<p><strong>A\u00f1o:<\/strong> 2017<br \/>\n<strong>Pa\u00eds:<\/strong> Francia<br \/>\n<strong>Duraci\u00f3n:<\/strong> 17`<br \/>\n<strong>Direcci\u00f3n:<\/strong> Val\u00e9rie Leroy.<br \/>\n<strong>Reparto:<\/strong> Marion Bezemer, Morgane Cabot, R\u00e9becca Finet, Camille Le Gall, Emine Meyrem, Agathe Rubinstein, Pierre Z\u00e9ni<br \/>\n<strong>Sinopsis:<\/strong> Myl\u00e8ne, de 45 a\u00f1os, es una camarera de limpieza en un ferry. Esta noche, sus colegas est\u00e1n organizando una fiesta sorpresa para su cumplea\u00f1os. Pero en el vale de regalo, Myl\u00e8ne lee su antiguo nombre, un nombre que ya no quiere ver, su nombre masculino. \u00bfQui\u00e9n quiere chantajearla?<\/p>\n<p><iframe loading=\"lazy\" src=\"https:\/\/player.vimeo.com\/video\/237898945\" width=\"640\" height=\"268\" frameborder=\"0\" allowfullscreen=\"allowfullscreen\"><\/iframe><\/p>\n<p>[separator]<a name=\"inti\"><\/a><\/p>\n<h2><strong>\u2014 INTI<\/strong><\/h2>\n<p><a href=\"http:\/\/www.movilh.cl\/cine\/wp-content\/uploads\/2018\/09\/inti-1.jpg\"><img loading=\"lazy\" decoding=\"async\" class=\"alignnone size-large wp-image-1258\" src=\"http:\/\/www.movilh.cl\/cine\/wp-content\/uploads\/2018\/09\/inti-1-578x330.jpg\" alt=\"inti 1\" width=\"578\" height=\"330\" srcset=\"http:\/\/www.movilh.cl\/cine\/wp-content\/uploads\/2018\/09\/inti-1-578x330.jpg 578w, http:\/\/www.movilh.cl\/cine\/wp-content\/uploads\/2018\/09\/inti-1-350x200.jpg 350w, http:\/\/www.movilh.cl\/cine\/wp-content\/uploads\/2018\/09\/inti-1-620x353.jpg 620w\" sizes=\"(max-width: 578px) 100vw, 578px\" \/><\/a><\/p>\n<p><strong>A\u00f1o:<\/strong> 2018<br \/>\n<strong>Pa\u00eds:<\/strong> Chile<br \/>\n<strong>Duraci\u00f3n:<\/strong> 15`<br \/>\n<strong>Direcci\u00f3n:<\/strong> Inti Lorca.<br \/>\n<strong>Reparto:<\/strong> Humberto Pedrancini, D\u00e9bora Aquino, Juliana Drummond, Caio Cortonesi, Pietro Barbosa.<br \/>\n<strong>Sinopsis:<\/strong> Documental que representa de forma testimonial la primera parte de una transici\u00f3n de g\u00e9nero, desde sus inicios hasta un periodo de cuatro meses, registrando los cambios sujetos a la administraci\u00f3n de hormonas y las repercusiones sociales involucradas en el proceso.<\/p>\n<p>[separator]<a name=\"TomofFinland\"><\/a><\/p>\n<h2><strong>\u2014 Tom of Finland<\/strong><\/h2>\n<p><a href=\"http:\/\/www.movilh.cl\/cine\/wp-content\/uploads\/2018\/09\/MV5BMjlhYmE5MzQtODRmMy00Nzk1LWExMzItZTQ1ZTI3ODgzMmY1XkEyXkFqcGdeQXVyNzI1NzMxNzM@._V1_SX1777_CR001777999_AL_.jpg\"><img loading=\"lazy\" decoding=\"async\" class=\"alignnone size-large wp-image-1260\" src=\"http:\/\/www.movilh.cl\/cine\/wp-content\/uploads\/2018\/09\/MV5BMjlhYmE5MzQtODRmMy00Nzk1LWExMzItZTQ1ZTI3ODgzMmY1XkEyXkFqcGdeQXVyNzI1NzMxNzM@._V1_SX1777_CR001777999_AL_-586x330.jpg\" alt=\"MV5BMjlhYmE5MzQtODRmMy00Nzk1LWExMzItZTQ1ZTI3ODgzMmY1XkEyXkFqcGdeQXVyNzI1NzMxNzM@._V1_SX1777_CR0,0,1777,999_AL_\" width=\"586\" height=\"330\" srcset=\"http:\/\/www.movilh.cl\/cine\/wp-content\/uploads\/2018\/09\/MV5BMjlhYmE5MzQtODRmMy00Nzk1LWExMzItZTQ1ZTI3ODgzMmY1XkEyXkFqcGdeQXVyNzI1NzMxNzM@._V1_SX1777_CR001777999_AL_-586x330.jpg 586w, http:\/\/www.movilh.cl\/cine\/wp-content\/uploads\/2018\/09\/MV5BMjlhYmE5MzQtODRmMy00Nzk1LWExMzItZTQ1ZTI3ODgzMmY1XkEyXkFqcGdeQXVyNzI1NzMxNzM@._V1_SX1777_CR001777999_AL_-355x200.jpg 355w, http:\/\/www.movilh.cl\/cine\/wp-content\/uploads\/2018\/09\/MV5BMjlhYmE5MzQtODRmMy00Nzk1LWExMzItZTQ1ZTI3ODgzMmY1XkEyXkFqcGdeQXVyNzI1NzMxNzM@._V1_SX1777_CR001777999_AL_-620x348.jpg 620w, http:\/\/www.movilh.cl\/cine\/wp-content\/uploads\/2018\/09\/MV5BMjlhYmE5MzQtODRmMy00Nzk1LWExMzItZTQ1ZTI3ODgzMmY1XkEyXkFqcGdeQXVyNzI1NzMxNzM@._V1_SX1777_CR001777999_AL_.jpg 1777w\" sizes=\"(max-width: 586px) 100vw, 586px\" \/><\/a><\/p>\n<p><strong>A\u00f1o:<\/strong> 2017<br \/>\n<strong>Pa\u00eds:<\/strong> Finlandia<br \/>\n<strong>Duraci\u00f3n:<\/strong> 115`<br \/>\n<strong>Direcci\u00f3n:<\/strong> Dome Karukoski.<br \/>\n<strong>Reparto:<\/strong> Denholm Spurr, Craig Daniel, Zac Renfree, Ashley Ryder, Scott Hunter, Hans Berlin.<br \/>\n<strong>Sinopsis:<\/strong> Tom of Finland cuenta la verdadera y conmovedora historia del artista finland\u00e9s Touko Laaksonen y su camino hasta el \u00e9xito internacional. En la pel\u00edcula, Touko vuelve despu\u00e9s de la Guerra de continuaci\u00f3n a su sombr\u00edo y moralista hogar de Finlandia, donde la homosexualidad es ilegal. Touko encuentra una v\u00eda de escape en el arte, empezando a hacer dibujos de hombres homosexuales musculosos, libres, desinhibidos y orgullosos.<\/p>\n<p><iframe loading=\"lazy\" src=\"https:\/\/www.youtube.com\/embed\/gxPRRzZkpus?rel=0\" width=\"560\" height=\"315\" frameborder=\"0\" allowfullscreen=\"allowfullscreen\"><\/iframe><\/p>\n<p>[separator]<a name=\"TrouserBar\"><\/a><\/p>\n<h2><strong>\u2014 Trouser Bar<\/strong><\/h2>\n<p><a href=\"http:\/\/www.movilh.cl\/cine\/wp-content\/uploads\/2018\/09\/20150921_115406000_iOS.png.jpg\"><img loading=\"lazy\" decoding=\"async\" class=\"alignnone size-medium wp-image-1262\" src=\"http:\/\/www.movilh.cl\/cine\/wp-content\/uploads\/2018\/09\/20150921_115406000_iOS.png-477x200.jpg\" alt=\"20150921_115406000_iOS.png\" width=\"477\" height=\"200\" srcset=\"http:\/\/www.movilh.cl\/cine\/wp-content\/uploads\/2018\/09\/20150921_115406000_iOS.png-477x200.jpg 477w, http:\/\/www.movilh.cl\/cine\/wp-content\/uploads\/2018\/09\/20150921_115406000_iOS.png-620x259.jpg 620w, http:\/\/www.movilh.cl\/cine\/wp-content\/uploads\/2018\/09\/20150921_115406000_iOS.png.jpg 774w\" sizes=\"(max-width: 477px) 100vw, 477px\" \/><\/a><\/p>\n<p><strong>A\u00f1o:<\/strong> 2016<br \/>\n<strong>Pa\u00eds:<\/strong> Inglaterra<br \/>\n<strong>Duraci\u00f3n:<\/strong> 20`<br \/>\n<strong>Direcci\u00f3n:<\/strong> Kristen Bjorn.<br \/>\n<strong>Reparto:<\/strong> Denholm Spurr, Craig Daniel, Zac Renfree, Ashley Ryder, Scott Hunter, Hans Berlin.<br \/>\n<strong>Sinopsis:<\/strong> En 1976 dos hombres se adentran en Sir John\u2019s, una tienda de pantalones en Londres. Poco saben de la aventura sexual que les espera dentro del mismo.<\/p>\n<p><iframe loading=\"lazy\" src=\"https:\/\/player.vimeo.com\/video\/221463230\" width=\"640\" height=\"360\" frameborder=\"0\" allowfullscreen=\"allowfullscreen\"><\/iframe><\/p>\n<p>[separator]<a name=\"Lefters\"><\/a><\/p>\n<h2><strong>\u2014 Lefters<\/strong><\/h2>\n<p><a href=\"http:\/\/www.movilh.cl\/cine\/wp-content\/uploads\/2018\/09\/42-banner_LEFTERS.jpg\"><img loading=\"lazy\" decoding=\"async\" class=\"alignnone size-large wp-image-1263\" src=\"http:\/\/www.movilh.cl\/cine\/wp-content\/uploads\/2018\/09\/42-banner_LEFTERS-823x330.jpg\" alt=\"42-banner_LEFTERS\" width=\"620\" height=\"248\" srcset=\"http:\/\/www.movilh.cl\/cine\/wp-content\/uploads\/2018\/09\/42-banner_LEFTERS-823x330.jpg 823w, http:\/\/www.movilh.cl\/cine\/wp-content\/uploads\/2018\/09\/42-banner_LEFTERS-498x200.jpg 498w, http:\/\/www.movilh.cl\/cine\/wp-content\/uploads\/2018\/09\/42-banner_LEFTERS-620x248.jpg 620w, http:\/\/www.movilh.cl\/cine\/wp-content\/uploads\/2018\/09\/42-banner_LEFTERS.jpg 1916w\" sizes=\"(max-width: 620px) 100vw, 620px\" \/><\/a><\/p>\n<p><strong>A\u00f1o:<\/strong> 2018<br \/>\n<strong>Pa\u00eds:<\/strong> Espa\u00f1a<br \/>\n<strong>Duraci\u00f3n:<\/strong> 3`<br \/>\n<strong>Direcci\u00f3n:<\/strong> Luis Germano.<br \/>\n<strong>Reparto:<\/strong> Alina Anufrienko, Anna Bobrovskaya, Zhenya Sytaev, Dima Fedorov.<br \/>\n<strong>Sinopsis:<\/strong> Un viaje por la intimidad de dos parejas rusas que por su condici\u00f3n sexual han sido apartadas por sus comunidades y obligados a esconder los detalles mas simples de sus vidas.<\/p>\n<p><iframe loading=\"lazy\" src=\"https:\/\/player.vimeo.com\/video\/173591045?color=ed3542\" width=\"640\" height=\"360\" frameborder=\"0\" allowfullscreen=\"allowfullscreen\"><\/iframe><\/p>\n<p>[separator]<a name=\"Suicidrag\"><\/a><\/p>\n<h2><strong>\u00a0\u2014 Suicidrag<\/strong><\/h2>\n<p><a href=\"http:\/\/www.movilh.cl\/cine\/wp-content\/uploads\/2018\/09\/71-frame3_SUICIDRAG.jpg\"><img loading=\"lazy\" decoding=\"async\" class=\"alignnone size-large wp-image-1264\" src=\"http:\/\/www.movilh.cl\/cine\/wp-content\/uploads\/2018\/09\/71-frame3_SUICIDRAG-585x330.jpg\" alt=\"71-frame3_SUICIDRAG\" width=\"585\" height=\"330\" srcset=\"http:\/\/www.movilh.cl\/cine\/wp-content\/uploads\/2018\/09\/71-frame3_SUICIDRAG-585x330.jpg 585w, http:\/\/www.movilh.cl\/cine\/wp-content\/uploads\/2018\/09\/71-frame3_SUICIDRAG-355x200.jpg 355w, http:\/\/www.movilh.cl\/cine\/wp-content\/uploads\/2018\/09\/71-frame3_SUICIDRAG-620x349.jpg 620w, http:\/\/www.movilh.cl\/cine\/wp-content\/uploads\/2018\/09\/71-frame3_SUICIDRAG.jpg 1917w\" sizes=\"(max-width: 585px) 100vw, 585px\" \/><\/a><\/p>\n<p><strong>A\u00f1o:<\/strong> 2018<br \/>\n<strong>Pa\u00eds:<\/strong> M\u00e9xico<br \/>\n<strong>Duraci\u00f3n:<\/strong> 10`<br \/>\n<strong>Direcci\u00f3n:<\/strong> Andrea Perez Su, Arturo Campos Nieto.<br \/>\n<strong>Sinopsis:<\/strong> El grupo mexicano de Drag Queens Suicidrag, a trav\u00e9s de un recorrido visual nos muestra el quehacer de su arte, las salidas nocturnas y su interacci\u00f3n con el entorno.<\/p>\n<p><iframe loading=\"lazy\" src=\"https:\/\/player.vimeo.com\/video\/285507895?color=ed3542\" width=\"640\" height=\"266\" frameborder=\"0\" allowfullscreen=\"allowfullscreen\"><\/iframe><\/p>\n<p>[separator]<a name=\"MeinwunderbaresWest-Berlin\"><\/a><\/p>\n<h2><strong>\u2014 Mein wunderbares West-Berlin<\/strong><\/h2>\n<p><a href=\"http:\/\/www.movilh.cl\/cine\/wp-content\/uploads\/2018\/09\/201710598_1_IMG_FIX_700x700.jpg\"><img loading=\"lazy\" decoding=\"async\" class=\"alignnone size-large wp-image-1265\" src=\"http:\/\/www.movilh.cl\/cine\/wp-content\/uploads\/2018\/09\/201710598_1_IMG_FIX_700x700-494x330.jpg\" alt=\"201710598_1_IMG_FIX_700x700\" width=\"494\" height=\"330\" srcset=\"http:\/\/www.movilh.cl\/cine\/wp-content\/uploads\/2018\/09\/201710598_1_IMG_FIX_700x700-494x330.jpg 494w, http:\/\/www.movilh.cl\/cine\/wp-content\/uploads\/2018\/09\/201710598_1_IMG_FIX_700x700-299x200.jpg 299w, http:\/\/www.movilh.cl\/cine\/wp-content\/uploads\/2018\/09\/201710598_1_IMG_FIX_700x700-620x413.jpg 620w, http:\/\/www.movilh.cl\/cine\/wp-content\/uploads\/2018\/09\/201710598_1_IMG_FIX_700x700.jpg 700w\" sizes=\"(max-width: 494px) 100vw, 494px\" \/><\/a><\/p>\n<p><strong>A\u00f1o:<\/strong> 2017<br \/>\n<strong>Pa\u00eds:<\/strong> Alemania<br \/>\n<strong>Duraci\u00f3n:<\/strong> 97`<br \/>\n<strong>Direcci\u00f3n:<\/strong> Jochen Hick.<br \/>\n<strong>Sinopsis:<\/strong> El desacreditado Art\u00edculo 175, que a partir de 1872 penalizaba las relaciones sexuales entre personas de sexo masculino en la Rep\u00fablica Federal, fue eliminado oficialmente del C\u00f3digo Penal reci\u00e9n en 1994. Sin embargo, en Berl\u00edn Occidental, la \u00fanica ciudad alemana donde a los hombres se les permit\u00eda bailar entre s\u00ed, ya en los a\u00f1os 60 exist\u00edan locales que se convirtieron en refugio para j\u00f3venes homosexuales de la Rep\u00fablica Federal. En su documental, Jochen Hick, apoyado por muchos testigos de la \u00e9poca y sirvi\u00e9ndose de material de archivo hasta ahora in\u00e9dito y en ocasiones provocador, investiga el desarrollo hist\u00f3rico del ambiente de entonces hasta nuestros d\u00edas.<\/p>\n<p><iframe loading=\"lazy\" src=\"https:\/\/www.youtube.com\/embed\/Yn9ojwXZzrk?rel=0\" width=\"560\" height=\"315\" frameborder=\"0\" allowfullscreen=\"allowfullscreen\"><\/iframe><\/p>\n<p>[separator]<a name=\"Guacherna\"><\/a><\/p>\n<h2><strong>\u2014 Guacherna LGBTI, Cuando la Guerra se Convierte En Carnaval<\/strong><\/h2>\n<p><a href=\"http:\/\/www.movilh.cl\/cine\/wp-content\/uploads\/2018\/09\/243866_01.jpg\"><img loading=\"lazy\" decoding=\"async\" class=\"alignnone size-large wp-image-1266\" src=\"http:\/\/www.movilh.cl\/cine\/wp-content\/uploads\/2018\/09\/243866_01-544x330.jpg\" alt=\"243866_01\" width=\"544\" height=\"330\" srcset=\"http:\/\/www.movilh.cl\/cine\/wp-content\/uploads\/2018\/09\/243866_01-544x330.jpg 544w, http:\/\/www.movilh.cl\/cine\/wp-content\/uploads\/2018\/09\/243866_01-330x200.jpg 330w, http:\/\/www.movilh.cl\/cine\/wp-content\/uploads\/2018\/09\/243866_01-620x375.jpg 620w, http:\/\/www.movilh.cl\/cine\/wp-content\/uploads\/2018\/09\/243866_01.jpg 900w\" sizes=\"(max-width: 544px) 100vw, 544px\" \/><\/a><\/p>\n<p><strong>A\u00f1o:<\/strong> 2017<br \/>\n<strong>Pa\u00eds:<\/strong> Colombia<br \/>\n<strong>Duraci\u00f3n:<\/strong> 12`<br \/>\n<strong>Direcci\u00f3n :<\/strong> C\u00e9sar Garc\u00eda.<br \/>\n<strong>Sinopsis:<\/strong> Una reina trans, un chico en proceso de hormonizaci\u00f3n, un l\u00edder bisexual y un peluquero, que todav\u00eda se extra\u00f1a de sus preferencias sexuales, son los protagonistas de este relato audiovisual, que recorre la primera Guacherna Diversa en los Montes de Mar\u00eda, una de las regiones m\u00e1s afectadas por el conflicto armado colombiano.<\/p>\n<p>[separator]<a name=\"Calamity\"><\/a><\/p>\n<h2><strong>\u2014 Calamity<\/strong><\/h2>\n<p><a href=\"http:\/\/www.movilh.cl\/cine\/wp-content\/uploads\/2018\/09\/198189_01.jpg\"><img loading=\"lazy\" decoding=\"async\" class=\"alignnone size-large wp-image-1267\" src=\"http:\/\/www.movilh.cl\/cine\/wp-content\/uploads\/2018\/09\/198189_01-625x330.jpg\" alt=\"198189_01\" width=\"620\" height=\"327\" srcset=\"http:\/\/www.movilh.cl\/cine\/wp-content\/uploads\/2018\/09\/198189_01-625x330.jpg 625w, http:\/\/www.movilh.cl\/cine\/wp-content\/uploads\/2018\/09\/198189_01-378x200.jpg 378w, http:\/\/www.movilh.cl\/cine\/wp-content\/uploads\/2018\/09\/198189_01-620x327.jpg 620w, http:\/\/www.movilh.cl\/cine\/wp-content\/uploads\/2018\/09\/198189_01.jpg 900w\" sizes=\"(max-width: 620px) 100vw, 620px\" \/><\/a><\/p>\n<p><strong>A\u00f1o:<\/strong> 2017 |<br \/>\n<strong>Pa\u00eds:<\/strong> B\u00e9lgica |<br \/>\n<strong>Duraci\u00f3n:<\/strong> 20` |<br \/>\n<strong>Direcci\u00f3n:<\/strong> S\u00e9verine De Streyker &amp; Maxime Feyers.<br \/>\n<strong>Reparto:<\/strong> Ingrid Heiderscheidt, Fran\u00e7ois Maquet, Jean-Michel Balthazar, Bastien Ughetto, Judith Williquet &amp; Arthur Marbaix.<br \/>\n<strong>Sinopsis:<\/strong> France se encuentra con la novia de su hijo por primera vez. Ella pierde el control.<\/p>\n<p><iframe loading=\"lazy\" src=\"https:\/\/player.vimeo.com\/video\/242557804?color=ed3542\" width=\"640\" height=\"360\" frameborder=\"0\" allowfullscreen=\"allowfullscreen\"><\/iframe><\/p>\n<p>[separator]<a name=\"Thelma\"><\/a><\/p>\n<h2><strong>\u2014 Thelma<\/strong><\/h2>\n<p><a href=\"http:\/\/www.movilh.cl\/cine\/wp-content\/uploads\/2018\/09\/Thelma_a5_EiliHarboe_CopyrightMotlysAS.jpg\"><img loading=\"lazy\" decoding=\"async\" class=\"alignnone size-large wp-image-1268\" src=\"http:\/\/www.movilh.cl\/cine\/wp-content\/uploads\/2018\/09\/Thelma_a5_EiliHarboe_CopyrightMotlysAS-788x330.jpg\" alt=\"Thelma_a5_EiliHarboe_CopyrightMotlysAS\" width=\"620\" height=\"259\" srcset=\"http:\/\/www.movilh.cl\/cine\/wp-content\/uploads\/2018\/09\/Thelma_a5_EiliHarboe_CopyrightMotlysAS-788x330.jpg 788w, http:\/\/www.movilh.cl\/cine\/wp-content\/uploads\/2018\/09\/Thelma_a5_EiliHarboe_CopyrightMotlysAS-477x200.jpg 477w, http:\/\/www.movilh.cl\/cine\/wp-content\/uploads\/2018\/09\/Thelma_a5_EiliHarboe_CopyrightMotlysAS-620x259.jpg 620w\" sizes=\"(max-width: 620px) 100vw, 620px\" \/><\/a><\/p>\n<p><strong>A\u00f1o:<\/strong> 2017<br \/>\n<strong>Pa\u00eds:<\/strong> Noruega<br \/>\n<strong>Duraci\u00f3n:<\/strong> 116`<br \/>\n<strong>Direcci\u00f3n:<\/strong> Joachim Trier. <strong>Reparto:<\/strong> Eili Harboe, Kaya Wilkins, Ellen Dorrit Petersen, Henrik Rafaelsen, Anders Mossling, Grethe Elterv\u00e5g, Vanessa Borgli.<br \/>\n<strong>Sinopsis:<\/strong> Thelma, una joven y t\u00edmida estudiante, abandona la estricta vigilancia de sus padres para trasladarse a estudiar a la capital. El cambio la obligar\u00e1 a enfrentarse con tr\u00e1gicos secretos de su pasado, y a las aterradoras repercusiones de sus poderes. Cuando Thelma inicie una relaci\u00f3n con una compa\u00f1era, las emociones propias del amor har\u00e1n estragos.<\/p>\n<p><iframe loading=\"lazy\" src=\"https:\/\/www.youtube.com\/embed\/UA00bYY3vVA?rel=0\" width=\"560\" height=\"315\" frameborder=\"0\" allowfullscreen=\"allowfullscreen\"><\/iframe><\/p>\n<p>[separator]<a name=\"mil\"><\/a><\/p>\n<h2><strong>\u2014 1992<\/strong><\/h2>\n<p><a href=\"http:\/\/www.movilh.cl\/cine\/wp-content\/uploads\/2018\/09\/MV5BZDQ1NWIyZGMtOWI5MC00NmJlLTkwZTUtODE3OGI0ZTE1NzY1XkEyXkFqcGdeQXVyNjk1Njg5NTA@._V1_SY1000_CR0017611000_AL_.jpg\"><img loading=\"lazy\" decoding=\"async\" class=\"alignnone size-large wp-image-1273\" src=\"http:\/\/www.movilh.cl\/cine\/wp-content\/uploads\/2018\/09\/MV5BZDQ1NWIyZGMtOWI5MC00NmJlLTkwZTUtODE3OGI0ZTE1NzY1XkEyXkFqcGdeQXVyNjk1Njg5NTA@._V1_SY1000_CR0017611000_AL_-581x330.jpg\" alt=\"MV5BZDQ1NWIyZGMtOWI5MC00NmJlLTkwZTUtODE3OGI0ZTE1NzY1XkEyXkFqcGdeQXVyNjk1Njg5NTA@._V1_SY1000_CR0,0,1761,1000_AL_\" width=\"581\" height=\"330\" srcset=\"http:\/\/www.movilh.cl\/cine\/wp-content\/uploads\/2018\/09\/MV5BZDQ1NWIyZGMtOWI5MC00NmJlLTkwZTUtODE3OGI0ZTE1NzY1XkEyXkFqcGdeQXVyNjk1Njg5NTA@._V1_SY1000_CR0017611000_AL_-581x330.jpg 581w, http:\/\/www.movilh.cl\/cine\/wp-content\/uploads\/2018\/09\/MV5BZDQ1NWIyZGMtOWI5MC00NmJlLTkwZTUtODE3OGI0ZTE1NzY1XkEyXkFqcGdeQXVyNjk1Njg5NTA@._V1_SY1000_CR0017611000_AL_-352x200.jpg 352w, http:\/\/www.movilh.cl\/cine\/wp-content\/uploads\/2018\/09\/MV5BZDQ1NWIyZGMtOWI5MC00NmJlLTkwZTUtODE3OGI0ZTE1NzY1XkEyXkFqcGdeQXVyNjk1Njg5NTA@._V1_SY1000_CR0017611000_AL_-620x352.jpg 620w, http:\/\/www.movilh.cl\/cine\/wp-content\/uploads\/2018\/09\/MV5BZDQ1NWIyZGMtOWI5MC00NmJlLTkwZTUtODE3OGI0ZTE1NzY1XkEyXkFqcGdeQXVyNjk1Njg5NTA@._V1_SY1000_CR0017611000_AL_.jpg 1761w\" sizes=\"(max-width: 581px) 100vw, 581px\" \/><\/a><\/p>\n<p><strong>A\u00f1o:<\/strong> 2016<br \/>\n<strong>Pa\u00eds:<\/strong> Francia<br \/>\n<strong>Duraci\u00f3n:<\/strong> 25`<br \/>\n<strong>Direcci\u00f3n:<\/strong> Anthony Doncque. <strong>Reparto:<\/strong> Louis Duneton, Matthieu Dessertine, Alain Beigel.<br \/>\n<strong>Sinopsis:<\/strong> 1992. Martin tiene diecisiete a\u00f1os y filma su vida diaria con su c\u00e1mara Hi8. Filma todo y cualquier cosa, su habitaci\u00f3n, el mundo que lo rodea. Nunca su padre \u00c9l no piensa en eso. Un d\u00eda conoce a Dominique. Tiene veintitr\u00e9s a\u00f1os y es trabajador en su escuela secundaria.<\/p>\n<p><iframe loading=\"lazy\" src=\"https:\/\/player.vimeo.com\/video\/148864510?color=ed3542\" width=\"640\" height=\"360\" frameborder=\"0\" allowfullscreen=\"allowfullscreen\"><\/iframe><\/p>\n<p>[separator]<a name=\"MonumentofPride\"><\/a><\/p>\n<h2><strong>\u2014 Monument of Pride<\/strong><\/h2>\n<p><a href=\"http:\/\/www.movilh.cl\/cine\/wp-content\/uploads\/2018\/09\/MV5BOTY4MDVlNWQtZDY0Ny00NGRkLTljZWEtNTU2MGEyY2U5MDVmXkEyXkFqcGdeQXVyNjQ0MjU4NTE@._V1_SX1777_CR001777998_AL_.jpg\"><img loading=\"lazy\" decoding=\"async\" class=\"alignnone size-large wp-image-1269\" src=\"http:\/\/www.movilh.cl\/cine\/wp-content\/uploads\/2018\/09\/MV5BOTY4MDVlNWQtZDY0Ny00NGRkLTljZWEtNTU2MGEyY2U5MDVmXkEyXkFqcGdeQXVyNjQ0MjU4NTE@._V1_SX1777_CR001777998_AL_-587x330.jpg\" alt=\"MV5BOTY4MDVlNWQtZDY0Ny00NGRkLTljZWEtNTU2MGEyY2U5MDVmXkEyXkFqcGdeQXVyNjQ0MjU4NTE@._V1_SX1777_CR0,0,1777,998_AL_\" width=\"587\" height=\"330\" srcset=\"http:\/\/www.movilh.cl\/cine\/wp-content\/uploads\/2018\/09\/MV5BOTY4MDVlNWQtZDY0Ny00NGRkLTljZWEtNTU2MGEyY2U5MDVmXkEyXkFqcGdeQXVyNjQ0MjU4NTE@._V1_SX1777_CR001777998_AL_-587x330.jpg 587w, http:\/\/www.movilh.cl\/cine\/wp-content\/uploads\/2018\/09\/MV5BOTY4MDVlNWQtZDY0Ny00NGRkLTljZWEtNTU2MGEyY2U5MDVmXkEyXkFqcGdeQXVyNjQ0MjU4NTE@._V1_SX1777_CR001777998_AL_-356x200.jpg 356w, http:\/\/www.movilh.cl\/cine\/wp-content\/uploads\/2018\/09\/MV5BOTY4MDVlNWQtZDY0Ny00NGRkLTljZWEtNTU2MGEyY2U5MDVmXkEyXkFqcGdeQXVyNjQ0MjU4NTE@._V1_SX1777_CR001777998_AL_-620x348.jpg 620w, http:\/\/www.movilh.cl\/cine\/wp-content\/uploads\/2018\/09\/MV5BOTY4MDVlNWQtZDY0Ny00NGRkLTljZWEtNTU2MGEyY2U5MDVmXkEyXkFqcGdeQXVyNjQ0MjU4NTE@._V1_SX1777_CR001777998_AL_.jpg 1777w\" sizes=\"(max-width: 587px) 100vw, 587px\" \/><\/a><\/p>\n<p><strong>A\u00f1o:<\/strong> 2017<br \/>\n<strong>Pa\u00eds:<\/strong> Holanda<br \/>\n<strong>Duraci\u00f3n:<\/strong> 82`<br \/>\n<strong>Direcci\u00f3n:<\/strong> Sebastiaan Kes.<br \/>\n<strong>Sinopsis:<\/strong> Monument of Pride (Monument van Trots) cuenta la historia de la revoluci\u00f3n rosa en los Pa\u00edses Bajos.<\/p>\n<p>[separator]<a name=\"ASombraInterior\"><\/a><\/p>\n<h2><strong>\u2014 A Sombra Interior<\/strong><\/h2>\n<p><a href=\"http:\/\/www.movilh.cl\/cine\/wp-content\/uploads\/2018\/09\/25-frame1_A-Sombra-Interior.jpg\"><img loading=\"lazy\" decoding=\"async\" class=\"alignnone size-large wp-image-1270\" src=\"http:\/\/www.movilh.cl\/cine\/wp-content\/uploads\/2018\/09\/25-frame1_A-Sombra-Interior-494x330.jpg\" alt=\"25-frame1_A Sombra Interior\" width=\"494\" height=\"330\" srcset=\"http:\/\/www.movilh.cl\/cine\/wp-content\/uploads\/2018\/09\/25-frame1_A-Sombra-Interior-494x330.jpg 494w, http:\/\/www.movilh.cl\/cine\/wp-content\/uploads\/2018\/09\/25-frame1_A-Sombra-Interior-299x200.jpg 299w, http:\/\/www.movilh.cl\/cine\/wp-content\/uploads\/2018\/09\/25-frame1_A-Sombra-Interior-620x413.jpg 620w, http:\/\/www.movilh.cl\/cine\/wp-content\/uploads\/2018\/09\/25-frame1_A-Sombra-Interior.jpg 1618w\" sizes=\"(max-width: 494px) 100vw, 494px\" \/><\/a><\/p>\n<p><strong>A\u00f1o:<\/strong> 2018<br \/>\n<strong>Pa\u00eds:<\/strong> Brasil<br \/>\n<strong>Duraci\u00f3n:<\/strong> 16`<br \/>\n<strong>Direcci\u00f3n:<\/strong> Diego Tafarel.<br \/>\n<strong>Reparto:<\/strong> Rafael Schaefer, Frederico Vittola, John Muller, Eike Junior, Rodrigo Shalako, Carina Dias.<br \/>\n<strong>Sinopsis:<\/strong> El hijo de una familia patriarcal del interior de Brasil descubre algo.<\/p>\n<p>[separator]<a name=\"GodsOwnCountry\"><\/a><\/p>\n<h2><strong>\u2014 God\u2019s Own Country<\/strong><\/h2>\n<p><a href=\"http:\/\/www.movilh.cl\/cine\/wp-content\/uploads\/2018\/09\/MV5BZmNiOTVjOGQtZjQ2Yi00ZTViLTk4ODMtZjNlZmJkYjFjMmYzL2ltYWdlL2ltYWdlXkEyXkFqcGdeQXVyMzgyMDcxMg@@._V1_SX1777_CR001777999_AL_.jpg\"><img loading=\"lazy\" decoding=\"async\" class=\"alignnone size-large wp-image-1271\" src=\"http:\/\/www.movilh.cl\/cine\/wp-content\/uploads\/2018\/09\/MV5BZmNiOTVjOGQtZjQ2Yi00ZTViLTk4ODMtZjNlZmJkYjFjMmYzL2ltYWdlL2ltYWdlXkEyXkFqcGdeQXVyMzgyMDcxMg@@._V1_SX1777_CR001777999_AL_-586x330.jpg\" alt=\"MV5BZmNiOTVjOGQtZjQ2Yi00ZTViLTk4ODMtZjNlZmJkYjFjMmYzL2ltYWdlL2ltYWdlXkEyXkFqcGdeQXVyMzgyMDcxMg@@._V1_SX1777_CR0,0,1777,999_AL_\" width=\"586\" height=\"330\" srcset=\"http:\/\/www.movilh.cl\/cine\/wp-content\/uploads\/2018\/09\/MV5BZmNiOTVjOGQtZjQ2Yi00ZTViLTk4ODMtZjNlZmJkYjFjMmYzL2ltYWdlL2ltYWdlXkEyXkFqcGdeQXVyMzgyMDcxMg@@._V1_SX1777_CR001777999_AL_-586x330.jpg 586w, http:\/\/www.movilh.cl\/cine\/wp-content\/uploads\/2018\/09\/MV5BZmNiOTVjOGQtZjQ2Yi00ZTViLTk4ODMtZjNlZmJkYjFjMmYzL2ltYWdlL2ltYWdlXkEyXkFqcGdeQXVyMzgyMDcxMg@@._V1_SX1777_CR001777999_AL_-355x200.jpg 355w, http:\/\/www.movilh.cl\/cine\/wp-content\/uploads\/2018\/09\/MV5BZmNiOTVjOGQtZjQ2Yi00ZTViLTk4ODMtZjNlZmJkYjFjMmYzL2ltYWdlL2ltYWdlXkEyXkFqcGdeQXVyMzgyMDcxMg@@._V1_SX1777_CR001777999_AL_-620x348.jpg 620w, http:\/\/www.movilh.cl\/cine\/wp-content\/uploads\/2018\/09\/MV5BZmNiOTVjOGQtZjQ2Yi00ZTViLTk4ODMtZjNlZmJkYjFjMmYzL2ltYWdlL2ltYWdlXkEyXkFqcGdeQXVyMzgyMDcxMg@@._V1_SX1777_CR001777999_AL_.jpg 1777w\" sizes=\"(max-width: 586px) 100vw, 586px\" \/><\/a><\/p>\n<p><strong>A\u00f1o:<\/strong> 2017<br \/>\n<strong>Pa\u00eds:<\/strong> Reino Unido<br \/>\n<strong>Duraci\u00f3n:<\/strong> 104`<br \/>\n<strong>Direcci\u00f3n:<\/strong> Francis Lee.<br \/>\n<strong>Reparto:<\/strong> Josh O\u2019Connor, Alec Secareanu, Gemma Jones, Ian Hart, Harry Lister Smith, Melanie Kilburn, Liam Thomas, Patsy Ferran, Moey Hassan, Naveed Choudhry, Sarah White, John McCrea, Alexander Suvandjiev, Stefan Dermendjiev.<br \/>\n<strong>Sinopsis:<\/strong> Johnny Saxby es un joven granjero de Yorkshire que intenta olvidar sus problemas personales con la bebida y el sexo, despu\u00e9s de que su padre se quedara parcialmente paralizado por un accidente cerebrovascular. Cuando durante la primavera llega al pueblo un inmigrante rumano para trabajar en la cr\u00eda de ovejas, su visi\u00f3n de la vida cambia de forma radical.<\/p>\n<p><iframe loading=\"lazy\" src=\"https:\/\/player.vimeo.com\/video\/222859653?color=003679&amp;title=0&amp;byline=0&amp;portrait=0\" width=\"640\" height=\"360\" frameborder=\"0\" allowfullscreen=\"allowfullscreen\"><\/iframe><\/p>\n<p>[separator]<a name=\"Hoypartidoalastres\"><\/a><\/p>\n<h2><strong>\u2014 Hoy partido a las tres<\/strong><\/h2>\n<p><a href=\"http:\/\/www.movilh.cl\/cine\/wp-content\/uploads\/2018\/09\/1200x688_hoy-partido-a-las-tres.jpg\"><img loading=\"lazy\" decoding=\"async\" class=\"alignnone size-large wp-image-1272\" src=\"http:\/\/www.movilh.cl\/cine\/wp-content\/uploads\/2018\/09\/1200x688_hoy-partido-a-las-tres-575x330.jpg\" alt=\"1200x688_hoy-partido-a-las-tres\" width=\"575\" height=\"330\" srcset=\"http:\/\/www.movilh.cl\/cine\/wp-content\/uploads\/2018\/09\/1200x688_hoy-partido-a-las-tres-575x330.jpg 575w, http:\/\/www.movilh.cl\/cine\/wp-content\/uploads\/2018\/09\/1200x688_hoy-partido-a-las-tres-348x200.jpg 348w, http:\/\/www.movilh.cl\/cine\/wp-content\/uploads\/2018\/09\/1200x688_hoy-partido-a-las-tres-620x355.jpg 620w, http:\/\/www.movilh.cl\/cine\/wp-content\/uploads\/2018\/09\/1200x688_hoy-partido-a-las-tres.jpg 1200w\" sizes=\"(max-width: 575px) 100vw, 575px\" \/><\/a><\/p>\n<p><strong>A\u00f1o:<\/strong> 2017<br \/>\n<strong>Pa\u00eds:<\/strong> Argentina<br \/>\n<strong>Duraci\u00f3n:<\/strong> 96`<br \/>\n<strong>Direcci\u00f3n:<\/strong> Clarisa Navas.<br \/>\n<strong>Reparto:<\/strong> Angie S\u00e1nchez, Heidi Pomis, Irina Tognola, Silvana Dorrego, Gustavo Bravo, Yanela Ib\u00e1\u00f1ez, Cecilia Turayot, Mercedes Rodr\u00edguez, Eliana Deb\u00e1rbora, Ana Carolina Garc\u00eda, Yaneth Rom\u00e1n, Beatriz Esprigitto, Guillermina Deb\u00e1rbora, Jessica Zamudio, Julio Su\u00e1rez, Carolina Cussigh, D\u00e9bora Monz\u00f3n.<br \/>\n<strong>Sinopsis:<\/strong> Las Indomables aguardan con ansiedad el comienzo de un torneo de f\u00fatbol femenino barrial. Durante la espera todo tipo de acontecimientos suceden, amor, conflictos, pol\u00edtica y hasta una lluvia, acechan a la pasi\u00f3n por la que est\u00e1n ah\u00ed: Jugar al f\u00fatbol cueste lo que cueste.<\/p>\n<p><iframe loading=\"lazy\" src=\"https:\/\/www.youtube.com\/embed\/qnzImNAPkNk?rel=0\" width=\"560\" height=\"315\" frameborder=\"0\" allowfullscreen=\"allowfullscreen\"><\/iframe><\/p>\n<p>[separator]<a name=\"Loftet\"><\/a><\/p>\n<h2><strong>\u2014 L\u00f6ftet<\/strong><\/h2>\n<p><a href=\"http:\/\/www.movilh.cl\/cine\/wp-content\/uploads\/2018\/09\/261232_01.jpg\"><img loading=\"lazy\" decoding=\"async\" class=\"alignnone size-large wp-image-1274\" src=\"http:\/\/www.movilh.cl\/cine\/wp-content\/uploads\/2018\/09\/261232_01-586x330.jpg\" alt=\"261232_01\" width=\"586\" height=\"330\" srcset=\"http:\/\/www.movilh.cl\/cine\/wp-content\/uploads\/2018\/09\/261232_01-586x330.jpg 586w, http:\/\/www.movilh.cl\/cine\/wp-content\/uploads\/2018\/09\/261232_01-355x200.jpg 355w, http:\/\/www.movilh.cl\/cine\/wp-content\/uploads\/2018\/09\/261232_01-620x348.jpg 620w, http:\/\/www.movilh.cl\/cine\/wp-content\/uploads\/2018\/09\/261232_01.jpg 900w\" sizes=\"(max-width: 586px) 100vw, 586px\" \/><\/a><\/p>\n<p><strong>A\u00f1o:<\/strong> 2017<br \/>\n<strong>Pa\u00eds:<\/strong> Suecia<br \/>\n<strong>Duraci\u00f3n:<\/strong> 14`<br \/>\n<strong>Direcci\u00f3n:<\/strong> Paula Gustafsson.<br \/>\n<strong>Sinopsis:<\/strong> Maj-Briht y Helle tienen m\u00e1s de 80 a\u00f1os cuando finalmente se casaron en la iglesia. Ante el sacerdote, prometen amarse y cuidarse mutuamente \u201cen enfermedad y en salud\u201d. Sin embargo, poco despu\u00e9s de la boda, Helle cae gravemente enfermo despu\u00e9s de un accidente cerebrovascular. Desde que May-Briht tiene discapacidades f\u00edsicas, Helle se ve obligada a mudarse a una casa de retiro. Maj-Briht echa de menos aqu\u00ed y hace todo lo que est\u00e1 en su poder para que est\u00e9n juntos tanto como sea posible.<\/p>\n<p>[separator]<a name=\"ConPaquitoEraMejor\"><\/a><\/p>\n<h2><strong>\u2014 Con Paquito Era Mejor<\/strong><\/h2>\n<h2><a href=\"http:\/\/www.movilh.cl\/cine\/wp-content\/uploads\/2018\/09\/50-banner_Con-Paquito-era-mejor.jpg\"><img loading=\"lazy\" decoding=\"async\" class=\"size-large wp-image-1275 alignnone\" src=\"http:\/\/www.movilh.cl\/cine\/wp-content\/uploads\/2018\/09\/50-banner_Con-Paquito-era-mejor-586x330.jpg\" alt=\"50-banner_Con Paquito era mejor\" width=\"586\" height=\"330\" srcset=\"http:\/\/www.movilh.cl\/cine\/wp-content\/uploads\/2018\/09\/50-banner_Con-Paquito-era-mejor-586x330.jpg 586w, http:\/\/www.movilh.cl\/cine\/wp-content\/uploads\/2018\/09\/50-banner_Con-Paquito-era-mejor-355x200.jpg 355w, http:\/\/www.movilh.cl\/cine\/wp-content\/uploads\/2018\/09\/50-banner_Con-Paquito-era-mejor-620x348.jpg 620w\" sizes=\"(max-width: 586px) 100vw, 586px\" \/><\/a><\/h2>\n<p><strong>A\u00f1o:<\/strong> 2018<br \/>\n<strong>Pa\u00eds:<\/strong> Espa\u00f1a<br \/>\n<strong>Duraci\u00f3n:<\/strong> 5`<br \/>\n<strong>Direcci\u00f3n:<\/strong> Ad\u00e1n Pichardo.<br \/>\n<strong>Reparto:<\/strong> Louis Duneton, Matthieu Dessertine, Alain Beigel.<br \/>\n<strong>Sinopsis:<\/strong> Carmelo piensa que con Paquito era mejor. Se muda (contra su voluntad) a la casa de su hija y su yerno, donde reflejar\u00e1 continuamente su frustraste circunstancia, provocando una loca situaci\u00f3n insostenible.<\/p>\n<p><iframe loading=\"lazy\" src=\"https:\/\/player.vimeo.com\/video\/281478088?color=003679&amp;title=0&amp;byline=0&amp;portrait=0\" width=\"640\" height=\"360\" frameborder=\"0\" allowfullscreen=\"allowfullscreen\"><\/iframe><\/p>\n<p>[separator]<a name=\"ExtraTerrestres\"><\/a><\/p>\n<h2><strong>\u2014 Extra Terrestres<\/strong><\/h2>\n<p><a href=\"http:\/\/www.movilh.cl\/cine\/wp-content\/uploads\/2018\/09\/MV5BMTkyMDYzMjQ2MV5BMl5BanBnXkFtZTgwNzg0NjA5NzE@._V1_.jpg\"><img loading=\"lazy\" decoding=\"async\" class=\"alignnone size-large wp-image-1281\" src=\"http:\/\/www.movilh.cl\/cine\/wp-content\/uploads\/2018\/09\/MV5BMTkyMDYzMjQ2MV5BMl5BanBnXkFtZTgwNzg0NjA5NzE@._V1_-697x330.jpg\" alt=\"MV5BMTkyMDYzMjQ2MV5BMl5BanBnXkFtZTgwNzg0NjA5NzE@._V1_\" width=\"620\" height=\"293\" srcset=\"http:\/\/www.movilh.cl\/cine\/wp-content\/uploads\/2018\/09\/MV5BMTkyMDYzMjQ2MV5BMl5BanBnXkFtZTgwNzg0NjA5NzE@._V1_-697x330.jpg 697w, http:\/\/www.movilh.cl\/cine\/wp-content\/uploads\/2018\/09\/MV5BMTkyMDYzMjQ2MV5BMl5BanBnXkFtZTgwNzg0NjA5NzE@._V1_-422x200.jpg 422w, http:\/\/www.movilh.cl\/cine\/wp-content\/uploads\/2018\/09\/MV5BMTkyMDYzMjQ2MV5BMl5BanBnXkFtZTgwNzg0NjA5NzE@._V1_-620x293.jpg 620w, http:\/\/www.movilh.cl\/cine\/wp-content\/uploads\/2018\/09\/MV5BMTkyMDYzMjQ2MV5BMl5BanBnXkFtZTgwNzg0NjA5NzE@._V1_.jpg 1181w\" sizes=\"(max-width: 620px) 100vw, 620px\" \/><\/a><\/p>\n<p><strong>A\u00f1o:<\/strong> 2017<br \/>\n<strong>Pa\u00eds:<\/strong> Puerto Rico<br \/>\n<strong>Duraci\u00f3n:<\/strong> 82`<br \/>\n<strong>Direcci\u00f3n:<\/strong> Carla Cavina<br \/>\n<strong>Reparto:<\/strong> Sunshine Logro\u00f1o, Maris\u00e9 Alvarez, Elba Escobar, Prakriti Maduro, Mauricio Alema\u00f1y, Laura Aleman, Yamil Collazo.<br \/>\n<strong>Sinopsis:<\/strong> Una Familia. 100.000 pollos al borde de la muerte. Un amor oculto que desenmascarar\u00e1 todos los secretos. Y una estrella a dos millones y medio de a\u00f1os luz que los har\u00e1 comprender que todos somos Extra Terrestres.<\/p>\n<p><iframe loading=\"lazy\" src=\"https:\/\/www.youtube.com\/embed\/m-8V4cB-D-k\" width=\"560\" height=\"315\" frameborder=\"0\" allowfullscreen=\"allowfullscreen\"><\/iframe><\/p>\n<p>[separator]<a name=\"Visibles\"><\/a><\/p>\n<h2><strong>\u2014 Visibles<\/strong><\/h2>\n<p><a href=\"http:\/\/www.movilh.cl\/cine\/wp-content\/uploads\/2018\/09\/41-banner_Visibles.jpg\"><img loading=\"lazy\" decoding=\"async\" class=\"alignnone size-large wp-image-1282\" src=\"http:\/\/www.movilh.cl\/cine\/wp-content\/uploads\/2018\/09\/41-banner_Visibles-585x330.jpg\" alt=\"41-banner_Visibles\" width=\"585\" height=\"330\" srcset=\"http:\/\/www.movilh.cl\/cine\/wp-content\/uploads\/2018\/09\/41-banner_Visibles-585x330.jpg 585w, http:\/\/www.movilh.cl\/cine\/wp-content\/uploads\/2018\/09\/41-banner_Visibles-355x200.jpg 355w, http:\/\/www.movilh.cl\/cine\/wp-content\/uploads\/2018\/09\/41-banner_Visibles.jpg 600w\" sizes=\"(max-width: 585px) 100vw, 585px\" \/><\/a><\/p>\n<p><strong>A\u00f1o:<\/strong> 2018<br \/>\n<strong>Pa\u00eds:<\/strong> Espa\u00f1a<br \/>\n<strong>Duraci\u00f3n:<\/strong> 20`<br \/>\n<strong>Direcci\u00f3n:<\/strong> Enrique Rey.<br \/>\n<strong>Sinopsis:<\/strong> La sociedad ha creado un estereotipo del colectivo LGTBI en el que sus miembros son personas a la moda, con dinero, que se divierten mucho y nunca pasan de los 40 a\u00f1os. Pero \u00bfd\u00f3nde est\u00e1n los mayores? \u00bfAl llegar a esa edad se evaporan?<\/p>\n<p><iframe loading=\"lazy\" src=\"https:\/\/player.vimeo.com\/video\/278476013?color=003679&amp;title=0&amp;byline=0&amp;portrait=0\" width=\"640\" height=\"360\" frameborder=\"0\" allowfullscreen=\"allowfullscreen\"><\/iframe><br \/>\n[separator]<a name=\"Oriented\"><\/a><\/p>\n<h2><strong>\u2014 Oriented<\/strong><\/h2>\n<p><a href=\"http:\/\/www.movilh.cl\/cine\/wp-content\/uploads\/2018\/09\/ct-oriented-documentary-palestine-movie-0429-20160428.jpg\"><img loading=\"lazy\" decoding=\"async\" class=\"alignnone size-large wp-image-1283\" src=\"http:\/\/www.movilh.cl\/cine\/wp-content\/uploads\/2018\/09\/ct-oriented-documentary-palestine-movie-0429-20160428-586x330.jpg\" alt=\"ct-oriented-documentary-palestine-movie-0429-20160428\" width=\"586\" height=\"330\" srcset=\"http:\/\/www.movilh.cl\/cine\/wp-content\/uploads\/2018\/09\/ct-oriented-documentary-palestine-movie-0429-20160428-586x330.jpg 586w, http:\/\/www.movilh.cl\/cine\/wp-content\/uploads\/2018\/09\/ct-oriented-documentary-palestine-movie-0429-20160428-355x200.jpg 355w, http:\/\/www.movilh.cl\/cine\/wp-content\/uploads\/2018\/09\/ct-oriented-documentary-palestine-movie-0429-20160428-620x348.jpg 620w, http:\/\/www.movilh.cl\/cine\/wp-content\/uploads\/2018\/09\/ct-oriented-documentary-palestine-movie-0429-20160428.jpg 1920w\" sizes=\"(max-width: 586px) 100vw, 586px\" \/><\/a><\/p>\n<p><strong>A\u00f1o:<\/strong> 2015<br \/>\n<strong>Pa\u00eds:<\/strong> Israel<br \/>\n<strong>Duraci\u00f3n:<\/strong> 86`<br \/>\n<strong>Direcci\u00f3n:<\/strong> Jake Witzenfeld.<br \/>\n<strong>Sinopsis:<\/strong> Documental que sigue la vida de tres amigos gay palestinos que exploran su identidad nacional y sexual en Tel-Aviv durante el conflicto Israel-Gaza de 2014.<\/p>\n<p><iframe loading=\"lazy\" src=\"https:\/\/player.vimeo.com\/video\/129449012?color=003679&amp;title=0&amp;byline=0&amp;portrait=0\" width=\"640\" height=\"360\" frameborder=\"0\" allowfullscreen=\"allowfullscreen\"><\/iframe><\/p>\n<p>[separator]<a name=\"Grimsey\"><\/a><\/p>\n<h2><strong>\u2014 Grimsey<\/strong><\/h2>\n<p><a href=\"http:\/\/www.movilh.cl\/cine\/wp-content\/uploads\/2018\/09\/MV5BNzc0MTU1Y2ItZmZhOC00NzA4LWE2MzUtZjg2ZmQ5OGFkMDY1XkEyXkFqcGdeQXVyMTcwNzg5NDg@._V1_SX1500_CR001500999_AL_.jpg\"><img loading=\"lazy\" decoding=\"async\" class=\"alignnone size-large wp-image-1284\" src=\"http:\/\/www.movilh.cl\/cine\/wp-content\/uploads\/2018\/09\/MV5BNzc0MTU1Y2ItZmZhOC00NzA4LWE2MzUtZjg2ZmQ5OGFkMDY1XkEyXkFqcGdeQXVyMTcwNzg5NDg@._V1_SX1500_CR001500999_AL_-495x330.jpg\" alt=\"MV5BNzc0MTU1Y2ItZmZhOC00NzA4LWE2MzUtZjg2ZmQ5OGFkMDY1XkEyXkFqcGdeQXVyMTcwNzg5NDg@._V1_SX1500_CR0,0,1500,999_AL_\" width=\"495\" height=\"330\" srcset=\"http:\/\/www.movilh.cl\/cine\/wp-content\/uploads\/2018\/09\/MV5BNzc0MTU1Y2ItZmZhOC00NzA4LWE2MzUtZjg2ZmQ5OGFkMDY1XkEyXkFqcGdeQXVyMTcwNzg5NDg@._V1_SX1500_CR001500999_AL_-495x330.jpg 495w, http:\/\/www.movilh.cl\/cine\/wp-content\/uploads\/2018\/09\/MV5BNzc0MTU1Y2ItZmZhOC00NzA4LWE2MzUtZjg2ZmQ5OGFkMDY1XkEyXkFqcGdeQXVyMTcwNzg5NDg@._V1_SX1500_CR001500999_AL_-300x200.jpg 300w, http:\/\/www.movilh.cl\/cine\/wp-content\/uploads\/2018\/09\/MV5BNzc0MTU1Y2ItZmZhOC00NzA4LWE2MzUtZjg2ZmQ5OGFkMDY1XkEyXkFqcGdeQXVyMTcwNzg5NDg@._V1_SX1500_CR001500999_AL_-620x412.jpg 620w, http:\/\/www.movilh.cl\/cine\/wp-content\/uploads\/2018\/09\/MV5BNzc0MTU1Y2ItZmZhOC00NzA4LWE2MzUtZjg2ZmQ5OGFkMDY1XkEyXkFqcGdeQXVyMTcwNzg5NDg@._V1_SX1500_CR001500999_AL_.jpg 1500w\" sizes=\"(max-width: 495px) 100vw, 495px\" \/><\/a><\/p>\n<p><strong>A\u00f1o:<\/strong> 2018<br \/>\n<strong>Pa\u00eds:<\/strong> Espa\u00f1a<br \/>\n<strong>Duraci\u00f3n:<\/strong> 70`<br \/>\n<strong>Direcci\u00f3n:<\/strong> Richard Garc\u00eda V\u00e1zquez, Ra\u00fal Portero<br \/>\n<strong>Reparto:<\/strong> Richard Garc\u00eda V\u00e1zquez, Ra\u00fal Portero, Nacho San Jos\u00e9, Fanny Gautier, David Krohnert, Helga Thury Ingvarsdottir, Eugenio Sanz.<br \/>\n<strong>Sinopsis:<\/strong> Despu\u00e9s de romper con Norberto y de que \u00e9ste se fuera a Islandia, Bruno lo quiere encontrar. Arnau es un gu\u00eda local en Reykjavik que se le unir\u00e1 en esta b\u00fasqueda quijotesca. Su viaje se convertir\u00e1 en un proceso de duelo hasta que lleguen a la remota isla de Grimsey. All\u00ed, Bruno tendr\u00e1 que aprender lo que realmente significa el amor para poder continuar con su vida.<\/p>\n<p><iframe loading=\"lazy\" src=\"https:\/\/player.vimeo.com\/video\/264670636?color=003679&amp;title=0&amp;byline=0&amp;portrait=0\" width=\"640\" height=\"360\" frameborder=\"0\" allowfullscreen=\"allowfullscreen\"><\/iframe><\/p>\n<p>[separator]<a name=\"NoMoreWe\"><\/a><\/p>\n<h2><strong>\u2014 No More We<\/strong><\/h2>\n<p><a href=\"http:\/\/www.movilh.cl\/cine\/wp-content\/uploads\/2018\/09\/MV5BM2EwODBiMjMtZWZjZS00MjdjLTlkOWQtZGFjMzlkYjcxNTY0XkEyXkFqcGdeQXVyMTEyNTg0MTU@._V1_SX1777_CR001777744_AL_.jpg\"><img loading=\"lazy\" decoding=\"async\" class=\"alignnone size-large wp-image-1285\" src=\"http:\/\/www.movilh.cl\/cine\/wp-content\/uploads\/2018\/09\/MV5BM2EwODBiMjMtZWZjZS00MjdjLTlkOWQtZGFjMzlkYjcxNTY0XkEyXkFqcGdeQXVyMTEyNTg0MTU@._V1_SX1777_CR001777744_AL_-788x330.jpg\" alt=\"MV5BM2EwODBiMjMtZWZjZS00MjdjLTlkOWQtZGFjMzlkYjcxNTY0XkEyXkFqcGdeQXVyMTEyNTg0MTU@._V1_SX1777_CR0,0,1777,744_AL_\" width=\"620\" height=\"259\" srcset=\"http:\/\/www.movilh.cl\/cine\/wp-content\/uploads\/2018\/09\/MV5BM2EwODBiMjMtZWZjZS00MjdjLTlkOWQtZGFjMzlkYjcxNTY0XkEyXkFqcGdeQXVyMTEyNTg0MTU@._V1_SX1777_CR001777744_AL_-788x330.jpg 788w, http:\/\/www.movilh.cl\/cine\/wp-content\/uploads\/2018\/09\/MV5BM2EwODBiMjMtZWZjZS00MjdjLTlkOWQtZGFjMzlkYjcxNTY0XkEyXkFqcGdeQXVyMTEyNTg0MTU@._V1_SX1777_CR001777744_AL_-477x200.jpg 477w, http:\/\/www.movilh.cl\/cine\/wp-content\/uploads\/2018\/09\/MV5BM2EwODBiMjMtZWZjZS00MjdjLTlkOWQtZGFjMzlkYjcxNTY0XkEyXkFqcGdeQXVyMTEyNTg0MTU@._V1_SX1777_CR001777744_AL_-620x259.jpg 620w, http:\/\/www.movilh.cl\/cine\/wp-content\/uploads\/2018\/09\/MV5BM2EwODBiMjMtZWZjZS00MjdjLTlkOWQtZGFjMzlkYjcxNTY0XkEyXkFqcGdeQXVyMTEyNTg0MTU@._V1_SX1777_CR001777744_AL_.jpg 1777w\" sizes=\"(max-width: 620px) 100vw, 620px\" \/><\/a><\/p>\n<p><strong>A\u00f1o:<\/strong> 2018<br \/>\n<strong>Pa\u00eds:<\/strong> Suecia<br \/>\n<strong>Duraci\u00f3n:<\/strong> 14`<br \/>\n<strong>Direcci\u00f3n:<\/strong> David F\u00e4rdmar.<br \/>\n<strong>Reparto:<\/strong> Jonathan Andersson, Bj\u00f6rn Elgerd, Josefin Neld\u00e9n.<br \/>\n<strong>Sinopsis:<\/strong> Una ma\u00f1ana se acaba todo. \u201cNo hay m\u00e1s nosotros\u201d, dice Hampus helado a su prometido Adri\u00e1n. Para Hampus es un alivio total romper con su relaci\u00f3n destructiva, para Adri\u00e1n es devastador. Adrian y Hampus ahora tienen que vivir su \u00faltima semana juntos, antes de que llegue el \u00faltimo d\u00eda. Pero, comencemos con el final &#8230;<\/p>\n<p><iframe loading=\"lazy\" src=\"https:\/\/player.vimeo.com\/video\/251231784\" width=\"640\" height=\"360\" frameborder=\"0\" allowfullscreen=\"allowfullscreen\"><\/iframe><\/p>\n<p>[separator]<a name=\"BadGirl\"><\/a><\/p>\n<h2><strong>\u2014 Bad Girl<\/strong><\/h2>\n<p><a href=\"http:\/\/www.movilh.cl\/cine\/wp-content\/uploads\/2018\/09\/MV5BMDYwNTViMTAtMDBkNS00YzAzLTk2ODgtM2RhNTQxOTVlYjczXkEyXkFqcGdeQXVyNjM0MzAwNw@@._V1_SY1000_CR0016271000_AL_.jpg\"><img loading=\"lazy\" decoding=\"async\" class=\"alignnone size-large wp-image-1286\" src=\"http:\/\/www.movilh.cl\/cine\/wp-content\/uploads\/2018\/09\/MV5BMDYwNTViMTAtMDBkNS00YzAzLTk2ODgtM2RhNTQxOTVlYjczXkEyXkFqcGdeQXVyNjM0MzAwNw@@._V1_SY1000_CR0016271000_AL_-536x330.jpg\" alt=\"MV5BMDYwNTViMTAtMDBkNS00YzAzLTk2ODgtM2RhNTQxOTVlYjczXkEyXkFqcGdeQXVyNjM0MzAwNw@@._V1_SY1000_CR0,0,1627,1000_AL_\" width=\"536\" height=\"330\" srcset=\"http:\/\/www.movilh.cl\/cine\/wp-content\/uploads\/2018\/09\/MV5BMDYwNTViMTAtMDBkNS00YzAzLTk2ODgtM2RhNTQxOTVlYjczXkEyXkFqcGdeQXVyNjM0MzAwNw@@._V1_SY1000_CR0016271000_AL_-536x330.jpg 536w, http:\/\/www.movilh.cl\/cine\/wp-content\/uploads\/2018\/09\/MV5BMDYwNTViMTAtMDBkNS00YzAzLTk2ODgtM2RhNTQxOTVlYjczXkEyXkFqcGdeQXVyNjM0MzAwNw@@._V1_SY1000_CR0016271000_AL_-325x200.jpg 325w, http:\/\/www.movilh.cl\/cine\/wp-content\/uploads\/2018\/09\/MV5BMDYwNTViMTAtMDBkNS00YzAzLTk2ODgtM2RhNTQxOTVlYjczXkEyXkFqcGdeQXVyNjM0MzAwNw@@._V1_SY1000_CR0016271000_AL_-620x381.jpg 620w, http:\/\/www.movilh.cl\/cine\/wp-content\/uploads\/2018\/09\/MV5BMDYwNTViMTAtMDBkNS00YzAzLTk2ODgtM2RhNTQxOTVlYjczXkEyXkFqcGdeQXVyNjM0MzAwNw@@._V1_SY1000_CR0016271000_AL_.jpg 1627w\" sizes=\"(max-width: 536px) 100vw, 536px\" \/><\/a><\/p>\n<p><strong>A\u00f1o:<\/strong> 2016<br \/>\n<strong>Pa\u00eds:<\/strong> Australia<br \/>\n<strong>Duraci\u00f3n:<\/strong> 87`<br \/>\n<strong>Direcci\u00f3n:<\/strong> Fin Edquist.<br \/>\n<strong>Reparto:<\/strong> Samara Weaving, Felicity Price, Benjamin Winspear, Sara West, Liam Graham, Rebecca Massey, Kenny Low, Sam Hutchin, Brodie Masini, Anne Paterson, Malcolm Yates, Hannah Bardsley, Christien Reid.<br \/>\n<strong>Sinopsis:<\/strong> Los padres de Amy, una delincuente adolescente, esperan que su reciente amistad con Chloe la dirija por el buen camino, pero cuando Amy descubre que Chloe oculta un secreto perverso, su vida pasa a estar en peligro.<\/p>\n<p><iframe loading=\"lazy\" src=\"https:\/\/www.youtube.com\/embed\/gyMq26o_EWc?rel=0\" width=\"560\" height=\"315\" frameborder=\"0\" allowfullscreen=\"allowfullscreen\"><\/iframe><\/p>\n<p>[separator]<a name=\"Tardeparaelrecreo\"><\/a><\/p>\n<h2><strong>\u2014 Tarde para el recreo<\/strong><\/h2>\n<p><a href=\"http:\/\/www.movilh.cl\/cine\/wp-content\/uploads\/2018\/09\/40-frame1_Tarde-para-el-recreo.jpg\"><img loading=\"lazy\" decoding=\"async\" class=\"alignnone size-large wp-image-1287\" src=\"http:\/\/www.movilh.cl\/cine\/wp-content\/uploads\/2018\/09\/40-frame1_Tarde-para-el-recreo-788x330.jpg\" alt=\"40-frame1_Tarde para el recreo\" width=\"620\" height=\"259\" srcset=\"http:\/\/www.movilh.cl\/cine\/wp-content\/uploads\/2018\/09\/40-frame1_Tarde-para-el-recreo-788x330.jpg 788w, http:\/\/www.movilh.cl\/cine\/wp-content\/uploads\/2018\/09\/40-frame1_Tarde-para-el-recreo-478x200.jpg 478w, http:\/\/www.movilh.cl\/cine\/wp-content\/uploads\/2018\/09\/40-frame1_Tarde-para-el-recreo-620x259.jpg 620w\" sizes=\"(max-width: 620px) 100vw, 620px\" \/><\/a><\/p>\n<p><strong>A\u00f1o:<\/strong> 2017<br \/>\n<strong>Pa\u00eds:<\/strong> Espa\u00f1a<br \/>\n<strong>Duraci\u00f3n:<\/strong> 20`<br \/>\n<strong>Direcci\u00f3n:<\/strong> Pablo Malo.<br \/>\n<strong>Reparto:<\/strong> Imanol Heras, Germ\u00e1n Alcarazu, Kike Diaz de Rada, I\u00f1aki Rikarte, Itziar Itu\u00f1o, Miren Arrieta, Iban Malo, Cristian Merchan.<br \/>\n<strong>Sinopsis:<\/strong> Unai y Sergio flirtean con su amiga Andrea en la grada del campo de f\u00fatbol donde entrenan esa tarde hasta que una broma desata la ira de uno de los chicos. A partir de ese momento ya nada volver\u00e1 a ser lo mismo para ninguno de ellos dos.<\/p>\n<p><iframe loading=\"lazy\" src=\"https:\/\/player.vimeo.com\/video\/225832987?color=003679&amp;title=0&amp;byline=0&amp;portrait=0\" width=\"640\" height=\"360\" frameborder=\"0\" allowfullscreen=\"allowfullscreen\"><\/iframe><\/p>\n<p>[separator]<a name=\"WomanonFire\"><\/a><\/p>\n<h2><strong>\u2014 Woman on Fire<\/strong><\/h2>\n<p><a href=\"http:\/\/www.movilh.cl\/cine\/wp-content\/uploads\/2018\/09\/MV5BZDM0NjcxNzItYTkyYS00N2UxLWFhMjItMDgwNDEwYTBiNmE5L2ltYWdlXkEyXkFqcGdeQXVyNTA5OTk3OTk@._V1_SX1777_CR001777999_AL_.jpg\"><img loading=\"lazy\" decoding=\"async\" class=\"alignnone size-large wp-image-1289\" src=\"http:\/\/www.movilh.cl\/cine\/wp-content\/uploads\/2018\/09\/MV5BZDM0NjcxNzItYTkyYS00N2UxLWFhMjItMDgwNDEwYTBiNmE5L2ltYWdlXkEyXkFqcGdeQXVyNTA5OTk3OTk@._V1_SX1777_CR001777999_AL_-586x330.jpg\" alt=\"MV5BZDM0NjcxNzItYTkyYS00N2UxLWFhMjItMDgwNDEwYTBiNmE5L2ltYWdlXkEyXkFqcGdeQXVyNTA5OTk3OTk@._V1_SX1777_CR0,0,1777,999_AL_\" width=\"586\" height=\"330\" srcset=\"http:\/\/www.movilh.cl\/cine\/wp-content\/uploads\/2018\/09\/MV5BZDM0NjcxNzItYTkyYS00N2UxLWFhMjItMDgwNDEwYTBiNmE5L2ltYWdlXkEyXkFqcGdeQXVyNTA5OTk3OTk@._V1_SX1777_CR001777999_AL_-586x330.jpg 586w, http:\/\/www.movilh.cl\/cine\/wp-content\/uploads\/2018\/09\/MV5BZDM0NjcxNzItYTkyYS00N2UxLWFhMjItMDgwNDEwYTBiNmE5L2ltYWdlXkEyXkFqcGdeQXVyNTA5OTk3OTk@._V1_SX1777_CR001777999_AL_-355x200.jpg 355w, http:\/\/www.movilh.cl\/cine\/wp-content\/uploads\/2018\/09\/MV5BZDM0NjcxNzItYTkyYS00N2UxLWFhMjItMDgwNDEwYTBiNmE5L2ltYWdlXkEyXkFqcGdeQXVyNTA5OTk3OTk@._V1_SX1777_CR001777999_AL_-620x348.jpg 620w, http:\/\/www.movilh.cl\/cine\/wp-content\/uploads\/2018\/09\/MV5BZDM0NjcxNzItYTkyYS00N2UxLWFhMjItMDgwNDEwYTBiNmE5L2ltYWdlXkEyXkFqcGdeQXVyNTA5OTk3OTk@._V1_SX1777_CR001777999_AL_.jpg 1777w\" sizes=\"(max-width: 586px) 100vw, 586px\" \/><\/a><\/p>\n<p><strong>A\u00f1o:<\/strong> 2016<br \/>\n<strong>Pa\u00eds:<\/strong> Estados Unidos<br \/>\n<strong>Duraci\u00f3n:<\/strong> 90`<br \/>\n<strong>Direcci\u00f3n:<\/strong> Julie Sokolow.<br \/>\n<strong>Sinopsis:<\/strong> \u2018Woman on Fire\u2019 sigue a Brooke Guinan, la primer bombera abiertamente transexual de Nueva York. Un documental basado en personajes, la pel\u00edcula sigue a Brooke mientras se propone desafiar las percepciones de lo que significa ser transg\u00e9nero en los Estados Unidos hoy en d\u00eda.<\/p>\n<p><iframe loading=\"lazy\" src=\"https:\/\/www.youtube.com\/embed\/sPYkcrUAGXg\" width=\"560\" height=\"315\" frameborder=\"0\" allowfullscreen=\"allowfullscreen\"><\/iframe><\/p>\n<p>[separator]<a name=\"ChenLi\"><\/a><\/p>\n<h2>\u2014 Chen Li (Ciruela De Agua Dulce)<\/h2>\n<p><a href=\"http:\/\/www.movilh.cl\/cine\/wp-content\/uploads\/2018\/09\/1-frame2_Chen-Li-Ciruela-de-agua-dulce.jpg\"><img loading=\"lazy\" decoding=\"async\" class=\"alignnone size-large wp-image-1290\" src=\"http:\/\/www.movilh.cl\/cine\/wp-content\/uploads\/2018\/09\/1-frame2_Chen-Li-Ciruela-de-agua-dulce-586x330.jpg\" alt=\"1-frame2_Chen Li (Ciruela de agua dulce)\" width=\"586\" height=\"330\" srcset=\"http:\/\/www.movilh.cl\/cine\/wp-content\/uploads\/2018\/09\/1-frame2_Chen-Li-Ciruela-de-agua-dulce-586x330.jpg 586w, http:\/\/www.movilh.cl\/cine\/wp-content\/uploads\/2018\/09\/1-frame2_Chen-Li-Ciruela-de-agua-dulce-355x200.jpg 355w, http:\/\/www.movilh.cl\/cine\/wp-content\/uploads\/2018\/09\/1-frame2_Chen-Li-Ciruela-de-agua-dulce-620x348.jpg 620w, http:\/\/www.movilh.cl\/cine\/wp-content\/uploads\/2018\/09\/1-frame2_Chen-Li-Ciruela-de-agua-dulce.jpg 1920w\" sizes=\"(max-width: 586px) 100vw, 586px\" \/><\/a><\/p>\n<p><strong>A\u00f1o:<\/strong> 2017<br \/>\n<strong>Pa\u00eds:<\/strong> China<br \/>\n<strong>Duraci\u00f3n:<\/strong> 19`<br \/>\n<strong>Direcci\u00f3n:<\/strong> Roberto F. Canuto. <strong>Reparto:<\/strong> Xiang Gu, Yinmeng Yu, Peng Tian, Lierong Li, Jiaqi Chen, Zhexing Yao.<br \/>\n<strong>Sinopsis:<\/strong> Una mujer transg\u00e9nero china, empleada en un cabaret de Chengdu, recibe la inesperada visita de su prima, qui\u00e9n le comunica que su madre (con quien se hab\u00eda distanciado tiempo atr\u00e1s) ha fallecido. Siendo el \u00fanico \u201cvar\u00f3n\u201d de la familia, se ve moralmente obligada a regresar a su pueblo natal, una aldea en las monta\u00f1as, aunque no puede aparecer como mujer delante de sus vecinos y parientes.<\/p>\n<p><iframe loading=\"lazy\" src=\"https:\/\/player.vimeo.com\/video\/259651166?color=003679&amp;title=0&amp;byline=0&amp;portrait=0\" width=\"640\" height=\"360\" frameborder=\"0\" allowfullscreen=\"allowfullscreen\"><\/iframe><\/p>\n<p>[separator]<a name=\"Riu\"><\/a><\/p>\n<h2><strong>\u2014 Riu, Lo Que Cuentan Los Cantos<\/strong><\/h2>\n<p><a href=\"http:\/\/www.movilh.cl\/cine\/wp-content\/uploads\/2018\/09\/37-banner_RIU-Lo-Que-Cuentan-Los-Cantos.jpg\"><img loading=\"lazy\" decoding=\"async\" class=\"alignnone size-large wp-image-1291\" src=\"http:\/\/www.movilh.cl\/cine\/wp-content\/uploads\/2018\/09\/37-banner_RIU-Lo-Que-Cuentan-Los-Cantos-528x330.jpg\" alt=\"37-banner_RIU, Lo Que Cuentan Los Cantos\" width=\"528\" height=\"330\" srcset=\"http:\/\/www.movilh.cl\/cine\/wp-content\/uploads\/2018\/09\/37-banner_RIU-Lo-Que-Cuentan-Los-Cantos-528x330.jpg 528w, http:\/\/www.movilh.cl\/cine\/wp-content\/uploads\/2018\/09\/37-banner_RIU-Lo-Que-Cuentan-Los-Cantos-320x200.jpg 320w, http:\/\/www.movilh.cl\/cine\/wp-content\/uploads\/2018\/09\/37-banner_RIU-Lo-Que-Cuentan-Los-Cantos-620x387.jpg 620w, http:\/\/www.movilh.cl\/cine\/wp-content\/uploads\/2018\/09\/37-banner_RIU-Lo-Que-Cuentan-Los-Cantos.jpg 1280w\" sizes=\"(max-width: 528px) 100vw, 528px\" \/><\/a><\/p>\n<p><strong>A\u00f1o:<\/strong> 2017<br \/>\n<strong>Pa\u00eds:<\/strong> Chile<br \/>\n<strong>Duraci\u00f3n:<\/strong> 71`<br \/>\n<strong>Direcci\u00f3n:<\/strong> Pablo Berthelon Aldunate.<br \/>\n<strong>Sinopsis:<\/strong> El documental \u201cRiu\u201d, que en lengua Rapanui significa canci\u00f3n, es el viaje espiritual y f\u00edsico de la \u00faltima heredera de la cultura ancestral de tradici\u00f3n oral que queda en la Isla de Pascua. Mar\u00eda Elena Hotus, una anciana de 70 a\u00f1os que se desempe\u00f1a como compositora, int\u00e9rprete, y maestra de diferentes t\u00e9cnicas vocales, ha tomado la decisi\u00f3n de dejar su legado antes de morir. Es por esto que nombra como sucesora a su hija, Aru Pate Hotus, una transexual isle\u00f1a que deber\u00e1 luchar contra el arraigado y prejuicioso machismo pascuense.<\/p>\n<p><iframe loading=\"lazy\" src=\"https:\/\/www.youtube.com\/embed\/PfI2-OqfI6Y?rel=0\" width=\"560\" height=\"315\" frameborder=\"0\" allowfullscreen=\"allowfullscreen\"><\/iframe><\/p>\n<p>[separator]<a name=\"ComingOut\"><\/a><\/p>\n<h2><strong>\u2014 Coming Out<\/strong><\/h2>\n<p><a href=\"http:\/\/www.movilh.cl\/cine\/wp-content\/uploads\/2018\/09\/MV5BYmZmMGQ5NTgtY2VmZC00ZmE3LTkyNDgtZmY4N2FiOWI5ODMyXkEyXkFqcGdeQXVyMDM1MzIyMQ@@._V1_.jpg\"><img loading=\"lazy\" decoding=\"async\" class=\"alignnone size-large wp-image-1292\" src=\"http:\/\/www.movilh.cl\/cine\/wp-content\/uploads\/2018\/09\/MV5BYmZmMGQ5NTgtY2VmZC00ZmE3LTkyNDgtZmY4N2FiOWI5ODMyXkEyXkFqcGdeQXVyMDM1MzIyMQ@@._V1_-586x330.jpg\" alt=\"MV5BYmZmMGQ5NTgtY2VmZC00ZmE3LTkyNDgtZmY4N2FiOWI5ODMyXkEyXkFqcGdeQXVyMDM1MzIyMQ@@._V1_\" width=\"586\" height=\"330\" srcset=\"http:\/\/www.movilh.cl\/cine\/wp-content\/uploads\/2018\/09\/MV5BYmZmMGQ5NTgtY2VmZC00ZmE3LTkyNDgtZmY4N2FiOWI5ODMyXkEyXkFqcGdeQXVyMDM1MzIyMQ@@._V1_-586x330.jpg 586w, http:\/\/www.movilh.cl\/cine\/wp-content\/uploads\/2018\/09\/MV5BYmZmMGQ5NTgtY2VmZC00ZmE3LTkyNDgtZmY4N2FiOWI5ODMyXkEyXkFqcGdeQXVyMDM1MzIyMQ@@._V1_-355x200.jpg 355w, http:\/\/www.movilh.cl\/cine\/wp-content\/uploads\/2018\/09\/MV5BYmZmMGQ5NTgtY2VmZC00ZmE3LTkyNDgtZmY4N2FiOWI5ODMyXkEyXkFqcGdeQXVyMDM1MzIyMQ@@._V1_-620x348.jpg 620w, http:\/\/www.movilh.cl\/cine\/wp-content\/uploads\/2018\/09\/MV5BYmZmMGQ5NTgtY2VmZC00ZmE3LTkyNDgtZmY4N2FiOWI5ODMyXkEyXkFqcGdeQXVyMDM1MzIyMQ@@._V1_.jpg 1280w\" sizes=\"(max-width: 586px) 100vw, 586px\" \/><\/a><\/p>\n<p><strong>A\u00f1o:<\/strong> 1989<br \/>\n<strong>Pa\u00eds:<\/strong> Alemania<br \/>\n<strong>Duraci\u00f3n:<\/strong> 113`<br \/>\n<strong>Direcci\u00f3n:<\/strong> Heiner Carow.<br \/>\n<strong>Reparto:<\/strong> Matthias Freihof, Dagmar Manzel, Dirk Kummer, Michael Gwisdek, Werner Dissel, Gudrun Ritter, Walfriede Schmitt, Axel Wandtke, Pierre Sanoussi-Bliss.<br \/>\n<strong>Sinopsis:<\/strong> Philipp, un maestro de secundaria que oculta sus tendencias sexuales, tiene como compa\u00f1era a Tanja para mantener las apariencias. Una noche, Phillip es invitado a una fiesta gay y all\u00ed conoce a Matthias, del que r\u00e1pidamente se enamora. Transformado por este amor, Phillip se siente asustado por qui\u00e9n es \u00e9l en verdad y lo que muestra realmente.<\/p>\n<p><iframe loading=\"lazy\" src=\"https:\/\/www.youtube.com\/embed\/DykM_EPZdfM?rel=0\" width=\"560\" height=\"315\" frameborder=\"0\" allowfullscreen=\"allowfullscreen\"><\/iframe><\/p>\n<p>&nbsp;<\/p>\n<p>[separator]<a name=\"memorias\"><\/a><\/p>\n<h2><strong>\u2014 Memorias del agua<\/strong><\/h2>\n<p><a href=\"http:\/\/www.movilh.cl\/cine\/wp-content\/uploads\/2017\/09\/9-frame2_Memorias-del-agua.jpg\"><img loading=\"lazy\" decoding=\"async\" class=\"alignnone size-large wp-image-1385\" src=\"http:\/\/www.movilh.cl\/cine\/wp-content\/uploads\/2017\/09\/9-frame2_Memorias-del-agua-586x330.jpg\" alt=\"9-frame2_Memorias del agua\" width=\"586\" height=\"330\" srcset=\"http:\/\/www.movilh.cl\/cine\/wp-content\/uploads\/2017\/09\/9-frame2_Memorias-del-agua-586x330.jpg 586w, http:\/\/www.movilh.cl\/cine\/wp-content\/uploads\/2017\/09\/9-frame2_Memorias-del-agua-355x200.jpg 355w, http:\/\/www.movilh.cl\/cine\/wp-content\/uploads\/2017\/09\/9-frame2_Memorias-del-agua-620x348.jpg 620w, http:\/\/www.movilh.cl\/cine\/wp-content\/uploads\/2017\/09\/9-frame2_Memorias-del-agua.jpg 1920w\" sizes=\"(max-width: 586px) 100vw, 586px\" \/><\/a><\/p>\n<p><strong>A\u00f1o: <\/strong>2018<br \/>\n<strong>Pa\u00eds:<\/strong>\u00a0Espa\u00f1a<br \/>\n<strong>Duraci\u00f3n:<\/strong>\u00a09`<br \/>\n<strong>Direcci\u00f3n:<\/strong>\u00a0Ana\u00eds \u00a0Medina.<br \/>\n<strong>Reparto:<\/strong>\u00a0Raquel\u00a0Alcal\u00e1,\u00a0Tamara\u00a0Ndong.<br \/>\n<strong>Sinopsis:<\/strong>\u00a0La historia trata la diversidad racial y sexual de Carla y Helena, dos j\u00f3venes que sue\u00f1an con ser nadadoras ol\u00edmpicas y que mantienen su amistad en secreto debido al racismo de sus familias. El cortometraje parte del reencuentro de las protagonistas en la piscina municipal donde entrenaban a escondidas. Sin embargo, cita de las j\u00f3venes se convierte en un episodio claustrof\u00f3bico y terror\u00edfico a ra\u00edz de la aparici\u00f3n de un desconocido. Como consecuencia, la conversaci\u00f3n sobre el futuro de ambas, y los deseos inconfesables de Carla, quedan interrumpidos por la necesidad de huir.<\/p>\n<p><iframe loading=\"lazy\" src=\"https:\/\/player.vimeo.com\/video\/222151531\" width=\"640\" height=\"360\" frameborder=\"0\" allowfullscreen=\"allowfullscreen\"><\/iframe><\/p>\n<p>[separator]<\/p>\n","protected":false},"excerpt":{"rendered":"<p>[separator] [separator] &mdash; My Days Of Mercy A&ntilde;o: 2017Pa&iacute;s: Estados UnidosDuraci&oacute;n: 103`Direcci&oacute;n: Tali Shalom-EzerReparto: Kate Mara, Ellen Page, Amy Seimetz, Elias Koteas, Beau Knapp, Brian Geraghty, Charlie Shotwell, Tonya Pinkins, Jake Robinson, Jordan Trovillion, Michelle Poole, Anita Farmer Bergman, Charles Poole, Jerry Pope, Jack Norman, William Cross.Sinopsis: La hija de un hombre en el corredor &hellip; <\/p>\n<p class=\"link-more\"><a href=\"http:\/\/www.movilh.cl\/cine\/cartelera-2018\/\" class=\"more-link\">Leer m\u00e1s<span class=\"screen-reader-text\"> \u00abCartelera 2018\u00bb<\/span><\/a><\/p>\n","protected":false},"author":1,"featured_media":0,"parent":0,"menu_order":0,"comment_status":"closed","ping_status":"open","template":"","meta":{"footnotes":""},"class_list":["post-960","page","type-page","status-publish","hentry"],"_links":{"self":[{"href":"http:\/\/www.movilh.cl\/cine\/wp-json\/wp\/v2\/pages\/960"}],"collection":[{"href":"http:\/\/www.movilh.cl\/cine\/wp-json\/wp\/v2\/pages"}],"about":[{"href":"http:\/\/www.movilh.cl\/cine\/wp-json\/wp\/v2\/types\/page"}],"author":[{"embeddable":true,"href":"http:\/\/www.movilh.cl\/cine\/wp-json\/wp\/v2\/users\/1"}],"replies":[{"embeddable":true,"href":"http:\/\/www.movilh.cl\/cine\/wp-json\/wp\/v2\/comments?post=960"}],"version-history":[{"count":119,"href":"http:\/\/www.movilh.cl\/cine\/wp-json\/wp\/v2\/pages\/960\/revisions"}],"predecessor-version":[{"id":1496,"href":"http:\/\/www.movilh.cl\/cine\/wp-json\/wp\/v2\/pages\/960\/revisions\/1496"}],"wp:attachment":[{"href":"http:\/\/www.movilh.cl\/cine\/wp-json\/wp\/v2\/media?parent=960"}],"curies":[{"name":"wp","href":"https:\/\/api.w.org\/{rel}","templated":true}]}}